{"id":2568,"date":"2020-03-17T17:08:43","date_gmt":"2020-03-17T17:08:43","guid":{"rendered":"https:\/\/www.turmaden.com\/serveis\/"},"modified":"2022-08-18T14:18:10","modified_gmt":"2022-08-18T14:18:10","slug":"serveis","status":"publish","type":"page","link":"https:\/\/www.turmaden.com\/ca\/serveis\/","title":{"rendered":"Serveis"},"content":{"rendered":"<section class=\"l-section wpb_row height_auto width_full\"><div class=\"l-section-h i-cf\"><div class=\"g-cols vc_row via_flex valign_top type_default stacking_default\"><div class=\"vc_col-sm-12 wpb_column vc_column_container\"><div class=\"vc_column-inner\"><div class=\"wpb_wrapper\">\n\t\t\t<!-- START ServeisCA REVOLUTION SLIDER 6.7.40 --><p class=\"rs-p-wp-fix\"><\/p>\n\t\t\t<rs-module-wrap id=\"rev_slider_20_1_wrapper\" data-source=\"gallery\" style=\"visibility:hidden;background:transparent;padding:0;margin:0px auto;margin-top:0;margin-bottom:0;\">\n\t\t\t\t<rs-module id=\"rev_slider_20_1\" style=\"\" data-version=\"6.7.40\">\n\t\t\t\t\t<rs-slides style=\"overflow: hidden; position: absolute;\">\n\t\t\t\t\t\t<rs-slide style=\"position: absolute;\" data-key=\"rs-72\" data-title=\"Slide\" data-duration=\"6000\" data-anim=\"ms:600;r:0;\" data-in=\"o:0;\" data-out=\"a:false;\">\n\t\t\t\t\t\t\t<img decoding=\"async\" src=\"\/\/www.turmaden.com\/wp-content\/plugins\/revslider\/sr6\/assets\/assets\/dummy.png\" alt=\"\" title=\"agroturismo-menorca-servicios.JPG\" width=\"1920\" height=\"903\" class=\"rev-slidebg tp-rs-img rs-lazyload\" data-lazyload=\"\/\/www.turmaden.com\/wp-content\/uploads\/2020\/04\/agroturismo-menorca-servicios.jpg\" data-parallax=\"off\" data-no-retina>\n<!--\n\t\t\t\t\t\t\t--><h1\n\t\t\t\t\t\t\t\tid=\"slider-20-slide-72-layer-8\" \n\t\t\t\t\t\t\t\tclass=\"rs-layer\"\n\t\t\t\t\t\t\t\tdata-type=\"text\"\n\t\t\t\t\t\t\t\tdata-tsh=\"c:#000000;h:3px;v:3px;b:15px;\"\n\t\t\t\t\t\t\t\tdata-rsp_ch=\"on\"\n\t\t\t\t\t\t\t\tdata-xy=\"x:c;y:m;\"\n\t\t\t\t\t\t\t\tdata-text=\"s:60,40,40,40;l:80;fw:200;a:center;\"\n\t\t\t\t\t\t\t\tdata-frame_0=\"tp:600;\"\n\t\t\t\t\t\t\t\tdata-frame_1=\"tp:600;st:850;sp:760;sR:850;\"\n\t\t\t\t\t\t\t\tdata-frame_999=\"st:w;sp:420;sR:4390;auto:true;\"\n\t\t\t\t\t\t\t\tstyle=\"z-index:5;font-family:'Montserrat';\"\n\t\t\t\t\t\t\t>DELECTAR-SE EN EL GENU\u00cd \n\t\t\t\t\t\t\t<\/h1><!--\n\n\t\t\t\t\t\t\t--><rs-layer\n\t\t\t\t\t\t\t\tid=\"slider-20-slide-72-layer-10\" \n\t\t\t\t\t\t\t\tdata-type=\"image\"\n\t\t\t\t\t\t\t\tdata-rsp_ch=\"on\"\n\t\t\t\t\t\t\t\tdata-xy=\"x:c;yo:75px,67px,67px,67px;\"\n\t\t\t\t\t\t\t\tdata-text=\"l:22;a:inherit;\"\n\t\t\t\t\t\t\t\tdata-dim=\"w:[&#039;112px&#039;,&#039;112px&#039;,&#039;112px&#039;,&#039;112px&#039;];h:[&#039;112px&#039;,&#039;112px&#039;,&#039;112px&#039;,&#039;112px&#039;];\"\n\t\t\t\t\t\t\t\tdata-frame_0=\"tp:600;\"\n\t\t\t\t\t\t\t\tdata-frame_1=\"tp:600;st:830;sp:790;sR:830;\"\n\t\t\t\t\t\t\t\tdata-frame_999=\"o:0;tp:600;st:w;sR:4380;\"\n\t\t\t\t\t\t\t\tstyle=\"z-index:6;\"\n\t\t\t\t\t\t\t><img decoding=\"async\" src=\"\/\/www.turmaden.com\/wp-content\/plugins\/revslider\/sr6\/assets\/assets\/dummy.png\" alt=\"Agroturismo-Menorca-Turmaden-Servicios\" class=\"tp-rs-img rs-lazyload\" width=\"709\" height=\"709\" data-lazyload=\"\/\/www.turmaden.com\/wp-content\/uploads\/2020\/02\/agroturismo-menorca-turmaden-icono-servicios.png\" data-no-retina> \n\t\t\t\t\t\t\t<\/rs-layer><!--\n-->\t\t\t\t\t<\/rs-slide>\n\t\t\t\t\t<\/rs-slides>\n\t\t\t\t<\/rs-module>\n\t\t\t\t<script>\n\t\t\t\t\tsetREVStartSize({c: 'rev_slider_20_1',rl:[1240,1024,1024,1024],el:[500,405,405,405],gw:[1400,720,720,720],gh:[500,405,405,405],type:'hero',justify:'',layout:'fullwidth',mh:\"0\"});if (window.RS_MODULES!==undefined && window.RS_MODULES.modules!==undefined && window.RS_MODULES.modules[\"revslider201\"]!==undefined) {window.RS_MODULES.modules[\"revslider201\"].once = false;window.revapi20 = undefined;if (window.RS_MODULES.checkMinimal!==undefined) window.RS_MODULES.checkMinimal()}\n\t\t\t\t<\/script>\n\t\t\t<\/rs-module-wrap>\n\t\t\t<!-- END REVOLUTION SLIDER -->\n<\/div><\/div><\/div><\/div><\/div><\/section><section class=\"l-section wpb_row height_small\"><div class=\"l-section-overlay\" style=\"background:#efefed\"><\/div><div class=\"l-section-h i-cf\"><div class=\"g-cols vc_row via_flex valign_top type_default stacking_default\"><div class=\"vc_col-sm-12 wpb_column vc_column_container\"><div class=\"vc_column-inner\"><div class=\"wpb_wrapper\"><div class=\"wpb_widgetised_column wpb_content_element\"><div class=\"wpb_wrapper\"><div id=\"custom_html-3\" class=\"widget_text widget widget_custom_html\"><div class=\"textwidget custom-html-widget\"><div class=\"wpb_wrapper\">\r\n\t\r\n\r\n<div class=\"w-form layout_hor us_form_1\">\r\n<form class=\"w-form-h\" action=\"https:\/\/turmaden.guestpro.com\/ca\/engine\/\" method=\"get\">\r\n<input type=\"hidden\" id=\"start\" name=\"start\" value=\"\" \/>\r\n<input type=\"hidden\" id=\"end\" name=\"end\" value=\"\" \/>\r\n\t\r\n<input type=\"hidden\" id=\"occupancy\" name=\"occupancy\" value=\"2\" \/>\r\n\r\n\t\t\t\t<div class=\"w-form-row for_text with_icon cols_3  has_label\">\r\n\t\t\t\t\t<div class=\"w-form-row-label\">\r\n\t\t\t<span>ENTRADA<\/span>\r\n\t\t<\/div>\r\n\t\t<div class=\"w-form-row-field\">\r\n\t\t<i class=\"far fa-calendar\"><\/i><input type=\"text\" id=\"dt1\" name=\"dt1\" aria-label=\"Check-in\" value=\"\" placeholder=\"\" \/>\r\n\t\t\t<\/div>\r\n\r\n<\/div>\r\n\t\t<div class=\"w-form-row for_text with_icon cols_3  has_label\">\r\n\t\t\t<div class=\"w-form-row-label\">\r\n\t\t\t<span>SORTIDA<\/span>\r\n\t\t<\/div>\r\n\t\t<div class=\"w-form-row-field\">\r\n\t\t<i class=\"far fa-calendar\"><\/i>\t\t<input type=\"text\" id=\"dt2\" name=\"dt2\" aria-label=\"Check-out\" value=\"\" placeholder=\"\"\/>\r\n\t\t\t<\/div>\r\n\t\t\r\n<\/div>\r\n\t\t<div class=\"w-form-row for_text with_icon cols_3  has_label\">\r\n\t\t\t<div class=\"w-form-row-label\">\r\n\t\t\t<span>PROMO<\/span>\r\n\t\t<\/div>\r\n\t\t<div class=\"w-form-row-field\">\r\n\t\t<i class=\"far fa-star\"><\/i>\t\t<input type=\"text\" id=\"promo\" name=\"promo\" aria-label=\"C\u00f3digo\" value=\"\" placeholder=\"Codi\"\/>\r\n\t\t\t<\/div>\r\n<\/div>\r\n\t\r\n\t\t<div class=\"botoreservar w-form-row for_submit align_left\">\r\n\t<div class=\"w-form-row-field\">\r\n\t\t\t\t<button class=\"w-btn  us-btn-style_1\"  style=\"font-size:1rem;\" type=\"submit\" aria-label=\"Reservar\">\r\n\t\t\t<span class=\"g-preloader type_1\"><\/span>\r\n\t\t\t\t\t\t<span class=\"w-btn-label\">RESERVAR<\/span>\r\n\t\t\t\t\t<\/button>\r\n\t<\/div>\r\n<\/div>\r\n\r\n<script type=\"text\/javascript\"> jQuery(document).ready(function($) {\r\n    \r\n        $(\"#dt1\").datepicker({         \r\ndateFormat: \"dd-mm-yy\",\r\n   allowInputToggle: true,\r\n\t    altFormat:'yy-mm-dd',\r\n            altField:'#start',\r\n            minDate: 0,\r\n            onSelect: function (date) {\r\n                var date2 = $('#dt1').datepicker('getDate');\r\n                date2.setDate(date2.getDate() + 1);\r\n                $('#dt2').datepicker('setDate', date2);\r\n                \/\/sets minDate to dt1 date + 2\r\n                $('#dt2').datepicker('option', 'minDate', date2);\r\n            }\r\n        });\r\n\r\n\t$(\"#dt1\").datepicker(\"setDate\", \"+0\").attr('readonly', true);\r\n\r\n\r\n        $('#dt2').datepicker({\r\n            dateFormat: \"dd-mm-yy\",\r\n   allowInputToggle: true,\r\n\t   altFormat:'yy-mm-dd',\r\n           altField:'#end',\r\n            onClose: function () {\r\n                var dt1 = $('#dt1').datepicker('getDate');\r\n                console.log(dt1);\r\n                var dt2 = $('#dt2').datepicker('getDate');\r\n                if (dt2 <= dt1) {\r\n                    var minDate = $('#dt2').datepicker('option', 'minDate');\r\n                    $('#dt2').datepicker('setDate', minDate);\r\n                }\r\n            }\r\n        });\r\n\r\n\r\n\t$(\"#dt2\").datepicker(\"setDate\", \"+1\").attr('readonly', true);\r\n\r\n    });\r\n\r\n<\/script>\r\n\r\n\r\n\r\n\r\n\r\n\r\n<\/form>\r\n<\/div>\r\n\r\n<\/div><\/div><\/div><\/div><\/div><\/div><\/div><\/div><\/div><\/div><\/section><section class=\"l-section wpb_row us_custom_d392eac1 height_medium\"><div class=\"l-section-h i-cf\"><div class=\"g-cols vc_row via_flex valign_top type_default stacking_default\"><div class=\"vc_col-sm-12 wpb_column vc_column_container us_animate_fade\"><div class=\"vc_column-inner\"><div class=\"wpb_wrapper\"><div class=\"wpb_text_column\"><div class=\"wpb_wrapper\"><h3 style=\"text-align: center;\">Serveis de l&#8217;agroturisme gratu\u00efts<\/h3>\n<\/div><\/div><div class=\"g-cols wpb_row via_flex valign_top type_default stacking_default\" style=\"--additional-gap:5px;\"><div class=\"vc_col-sm-3 wpb_column vc_column_container has_bg_color us_animate_fade\"><div class=\"vc_column-inner us_custom_a37df6b7\"><div class=\"wpb_wrapper\"><div class=\"w-iconbox iconpos_top style_default color_primary align_center icontype_img\"><div class=\"w-iconbox-icon\" style=\"font-size:2rem;\"><img loading=\"lazy\" decoding=\"async\" width=\"48\" height=\"48\" src=\"https:\/\/www.turmaden.com\/wp-content\/uploads\/2017\/01\/agroturismo-ecologico-menorca-turmaden-66.png\" class=\"attachment-full size-full\" alt=\"Agroturismo Ecol\u00f3gico Menorca\" \/><\/div><div class=\"w-iconbox-meta\"><h4 class=\"w-iconbox-title\">Internet WIFI<\/h4><div class=\"w-iconbox-text\"><p>Connexi\u00f3 en qualsevol rac\u00f3. A tot l&#8217;hotel.<\/p>\n<\/div><\/div><\/div><\/div><\/div><\/div><div class=\"vc_col-sm-3 wpb_column vc_column_container has_bg_color us_animate_fade\" style=\"animation-delay:0.2s\"><div class=\"vc_column-inner us_custom_a37df6b7\"><div class=\"wpb_wrapper\"><div class=\"w-iconbox iconpos_top style_default color_primary align_center icontype_img\"><div class=\"w-iconbox-icon\" style=\"font-size:2rem;\"><img loading=\"lazy\" decoding=\"async\" width=\"96\" height=\"96\" src=\"https:\/\/www.turmaden.com\/wp-content\/uploads\/2017\/01\/agroturismo-ecologico-menorca-turmaden-65.png\" class=\"attachment-full size-full\" alt=\"Agroturismo Ecol\u00f3gico Menorca\" \/><\/div><div class=\"w-iconbox-meta\"><h4 class=\"w-iconbox-title\">Esmorzar<\/h4><div class=\"w-iconbox-text\"><p>Un esmorzar complet i variat amb productes ecol\u00f2gics, frescos i saludables.<\/p>\n<\/div><\/div><\/div><\/div><\/div><\/div><div class=\"vc_col-sm-3 wpb_column vc_column_container has_bg_color us_animate_fade\" style=\"animation-delay:0.4s\"><div class=\"vc_column-inner us_custom_a37df6b7\"><div class=\"wpb_wrapper\"><div class=\"w-iconbox iconpos_top style_default color_primary align_center icontype_img\"><div class=\"w-iconbox-icon\" style=\"font-size:2rem;\"><img loading=\"lazy\" decoding=\"async\" width=\"96\" height=\"96\" src=\"https:\/\/www.turmaden.com\/wp-content\/uploads\/2017\/02\/agroturismo-ecologico-menorca-turmaden-57.png\" class=\"attachment-full size-full\" alt=\"Agroturismo Ecol\u00f3gico Menorca\" \/><\/div><div class=\"w-iconbox-meta\"><h4 class=\"w-iconbox-title\">Friendly corner de caf\u00e8, te i infusions<\/h4><div class=\"w-iconbox-text\"><p>Al menjador pots gaudir de caf\u00e8, te o infusions a qualsevol hora del dia.<\/p>\n<\/div><\/div><\/div><\/div><\/div><\/div><div class=\"vc_col-sm-3 wpb_column vc_column_container has_bg_color us_animate_fade\" style=\"animation-delay:0.6s\"><div class=\"vc_column-inner us_custom_a37df6b7\"><div class=\"wpb_wrapper\"><div class=\"w-iconbox iconpos_top style_default color_primary align_center icontype_img\"><div class=\"w-iconbox-icon\" style=\"font-size:2rem;\"><img loading=\"lazy\" decoding=\"async\" width=\"96\" height=\"96\" src=\"https:\/\/www.turmaden.com\/wp-content\/uploads\/2017\/02\/agroturismo-ecologico-menorca-turmaden-55.png\" class=\"attachment-full size-full\" alt=\"Agroturismo Ecol\u00f3gico Menorca\" \/><\/div><div class=\"w-iconbox-meta\"><h4 class=\"w-iconbox-title\">Accessoris<\/h4><div class=\"w-iconbox-text\"><p>Pr\u00e9stec de tovalloles i para-sols per gaudir de la piscina i de la platja.<\/p>\n<\/div><\/div><\/div><\/div><\/div><\/div><\/div><div class=\"g-cols wpb_row via_flex valign_top type_default stacking_default\" style=\"--additional-gap:5px;\"><div class=\"vc_col-sm-3 wpb_column vc_column_container has_bg_color us_animate_fade\" style=\"animation-delay:0.8s\"><div class=\"vc_column-inner us_custom_a37df6b7\"><div class=\"wpb_wrapper\"><div class=\"w-iconbox iconpos_top style_default color_primary align_center icontype_img\"><div class=\"w-iconbox-icon\" style=\"font-size:2rem;\"><img loading=\"lazy\" decoding=\"async\" width=\"96\" height=\"96\" src=\"https:\/\/www.turmaden.com\/wp-content\/uploads\/2017\/02\/agroturismo-ecologico-menorca-turmaden-62.png\" class=\"attachment-full size-full\" alt=\"Agroturismo Ecol\u00f3gico Menorca\" \/><\/div><div class=\"w-iconbox-meta\"><h4 class=\"w-iconbox-title\">Nevera per a \u00fas dels clients<\/h4><div class=\"w-iconbox-text\"><p>Si portes les teves pr\u00f2pies begudes o aliments, tens disponible una nevera per guardar-los.<\/p>\n<\/div><\/div><\/div><\/div><\/div><\/div><div class=\"vc_col-sm-3 wpb_column vc_column_container has_bg_color us_animate_fade\" style=\"animation-delay:1s\"><div class=\"vc_column-inner us_custom_a37df6b7\"><div class=\"wpb_wrapper\"><div class=\"w-iconbox iconpos_top style_default color_primary align_center icontype_img\"><div class=\"w-iconbox-icon\" style=\"font-size:2rem;\"><img loading=\"lazy\" decoding=\"async\" width=\"96\" height=\"96\" src=\"https:\/\/www.turmaden.com\/wp-content\/uploads\/2017\/02\/agroturismo-ecologico-menorca-turmaden-54.png\" class=\"attachment-full size-full\" alt=\"Agroturismo Ecol\u00f3gico Menorca\" \/><\/div><div class=\"w-iconbox-meta\"><h4 class=\"w-iconbox-title\">Aparcament<\/h4><div class=\"w-iconbox-text\"><p>Aparcament gratu\u00eft i zona per a bicicletes.<\/p>\n<\/div><\/div><\/div><\/div><\/div><\/div><div class=\"vc_col-sm-3 wpb_column vc_column_container has_bg_color us_animate_fade\" style=\"animation-delay:1.2s\"><div class=\"vc_column-inner us_custom_a37df6b7\"><div class=\"wpb_wrapper\"><div class=\"w-iconbox iconpos_top style_default color_primary align_center\"><div class=\"w-iconbox-icon\" style=\"font-size:2rem;\"><i class=\"fas fa-clock\"><\/i><\/div><div class=\"w-iconbox-meta\"><h4 class=\"w-iconbox-title\">Horaris<\/h4><div class=\"w-iconbox-text\"><p>Facilitat per a entrades i sortides abans i despr\u00e9s d&#8217;hora.<\/p>\n<\/div><\/div><\/div><\/div><\/div><\/div><div class=\"vc_col-sm-3 wpb_column vc_column_container has_bg_color us_animate_fade\" style=\"animation-delay:1.4s\"><div class=\"vc_column-inner us_custom_a37df6b7\"><div class=\"wpb_wrapper\"><div class=\"w-iconbox iconpos_top style_default color_primary align_center\"><div class=\"w-iconbox-icon\" style=\"font-size:2rem;\"><i class=\"fas fa-suitcase\"><\/i><\/div><div class=\"w-iconbox-meta\"><h4 class=\"w-iconbox-title\">Equipatge<\/h4><div class=\"w-iconbox-text\"><div class=\"tlid-input input\">\n<div class=\"source-wrap\">\n<div class=\"input-full-height-wrapper tlid-input-full-height-wrapper\">\n<div class=\"source-input\">\n<div class=\"source-footer-wrap source-or-target-footer\">\n<div class=\"character-count tlid-character-count\"><\/div>\n<\/div>\n<\/div>\n<\/div>\n<\/div>\n<\/div>\n<div class=\"tlid-results-container results-container\">\n<div class=\"tlid-result result-dict-wrapper\">\n<div class=\"result tlid-copy-target\">\n<div class=\"text-wrap tlid-copy-target\">\n<div class=\"result-shield-container tlid-copy-target\" tabindex=\"0\"><span class=\"tlid-translation translation\" lang=\"ca\"><span title=\"\">Disposem<\/span> <span title=\"\">de consigna<\/span> <span title=\"\">per a les teves<\/span> <span class=\"\" title=\"\">maletes.<\/span><\/span><\/div>\n<\/div>\n<\/div>\n<\/div>\n<\/div>\n<\/div><\/div><\/div><\/div><\/div><\/div><\/div><\/div><\/div><\/div><\/div><\/div><\/section><!-- Row Backgrounds --><div class=\"upb_color\" data-bg-override=\"0\" data-bg-color=\"\" data-fadeout=\"\" data-fadeout-percentage=\"30\" data-parallax-content=\"\" data-parallax-content-sense=\"30\" data-row-effect-mobile-disable=\"true\" data-img-parallax-mobile-disable=\"true\" data-rtl=\"false\"  data-custom-vc-row=\"\"  data-vc=\"8.7.2\"  data-is_old_vc=\"\"  data-theme-support=\"\"   data-overlay=\"false\" data-overlay-color=\"\" data-overlay-pattern=\"\" data-overlay-pattern-opacity=\"\" data-overlay-pattern-size=\"\"    ><\/div><section class=\"l-section wpb_row us_custom_d392eac1 height_medium with_img\"><div class=\"l-section-img\" role=\"img\" aria-label=\"Agroturismo-Menorca-Turmaden-Karl-Blossfeldt\" data-img-width=\"1139\" data-img-height=\"1181\" style=\"background-image: url(https:\/\/www.turmaden.com\/wp-content\/uploads\/2020\/02\/agroturismo-menorca-turmaden-karl-blossfeldt.jpg);background-position: bottom right;background-repeat: no-repeat;background-size: contain;\"><\/div><div class=\"l-section-overlay\" style=\"background:rgba(255,255,255,0.8)\"><\/div><div class=\"l-section-h i-cf\"><div class=\"g-cols vc_row via_flex valign_top type_default stacking_default\"><div class=\"vc_col-sm-12 wpb_column vc_column_container us_animate_fade\"><div class=\"vc_column-inner\"><div class=\"wpb_wrapper\"><div class=\"wpb_text_column\"><div class=\"wpb_wrapper\"><h3 style=\"text-align: center;\">SERVEIS EXTRES<\/h3>\n<\/div><\/div><div class=\"g-cols wpb_row via_flex valign_top type_default stacking_default\" style=\"--additional-gap:5px;\"><div class=\"vc_col-sm-4 wpb_column vc_column_container has_bg_color us_animate_fade\"><div class=\"vc_column-inner us_custom_a37df6b7\"><div class=\"wpb_wrapper\"><div class=\"w-iconbox iconpos_top style_default color_primary align_center icontype_img\"><div class=\"w-iconbox-icon\" style=\"font-size:2rem;\"><img loading=\"lazy\" decoding=\"async\" width=\"96\" height=\"96\" src=\"https:\/\/www.turmaden.com\/wp-content\/uploads\/2017\/02\/agroturismo-ecologico-menorca-turmaden-59.png\" class=\"attachment-full size-full\" alt=\"Agroturismo Ecol\u00f3gico Menorca\" \/><\/div><div class=\"w-iconbox-meta\"><h4 class=\"w-iconbox-title\">P\u00edcnic<\/h4><div class=\"w-iconbox-text\"><p>Si teniu pensat anar-vos d&#8217;excursi\u00f3, us podem preparar una cistella de p\u00edcnic molt completa, per emportar.<\/p>\n<\/div><\/div><\/div><\/div><\/div><\/div><div class=\"vc_col-sm-4 wpb_column vc_column_container has_bg_color us_animate_fade\" style=\"animation-delay:0.2s\"><div class=\"vc_column-inner us_custom_a37df6b7\"><div class=\"wpb_wrapper\"><div class=\"w-iconbox iconpos_top style_default color_primary align_center\"><div class=\"w-iconbox-icon\" style=\"font-size:2rem;\"><i class=\"fas fa-wine-glass\"><\/i><\/div><div class=\"w-iconbox-meta\"><h4 class=\"w-iconbox-title\">Nevera<\/h4><div class=\"w-iconbox-text\"><p>Al nostre menjador disposem d&#8217;una nevera amb begudes les 24 hores del dia.<\/p>\n<\/div><\/div><\/div><\/div><\/div><\/div><div class=\"vc_col-sm-4 wpb_column vc_column_container has_bg_color us_animate_fade\" style=\"animation-delay:0.4s\"><div class=\"vc_column-inner us_custom_a37df6b7\"><div class=\"wpb_wrapper\"><div class=\"w-iconbox iconpos_top style_default color_primary align_center\"><div class=\"w-iconbox-icon\" style=\"font-size:2rem;\"><i class=\"fas fa-tshirt\"><\/i><\/div><div class=\"w-iconbox-meta\"><h4 class=\"w-iconbox-title\">Roba<\/h4><div class=\"w-iconbox-text\"><p>La teva roba neta a punt. Disposem de servei de bugaderia.<\/p>\n<\/div><\/div><\/div><\/div><\/div><\/div><\/div><div class=\"g-cols wpb_row via_flex valign_top type_default stacking_default\" style=\"--additional-gap:5px;\"><div class=\"vc_col-sm-6 wpb_column vc_column_container has_bg_color us_animate_fade\" style=\"animation-delay:1s\"><div class=\"vc_column-inner us_custom_a37df6b7\"><div class=\"wpb_wrapper\"><div class=\"w-iconbox iconpos_top style_default color_primary align_center\"><div class=\"w-iconbox-icon\" style=\"font-size:2rem;\"><i class=\"fas fa-map-marked-alt\"><\/i><\/div><div class=\"w-iconbox-meta\"><h4 class=\"w-iconbox-title\">Activitats i on anar<\/h4><div class=\"w-iconbox-text\"><p>Si el que vols \u00e9s realitzar activitats a l&#8217;aire lliure, t&#8217;aconsellam damunt els nostres racons m\u00e9s secrets, els millors llocs per anar a sopar, i les activitats m\u00e9s interessants de l&#8217;illa de Menorca.<\/p>\n<\/div><\/div><\/div><\/div><\/div><\/div><div class=\"vc_col-sm-6 wpb_column vc_column_container has_bg_color us_animate_fade\" style=\"animation-delay:1.2s\"><div class=\"vc_column-inner us_custom_a37df6b7\"><div class=\"wpb_wrapper\"><div class=\"w-iconbox iconpos_top style_default color_primary align_center icontype_img\"><div class=\"w-iconbox-icon\" style=\"font-size:2rem;\"><img loading=\"lazy\" decoding=\"async\" width=\"96\" height=\"96\" src=\"https:\/\/www.turmaden.com\/wp-content\/uploads\/2017\/02\/agroturismo-ecologico-menorca-turmaden-51.png\" class=\"attachment-full size-full\" alt=\"Agroturismo Ecol\u00f3gico Menorca\" \/><\/div><div class=\"w-iconbox-meta\"><h4 class=\"w-iconbox-title\">Massatges<\/h4><div class=\"w-iconbox-text\"><p>Si et ve de gust un massatge, t&#8217;oferim aquest servei per enc\u00e0rrec.<\/p>\n<\/div><\/div><\/div><\/div><\/div><\/div><\/div><\/div><\/div><\/div><\/div><\/div><\/section><!-- Row Backgrounds --><div class=\"upb_color\" data-bg-override=\"0\" data-bg-color=\"\" data-fadeout=\"\" data-fadeout-percentage=\"30\" data-parallax-content=\"\" data-parallax-content-sense=\"30\" data-row-effect-mobile-disable=\"true\" data-img-parallax-mobile-disable=\"true\" data-rtl=\"false\"  data-custom-vc-row=\"\"  data-vc=\"8.7.2\"  data-is_old_vc=\"\"  data-theme-support=\"\"   data-overlay=\"false\" data-overlay-color=\"\" data-overlay-pattern=\"\" data-overlay-pattern-opacity=\"\" data-overlay-pattern-size=\"\"    ><\/div>\n","protected":false},"excerpt":{"rendered":"DELECTAR-SE EN EL GENU\u00cd ENTRADA SORTIDA PROMO RESERVAR Serveis de l&#8217;agroturisme gratu\u00efts Internet WIFIConnexi\u00f3 en qualsevol rac\u00f3. A tot l'hotel. EsmorzarUn esmorzar complet i variat amb productes ecol\u00f2gics, frescos i saludables. Friendly corner de caf\u00e8, te i infusionsAl menjador pots gaudir de caf\u00e8, te o infusions a qualsevol hora del dia. AccessorisPr\u00e9stec de tovalloles i...","protected":false},"author":5,"featured_media":0,"parent":0,"menu_order":0,"comment_status":"closed","ping_status":"closed","template":"","meta":{"footnotes":""},"class_list":["post-2568","page","type-page","status-publish","hentry"],"yoast_head":"<!-- This site is optimized with the Yoast SEO plugin v27.4 - https:\/\/yoast.com\/product\/yoast-seo-wordpress\/ -->\n<title>Serveis de l&#039;agroturisme ecol\u00f2gic Turmad\u00e8n des Capit\u00e0<\/title>\n<meta name=\"description\" content=\"Serveis de l&#039;agroturisme: dinar complet amb productes ecol\u00f2gics, facilitat d&#039;horaris per a entrades i sortides, caf\u00e8 o te les 24 hores del dia...\" \/>\n<meta name=\"robots\" content=\"index, follow, max-snippet:-1, max-image-preview:large, max-video-preview:-1\" \/>\n<link rel=\"canonical\" href=\"https:\/\/www.turmaden.com\/ca\/serveis\/\" \/>\n<meta name=\"twitter:label1\" content=\"Est. reading time\" \/>\n\t<meta name=\"twitter:data1\" content=\"4 minutes\" \/>\n<script type=\"application\/ld+json\" class=\"yoast-schema-graph\">{\"@context\":\"https:\\\/\\\/schema.org\",\"@graph\":[{\"@type\":\"WebPage\",\"@id\":\"https:\\\/\\\/www.turmaden.com\\\/ca\\\/serveis\\\/\",\"url\":\"https:\\\/\\\/www.turmaden.com\\\/ca\\\/serveis\\\/\",\"name\":\"Serveis de l'agroturisme ecol\u00f2gic Turmad\u00e8n des Capit\u00e0\",\"isPartOf\":{\"@id\":\"https:\\\/\\\/www.turmaden.com\\\/#website\"},\"datePublished\":\"2020-03-17T17:08:43+00:00\",\"dateModified\":\"2022-08-18T14:18:10+00:00\",\"description\":\"Serveis de l'agroturisme: dinar complet amb productes ecol\u00f2gics, facilitat d'horaris per a entrades i sortides, caf\u00e8 o te les 24 hores del dia...\",\"breadcrumb\":{\"@id\":\"https:\\\/\\\/www.turmaden.com\\\/ca\\\/serveis\\\/#breadcrumb\"},\"inLanguage\":\"ca-ES\",\"potentialAction\":[{\"@type\":\"ReadAction\",\"target\":[\"https:\\\/\\\/www.turmaden.com\\\/ca\\\/serveis\\\/\"]}]},{\"@type\":\"BreadcrumbList\",\"@id\":\"https:\\\/\\\/www.turmaden.com\\\/ca\\\/serveis\\\/#breadcrumb\",\"itemListElement\":[{\"@type\":\"ListItem\",\"position\":1,\"name\":\"Portada\",\"item\":\"https:\\\/\\\/www.turmaden.com\\\/ca\\\/\"},{\"@type\":\"ListItem\",\"position\":2,\"name\":\"Serveis\"}]},{\"@type\":\"WebSite\",\"@id\":\"https:\\\/\\\/www.turmaden.com\\\/#website\",\"url\":\"https:\\\/\\\/www.turmaden.com\\\/\",\"name\":\"Turmad\u00e8n des Capit\u00e0 - Agroturismo Menorca\",\"description\":\"Ecoagroturismo Menorca\",\"publisher\":{\"@id\":\"https:\\\/\\\/www.turmaden.com\\\/#organization\"},\"potentialAction\":[{\"@type\":\"SearchAction\",\"target\":{\"@type\":\"EntryPoint\",\"urlTemplate\":\"https:\\\/\\\/www.turmaden.com\\\/?s={search_term_string}\"},\"query-input\":{\"@type\":\"PropertyValueSpecification\",\"valueRequired\":true,\"valueName\":\"search_term_string\"}}],\"inLanguage\":\"ca-ES\"},{\"@type\":\"Organization\",\"@id\":\"https:\\\/\\\/www.turmaden.com\\\/#organization\",\"name\":\"Turmad\u00e8n des Capit\u00e0 - Agroturismo Menorca\",\"url\":\"https:\\\/\\\/www.turmaden.com\\\/\",\"logo\":{\"@type\":\"ImageObject\",\"inLanguage\":\"ca-ES\",\"@id\":\"https:\\\/\\\/www.turmaden.com\\\/#\\\/schema\\\/logo\\\/image\\\/\",\"url\":\"https:\\\/\\\/www.turmaden.com\\\/wp-content\\\/uploads\\\/2020\\\/02\\\/agroturismo-ecologico-menorca-turmaden-1.png\",\"contentUrl\":\"https:\\\/\\\/www.turmaden.com\\\/wp-content\\\/uploads\\\/2020\\\/02\\\/agroturismo-ecologico-menorca-turmaden-1.png\",\"width\":935,\"height\":283,\"caption\":\"Turmad\u00e8n des Capit\u00e0 - Agroturismo Menorca\"},\"image\":{\"@id\":\"https:\\\/\\\/www.turmaden.com\\\/#\\\/schema\\\/logo\\\/image\\\/\"},\"sameAs\":[\"https:\\\/\\\/www.instagram.com\\\/turmaden\\\/\"]}]}<\/script>\n<!-- \/ Yoast SEO plugin. -->","yoast_head_json":{"title":"Serveis de l'agroturisme ecol\u00f2gic Turmad\u00e8n des Capit\u00e0","description":"Serveis de l'agroturisme: dinar complet amb productes ecol\u00f2gics, facilitat d'horaris per a entrades i sortides, caf\u00e8 o te les 24 hores del dia...","robots":{"index":"index","follow":"follow","max-snippet":"max-snippet:-1","max-image-preview":"max-image-preview:large","max-video-preview":"max-video-preview:-1"},"canonical":"https:\/\/www.turmaden.com\/ca\/serveis\/","twitter_misc":{"Est. reading time":"4 minutes"},"schema":{"@context":"https:\/\/schema.org","@graph":[{"@type":"WebPage","@id":"https:\/\/www.turmaden.com\/ca\/serveis\/","url":"https:\/\/www.turmaden.com\/ca\/serveis\/","name":"Serveis de l'agroturisme ecol\u00f2gic Turmad\u00e8n des Capit\u00e0","isPartOf":{"@id":"https:\/\/www.turmaden.com\/#website"},"datePublished":"2020-03-17T17:08:43+00:00","dateModified":"2022-08-18T14:18:10+00:00","description":"Serveis de l'agroturisme: dinar complet amb productes ecol\u00f2gics, facilitat d'horaris per a entrades i sortides, caf\u00e8 o te les 24 hores del dia...","breadcrumb":{"@id":"https:\/\/www.turmaden.com\/ca\/serveis\/#breadcrumb"},"inLanguage":"ca-ES","potentialAction":[{"@type":"ReadAction","target":["https:\/\/www.turmaden.com\/ca\/serveis\/"]}]},{"@type":"BreadcrumbList","@id":"https:\/\/www.turmaden.com\/ca\/serveis\/#breadcrumb","itemListElement":[{"@type":"ListItem","position":1,"name":"Portada","item":"https:\/\/www.turmaden.com\/ca\/"},{"@type":"ListItem","position":2,"name":"Serveis"}]},{"@type":"WebSite","@id":"https:\/\/www.turmaden.com\/#website","url":"https:\/\/www.turmaden.com\/","name":"Turmad\u00e8n des Capit\u00e0 - Agroturismo Menorca","description":"Ecoagroturismo Menorca","publisher":{"@id":"https:\/\/www.turmaden.com\/#organization"},"potentialAction":[{"@type":"SearchAction","target":{"@type":"EntryPoint","urlTemplate":"https:\/\/www.turmaden.com\/?s={search_term_string}"},"query-input":{"@type":"PropertyValueSpecification","valueRequired":true,"valueName":"search_term_string"}}],"inLanguage":"ca-ES"},{"@type":"Organization","@id":"https:\/\/www.turmaden.com\/#organization","name":"Turmad\u00e8n des Capit\u00e0 - Agroturismo Menorca","url":"https:\/\/www.turmaden.com\/","logo":{"@type":"ImageObject","inLanguage":"ca-ES","@id":"https:\/\/www.turmaden.com\/#\/schema\/logo\/image\/","url":"https:\/\/www.turmaden.com\/wp-content\/uploads\/2020\/02\/agroturismo-ecologico-menorca-turmaden-1.png","contentUrl":"https:\/\/www.turmaden.com\/wp-content\/uploads\/2020\/02\/agroturismo-ecologico-menorca-turmaden-1.png","width":935,"height":283,"caption":"Turmad\u00e8n des Capit\u00e0 - Agroturismo Menorca"},"image":{"@id":"https:\/\/www.turmaden.com\/#\/schema\/logo\/image\/"},"sameAs":["https:\/\/www.instagram.com\/turmaden\/"]}]}},"_links":{"self":[{"href":"https:\/\/www.turmaden.com\/ca\/wp-json\/wp\/v2\/pages\/2568","targetHints":{"allow":["GET"]}}],"collection":[{"href":"https:\/\/www.turmaden.com\/ca\/wp-json\/wp\/v2\/pages"}],"about":[{"href":"https:\/\/www.turmaden.com\/ca\/wp-json\/wp\/v2\/types\/page"}],"author":[{"embeddable":true,"href":"https:\/\/www.turmaden.com\/ca\/wp-json\/wp\/v2\/users\/5"}],"replies":[{"embeddable":true,"href":"https:\/\/www.turmaden.com\/ca\/wp-json\/wp\/v2\/comments?post=2568"}],"version-history":[{"count":10,"href":"https:\/\/www.turmaden.com\/ca\/wp-json\/wp\/v2\/pages\/2568\/revisions"}],"predecessor-version":[{"id":4041,"href":"https:\/\/www.turmaden.com\/ca\/wp-json\/wp\/v2\/pages\/2568\/revisions\/4041"}],"wp:attachment":[{"href":"https:\/\/www.turmaden.com\/ca\/wp-json\/wp\/v2\/media?parent=2568"}],"curies":[{"name":"wp","href":"https:\/\/api.w.org\/{rel}","templated":true}]}}