{"id":2585,"date":"2017-03-08T17:17:06","date_gmt":"2017-03-08T17:17:06","guid":{"rendered":"https:\/\/www.turmaden.com\/habitacions\/"},"modified":"2022-03-14T16:53:47","modified_gmt":"2022-03-14T16:53:47","slug":"habitacions-turmaden-des-capita","status":"publish","type":"page","link":"https:\/\/www.turmaden.com\/ca\/habitacions-turmaden-des-capita\/","title":{"rendered":"Habitacions"},"content":{"rendered":"<section class=\"l-section wpb_row height_auto width_full\"><div class=\"l-section-h i-cf\"><div class=\"g-cols vc_row via_flex valign_top type_default stacking_default\"><div class=\"vc_col-sm-12 wpb_column vc_column_container\"><div class=\"vc_column-inner\"><div class=\"wpb_wrapper\">[rev_slider_vc alias=&#8221;habitacions-ca&#8221;]<\/div><\/div><\/div><\/div><\/div><\/section><section class=\"l-section wpb_row height_small\"><div class=\"l-section-h i-cf\"><div class=\"g-cols vc_row via_flex valign_top type_default stacking_default\"><div class=\"vc_col-sm-12 wpb_column vc_column_container\"><div class=\"vc_column-inner\"><div class=\"wpb_wrapper\"><div class=\"wpb_widgetised_column wpb_content_element\"><div class=\"wpb_wrapper\"><div id=\"custom_html-3\" class=\"widget_text widget widget_custom_html\"><div class=\"textwidget custom-html-widget\"><div class=\"wpb_wrapper\">\r\n\t\r\n\r\n<div class=\"w-form layout_hor us_form_1\">\r\n<form class=\"w-form-h\" action=\"https:\/\/turmaden.guestpro.com\/ca\/engine\/\" method=\"get\">\r\n<input type=\"hidden\" id=\"start\" name=\"start\" value=\"\" \/>\r\n<input type=\"hidden\" id=\"end\" name=\"end\" value=\"\" \/>\r\n\t\r\n<input type=\"hidden\" id=\"occupancy\" name=\"occupancy\" value=\"2\" \/>\r\n\r\n\t\t\t\t<div class=\"w-form-row for_text with_icon cols_3  has_label\">\r\n\t\t\t\t\t<div class=\"w-form-row-label\">\r\n\t\t\t<span>ENTRADA<\/span>\r\n\t\t<\/div>\r\n\t\t<div class=\"w-form-row-field\">\r\n\t\t<i class=\"far fa-calendar\"><\/i><input type=\"text\" id=\"dt1\" name=\"dt1\" aria-label=\"Check-in\" value=\"\" placeholder=\"\" \/>\r\n\t\t\t<\/div>\r\n\r\n<\/div>\r\n\t\t<div class=\"w-form-row for_text with_icon cols_3  has_label\">\r\n\t\t\t<div class=\"w-form-row-label\">\r\n\t\t\t<span>SORTIDA<\/span>\r\n\t\t<\/div>\r\n\t\t<div class=\"w-form-row-field\">\r\n\t\t<i class=\"far fa-calendar\"><\/i>\t\t<input type=\"text\" id=\"dt2\" name=\"dt2\" aria-label=\"Check-out\" value=\"\" placeholder=\"\"\/>\r\n\t\t\t<\/div>\r\n\t\t\r\n<\/div>\r\n\t\t<div class=\"w-form-row for_text with_icon cols_3  has_label\">\r\n\t\t\t<div class=\"w-form-row-label\">\r\n\t\t\t<span>PROMO<\/span>\r\n\t\t<\/div>\r\n\t\t<div class=\"w-form-row-field\">\r\n\t\t<i class=\"far fa-star\"><\/i>\t\t<input type=\"text\" id=\"promo\" name=\"promo\" aria-label=\"C\u00f3digo\" value=\"\" placeholder=\"Codi\"\/>\r\n\t\t\t<\/div>\r\n<\/div>\r\n\t\r\n\t\t<div class=\"botoreservar w-form-row for_submit align_left\">\r\n\t<div class=\"w-form-row-field\">\r\n\t\t\t\t<button class=\"w-btn  us-btn-style_1\"  style=\"font-size:1rem;\" type=\"submit\" aria-label=\"Reservar\">\r\n\t\t\t<span class=\"g-preloader type_1\"><\/span>\r\n\t\t\t\t\t\t<span class=\"w-btn-label\">RESERVAR<\/span>\r\n\t\t\t\t\t<\/button>\r\n\t<\/div>\r\n<\/div>\r\n\r\n<script type=\"text\/javascript\"> jQuery(document).ready(function($) {\r\n    \r\n        $(\"#dt1\").datepicker({         \r\ndateFormat: \"dd-mm-yy\",\r\n   allowInputToggle: true,\r\n\t    altFormat:'yy-mm-dd',\r\n            altField:'#start',\r\n            minDate: 0,\r\n            onSelect: function (date) {\r\n                var date2 = $('#dt1').datepicker('getDate');\r\n                date2.setDate(date2.getDate() + 1);\r\n                $('#dt2').datepicker('setDate', date2);\r\n                \/\/sets minDate to dt1 date + 2\r\n                $('#dt2').datepicker('option', 'minDate', date2);\r\n            }\r\n        });\r\n\r\n\t$(\"#dt1\").datepicker(\"setDate\", \"+0\").attr('readonly', true);\r\n\r\n\r\n        $('#dt2').datepicker({\r\n            dateFormat: \"dd-mm-yy\",\r\n   allowInputToggle: true,\r\n\t   altFormat:'yy-mm-dd',\r\n           altField:'#end',\r\n            onClose: function () {\r\n                var dt1 = $('#dt1').datepicker('getDate');\r\n                console.log(dt1);\r\n                var dt2 = $('#dt2').datepicker('getDate');\r\n                if (dt2 <= dt1) {\r\n                    var minDate = $('#dt2').datepicker('option', 'minDate');\r\n                    $('#dt2').datepicker('setDate', minDate);\r\n                }\r\n            }\r\n        });\r\n\r\n\r\n\t$(\"#dt2\").datepicker(\"setDate\", \"+1\").attr('readonly', true);\r\n\r\n    });\r\n\r\n<\/script>\r\n\r\n\r\n\r\n\r\n\r\n\r\n<\/form>\r\n<\/div>\r\n\r\n<\/div><\/div><\/div><\/div><\/div><\/div><\/div><\/div><\/div><\/div><\/section><!-- Row Backgrounds --><div class=\"upb_color\" data-bg-override=\"0\" data-bg-color=\"#efefed\" data-fadeout=\"\" data-fadeout-percentage=\"30\" data-parallax-content=\"\" data-parallax-content-sense=\"30\" data-row-effect-mobile-disable=\"true\" data-img-parallax-mobile-disable=\"true\" data-rtl=\"false\"  data-custom-vc-row=\"\"  data-vc=\"8.7.2\"  data-is_old_vc=\"\"  data-theme-support=\"\"   data-overlay=\"false\" data-overlay-color=\"\" data-overlay-pattern=\"\" data-overlay-pattern-opacity=\"\" data-overlay-pattern-size=\"\"    ><\/div><section class=\"l-section wpb_row us_custom_8a398476 height_medium\"><div class=\"l-section-overlay\" style=\"background:rgba(255,255,255,0.6)\"><\/div><div class=\"l-section-h i-cf\"><div class=\"g-cols vc_row via_flex valign_top type_default stacking_default\"><div class=\"vc_col-sm-12 wpb_column vc_column_container us_animate_fade\"><div class=\"vc_column-inner us_custom_cc7132a6\"><div class=\"wpb_wrapper\"><div class=\"w-image us_custom_539f15ee align_center us_animate_fade\"><div class=\"w-image-h\"><img decoding=\"async\" width=\"150\" height=\"150\" src=\"https:\/\/www.turmaden.com\/wp-content\/uploads\/2020\/02\/agroturismo-menorca-turmaden-karl-blossfeldt-7-150x150.png\" class=\"attachment-thumbnail size-thumbnail\" alt=\"\" loading=\"lazy\" srcset=\"https:\/\/www.turmaden.com\/wp-content\/uploads\/2020\/02\/agroturismo-menorca-turmaden-karl-blossfeldt-7-150x150.png 150w, https:\/\/www.turmaden.com\/wp-content\/uploads\/2020\/02\/agroturismo-menorca-turmaden-karl-blossfeldt-7-350x350.png 350w\" sizes=\"auto, (max-width: 150px) 100vw, 150px\" \/><\/div><\/div><div class=\"wpb_text_column us_custom_9e158892\"><div class=\"wpb_wrapper\"><h4 style=\"text-align: center;\">Les habitacions de Turmad\u00e8n des Capit\u00e0 estan decorades amb senzillesa i originalitat. L&#8217;agroturisme disposa d&#8217;una suite i cinc habitacions dobles, totes amb terrassa exterior. Tots els espais estan ben a\u00efllats per aconseguir un confort \u00f2ptim totes les \u00e8poques de l&#8217;any, especialment a l&#8217;estiu ia l&#8217;hivern. Tenim <a href=\"https:\/\/www.turmaden.com\/ca\/turmaden-des-capita-agroturisme-ecologic-menorca-compromis-medi-ambient\/\">calefacci\u00f3 central de biomassa<\/a> produ\u00efda a la mateixa granja i ventiladors a totes les habitacions.<\/h4>\n<\/div><\/div><\/div><\/div><\/div><\/div><\/div><\/section><section class=\"l-section wpb_row us_custom_8a398476 height_medium\"><div class=\"l-section-overlay\" style=\"background:#efefed\"><\/div><div class=\"l-section-h i-cf\"><div class=\"g-cols vc_row via_flex valign_top type_default stacking_default\"><div class=\"vc_col-sm-6 wpb_column vc_column_container us_animate_fade\"><div class=\"vc_column-inner\"><div class=\"wpb_wrapper\"><div class=\"wpb_text_column\"><div class=\"wpb_wrapper\"><h2>La nostra suite<\/h2>\n<\/div><\/div><\/div><\/div><\/div><div class=\"vc_col-sm-6 wpb_column vc_column_container us_animate_fade\"><div class=\"vc_column-inner\"><div class=\"wpb_wrapper\"><div class=\"wpb_text_column\"><div class=\"wpb_wrapper\"><p>\u00c0mplia habitaci\u00f3 tipus loft, amb una original distribuci\u00f3 i magn\u00edfiques vistes. \u00c9s una habitaci\u00f3 de 55m<sup>2<\/sup>, molt c\u00f2moda i espaiosa per a parelles que desitgen una estada m\u00e9s especial, i ideal per a fam\u00edlies ja que es pot disposar de dos llits extra a la part de la sala. T\u00e9 una espectacular terrassa tipus balc\u00f3 amb vista sobre la muntanya d&#8217;<em>El Toro<\/em> i el paisatge rural de Menorca.<\/p>\n<\/div><\/div><\/div><\/div><\/div><\/div><\/div><\/section><section class=\"l-section wpb_row us_custom_0372f29e height_medium\"><div class=\"l-section-overlay\" style=\"background:#efefed\"><\/div><div class=\"l-section-h i-cf\"><div class=\"g-cols vc_row via_flex valign_top type_default stacking_default\"><div class=\"vc_col-sm-12 wpb_column vc_column_container us_animate_fade\"><div class=\"vc_column-inner us_custom_39428959\"><div class=\"wpb_wrapper\"><div id=\"ult-carousel-377439271469f5dbc02c788\" class=\"ult-carousel-wrapper  vc_custom_1582112957947  ult_horizontal\" data-gutter=\"4\" data-rtl=\"false\" ><div class=\"ult-carousel-115862620969f5dbc02c74b \" ><div class=\"ult-item-wrap\" data-animation=\"animated no-animation\"><div class=\"w-image align_none\"><div class=\"w-image-h\"><img decoding=\"async\" width=\"847\" height=\"1200\" src=\"https:\/\/www.turmaden.com\/wp-content\/uploads\/2017\/03\/agroturismo-ecologico-menorca-turmaden-habitaciones-con-encanto-9.jpg\" class=\"attachment-full size-full\" alt=\"\" loading=\"lazy\" srcset=\"https:\/\/www.turmaden.com\/wp-content\/uploads\/2017\/03\/agroturismo-ecologico-menorca-turmaden-habitaciones-con-encanto-9.jpg 847w, https:\/\/www.turmaden.com\/wp-content\/uploads\/2017\/03\/agroturismo-ecologico-menorca-turmaden-habitaciones-con-encanto-9-212x300.jpg 212w, https:\/\/www.turmaden.com\/wp-content\/uploads\/2017\/03\/agroturismo-ecologico-menorca-turmaden-habitaciones-con-encanto-9-723x1024.jpg 723w, https:\/\/www.turmaden.com\/wp-content\/uploads\/2017\/03\/agroturismo-ecologico-menorca-turmaden-habitaciones-con-encanto-9-600x850.jpg 600w, https:\/\/www.turmaden.com\/wp-content\/uploads\/2017\/03\/agroturismo-ecologico-menorca-turmaden-habitaciones-con-encanto-9-768x1088.jpg 768w, https:\/\/www.turmaden.com\/wp-content\/uploads\/2017\/03\/agroturismo-ecologico-menorca-turmaden-habitaciones-con-encanto-9-169x240.jpg 169w\" sizes=\"auto, (max-width: 847px) 100vw, 847px\" \/><\/div><\/div><\/div><div class=\"ult-item-wrap\" data-animation=\"animated no-animation\"><div class=\"w-image align_none\"><div class=\"w-image-h\"><img decoding=\"async\" width=\"847\" height=\"1200\" src=\"https:\/\/www.turmaden.com\/wp-content\/uploads\/2022\/03\/agroturismo-ecologico-menorca-turmaden-habitaciones-con-encanto-2022-1.jpg\" class=\"attachment-full size-full\" alt=\"\" loading=\"lazy\" srcset=\"https:\/\/www.turmaden.com\/wp-content\/uploads\/2022\/03\/agroturismo-ecologico-menorca-turmaden-habitaciones-con-encanto-2022-1.jpg 847w, https:\/\/www.turmaden.com\/wp-content\/uploads\/2022\/03\/agroturismo-ecologico-menorca-turmaden-habitaciones-con-encanto-2022-1-212x300.jpg 212w, https:\/\/www.turmaden.com\/wp-content\/uploads\/2022\/03\/agroturismo-ecologico-menorca-turmaden-habitaciones-con-encanto-2022-1-723x1024.jpg 723w, https:\/\/www.turmaden.com\/wp-content\/uploads\/2022\/03\/agroturismo-ecologico-menorca-turmaden-habitaciones-con-encanto-2022-1-600x850.jpg 600w, https:\/\/www.turmaden.com\/wp-content\/uploads\/2022\/03\/agroturismo-ecologico-menorca-turmaden-habitaciones-con-encanto-2022-1-768x1088.jpg 768w, https:\/\/www.turmaden.com\/wp-content\/uploads\/2022\/03\/agroturismo-ecologico-menorca-turmaden-habitaciones-con-encanto-2022-1-169x240.jpg 169w\" sizes=\"auto, (max-width: 847px) 100vw, 847px\" \/><\/div><\/div><\/div><div class=\"ult-item-wrap\" data-animation=\"animated no-animation\"><div class=\"w-image align_none\"><div class=\"w-image-h\"><img decoding=\"async\" width=\"847\" height=\"1200\" src=\"https:\/\/www.turmaden.com\/wp-content\/uploads\/2022\/03\/agroturismo-ecologico-menorca-turmaden-habitaciones-con-encanto-2022-4.jpg\" class=\"attachment-full size-full\" alt=\"\" loading=\"lazy\" srcset=\"https:\/\/www.turmaden.com\/wp-content\/uploads\/2022\/03\/agroturismo-ecologico-menorca-turmaden-habitaciones-con-encanto-2022-4.jpg 847w, https:\/\/www.turmaden.com\/wp-content\/uploads\/2022\/03\/agroturismo-ecologico-menorca-turmaden-habitaciones-con-encanto-2022-4-212x300.jpg 212w, https:\/\/www.turmaden.com\/wp-content\/uploads\/2022\/03\/agroturismo-ecologico-menorca-turmaden-habitaciones-con-encanto-2022-4-723x1024.jpg 723w, https:\/\/www.turmaden.com\/wp-content\/uploads\/2022\/03\/agroturismo-ecologico-menorca-turmaden-habitaciones-con-encanto-2022-4-600x850.jpg 600w, https:\/\/www.turmaden.com\/wp-content\/uploads\/2022\/03\/agroturismo-ecologico-menorca-turmaden-habitaciones-con-encanto-2022-4-768x1088.jpg 768w, https:\/\/www.turmaden.com\/wp-content\/uploads\/2022\/03\/agroturismo-ecologico-menorca-turmaden-habitaciones-con-encanto-2022-4-169x240.jpg 169w\" sizes=\"auto, (max-width: 847px) 100vw, 847px\" \/><\/div><\/div><\/div><div class=\"ult-item-wrap\" data-animation=\"animated no-animation\"><div class=\"w-image align_none\"><div class=\"w-image-h\"><img decoding=\"async\" width=\"847\" height=\"1200\" src=\"https:\/\/www.turmaden.com\/wp-content\/uploads\/2022\/03\/agroturismo-ecologico-menorca-turmaden-habitaciones-con-encanto-2022-3.jpg\" class=\"attachment-full size-full\" alt=\"\" loading=\"lazy\" srcset=\"https:\/\/www.turmaden.com\/wp-content\/uploads\/2022\/03\/agroturismo-ecologico-menorca-turmaden-habitaciones-con-encanto-2022-3.jpg 847w, https:\/\/www.turmaden.com\/wp-content\/uploads\/2022\/03\/agroturismo-ecologico-menorca-turmaden-habitaciones-con-encanto-2022-3-212x300.jpg 212w, https:\/\/www.turmaden.com\/wp-content\/uploads\/2022\/03\/agroturismo-ecologico-menorca-turmaden-habitaciones-con-encanto-2022-3-723x1024.jpg 723w, https:\/\/www.turmaden.com\/wp-content\/uploads\/2022\/03\/agroturismo-ecologico-menorca-turmaden-habitaciones-con-encanto-2022-3-600x850.jpg 600w, https:\/\/www.turmaden.com\/wp-content\/uploads\/2022\/03\/agroturismo-ecologico-menorca-turmaden-habitaciones-con-encanto-2022-3-768x1088.jpg 768w, https:\/\/www.turmaden.com\/wp-content\/uploads\/2022\/03\/agroturismo-ecologico-menorca-turmaden-habitaciones-con-encanto-2022-3-169x240.jpg 169w\" sizes=\"auto, (max-width: 847px) 100vw, 847px\" \/><\/div><\/div><\/div><div class=\"ult-item-wrap\" data-animation=\"animated no-animation\"><div class=\"w-image align_none\"><div class=\"w-image-h\"><img decoding=\"async\" width=\"847\" height=\"1200\" src=\"https:\/\/www.turmaden.com\/wp-content\/uploads\/2022\/03\/agroturismo-ecologico-menorca-turmaden-habitaciones-con-encanto-2022-2.jpg\" class=\"attachment-full size-full\" alt=\"\" loading=\"lazy\" srcset=\"https:\/\/www.turmaden.com\/wp-content\/uploads\/2022\/03\/agroturismo-ecologico-menorca-turmaden-habitaciones-con-encanto-2022-2.jpg 847w, https:\/\/www.turmaden.com\/wp-content\/uploads\/2022\/03\/agroturismo-ecologico-menorca-turmaden-habitaciones-con-encanto-2022-2-212x300.jpg 212w, https:\/\/www.turmaden.com\/wp-content\/uploads\/2022\/03\/agroturismo-ecologico-menorca-turmaden-habitaciones-con-encanto-2022-2-723x1024.jpg 723w, https:\/\/www.turmaden.com\/wp-content\/uploads\/2022\/03\/agroturismo-ecologico-menorca-turmaden-habitaciones-con-encanto-2022-2-600x850.jpg 600w, https:\/\/www.turmaden.com\/wp-content\/uploads\/2022\/03\/agroturismo-ecologico-menorca-turmaden-habitaciones-con-encanto-2022-2-768x1088.jpg 768w, https:\/\/www.turmaden.com\/wp-content\/uploads\/2022\/03\/agroturismo-ecologico-menorca-turmaden-habitaciones-con-encanto-2022-2-169x240.jpg 169w\" sizes=\"auto, (max-width: 847px) 100vw, 847px\" \/><\/div><\/div><\/div><div class=\"ult-item-wrap\" data-animation=\"animated no-animation\"><div class=\"w-image align_none\"><div class=\"w-image-h\"><img decoding=\"async\" width=\"847\" height=\"1200\" src=\"https:\/\/www.turmaden.com\/wp-content\/uploads\/2022\/03\/agroturismo-ecologico-menorca-turmaden-habitaciones-con-encanto-2022-5.jpg\" class=\"attachment-full size-full\" alt=\"\" loading=\"lazy\" srcset=\"https:\/\/www.turmaden.com\/wp-content\/uploads\/2022\/03\/agroturismo-ecologico-menorca-turmaden-habitaciones-con-encanto-2022-5.jpg 847w, https:\/\/www.turmaden.com\/wp-content\/uploads\/2022\/03\/agroturismo-ecologico-menorca-turmaden-habitaciones-con-encanto-2022-5-212x300.jpg 212w, https:\/\/www.turmaden.com\/wp-content\/uploads\/2022\/03\/agroturismo-ecologico-menorca-turmaden-habitaciones-con-encanto-2022-5-723x1024.jpg 723w, https:\/\/www.turmaden.com\/wp-content\/uploads\/2022\/03\/agroturismo-ecologico-menorca-turmaden-habitaciones-con-encanto-2022-5-600x850.jpg 600w, https:\/\/www.turmaden.com\/wp-content\/uploads\/2022\/03\/agroturismo-ecologico-menorca-turmaden-habitaciones-con-encanto-2022-5-768x1088.jpg 768w, https:\/\/www.turmaden.com\/wp-content\/uploads\/2022\/03\/agroturismo-ecologico-menorca-turmaden-habitaciones-con-encanto-2022-5-169x240.jpg 169w\" sizes=\"auto, (max-width: 847px) 100vw, 847px\" \/><\/div><\/div><\/div><div class=\"ult-item-wrap\" data-animation=\"animated no-animation\"><div class=\"w-image align_none\"><div class=\"w-image-h\"><img decoding=\"async\" width=\"847\" height=\"1200\" src=\"https:\/\/www.turmaden.com\/wp-content\/uploads\/2022\/03\/agroturismo-ecologico-menorca-turmaden-habitaciones-con-encanto-2022-6.jpg\" class=\"attachment-full size-full\" alt=\"\" loading=\"lazy\" srcset=\"https:\/\/www.turmaden.com\/wp-content\/uploads\/2022\/03\/agroturismo-ecologico-menorca-turmaden-habitaciones-con-encanto-2022-6.jpg 847w, https:\/\/www.turmaden.com\/wp-content\/uploads\/2022\/03\/agroturismo-ecologico-menorca-turmaden-habitaciones-con-encanto-2022-6-212x300.jpg 212w, https:\/\/www.turmaden.com\/wp-content\/uploads\/2022\/03\/agroturismo-ecologico-menorca-turmaden-habitaciones-con-encanto-2022-6-723x1024.jpg 723w, https:\/\/www.turmaden.com\/wp-content\/uploads\/2022\/03\/agroturismo-ecologico-menorca-turmaden-habitaciones-con-encanto-2022-6-600x850.jpg 600w, https:\/\/www.turmaden.com\/wp-content\/uploads\/2022\/03\/agroturismo-ecologico-menorca-turmaden-habitaciones-con-encanto-2022-6-768x1088.jpg 768w, https:\/\/www.turmaden.com\/wp-content\/uploads\/2022\/03\/agroturismo-ecologico-menorca-turmaden-habitaciones-con-encanto-2022-6-169x240.jpg 169w\" sizes=\"auto, (max-width: 847px) 100vw, 847px\" \/><\/div><\/div><\/div><div class=\"ult-item-wrap\" data-animation=\"animated no-animation\"><div class=\"w-image align_none\"><div class=\"w-image-h\"><img decoding=\"async\" width=\"847\" height=\"1200\" src=\"https:\/\/www.turmaden.com\/wp-content\/uploads\/2022\/03\/agroturismo-ecologico-menorca-turmaden-habitaciones-con-encanto-2022-7.jpg\" class=\"attachment-full size-full\" alt=\"\" loading=\"lazy\" srcset=\"https:\/\/www.turmaden.com\/wp-content\/uploads\/2022\/03\/agroturismo-ecologico-menorca-turmaden-habitaciones-con-encanto-2022-7.jpg 847w, https:\/\/www.turmaden.com\/wp-content\/uploads\/2022\/03\/agroturismo-ecologico-menorca-turmaden-habitaciones-con-encanto-2022-7-212x300.jpg 212w, https:\/\/www.turmaden.com\/wp-content\/uploads\/2022\/03\/agroturismo-ecologico-menorca-turmaden-habitaciones-con-encanto-2022-7-723x1024.jpg 723w, https:\/\/www.turmaden.com\/wp-content\/uploads\/2022\/03\/agroturismo-ecologico-menorca-turmaden-habitaciones-con-encanto-2022-7-600x850.jpg 600w, https:\/\/www.turmaden.com\/wp-content\/uploads\/2022\/03\/agroturismo-ecologico-menorca-turmaden-habitaciones-con-encanto-2022-7-768x1088.jpg 768w, https:\/\/www.turmaden.com\/wp-content\/uploads\/2022\/03\/agroturismo-ecologico-menorca-turmaden-habitaciones-con-encanto-2022-7-169x240.jpg 169w\" sizes=\"auto, (max-width: 847px) 100vw, 847px\" \/><\/div><\/div><\/div><div class=\"ult-item-wrap\" data-animation=\"animated no-animation\"><div class=\"w-image align_none\"><div class=\"w-image-h\"><img decoding=\"async\" width=\"847\" height=\"1200\" src=\"https:\/\/www.turmaden.com\/wp-content\/uploads\/2022\/03\/agroturismo-ecologico-menorca-turmaden-habitaciones-con-encanto-2022-8.jpg\" class=\"attachment-full size-full\" alt=\"\" loading=\"lazy\" srcset=\"https:\/\/www.turmaden.com\/wp-content\/uploads\/2022\/03\/agroturismo-ecologico-menorca-turmaden-habitaciones-con-encanto-2022-8.jpg 847w, https:\/\/www.turmaden.com\/wp-content\/uploads\/2022\/03\/agroturismo-ecologico-menorca-turmaden-habitaciones-con-encanto-2022-8-212x300.jpg 212w, https:\/\/www.turmaden.com\/wp-content\/uploads\/2022\/03\/agroturismo-ecologico-menorca-turmaden-habitaciones-con-encanto-2022-8-723x1024.jpg 723w, https:\/\/www.turmaden.com\/wp-content\/uploads\/2022\/03\/agroturismo-ecologico-menorca-turmaden-habitaciones-con-encanto-2022-8-600x850.jpg 600w, https:\/\/www.turmaden.com\/wp-content\/uploads\/2022\/03\/agroturismo-ecologico-menorca-turmaden-habitaciones-con-encanto-2022-8-768x1088.jpg 768w, https:\/\/www.turmaden.com\/wp-content\/uploads\/2022\/03\/agroturismo-ecologico-menorca-turmaden-habitaciones-con-encanto-2022-8-169x240.jpg 169w\" sizes=\"auto, (max-width: 847px) 100vw, 847px\" \/><\/div><\/div><\/div><div class=\"ult-item-wrap\" data-animation=\"animated no-animation\"><div class=\"w-image align_none\"><div class=\"w-image-h\"><img decoding=\"async\" width=\"847\" height=\"1200\" src=\"https:\/\/www.turmaden.com\/wp-content\/uploads\/2022\/03\/agroturismo-ecologico-menorca-turmaden-habitaciones-con-encanto-2022-10.jpg\" class=\"attachment-full size-full\" alt=\"\" loading=\"lazy\" srcset=\"https:\/\/www.turmaden.com\/wp-content\/uploads\/2022\/03\/agroturismo-ecologico-menorca-turmaden-habitaciones-con-encanto-2022-10.jpg 847w, https:\/\/www.turmaden.com\/wp-content\/uploads\/2022\/03\/agroturismo-ecologico-menorca-turmaden-habitaciones-con-encanto-2022-10-212x300.jpg 212w, https:\/\/www.turmaden.com\/wp-content\/uploads\/2022\/03\/agroturismo-ecologico-menorca-turmaden-habitaciones-con-encanto-2022-10-723x1024.jpg 723w, https:\/\/www.turmaden.com\/wp-content\/uploads\/2022\/03\/agroturismo-ecologico-menorca-turmaden-habitaciones-con-encanto-2022-10-600x850.jpg 600w, https:\/\/www.turmaden.com\/wp-content\/uploads\/2022\/03\/agroturismo-ecologico-menorca-turmaden-habitaciones-con-encanto-2022-10-768x1088.jpg 768w, https:\/\/www.turmaden.com\/wp-content\/uploads\/2022\/03\/agroturismo-ecologico-menorca-turmaden-habitaciones-con-encanto-2022-10-169x240.jpg 169w\" sizes=\"auto, (max-width: 847px) 100vw, 847px\" \/><\/div><\/div><\/div><\/div><\/div>\t\t\t<script type=\"text\/javascript\">\n\t\t\t\tjQuery(document).ready(function ($) {\n\t\t\t\t\tif( typeof jQuery('.ult-carousel-115862620969f5dbc02c74b').slick == \"function\"){\n\t\t\t\t\t\t$('.ult-carousel-115862620969f5dbc02c74b').slick({dots: true,autoplay: true,autoplaySpeed: \"5000\",infinite: true,arrows: true,nextArrow: '<button type=\"button\" role=\"button\" aria-label=\"Next\" style=\"color:#ffffff; font-size:40px;background:;\" class=\"slick-next square-bg\"><i class=\"ultsl-arrow-right6\"><\/i><\/button>',prevArrow: '<button type=\"button\" role=\"button\" aria-label=\"Previous\" style=\"color:#ffffff; font-size:40px;background:;\" class=\"slick-prev square-bg\"><i class=\"ultsl-arrow-left6\"><\/i><\/button>',slidesToScroll:1,slidesToShow:3,swipe: false,draggable: false,touchMove: true,pauseOnHover: true,pauseOnFocus: false,responsive: [\n\t\t\t\t\t\t\t{\n\t\t\t\t\t\t\t  breakpoint: 1026,\n\t\t\t\t\t\t\t  settings: {\n\t\t\t\t\t\t\t\tslidesToShow: 3,\n\t\t\t\t\t\t\t\tslidesToScroll: 1,  \n\t\t\t\t\t\t\t  }\n\t\t\t\t\t\t\t},\n\t\t\t\t\t\t\t{\n\t\t\t\t\t\t\t  breakpoint: 1025,\n\t\t\t\t\t\t\t  settings: {\n\t\t\t\t\t\t\t\tslidesToShow: 2,\n\t\t\t\t\t\t\t\tslidesToScroll: 1\n\t\t\t\t\t\t\t  }\n\t\t\t\t\t\t\t},\n\t\t\t\t\t\t\t{\n\t\t\t\t\t\t\t  breakpoint: 760,\n\t\t\t\t\t\t\t  settings: {\n\t\t\t\t\t\t\t\tslidesToShow: 1,\n\t\t\t\t\t\t\t\tslidesToScroll: 1\n\t\t\t\t\t\t\t  }\n\t\t\t\t\t\t\t}\n\t\t\t\t\t\t],pauseOnDotsHover: true,customPaging: function(slider, i) {\n                   return '<i type=\"button\" style= \"color:#939393;\" class=\"ultsl-stop\" data-role=\"none\"><\/i>';\n                },});\n\t\t\t\t\t}\n\t\t\t\t});\n\t\t\t<\/script>\n\t\t\t<\/div><\/div><\/div><\/div><\/div><\/section><section class=\"l-section wpb_row us_custom_61da2f68 height_medium\"><div class=\"l-section-overlay\" style=\"background:rgba(255,255,255,0.6)\"><\/div><div class=\"l-section-h i-cf\"><div class=\"g-cols vc_row via_flex valign_top type_default stacking_default\"><div class=\"vc_col-sm-6 wpb_column vc_column_container us_animate_fade\"><div class=\"vc_column-inner us_custom_cc7132a6\"><div class=\"wpb_wrapper\"><div class=\"wpb_text_column\"><div class=\"wpb_wrapper\"><h2>Habitacions dobles<\/h2>\n<\/div><\/div><\/div><\/div><\/div><div class=\"vc_col-sm-6 wpb_column vc_column_container us_animate_fade\"><div class=\"vc_column-inner\"><div class=\"wpb_wrapper\"><div class=\"wpb_text_column\"><div class=\"wpb_wrapper\"><p>Les habitacions de Turmad\u00e8n des Capit\u00e0 tenen molta personalitat. S\u00f3n totes diferents i tenen la seva pr\u00f2pia originalitat arquitect\u00f2nica i decorativa realitzada per nosaltres mateixos amb molt afecte. Estan situades a la planta baixa i comparteixen els salons i espais comuns. Totes elles s\u00f3n acollidores, espaioses i estan ben equipades. Disposen de terrassa exterior amb mobiliari tipus <em>chill-out<\/em> i vista sobre els jardins o la piscina. \u00c9s possible disposar d&#8217;un llit extra per a menors.<\/p>\n<\/div><\/div><\/div><\/div><\/div><\/div><\/div><\/section><section class=\"l-section wpb_row us_custom_d470259a height_medium\"><div class=\"l-section-h i-cf\"><div class=\"g-cols vc_row via_flex valign_top type_default stacking_default\"><div class=\"vc_col-sm-12 wpb_column vc_column_container has_bg_color us_animate_fade\"><div class=\"vc_column-inner us_custom_b9ffc1b6\"><div class=\"wpb_wrapper\"><div id=\"ult-carousel-198778710569f5dbc030a20\" class=\"ult-carousel-wrapper  vc_custom_1582113518719  ult_horizontal\" data-gutter=\"4\" data-rtl=\"false\" ><div class=\"ult-carousel-248197600769f5dbc0309f2 \" ><div class=\"ult-item-wrap\" data-animation=\"animated no-animation\"><div class=\"w-image align_none\"><div class=\"w-image-h\"><img decoding=\"async\" width=\"847\" height=\"1200\" src=\"https:\/\/www.turmaden.com\/wp-content\/uploads\/2022\/03\/agroturismo-ecologico-menorca-turmaden-habitaciones-con-encanto-6.jpg\" class=\"attachment-full size-full\" alt=\"\" loading=\"lazy\" srcset=\"https:\/\/www.turmaden.com\/wp-content\/uploads\/2022\/03\/agroturismo-ecologico-menorca-turmaden-habitaciones-con-encanto-6.jpg 847w, https:\/\/www.turmaden.com\/wp-content\/uploads\/2022\/03\/agroturismo-ecologico-menorca-turmaden-habitaciones-con-encanto-6-212x300.jpg 212w, https:\/\/www.turmaden.com\/wp-content\/uploads\/2022\/03\/agroturismo-ecologico-menorca-turmaden-habitaciones-con-encanto-6-723x1024.jpg 723w, https:\/\/www.turmaden.com\/wp-content\/uploads\/2022\/03\/agroturismo-ecologico-menorca-turmaden-habitaciones-con-encanto-6-600x850.jpg 600w, https:\/\/www.turmaden.com\/wp-content\/uploads\/2022\/03\/agroturismo-ecologico-menorca-turmaden-habitaciones-con-encanto-6-768x1088.jpg 768w, https:\/\/www.turmaden.com\/wp-content\/uploads\/2022\/03\/agroturismo-ecologico-menorca-turmaden-habitaciones-con-encanto-6-169x240.jpg 169w\" sizes=\"auto, (max-width: 847px) 100vw, 847px\" \/><\/div><\/div><\/div><div class=\"ult-item-wrap\" data-animation=\"animated no-animation\"><div class=\"w-image align_none\"><div class=\"w-image-h\"><img decoding=\"async\" width=\"847\" height=\"1200\" src=\"https:\/\/www.turmaden.com\/wp-content\/uploads\/2022\/03\/agroturismo-ecologico-menorca-turmaden-habitaciones-con-encanto-2022-1-1.jpg\" class=\"attachment-full size-full\" alt=\"\" loading=\"lazy\" srcset=\"https:\/\/www.turmaden.com\/wp-content\/uploads\/2022\/03\/agroturismo-ecologico-menorca-turmaden-habitaciones-con-encanto-2022-1-1.jpg 847w, https:\/\/www.turmaden.com\/wp-content\/uploads\/2022\/03\/agroturismo-ecologico-menorca-turmaden-habitaciones-con-encanto-2022-1-1-212x300.jpg 212w, https:\/\/www.turmaden.com\/wp-content\/uploads\/2022\/03\/agroturismo-ecologico-menorca-turmaden-habitaciones-con-encanto-2022-1-1-723x1024.jpg 723w, https:\/\/www.turmaden.com\/wp-content\/uploads\/2022\/03\/agroturismo-ecologico-menorca-turmaden-habitaciones-con-encanto-2022-1-1-600x850.jpg 600w, https:\/\/www.turmaden.com\/wp-content\/uploads\/2022\/03\/agroturismo-ecologico-menorca-turmaden-habitaciones-con-encanto-2022-1-1-768x1088.jpg 768w, https:\/\/www.turmaden.com\/wp-content\/uploads\/2022\/03\/agroturismo-ecologico-menorca-turmaden-habitaciones-con-encanto-2022-1-1-169x240.jpg 169w\" sizes=\"auto, (max-width: 847px) 100vw, 847px\" \/><\/div><\/div><\/div><div class=\"ult-item-wrap\" data-animation=\"animated no-animation\"><div class=\"w-image align_none\"><div class=\"w-image-h\"><img decoding=\"async\" width=\"847\" height=\"1200\" src=\"https:\/\/www.turmaden.com\/wp-content\/uploads\/2022\/03\/agroturismo-ecologico-menorca-turmaden-habitaciones-con-encanto-2022-2-1.jpg\" class=\"attachment-full size-full\" alt=\"\" loading=\"lazy\" srcset=\"https:\/\/www.turmaden.com\/wp-content\/uploads\/2022\/03\/agroturismo-ecologico-menorca-turmaden-habitaciones-con-encanto-2022-2-1.jpg 847w, https:\/\/www.turmaden.com\/wp-content\/uploads\/2022\/03\/agroturismo-ecologico-menorca-turmaden-habitaciones-con-encanto-2022-2-1-212x300.jpg 212w, https:\/\/www.turmaden.com\/wp-content\/uploads\/2022\/03\/agroturismo-ecologico-menorca-turmaden-habitaciones-con-encanto-2022-2-1-723x1024.jpg 723w, https:\/\/www.turmaden.com\/wp-content\/uploads\/2022\/03\/agroturismo-ecologico-menorca-turmaden-habitaciones-con-encanto-2022-2-1-600x850.jpg 600w, https:\/\/www.turmaden.com\/wp-content\/uploads\/2022\/03\/agroturismo-ecologico-menorca-turmaden-habitaciones-con-encanto-2022-2-1-768x1088.jpg 768w, https:\/\/www.turmaden.com\/wp-content\/uploads\/2022\/03\/agroturismo-ecologico-menorca-turmaden-habitaciones-con-encanto-2022-2-1-169x240.jpg 169w\" sizes=\"auto, (max-width: 847px) 100vw, 847px\" \/><\/div><\/div><\/div><div class=\"ult-item-wrap\" data-animation=\"animated no-animation\"><div class=\"w-image align_none\"><div class=\"w-image-h\"><img decoding=\"async\" width=\"847\" height=\"1200\" src=\"https:\/\/www.turmaden.com\/wp-content\/uploads\/2022\/03\/agroturismo-ecologico-menorca-turmaden-habitaciones-con-encanto-2022-3-1.jpg\" class=\"attachment-full size-full\" alt=\"\" loading=\"lazy\" srcset=\"https:\/\/www.turmaden.com\/wp-content\/uploads\/2022\/03\/agroturismo-ecologico-menorca-turmaden-habitaciones-con-encanto-2022-3-1.jpg 847w, https:\/\/www.turmaden.com\/wp-content\/uploads\/2022\/03\/agroturismo-ecologico-menorca-turmaden-habitaciones-con-encanto-2022-3-1-212x300.jpg 212w, https:\/\/www.turmaden.com\/wp-content\/uploads\/2022\/03\/agroturismo-ecologico-menorca-turmaden-habitaciones-con-encanto-2022-3-1-723x1024.jpg 723w, https:\/\/www.turmaden.com\/wp-content\/uploads\/2022\/03\/agroturismo-ecologico-menorca-turmaden-habitaciones-con-encanto-2022-3-1-600x850.jpg 600w, https:\/\/www.turmaden.com\/wp-content\/uploads\/2022\/03\/agroturismo-ecologico-menorca-turmaden-habitaciones-con-encanto-2022-3-1-768x1088.jpg 768w, https:\/\/www.turmaden.com\/wp-content\/uploads\/2022\/03\/agroturismo-ecologico-menorca-turmaden-habitaciones-con-encanto-2022-3-1-169x240.jpg 169w\" sizes=\"auto, (max-width: 847px) 100vw, 847px\" \/><\/div><\/div><\/div><div class=\"ult-item-wrap\" data-animation=\"animated no-animation\"><div class=\"w-image align_none\"><div class=\"w-image-h\"><img decoding=\"async\" width=\"847\" height=\"1200\" src=\"https:\/\/www.turmaden.com\/wp-content\/uploads\/2022\/03\/agroturismo-ecologico-menorca-turmaden-habitaciones-con-encanto-2022-4-1.jpg\" class=\"attachment-full size-full\" alt=\"\" loading=\"lazy\" srcset=\"https:\/\/www.turmaden.com\/wp-content\/uploads\/2022\/03\/agroturismo-ecologico-menorca-turmaden-habitaciones-con-encanto-2022-4-1.jpg 847w, https:\/\/www.turmaden.com\/wp-content\/uploads\/2022\/03\/agroturismo-ecologico-menorca-turmaden-habitaciones-con-encanto-2022-4-1-212x300.jpg 212w, https:\/\/www.turmaden.com\/wp-content\/uploads\/2022\/03\/agroturismo-ecologico-menorca-turmaden-habitaciones-con-encanto-2022-4-1-723x1024.jpg 723w, https:\/\/www.turmaden.com\/wp-content\/uploads\/2022\/03\/agroturismo-ecologico-menorca-turmaden-habitaciones-con-encanto-2022-4-1-600x850.jpg 600w, https:\/\/www.turmaden.com\/wp-content\/uploads\/2022\/03\/agroturismo-ecologico-menorca-turmaden-habitaciones-con-encanto-2022-4-1-768x1088.jpg 768w, https:\/\/www.turmaden.com\/wp-content\/uploads\/2022\/03\/agroturismo-ecologico-menorca-turmaden-habitaciones-con-encanto-2022-4-1-169x240.jpg 169w\" sizes=\"auto, (max-width: 847px) 100vw, 847px\" \/><\/div><\/div><\/div><div class=\"ult-item-wrap\" data-animation=\"animated no-animation\"><div class=\"w-image align_none\"><div class=\"w-image-h\"><img decoding=\"async\" width=\"847\" height=\"1200\" src=\"https:\/\/www.turmaden.com\/wp-content\/uploads\/2022\/03\/agroturismo-ecologico-menorca-turmaden-habitaciones-con-encanto-2022-5-1.jpg\" class=\"attachment-full size-full\" alt=\"\" loading=\"lazy\" srcset=\"https:\/\/www.turmaden.com\/wp-content\/uploads\/2022\/03\/agroturismo-ecologico-menorca-turmaden-habitaciones-con-encanto-2022-5-1.jpg 847w, https:\/\/www.turmaden.com\/wp-content\/uploads\/2022\/03\/agroturismo-ecologico-menorca-turmaden-habitaciones-con-encanto-2022-5-1-212x300.jpg 212w, https:\/\/www.turmaden.com\/wp-content\/uploads\/2022\/03\/agroturismo-ecologico-menorca-turmaden-habitaciones-con-encanto-2022-5-1-723x1024.jpg 723w, https:\/\/www.turmaden.com\/wp-content\/uploads\/2022\/03\/agroturismo-ecologico-menorca-turmaden-habitaciones-con-encanto-2022-5-1-600x850.jpg 600w, https:\/\/www.turmaden.com\/wp-content\/uploads\/2022\/03\/agroturismo-ecologico-menorca-turmaden-habitaciones-con-encanto-2022-5-1-768x1088.jpg 768w, https:\/\/www.turmaden.com\/wp-content\/uploads\/2022\/03\/agroturismo-ecologico-menorca-turmaden-habitaciones-con-encanto-2022-5-1-169x240.jpg 169w\" sizes=\"auto, (max-width: 847px) 100vw, 847px\" \/><\/div><\/div><\/div><div class=\"ult-item-wrap\" data-animation=\"animated no-animation\"><div class=\"w-image align_none\"><div class=\"w-image-h\"><img decoding=\"async\" width=\"847\" height=\"1200\" src=\"https:\/\/www.turmaden.com\/wp-content\/uploads\/2022\/03\/agroturismo-ecologico-menorca-turmaden-habitaciones-con-encanto-2022-7-1.jpg\" class=\"attachment-full size-full\" alt=\"\" loading=\"lazy\" srcset=\"https:\/\/www.turmaden.com\/wp-content\/uploads\/2022\/03\/agroturismo-ecologico-menorca-turmaden-habitaciones-con-encanto-2022-7-1.jpg 847w, https:\/\/www.turmaden.com\/wp-content\/uploads\/2022\/03\/agroturismo-ecologico-menorca-turmaden-habitaciones-con-encanto-2022-7-1-212x300.jpg 212w, https:\/\/www.turmaden.com\/wp-content\/uploads\/2022\/03\/agroturismo-ecologico-menorca-turmaden-habitaciones-con-encanto-2022-7-1-723x1024.jpg 723w, https:\/\/www.turmaden.com\/wp-content\/uploads\/2022\/03\/agroturismo-ecologico-menorca-turmaden-habitaciones-con-encanto-2022-7-1-600x850.jpg 600w, https:\/\/www.turmaden.com\/wp-content\/uploads\/2022\/03\/agroturismo-ecologico-menorca-turmaden-habitaciones-con-encanto-2022-7-1-768x1088.jpg 768w, https:\/\/www.turmaden.com\/wp-content\/uploads\/2022\/03\/agroturismo-ecologico-menorca-turmaden-habitaciones-con-encanto-2022-7-1-169x240.jpg 169w\" sizes=\"auto, (max-width: 847px) 100vw, 847px\" \/><\/div><\/div><\/div><div class=\"ult-item-wrap\" data-animation=\"animated no-animation\"><div class=\"w-image align_none\"><div class=\"w-image-h\"><img decoding=\"async\" width=\"847\" height=\"1200\" src=\"https:\/\/www.turmaden.com\/wp-content\/uploads\/2022\/03\/agroturismo-ecologico-menorca-turmaden-habitaciones-con-encanto-2022-8-1.jpg\" class=\"attachment-full size-full\" alt=\"\" loading=\"lazy\" srcset=\"https:\/\/www.turmaden.com\/wp-content\/uploads\/2022\/03\/agroturismo-ecologico-menorca-turmaden-habitaciones-con-encanto-2022-8-1.jpg 847w, https:\/\/www.turmaden.com\/wp-content\/uploads\/2022\/03\/agroturismo-ecologico-menorca-turmaden-habitaciones-con-encanto-2022-8-1-212x300.jpg 212w, https:\/\/www.turmaden.com\/wp-content\/uploads\/2022\/03\/agroturismo-ecologico-menorca-turmaden-habitaciones-con-encanto-2022-8-1-723x1024.jpg 723w, https:\/\/www.turmaden.com\/wp-content\/uploads\/2022\/03\/agroturismo-ecologico-menorca-turmaden-habitaciones-con-encanto-2022-8-1-600x850.jpg 600w, https:\/\/www.turmaden.com\/wp-content\/uploads\/2022\/03\/agroturismo-ecologico-menorca-turmaden-habitaciones-con-encanto-2022-8-1-768x1088.jpg 768w, https:\/\/www.turmaden.com\/wp-content\/uploads\/2022\/03\/agroturismo-ecologico-menorca-turmaden-habitaciones-con-encanto-2022-8-1-169x240.jpg 169w\" sizes=\"auto, (max-width: 847px) 100vw, 847px\" \/><\/div><\/div><\/div><div class=\"ult-item-wrap\" data-animation=\"animated no-animation\"><div class=\"w-image align_none\"><div class=\"w-image-h\"><img decoding=\"async\" width=\"847\" height=\"1200\" src=\"https:\/\/www.turmaden.com\/wp-content\/uploads\/2022\/03\/agroturismo-ecologico-menorca-turmaden-habitaciones-con-encanto-2022-9.jpg\" class=\"attachment-full size-full\" alt=\"\" loading=\"lazy\" srcset=\"https:\/\/www.turmaden.com\/wp-content\/uploads\/2022\/03\/agroturismo-ecologico-menorca-turmaden-habitaciones-con-encanto-2022-9.jpg 847w, https:\/\/www.turmaden.com\/wp-content\/uploads\/2022\/03\/agroturismo-ecologico-menorca-turmaden-habitaciones-con-encanto-2022-9-212x300.jpg 212w, https:\/\/www.turmaden.com\/wp-content\/uploads\/2022\/03\/agroturismo-ecologico-menorca-turmaden-habitaciones-con-encanto-2022-9-723x1024.jpg 723w, https:\/\/www.turmaden.com\/wp-content\/uploads\/2022\/03\/agroturismo-ecologico-menorca-turmaden-habitaciones-con-encanto-2022-9-600x850.jpg 600w, https:\/\/www.turmaden.com\/wp-content\/uploads\/2022\/03\/agroturismo-ecologico-menorca-turmaden-habitaciones-con-encanto-2022-9-768x1088.jpg 768w, https:\/\/www.turmaden.com\/wp-content\/uploads\/2022\/03\/agroturismo-ecologico-menorca-turmaden-habitaciones-con-encanto-2022-9-169x240.jpg 169w\" sizes=\"auto, (max-width: 847px) 100vw, 847px\" \/><\/div><\/div><\/div><div class=\"ult-item-wrap\" data-animation=\"animated no-animation\"><div class=\"w-image align_none\"><div class=\"w-image-h\"><img decoding=\"async\" width=\"847\" height=\"1200\" src=\"https:\/\/www.turmaden.com\/wp-content\/uploads\/2022\/03\/agroturismo-ecologico-menorca-turmaden-habitaciones-con-encanto-2022-10-1.jpg\" class=\"attachment-full size-full\" alt=\"\" loading=\"lazy\" srcset=\"https:\/\/www.turmaden.com\/wp-content\/uploads\/2022\/03\/agroturismo-ecologico-menorca-turmaden-habitaciones-con-encanto-2022-10-1.jpg 847w, https:\/\/www.turmaden.com\/wp-content\/uploads\/2022\/03\/agroturismo-ecologico-menorca-turmaden-habitaciones-con-encanto-2022-10-1-212x300.jpg 212w, https:\/\/www.turmaden.com\/wp-content\/uploads\/2022\/03\/agroturismo-ecologico-menorca-turmaden-habitaciones-con-encanto-2022-10-1-723x1024.jpg 723w, https:\/\/www.turmaden.com\/wp-content\/uploads\/2022\/03\/agroturismo-ecologico-menorca-turmaden-habitaciones-con-encanto-2022-10-1-600x850.jpg 600w, https:\/\/www.turmaden.com\/wp-content\/uploads\/2022\/03\/agroturismo-ecologico-menorca-turmaden-habitaciones-con-encanto-2022-10-1-768x1088.jpg 768w, https:\/\/www.turmaden.com\/wp-content\/uploads\/2022\/03\/agroturismo-ecologico-menorca-turmaden-habitaciones-con-encanto-2022-10-1-169x240.jpg 169w\" sizes=\"auto, (max-width: 847px) 100vw, 847px\" \/><\/div><\/div><\/div><div class=\"ult-item-wrap\" data-animation=\"animated no-animation\"><div class=\"w-image align_none\"><div class=\"w-image-h\"><img decoding=\"async\" width=\"847\" height=\"1200\" src=\"https:\/\/www.turmaden.com\/wp-content\/uploads\/2022\/03\/agroturismo-ecologico-menorca-turmaden-habitaciones-con-encanto-2022-11.jpg\" class=\"attachment-full size-full\" alt=\"\" loading=\"lazy\" srcset=\"https:\/\/www.turmaden.com\/wp-content\/uploads\/2022\/03\/agroturismo-ecologico-menorca-turmaden-habitaciones-con-encanto-2022-11.jpg 847w, https:\/\/www.turmaden.com\/wp-content\/uploads\/2022\/03\/agroturismo-ecologico-menorca-turmaden-habitaciones-con-encanto-2022-11-212x300.jpg 212w, https:\/\/www.turmaden.com\/wp-content\/uploads\/2022\/03\/agroturismo-ecologico-menorca-turmaden-habitaciones-con-encanto-2022-11-723x1024.jpg 723w, https:\/\/www.turmaden.com\/wp-content\/uploads\/2022\/03\/agroturismo-ecologico-menorca-turmaden-habitaciones-con-encanto-2022-11-600x850.jpg 600w, https:\/\/www.turmaden.com\/wp-content\/uploads\/2022\/03\/agroturismo-ecologico-menorca-turmaden-habitaciones-con-encanto-2022-11-768x1088.jpg 768w, https:\/\/www.turmaden.com\/wp-content\/uploads\/2022\/03\/agroturismo-ecologico-menorca-turmaden-habitaciones-con-encanto-2022-11-169x240.jpg 169w\" sizes=\"auto, (max-width: 847px) 100vw, 847px\" \/><\/div><\/div><\/div><div class=\"ult-item-wrap\" data-animation=\"animated no-animation\"><div class=\"w-image align_none\"><div class=\"w-image-h\"><img decoding=\"async\" width=\"847\" height=\"1200\" src=\"https:\/\/www.turmaden.com\/wp-content\/uploads\/2022\/03\/agroturismo-ecologico-menorca-turmaden-habitaciones-con-encanto-2022-12.jpg\" class=\"attachment-full size-full\" alt=\"\" loading=\"lazy\" srcset=\"https:\/\/www.turmaden.com\/wp-content\/uploads\/2022\/03\/agroturismo-ecologico-menorca-turmaden-habitaciones-con-encanto-2022-12.jpg 847w, https:\/\/www.turmaden.com\/wp-content\/uploads\/2022\/03\/agroturismo-ecologico-menorca-turmaden-habitaciones-con-encanto-2022-12-212x300.jpg 212w, https:\/\/www.turmaden.com\/wp-content\/uploads\/2022\/03\/agroturismo-ecologico-menorca-turmaden-habitaciones-con-encanto-2022-12-723x1024.jpg 723w, https:\/\/www.turmaden.com\/wp-content\/uploads\/2022\/03\/agroturismo-ecologico-menorca-turmaden-habitaciones-con-encanto-2022-12-600x850.jpg 600w, https:\/\/www.turmaden.com\/wp-content\/uploads\/2022\/03\/agroturismo-ecologico-menorca-turmaden-habitaciones-con-encanto-2022-12-768x1088.jpg 768w, https:\/\/www.turmaden.com\/wp-content\/uploads\/2022\/03\/agroturismo-ecologico-menorca-turmaden-habitaciones-con-encanto-2022-12-169x240.jpg 169w\" sizes=\"auto, (max-width: 847px) 100vw, 847px\" \/><\/div><\/div><\/div><div class=\"ult-item-wrap\" data-animation=\"animated no-animation\"><div class=\"w-image align_none\"><div class=\"w-image-h\"><img decoding=\"async\" width=\"847\" height=\"1200\" src=\"https:\/\/www.turmaden.com\/wp-content\/uploads\/2022\/03\/agroturismo-ecologico-menorca-turmaden-habitaciones-con-encanto-2022-13.jpg\" class=\"attachment-full size-full\" alt=\"\" loading=\"lazy\" srcset=\"https:\/\/www.turmaden.com\/wp-content\/uploads\/2022\/03\/agroturismo-ecologico-menorca-turmaden-habitaciones-con-encanto-2022-13.jpg 847w, https:\/\/www.turmaden.com\/wp-content\/uploads\/2022\/03\/agroturismo-ecologico-menorca-turmaden-habitaciones-con-encanto-2022-13-212x300.jpg 212w, https:\/\/www.turmaden.com\/wp-content\/uploads\/2022\/03\/agroturismo-ecologico-menorca-turmaden-habitaciones-con-encanto-2022-13-723x1024.jpg 723w, https:\/\/www.turmaden.com\/wp-content\/uploads\/2022\/03\/agroturismo-ecologico-menorca-turmaden-habitaciones-con-encanto-2022-13-600x850.jpg 600w, https:\/\/www.turmaden.com\/wp-content\/uploads\/2022\/03\/agroturismo-ecologico-menorca-turmaden-habitaciones-con-encanto-2022-13-768x1088.jpg 768w, https:\/\/www.turmaden.com\/wp-content\/uploads\/2022\/03\/agroturismo-ecologico-menorca-turmaden-habitaciones-con-encanto-2022-13-169x240.jpg 169w\" sizes=\"auto, (max-width: 847px) 100vw, 847px\" \/><\/div><\/div><\/div><div class=\"ult-item-wrap\" data-animation=\"animated no-animation\"><div class=\"w-image align_none\"><div class=\"w-image-h\"><img decoding=\"async\" width=\"847\" height=\"1200\" src=\"https:\/\/www.turmaden.com\/wp-content\/uploads\/2022\/03\/agroturismo-ecologico-menorca-turmaden-habitaciones-con-encanto-21.jpg\" class=\"attachment-full size-full\" alt=\"\" loading=\"lazy\" srcset=\"https:\/\/www.turmaden.com\/wp-content\/uploads\/2022\/03\/agroturismo-ecologico-menorca-turmaden-habitaciones-con-encanto-21.jpg 847w, https:\/\/www.turmaden.com\/wp-content\/uploads\/2022\/03\/agroturismo-ecologico-menorca-turmaden-habitaciones-con-encanto-21-212x300.jpg 212w, https:\/\/www.turmaden.com\/wp-content\/uploads\/2022\/03\/agroturismo-ecologico-menorca-turmaden-habitaciones-con-encanto-21-723x1024.jpg 723w, https:\/\/www.turmaden.com\/wp-content\/uploads\/2022\/03\/agroturismo-ecologico-menorca-turmaden-habitaciones-con-encanto-21-600x850.jpg 600w, https:\/\/www.turmaden.com\/wp-content\/uploads\/2022\/03\/agroturismo-ecologico-menorca-turmaden-habitaciones-con-encanto-21-768x1088.jpg 768w, https:\/\/www.turmaden.com\/wp-content\/uploads\/2022\/03\/agroturismo-ecologico-menorca-turmaden-habitaciones-con-encanto-21-169x240.jpg 169w\" sizes=\"auto, (max-width: 847px) 100vw, 847px\" \/><\/div><\/div><\/div><div class=\"ult-item-wrap\" data-animation=\"animated no-animation\"><div class=\"w-image align_none\"><div class=\"w-image-h\"><img decoding=\"async\" width=\"847\" height=\"1200\" src=\"https:\/\/www.turmaden.com\/wp-content\/uploads\/2022\/03\/agroturismo-ecologico-menorca-turmaden-habitaciones-con-encanto-2022-22.jpg\" class=\"attachment-full size-full\" alt=\"\" loading=\"lazy\" srcset=\"https:\/\/www.turmaden.com\/wp-content\/uploads\/2022\/03\/agroturismo-ecologico-menorca-turmaden-habitaciones-con-encanto-2022-22.jpg 847w, https:\/\/www.turmaden.com\/wp-content\/uploads\/2022\/03\/agroturismo-ecologico-menorca-turmaden-habitaciones-con-encanto-2022-22-212x300.jpg 212w, https:\/\/www.turmaden.com\/wp-content\/uploads\/2022\/03\/agroturismo-ecologico-menorca-turmaden-habitaciones-con-encanto-2022-22-723x1024.jpg 723w, https:\/\/www.turmaden.com\/wp-content\/uploads\/2022\/03\/agroturismo-ecologico-menorca-turmaden-habitaciones-con-encanto-2022-22-600x850.jpg 600w, https:\/\/www.turmaden.com\/wp-content\/uploads\/2022\/03\/agroturismo-ecologico-menorca-turmaden-habitaciones-con-encanto-2022-22-768x1088.jpg 768w, https:\/\/www.turmaden.com\/wp-content\/uploads\/2022\/03\/agroturismo-ecologico-menorca-turmaden-habitaciones-con-encanto-2022-22-169x240.jpg 169w\" sizes=\"auto, (max-width: 847px) 100vw, 847px\" \/><\/div><\/div><\/div><div class=\"ult-item-wrap\" data-animation=\"animated no-animation\"><div class=\"w-image align_none\"><div class=\"w-image-h\"><img decoding=\"async\" width=\"847\" height=\"1200\" src=\"https:\/\/www.turmaden.com\/wp-content\/uploads\/2022\/03\/agroturismo-ecologico-menorca-turmaden-habitaciones-con-encanto-23.jpg\" class=\"attachment-full size-full\" alt=\"\" loading=\"lazy\" srcset=\"https:\/\/www.turmaden.com\/wp-content\/uploads\/2022\/03\/agroturismo-ecologico-menorca-turmaden-habitaciones-con-encanto-23.jpg 847w, https:\/\/www.turmaden.com\/wp-content\/uploads\/2022\/03\/agroturismo-ecologico-menorca-turmaden-habitaciones-con-encanto-23-212x300.jpg 212w, https:\/\/www.turmaden.com\/wp-content\/uploads\/2022\/03\/agroturismo-ecologico-menorca-turmaden-habitaciones-con-encanto-23-723x1024.jpg 723w, https:\/\/www.turmaden.com\/wp-content\/uploads\/2022\/03\/agroturismo-ecologico-menorca-turmaden-habitaciones-con-encanto-23-600x850.jpg 600w, https:\/\/www.turmaden.com\/wp-content\/uploads\/2022\/03\/agroturismo-ecologico-menorca-turmaden-habitaciones-con-encanto-23-768x1088.jpg 768w, https:\/\/www.turmaden.com\/wp-content\/uploads\/2022\/03\/agroturismo-ecologico-menorca-turmaden-habitaciones-con-encanto-23-169x240.jpg 169w\" sizes=\"auto, (max-width: 847px) 100vw, 847px\" \/><\/div><\/div><\/div><\/div><\/div>\t\t\t<script type=\"text\/javascript\">\n\t\t\t\tjQuery(document).ready(function ($) {\n\t\t\t\t\tif( typeof jQuery('.ult-carousel-248197600769f5dbc0309f2').slick == \"function\"){\n\t\t\t\t\t\t$('.ult-carousel-248197600769f5dbc0309f2').slick({dots: true,autoplay: true,autoplaySpeed: \"5000\",infinite: true,arrows: true,nextArrow: '<button type=\"button\" role=\"button\" aria-label=\"Next\" style=\"color:#ffffff; font-size:40px;background:;\" class=\"slick-next square-bg\"><i class=\"ultsl-arrow-right6\"><\/i><\/button>',prevArrow: '<button type=\"button\" role=\"button\" aria-label=\"Previous\" style=\"color:#ffffff; font-size:40px;background:;\" class=\"slick-prev square-bg\"><i class=\"ultsl-arrow-left6\"><\/i><\/button>',slidesToScroll:1,slidesToShow:3,swipe: false,draggable: false,touchMove: true,pauseOnHover: true,pauseOnFocus: false,responsive: [\n\t\t\t\t\t\t\t{\n\t\t\t\t\t\t\t  breakpoint: 1026,\n\t\t\t\t\t\t\t  settings: {\n\t\t\t\t\t\t\t\tslidesToShow: 3,\n\t\t\t\t\t\t\t\tslidesToScroll: 1,  \n\t\t\t\t\t\t\t  }\n\t\t\t\t\t\t\t},\n\t\t\t\t\t\t\t{\n\t\t\t\t\t\t\t  breakpoint: 1025,\n\t\t\t\t\t\t\t  settings: {\n\t\t\t\t\t\t\t\tslidesToShow: 2,\n\t\t\t\t\t\t\t\tslidesToScroll: 1\n\t\t\t\t\t\t\t  }\n\t\t\t\t\t\t\t},\n\t\t\t\t\t\t\t{\n\t\t\t\t\t\t\t  breakpoint: 760,\n\t\t\t\t\t\t\t  settings: {\n\t\t\t\t\t\t\t\tslidesToShow: 1,\n\t\t\t\t\t\t\t\tslidesToScroll: 1\n\t\t\t\t\t\t\t  }\n\t\t\t\t\t\t\t}\n\t\t\t\t\t\t],pauseOnDotsHover: true,customPaging: function(slider, i) {\n                   return '<i type=\"button\" style= \"color:#333333;\" class=\"ultsl-stop\" data-role=\"none\"><\/i>';\n                },});\n\t\t\t\t\t}\n\t\t\t\t});\n\t\t\t<\/script>\n\t\t\t<\/div><\/div><\/div><\/div><\/div><\/section><!-- Row Backgrounds --><div class=\"upb_color\" data-bg-override=\"0\" data-bg-color=\"#ffffff\" data-fadeout=\"\" data-fadeout-percentage=\"30\" data-parallax-content=\"\" data-parallax-content-sense=\"30\" data-row-effect-mobile-disable=\"true\" data-img-parallax-mobile-disable=\"true\" data-rtl=\"false\"  data-custom-vc-row=\"\"  data-vc=\"8.7.2\"  data-is_old_vc=\"\"  data-theme-support=\"\"   data-overlay=\"false\" data-overlay-color=\"\" data-overlay-pattern=\"\" data-overlay-pattern-opacity=\"\" data-overlay-pattern-size=\"\"    ><\/div><section class=\"l-section wpb_row height_medium with_img\"><div class=\"l-section-img\" role=\"img\" aria-label=\"Agroturismo-Menorca-Karl-Blossfeldt\" data-img-width=\"1139\" data-img-height=\"1181\" style=\"background-image: url(https:\/\/www.turmaden.com\/wp-content\/uploads\/2020\/02\/agroturismo-menorca-turmaden-karl-blossfeldt-4.jpg);background-position: bottom right;background-repeat: no-repeat;background-size: contain;\"><\/div><div class=\"l-section-overlay\" style=\"background:rgba(255,255,255,0.70)\"><\/div><div class=\"l-section-h i-cf\"><div class=\"g-cols vc_row via_flex valign_top type_default stacking_default\"><div class=\"vc_col-sm-4 wpb_column vc_column_container us_animate_fade\"><div class=\"vc_column-inner us_custom_d01541a0\"><div class=\"wpb_wrapper\"><div class=\"wpb_text_column us_custom_f37aca33\"><div class=\"wpb_wrapper\"><p><strong>Caracter\u00edstiques de les habitacions de l&#8217;agroturisme &#8230;<\/strong><\/p>\n<p>&#8211; Llit King size (180&#215;200 cm) o dos llits individuals en totes les habitacions, menys a l&#8217;habitaci\u00f3<em> Saxifraga<\/em> (un llit de 160&#215;200 cm)<br \/>\n&#8211; Terrassa exterior amb butaques i taula tipus lounge<br \/>\n&#8211; Acc\u00e9s a Internet en tots els espais<br \/>\n&#8211; Bany amb dutxa<br \/>\n&#8211; Tovalloles, barn\u00fas i sabatilles<br \/>\n&#8211; Canvi de roba de llit cada 4 nits<br \/>\n&#8211; Servei d&#8217;habitacions diari, excepte els diumenges<br \/>\n&#8211; Assecador i mirall tipus tocat<br \/>\n&#8211; Ventiladors de sostre amb comandament<br \/>\n&#8211; Calefacci\u00f3 de biomassa<\/p>\n<\/div><\/div><\/div><\/div><\/div><div class=\"vc_col-sm-4 wpb_column vc_column_container us_animate_fade\"><div class=\"vc_column-inner\"><div class=\"wpb_wrapper\"><div class=\"wpb_text_column us_custom_f37aca33\"><div class=\"wpb_wrapper\"><p><strong>A m\u00e9s, a la Suite &#8230;<\/strong><\/p>\n<p>&#8211; Sal\u00f3 privat<br \/>\n&#8211; Terrassa privada amb magn\u00edfiques vistes a la muntanya d&#8217;<em>El Toro<\/em><br \/>\n&#8211; Televisi\u00f3 plana<br \/>\n&#8211; Connexi\u00f3 a Internet<br \/>\n&#8211; Nevera minibar amb begudes, caf\u00e8 i et de cortesia<\/p>\n<\/div><\/div><\/div><\/div><\/div><div class=\"vc_col-sm-4 wpb_column vc_column_container\"><div class=\"vc_column-inner\"><div class=\"wpb_wrapper\"><\/div><\/div><\/div><\/div><\/div><\/section>\n","protected":false},"excerpt":{"rendered":"[rev_slider_vc alias=\"habitacions-ca\"] ENTRADA SORTIDA PROMO RESERVAR Les habitacions de Turmad\u00e8n des Capit\u00e0 estan decorades amb senzillesa i originalitat. L&#8217;agroturisme disposa d&#8217;una suite i cinc habitacions dobles, totes amb terrassa exterior. Tots els espais estan ben a\u00efllats per aconseguir un confort \u00f2ptim totes les \u00e8poques de l&#8217;any, especialment a l&#8217;estiu ia l&#8217;hivern. Tenim calefacci\u00f3 central de...","protected":false},"author":5,"featured_media":0,"parent":0,"menu_order":0,"comment_status":"closed","ping_status":"closed","template":"","meta":{"footnotes":""},"class_list":["post-2585","page","type-page","status-publish","hentry"],"yoast_head":"<!-- This site is optimized with the Yoast SEO plugin v27.5 - https:\/\/yoast.com\/product\/yoast-seo-wordpress\/ -->\n<title>Habitacions de Turmad\u00e8n des Capit\u00e0. Agroturisme ecol\u00f2gic a Menorca.<\/title>\n<meta name=\"description\" content=\"Cinc de les habitacions de Turmad\u00e8n des Capit\u00e0 s\u00f3n dobles i una suite, totes reformades de manera tradicional. Acollidores, amb terrassa exterior i vistes.\" \/>\n<meta name=\"robots\" content=\"index, follow, max-snippet:-1, max-image-preview:large, max-video-preview:-1\" \/>\n<link rel=\"canonical\" href=\"https:\/\/www.turmaden.com\/ca\/habitacions-turmaden-des-capita\/\" \/>\n<meta name=\"twitter:label1\" content=\"Est. reading time\" \/>\n\t<meta name=\"twitter:data1\" content=\"6 minutes\" \/>\n<script type=\"application\/ld+json\" class=\"yoast-schema-graph\">{\"@context\":\"https:\\\/\\\/schema.org\",\"@graph\":[{\"@type\":\"WebPage\",\"@id\":\"https:\\\/\\\/www.turmaden.com\\\/ca\\\/habitacions-turmaden-des-capita\\\/\",\"url\":\"https:\\\/\\\/www.turmaden.com\\\/ca\\\/habitacions-turmaden-des-capita\\\/\",\"name\":\"Habitacions de Turmad\u00e8n des Capit\u00e0. Agroturisme ecol\u00f2gic a Menorca.\",\"isPartOf\":{\"@id\":\"https:\\\/\\\/www.turmaden.com\\\/#website\"},\"datePublished\":\"2017-03-08T17:17:06+00:00\",\"dateModified\":\"2022-03-14T16:53:47+00:00\",\"description\":\"Cinc de les habitacions de Turmad\u00e8n des Capit\u00e0 s\u00f3n dobles i una suite, totes reformades de manera tradicional. Acollidores, amb terrassa exterior i vistes.\",\"breadcrumb\":{\"@id\":\"https:\\\/\\\/www.turmaden.com\\\/ca\\\/habitacions-turmaden-des-capita\\\/#breadcrumb\"},\"inLanguage\":\"ca-ES\",\"potentialAction\":[{\"@type\":\"ReadAction\",\"target\":[\"https:\\\/\\\/www.turmaden.com\\\/ca\\\/habitacions-turmaden-des-capita\\\/\"]}]},{\"@type\":\"BreadcrumbList\",\"@id\":\"https:\\\/\\\/www.turmaden.com\\\/ca\\\/habitacions-turmaden-des-capita\\\/#breadcrumb\",\"itemListElement\":[{\"@type\":\"ListItem\",\"position\":1,\"name\":\"Portada\",\"item\":\"https:\\\/\\\/www.turmaden.com\\\/ca\\\/\"},{\"@type\":\"ListItem\",\"position\":2,\"name\":\"Habitacions\"}]},{\"@type\":\"WebSite\",\"@id\":\"https:\\\/\\\/www.turmaden.com\\\/#website\",\"url\":\"https:\\\/\\\/www.turmaden.com\\\/\",\"name\":\"Turmad\u00e8n des Capit\u00e0 - Agroturismo Menorca\",\"description\":\"Ecoagroturismo Menorca\",\"publisher\":{\"@id\":\"https:\\\/\\\/www.turmaden.com\\\/#organization\"},\"potentialAction\":[{\"@type\":\"SearchAction\",\"target\":{\"@type\":\"EntryPoint\",\"urlTemplate\":\"https:\\\/\\\/www.turmaden.com\\\/?s={search_term_string}\"},\"query-input\":{\"@type\":\"PropertyValueSpecification\",\"valueRequired\":true,\"valueName\":\"search_term_string\"}}],\"inLanguage\":\"ca-ES\"},{\"@type\":\"Organization\",\"@id\":\"https:\\\/\\\/www.turmaden.com\\\/#organization\",\"name\":\"Turmad\u00e8n des Capit\u00e0 - Agroturismo Menorca\",\"url\":\"https:\\\/\\\/www.turmaden.com\\\/\",\"logo\":{\"@type\":\"ImageObject\",\"inLanguage\":\"ca-ES\",\"@id\":\"https:\\\/\\\/www.turmaden.com\\\/#\\\/schema\\\/logo\\\/image\\\/\",\"url\":\"https:\\\/\\\/www.turmaden.com\\\/wp-content\\\/uploads\\\/2020\\\/02\\\/agroturismo-ecologico-menorca-turmaden-1.png\",\"contentUrl\":\"https:\\\/\\\/www.turmaden.com\\\/wp-content\\\/uploads\\\/2020\\\/02\\\/agroturismo-ecologico-menorca-turmaden-1.png\",\"width\":935,\"height\":283,\"caption\":\"Turmad\u00e8n des Capit\u00e0 - Agroturismo Menorca\"},\"image\":{\"@id\":\"https:\\\/\\\/www.turmaden.com\\\/#\\\/schema\\\/logo\\\/image\\\/\"},\"sameAs\":[\"https:\\\/\\\/www.instagram.com\\\/turmaden\\\/\"]}]}<\/script>\n<!-- \/ Yoast SEO plugin. -->","yoast_head_json":{"title":"Habitacions de Turmad\u00e8n des Capit\u00e0. Agroturisme ecol\u00f2gic a Menorca.","description":"Cinc de les habitacions de Turmad\u00e8n des Capit\u00e0 s\u00f3n dobles i una suite, totes reformades de manera tradicional. Acollidores, amb terrassa exterior i vistes.","robots":{"index":"index","follow":"follow","max-snippet":"max-snippet:-1","max-image-preview":"max-image-preview:large","max-video-preview":"max-video-preview:-1"},"canonical":"https:\/\/www.turmaden.com\/ca\/habitacions-turmaden-des-capita\/","twitter_misc":{"Est. reading time":"6 minutes"},"schema":{"@context":"https:\/\/schema.org","@graph":[{"@type":"WebPage","@id":"https:\/\/www.turmaden.com\/ca\/habitacions-turmaden-des-capita\/","url":"https:\/\/www.turmaden.com\/ca\/habitacions-turmaden-des-capita\/","name":"Habitacions de Turmad\u00e8n des Capit\u00e0. Agroturisme ecol\u00f2gic a Menorca.","isPartOf":{"@id":"https:\/\/www.turmaden.com\/#website"},"datePublished":"2017-03-08T17:17:06+00:00","dateModified":"2022-03-14T16:53:47+00:00","description":"Cinc de les habitacions de Turmad\u00e8n des Capit\u00e0 s\u00f3n dobles i una suite, totes reformades de manera tradicional. Acollidores, amb terrassa exterior i vistes.","breadcrumb":{"@id":"https:\/\/www.turmaden.com\/ca\/habitacions-turmaden-des-capita\/#breadcrumb"},"inLanguage":"ca-ES","potentialAction":[{"@type":"ReadAction","target":["https:\/\/www.turmaden.com\/ca\/habitacions-turmaden-des-capita\/"]}]},{"@type":"BreadcrumbList","@id":"https:\/\/www.turmaden.com\/ca\/habitacions-turmaden-des-capita\/#breadcrumb","itemListElement":[{"@type":"ListItem","position":1,"name":"Portada","item":"https:\/\/www.turmaden.com\/ca\/"},{"@type":"ListItem","position":2,"name":"Habitacions"}]},{"@type":"WebSite","@id":"https:\/\/www.turmaden.com\/#website","url":"https:\/\/www.turmaden.com\/","name":"Turmad\u00e8n des Capit\u00e0 - Agroturismo Menorca","description":"Ecoagroturismo Menorca","publisher":{"@id":"https:\/\/www.turmaden.com\/#organization"},"potentialAction":[{"@type":"SearchAction","target":{"@type":"EntryPoint","urlTemplate":"https:\/\/www.turmaden.com\/?s={search_term_string}"},"query-input":{"@type":"PropertyValueSpecification","valueRequired":true,"valueName":"search_term_string"}}],"inLanguage":"ca-ES"},{"@type":"Organization","@id":"https:\/\/www.turmaden.com\/#organization","name":"Turmad\u00e8n des Capit\u00e0 - Agroturismo Menorca","url":"https:\/\/www.turmaden.com\/","logo":{"@type":"ImageObject","inLanguage":"ca-ES","@id":"https:\/\/www.turmaden.com\/#\/schema\/logo\/image\/","url":"https:\/\/www.turmaden.com\/wp-content\/uploads\/2020\/02\/agroturismo-ecologico-menorca-turmaden-1.png","contentUrl":"https:\/\/www.turmaden.com\/wp-content\/uploads\/2020\/02\/agroturismo-ecologico-menorca-turmaden-1.png","width":935,"height":283,"caption":"Turmad\u00e8n des Capit\u00e0 - Agroturismo Menorca"},"image":{"@id":"https:\/\/www.turmaden.com\/#\/schema\/logo\/image\/"},"sameAs":["https:\/\/www.instagram.com\/turmaden\/"]}]}},"_links":{"self":[{"href":"https:\/\/www.turmaden.com\/ca\/wp-json\/wp\/v2\/pages\/2585","targetHints":{"allow":["GET"]}}],"collection":[{"href":"https:\/\/www.turmaden.com\/ca\/wp-json\/wp\/v2\/pages"}],"about":[{"href":"https:\/\/www.turmaden.com\/ca\/wp-json\/wp\/v2\/types\/page"}],"author":[{"embeddable":true,"href":"https:\/\/www.turmaden.com\/ca\/wp-json\/wp\/v2\/users\/5"}],"replies":[{"embeddable":true,"href":"https:\/\/www.turmaden.com\/ca\/wp-json\/wp\/v2\/comments?post=2585"}],"version-history":[{"count":11,"href":"https:\/\/www.turmaden.com\/ca\/wp-json\/wp\/v2\/pages\/2585\/revisions"}],"predecessor-version":[{"id":4028,"href":"https:\/\/www.turmaden.com\/ca\/wp-json\/wp\/v2\/pages\/2585\/revisions\/4028"}],"wp:attachment":[{"href":"https:\/\/www.turmaden.com\/ca\/wp-json\/wp\/v2\/media?parent=2585"}],"curies":[{"name":"wp","href":"https:\/\/api.w.org\/{rel}","templated":true}]}}