{"id":2610,"date":"2020-03-18T09:40:26","date_gmt":"2020-03-18T09:40:26","guid":{"rendered":"https:\/\/www.turmaden.com\/compromis\/"},"modified":"2020-04-28T10:22:34","modified_gmt":"2020-04-28T10:22:34","slug":"turmaden-des-capita-agroturisme-ecologic-menorca-compromis-medi-ambient","status":"publish","type":"page","link":"https:\/\/www.turmaden.com\/ca\/turmaden-des-capita-agroturisme-ecologic-menorca-compromis-medi-ambient\/","title":{"rendered":"Comprom\u00eds"},"content":{"rendered":"<section class=\"l-section wpb_row height_auto width_full\"><div class=\"l-section-h i-cf\"><div class=\"g-cols vc_row via_flex valign_top type_default stacking_default\"><div class=\"vc_col-sm-12 wpb_column vc_column_container\"><div class=\"vc_column-inner\"><div class=\"wpb_wrapper\">\n\t\t\t<!-- START CompromisCA REVOLUTION SLIDER 6.7.40 --><p class=\"rs-p-wp-fix\"><\/p>\n\t\t\t<rs-module-wrap id=\"rev_slider_18_1_wrapper\" data-source=\"gallery\" style=\"visibility:hidden;background:transparent;padding:0;margin:0px auto;margin-top:0;margin-bottom:0;\">\n\t\t\t\t<rs-module id=\"rev_slider_18_1\" style=\"\" data-version=\"6.7.40\">\n\t\t\t\t\t<rs-slides style=\"overflow: hidden; position: absolute;\">\n\t\t\t\t\t\t<rs-slide style=\"position: absolute;\" data-key=\"rs-70\" data-title=\"Slide\" data-duration=\"6000\" data-anim=\"ms:600;r:0;\" data-in=\"o:0;\" data-out=\"a:false;\">\n\t\t\t\t\t\t\t<img decoding=\"async\" src=\"\/\/www.turmaden.com\/wp-content\/plugins\/revslider\/sr6\/assets\/assets\/dummy.png\" alt=\"\" title=\"agroturismo-menorca-naturaleza.JPG\" width=\"1407\" height=\"510\" class=\"rev-slidebg tp-rs-img rs-lazyload\" data-lazyload=\"\/\/www.turmaden.com\/wp-content\/uploads\/2020\/04\/agroturismo-menorca-naturaleza.jpg\" data-parallax=\"off\" data-no-retina>\n<!--\n\t\t\t\t\t\t\t--><h1\n\t\t\t\t\t\t\t\tid=\"slider-18-slide-70-layer-8\" \n\t\t\t\t\t\t\t\tclass=\"rs-layer\"\n\t\t\t\t\t\t\t\tdata-type=\"text\"\n\t\t\t\t\t\t\t\tdata-tsh=\"c:#000000;h:3px;v:3px;b:15px;\"\n\t\t\t\t\t\t\t\tdata-rsp_ch=\"on\"\n\t\t\t\t\t\t\t\tdata-xy=\"x:c;y:m;\"\n\t\t\t\t\t\t\t\tdata-text=\"s:60,40,40,40;l:80;fw:200;a:center;\"\n\t\t\t\t\t\t\t\tdata-frame_0=\"tp:600;\"\n\t\t\t\t\t\t\t\tdata-frame_1=\"tp:600;st:850;sp:760;sR:850;\"\n\t\t\t\t\t\t\t\tdata-frame_999=\"st:w;sp:420;sR:4390;auto:true;\"\n\t\t\t\t\t\t\t\tstyle=\"z-index:5;font-family:'Montserrat';\"\n\t\t\t\t\t\t\t>VIURE LA NATURA \n\t\t\t\t\t\t\t<\/h1><!--\n\n\t\t\t\t\t\t\t--><rs-layer\n\t\t\t\t\t\t\t\tid=\"slider-18-slide-70-layer-10\" \n\t\t\t\t\t\t\t\tdata-type=\"image\"\n\t\t\t\t\t\t\t\tdata-rsp_ch=\"on\"\n\t\t\t\t\t\t\t\tdata-xy=\"x:c;yo:75px,67px,67px,67px;\"\n\t\t\t\t\t\t\t\tdata-text=\"l:22;a:inherit;\"\n\t\t\t\t\t\t\t\tdata-dim=\"w:[&#039;112px&#039;,&#039;112px&#039;,&#039;112px&#039;,&#039;112px&#039;];h:[&#039;112px&#039;,&#039;112px&#039;,&#039;112px&#039;,&#039;112px&#039;];\"\n\t\t\t\t\t\t\t\tdata-frame_0=\"tp:600;\"\n\t\t\t\t\t\t\t\tdata-frame_1=\"tp:600;st:830;sp:790;sR:830;\"\n\t\t\t\t\t\t\t\tdata-frame_999=\"o:0;tp:600;st:w;sR:4380;\"\n\t\t\t\t\t\t\t\tstyle=\"z-index:6;\"\n\t\t\t\t\t\t\t><img decoding=\"async\" src=\"\/\/www.turmaden.com\/wp-content\/plugins\/revslider\/sr6\/assets\/assets\/dummy.png\" alt=\"Agroturismo-Menorca-Turmaden-icono\" class=\"tp-rs-img rs-lazyload\" width=\"709\" height=\"709\" data-lazyload=\"\/\/www.turmaden.com\/wp-content\/uploads\/2020\/02\/agroturismo-menorca-turmaden-icono-ecologico.png\" data-no-retina> \n\t\t\t\t\t\t\t<\/rs-layer><!--\n-->\t\t\t\t\t<\/rs-slide>\n\t\t\t\t\t<\/rs-slides>\n\t\t\t\t<\/rs-module>\n\t\t\t\t<script>\n\t\t\t\t\tsetREVStartSize({c: 'rev_slider_18_1',rl:[1240,1024,1024,1024],el:[500,405,405,405],gw:[1400,720,720,720],gh:[500,405,405,405],type:'hero',justify:'',layout:'fullwidth',mh:\"0\"});if (window.RS_MODULES!==undefined && window.RS_MODULES.modules!==undefined && window.RS_MODULES.modules[\"revslider181\"]!==undefined) {window.RS_MODULES.modules[\"revslider181\"].once = false;window.revapi18 = undefined;if (window.RS_MODULES.checkMinimal!==undefined) window.RS_MODULES.checkMinimal()}\n\t\t\t\t<\/script>\n\t\t\t<\/rs-module-wrap>\n\t\t\t<!-- END REVOLUTION SLIDER -->\n<\/div><\/div><\/div><\/div><\/div><\/section><section class=\"l-section wpb_row height_small\"><div class=\"l-section-overlay\" style=\"background:#efefed\"><\/div><div class=\"l-section-h i-cf\"><div class=\"g-cols vc_row via_flex valign_top type_default stacking_default\"><div class=\"vc_col-sm-12 wpb_column vc_column_container\"><div class=\"vc_column-inner\"><div class=\"wpb_wrapper\"><div class=\"wpb_widgetised_column wpb_content_element\"><div class=\"wpb_wrapper\"><div id=\"custom_html-3\" class=\"widget_text widget widget_custom_html\"><div class=\"textwidget custom-html-widget\"><div class=\"wpb_wrapper\">\r\n\t\r\n\r\n<div class=\"w-form layout_hor us_form_1\">\r\n<form class=\"w-form-h\" action=\"https:\/\/turmaden.guestpro.com\/ca\/engine\/\" method=\"get\">\r\n<input type=\"hidden\" id=\"start\" name=\"start\" value=\"\" \/>\r\n<input type=\"hidden\" id=\"end\" name=\"end\" value=\"\" \/>\r\n\t\r\n<input type=\"hidden\" id=\"occupancy\" name=\"occupancy\" value=\"2\" \/>\r\n\r\n\t\t\t\t<div class=\"w-form-row for_text with_icon cols_3  has_label\">\r\n\t\t\t\t\t<div class=\"w-form-row-label\">\r\n\t\t\t<span>ENTRADA<\/span>\r\n\t\t<\/div>\r\n\t\t<div class=\"w-form-row-field\">\r\n\t\t<i class=\"far fa-calendar\"><\/i><input type=\"text\" id=\"dt1\" name=\"dt1\" aria-label=\"Check-in\" value=\"\" placeholder=\"\" \/>\r\n\t\t\t<\/div>\r\n\r\n<\/div>\r\n\t\t<div class=\"w-form-row for_text with_icon cols_3  has_label\">\r\n\t\t\t<div class=\"w-form-row-label\">\r\n\t\t\t<span>SORTIDA<\/span>\r\n\t\t<\/div>\r\n\t\t<div class=\"w-form-row-field\">\r\n\t\t<i class=\"far fa-calendar\"><\/i>\t\t<input type=\"text\" id=\"dt2\" name=\"dt2\" aria-label=\"Check-out\" value=\"\" placeholder=\"\"\/>\r\n\t\t\t<\/div>\r\n\t\t\r\n<\/div>\r\n\t\t<div class=\"w-form-row for_text with_icon cols_3  has_label\">\r\n\t\t\t<div class=\"w-form-row-label\">\r\n\t\t\t<span>PROMO<\/span>\r\n\t\t<\/div>\r\n\t\t<div class=\"w-form-row-field\">\r\n\t\t<i class=\"far fa-star\"><\/i>\t\t<input type=\"text\" id=\"promo\" name=\"promo\" aria-label=\"C\u00f3digo\" value=\"\" placeholder=\"Codi\"\/>\r\n\t\t\t<\/div>\r\n<\/div>\r\n\t\r\n\t\t<div class=\"botoreservar w-form-row for_submit align_left\">\r\n\t<div class=\"w-form-row-field\">\r\n\t\t\t\t<button class=\"w-btn  us-btn-style_1\"  style=\"font-size:1rem;\" type=\"submit\" aria-label=\"Reservar\">\r\n\t\t\t<span class=\"g-preloader type_1\"><\/span>\r\n\t\t\t\t\t\t<span class=\"w-btn-label\">RESERVAR<\/span>\r\n\t\t\t\t\t<\/button>\r\n\t<\/div>\r\n<\/div>\r\n\r\n<script type=\"text\/javascript\"> jQuery(document).ready(function($) {\r\n    \r\n        $(\"#dt1\").datepicker({         \r\ndateFormat: \"dd-mm-yy\",\r\n   allowInputToggle: true,\r\n\t    altFormat:'yy-mm-dd',\r\n            altField:'#start',\r\n            minDate: 0,\r\n            onSelect: function (date) {\r\n                var date2 = $('#dt1').datepicker('getDate');\r\n                date2.setDate(date2.getDate() + 1);\r\n                $('#dt2').datepicker('setDate', date2);\r\n                \/\/sets minDate to dt1 date + 2\r\n                $('#dt2').datepicker('option', 'minDate', date2);\r\n            }\r\n        });\r\n\r\n\t$(\"#dt1\").datepicker(\"setDate\", \"+0\").attr('readonly', true);\r\n\r\n\r\n        $('#dt2').datepicker({\r\n            dateFormat: \"dd-mm-yy\",\r\n   allowInputToggle: true,\r\n\t   altFormat:'yy-mm-dd',\r\n           altField:'#end',\r\n            onClose: function () {\r\n                var dt1 = $('#dt1').datepicker('getDate');\r\n                console.log(dt1);\r\n                var dt2 = $('#dt2').datepicker('getDate');\r\n                if (dt2 <= dt1) {\r\n                    var minDate = $('#dt2').datepicker('option', 'minDate');\r\n                    $('#dt2').datepicker('setDate', minDate);\r\n                }\r\n            }\r\n        });\r\n\r\n\r\n\t$(\"#dt2\").datepicker(\"setDate\", \"+1\").attr('readonly', true);\r\n\r\n    });\r\n\r\n<\/script>\r\n\r\n\r\n\r\n\r\n\r\n\r\n<\/form>\r\n<\/div>\r\n\r\n<\/div><\/div><\/div><\/div><\/div><\/div><\/div><\/div><\/div><\/div><\/section><section class=\"l-section wpb_row us_custom_26f64f16 height_medium\"><div class=\"l-section-overlay\" style=\"background:rgba(255,255,255,0.7)\"><\/div><div class=\"l-section-h i-cf\"><div class=\"g-cols vc_row via_flex valign_top type_default stacking_default\"><div class=\"vc_col-sm-6 wpb_column vc_column_container us_animate_aft\"><div class=\"vc_column-inner us_custom_d01541a0\"><div class=\"wpb_wrapper\"><\/div><\/div><\/div><div class=\"vc_col-sm-6 wpb_column vc_column_container us_animate_fade\"><div class=\"vc_column-inner\"><div class=\"wpb_wrapper\"><div class=\"wpb_text_column\"><div class=\"wpb_wrapper\"><h2>Ecoturisme a Menorca<\/h2>\n<\/div><\/div><div class=\"wpb_text_column us_custom_f37aca33\"><div class=\"wpb_wrapper\"><p class=\"p1\"><a href=\"https:\/\/www.turmaden.com\/ca\/\">Turmad\u00e8n des Capit\u00e0<\/a> t\u00e9 la certificaci\u00f3 per la <em>Fundaci\u00f3 Ecoagroturisme<\/em>, sota el segell de qualitat Ceres Ecotur que utilitza un innovador sistema d&#8217;avaluaci\u00f3 europeu, denominat ECEAT. Aquest segell avala les experi\u00e8ncies d&#8217;ecoturisme responsable i el desenvolupament de criteris de sostenibilitat que avaluen el nivell de comprom\u00eds amb el medi ambient, la cultura i les tradicions locals pr\u00f2pies de les destinacions tur\u00edstiques com l&#8217;illa de Menorca.<\/p>\n<\/div><\/div><\/div><\/div><\/div><\/div><\/div><\/section><!-- Row Backgrounds --><div class=\"upb_bg_img\" data-ultimate-bg=\"url(https:\/\/www.turmaden.com\/wp-content\/uploads\/2017\/03\/agroturismo-ecologico-menorca-turmaden-hotel-boutique-karl-blossfeldt-9.jpg)\" data-image-id=\"id^600|url^http:\/\/www.turmaden.com\/wp-content\/uploads\/2017\/03\/ecoturisme.jpg|caption^null|alt^null|title^ecoturisme|description^null\" data-ultimate-bg-style=\"vcpb-default\" data-bg-img-repeat=\"no-repeat\" data-bg-img-size=\"cover\" data-bg-img-position=\"\" data-parallx_sense=\"30\" data-bg-override=\"0\" data-bg_img_attach=\"scroll\" data-upb-overlay-color=\"\" data-upb-bg-animation=\"\" data-fadeout=\"\" data-bg-animation=\"left-animation\" data-bg-animation-type=\"h\" data-animation-repeat=\"repeat\" data-fadeout-percentage=\"30\" data-parallax-content=\"\" data-parallax-content-sense=\"30\" data-row-effect-mobile-disable=\"true\" data-img-parallax-mobile-disable=\"true\" data-rtl=\"false\"  data-custom-vc-row=\"\"  data-vc=\"8.7.2\"  data-is_old_vc=\"\"  data-theme-support=\"\"   data-overlay=\"false\" data-overlay-color=\"\" data-overlay-pattern=\"\" data-overlay-pattern-opacity=\"\" data-overlay-pattern-size=\"\"    ><\/div><section class=\"l-section wpb_row us_custom_26f64f16 height_medium\"><div class=\"l-section-overlay\" style=\"background:rgba(239,239,237,0.8)\"><\/div><div class=\"l-section-h i-cf\"><div class=\"g-cols vc_row via_flex valign_top type_default stacking_default\"><div class=\"vc_col-sm-6 wpb_column vc_column_container us_animate_fade\"><div class=\"vc_column-inner us_custom_d01541a0\"><div class=\"wpb_wrapper\"><div class=\"wpb_text_column\"><div class=\"wpb_wrapper\"><h2>L&#8217;aigua<\/h2>\n<\/div><\/div><div class=\"wpb_text_column us_custom_f37aca33\"><div class=\"wpb_wrapper\"><p class=\"p1\">Hem recuperat els antics aljubs que s&#8217;utilitzaven per a la recollida i emmagatzematge d&#8217;aigua de pluja. A m\u00e9s, hem constru\u00eft un sistema de depuraci\u00f3 per plantes denominat filtre verd, tancant el cicle de l&#8217;aigua amb la seva reutilitzaci\u00f3. D&#8217;aquesta manera feim possible un consum totalment autosuficient i ecol\u00f2gic d&#8217;aquest recurs tan important.<\/p>\n<\/div><\/div><\/div><\/div><\/div><div class=\"vc_col-sm-6 wpb_column vc_column_container\"><div class=\"vc_column-inner\"><div class=\"wpb_wrapper\"><\/div><\/div><\/div><\/div><\/div><\/section><!-- Row Backgrounds --><div class=\"upb_bg_img\" data-ultimate-bg=\"url(https:\/\/www.turmaden.com\/wp-content\/uploads\/2017\/03\/agroturismo-ecologico-menorca-turmaden-hotel-boutique-karl-blossfeldt-6.jpg)\" data-image-id=\"id^603|url^http:\/\/www.turmaden.com\/wp-content\/uploads\/2017\/03\/aigua.jpg|caption^null|alt^null|title^aigua|description^null\" data-ultimate-bg-style=\"vcpb-default\" data-bg-img-repeat=\"no-repeat\" data-bg-img-size=\"cover\" data-bg-img-position=\"\" data-parallx_sense=\"30\" data-bg-override=\"0\" data-bg_img_attach=\"scroll\" data-upb-overlay-color=\"\" data-upb-bg-animation=\"\" data-fadeout=\"\" data-bg-animation=\"left-animation\" data-bg-animation-type=\"h\" data-animation-repeat=\"repeat\" data-fadeout-percentage=\"30\" data-parallax-content=\"\" data-parallax-content-sense=\"30\" data-row-effect-mobile-disable=\"true\" data-img-parallax-mobile-disable=\"true\" data-rtl=\"false\"  data-custom-vc-row=\"\"  data-vc=\"8.7.2\"  data-is_old_vc=\"\"  data-theme-support=\"\"   data-overlay=\"false\" data-overlay-color=\"\" data-overlay-pattern=\"\" data-overlay-pattern-opacity=\"\" data-overlay-pattern-size=\"\"    ><\/div><section class=\"l-section wpb_row us_custom_26f64f16 height_medium\"><div class=\"l-section-overlay\" style=\"background:rgba(255,255,255,0.7)\"><\/div><div class=\"l-section-h i-cf\"><div class=\"g-cols vc_row via_flex valign_top type_default stacking_default\"><div class=\"vc_col-sm-6 wpb_column vc_column_container us_animate_aft\"><div class=\"vc_column-inner us_custom_d01541a0\"><div class=\"wpb_wrapper\"><\/div><\/div><\/div><div class=\"vc_col-sm-6 wpb_column vc_column_container us_animate_fade\"><div class=\"vc_column-inner\"><div class=\"wpb_wrapper\"><div class=\"wpb_text_column\"><div class=\"wpb_wrapper\"><h2>L&#8217;energia<\/h2>\n<\/div><\/div><div class=\"wpb_text_column us_custom_f37aca33\"><div class=\"wpb_wrapper\"><p>El comprom\u00eds amb el medi ambient \u00e9s molt important per a nosaltres. Hem incorporat l&#8217;\u00fas d&#8217;energies renovables amb la instal\u00b7laci\u00f3 de plaques termosolars i una caldera de biomassa de gasificaci\u00f3, que fem servir per a la calefacci\u00f3 i l&#8217;aigua calenta sanit\u00e0ria. La biomassa s&#8217;extreu de la pr\u00f2pia granja sota els criteris d&#8217;un pla forestal aprovat pel Govern de les Illes Balears. D&#8217;altra banda, s&#8217;ha prioritzat l&#8217;aconseguir un bon comportament t\u00e8rmic de l&#8217;agroturisme en totes les \u00e8poques de l&#8217;any, seguint els criteris de bioconstrucci\u00f3.<\/p>\n<\/div><\/div><\/div><\/div><\/div><\/div><\/div><\/section><!-- Row Backgrounds --><div class=\"upb_bg_img\" data-ultimate-bg=\"url(https:\/\/www.turmaden.com\/wp-content\/uploads\/2017\/03\/agroturismo-ecologico-menorca-turmaden-hotel-boutique-karl-blossfeldt-8.jpg)\" data-image-id=\"id^601|url^http:\/\/www.turmaden.com\/wp-content\/uploads\/2017\/03\/energia.jpg|caption^null|alt^null|title^energia|description^null\" data-ultimate-bg-style=\"vcpb-default\" data-bg-img-repeat=\"no-repeat\" data-bg-img-size=\"cover\" data-bg-img-position=\"\" data-parallx_sense=\"30\" data-bg-override=\"0\" data-bg_img_attach=\"scroll\" data-upb-overlay-color=\"\" data-upb-bg-animation=\"\" data-fadeout=\"\" data-bg-animation=\"left-animation\" data-bg-animation-type=\"h\" data-animation-repeat=\"repeat\" data-fadeout-percentage=\"30\" data-parallax-content=\"\" data-parallax-content-sense=\"30\" data-row-effect-mobile-disable=\"true\" data-img-parallax-mobile-disable=\"true\" data-rtl=\"false\"  data-custom-vc-row=\"\"  data-vc=\"8.7.2\"  data-is_old_vc=\"\"  data-theme-support=\"\"   data-overlay=\"false\" data-overlay-color=\"\" data-overlay-pattern=\"\" data-overlay-pattern-opacity=\"\" data-overlay-pattern-size=\"\"    ><\/div><section class=\"l-section wpb_row us_custom_26f64f16 height_medium\"><div class=\"l-section-overlay\" style=\"background:rgba(239,239,237,0.8)\"><\/div><div class=\"l-section-h i-cf\"><div class=\"g-cols vc_row via_flex valign_top type_default stacking_default\"><div class=\"vc_col-sm-6 wpb_column vc_column_container us_animate_fade\"><div class=\"vc_column-inner us_custom_d01541a0\"><div class=\"wpb_wrapper\"><div class=\"wpb_text_column\"><div class=\"wpb_wrapper\"><h2>Cust\u00f2dia del territori<\/h2>\n<\/div><\/div><div class=\"wpb_text_column us_custom_f37aca33\"><div class=\"wpb_wrapper\"><div class=\"tlid-input input\">\n<div class=\"source-wrap\">\n<div class=\"input-full-height-wrapper tlid-input-full-height-wrapper\">\n<div class=\"source-input\">\n<div class=\"source-footer-wrap source-or-target-footer\">\n<div class=\"character-count tlid-character-count\"><span title=\"\">Turmad\u00e8n<\/span> <span title=\"\">des Capit\u00e0<\/span> <span title=\"\">participa<\/span> <span title=\"\">en un projecte<\/span> <span title=\"\">de cust\u00f2dia<\/span> <span title=\"\">del territori<\/span> <span title=\"\">juntament<\/span> <span title=\"\">amb<\/span> <span title=\"\">administracions<\/span> <span title=\"\">i<\/span> <span title=\"\">entitats<\/span> <span title=\"\">locals<\/span><span title=\"\">,<\/span> <span title=\"\">amb<\/span> <span title=\"\">la<\/span> <span class=\"\" title=\"\">finalitat<\/span> <span class=\"\" title=\"\">de compatibilitzar<\/span> <span title=\"\">la viabilitat<\/span> <span title=\"\">econ\u00f2mica<\/span> <span title=\"\">de<\/span> <span title=\"\">l&#8217;agroturisme<\/span> <span title=\"\">amb<\/span> <span class=\"\" title=\"\">la preservaci\u00f3 dels<\/span> <span title=\"\">valors<\/span> <span title=\"\">naturals<\/span> <span title=\"\">de Menorca.<\/span> <span title=\"\">El principal<\/span> <span title=\"\">objectiu<\/span> <span title=\"\">\u00e9s buscar<\/span> <span class=\"\" title=\"\">la repercussi\u00f3 de la<\/span> <span title=\"\">sostenibilitat<\/span> <span title=\"\">social<\/span><span title=\"\">, ambiental i<\/span> <span class=\"\" title=\"\">econ\u00f2mica de les<\/span> <span title=\"\">activitats<\/span> <span title=\"\">agr\u00e0ries.<\/span> <span title=\"\">Aquest<\/span> <span title=\"\">ambici\u00f3s<\/span> <span title=\"\">projecte<\/span> <span title=\"\">es tradueix en<\/span> <span class=\"\" title=\"\">un valu\u00f3s<\/span> <span title=\"\">reconeixement<\/span> <span title=\"\">social i<\/span> <span title=\"\">ajuda a<\/span> <span title=\"\">la promoci\u00f3<\/span> <span title=\"\">de productes<\/span> <span title=\"\">amb<\/span> <span class=\"\" title=\"\">un valor afegit.<\/span><\/div>\n<\/div>\n<\/div>\n<\/div>\n<\/div>\n<\/div>\n<\/div><\/div><\/div><\/div><\/div><div class=\"vc_col-sm-6 wpb_column vc_column_container\"><div class=\"vc_column-inner\"><div class=\"wpb_wrapper\"><\/div><\/div><\/div><\/div><\/div><\/section><!-- Row Backgrounds --><div class=\"upb_bg_img\" data-ultimate-bg=\"url(https:\/\/www.turmaden.com\/wp-content\/uploads\/2017\/03\/agroturismo-ecologico-menorca-turmaden-hotel-boutique-karl-blossfeldt-7.jpg)\" data-image-id=\"id^602|url^http:\/\/www.turmaden.com\/wp-content\/uploads\/2017\/03\/territori.jpg|caption^null|alt^null|title^territori|description^null\" data-ultimate-bg-style=\"vcpb-default\" data-bg-img-repeat=\"no-repeat\" data-bg-img-size=\"cover\" data-bg-img-position=\"\" data-parallx_sense=\"30\" data-bg-override=\"0\" data-bg_img_attach=\"scroll\" data-upb-overlay-color=\"\" data-upb-bg-animation=\"\" data-fadeout=\"\" data-bg-animation=\"left-animation\" data-bg-animation-type=\"h\" data-animation-repeat=\"repeat\" data-fadeout-percentage=\"30\" data-parallax-content=\"\" data-parallax-content-sense=\"30\" data-row-effect-mobile-disable=\"true\" data-img-parallax-mobile-disable=\"true\" data-rtl=\"false\"  data-custom-vc-row=\"\"  data-vc=\"8.7.2\"  data-is_old_vc=\"\"  data-theme-support=\"\"   data-overlay=\"false\" data-overlay-color=\"\" data-overlay-pattern=\"\" data-overlay-pattern-opacity=\"\" data-overlay-pattern-size=\"\"    ><\/div><section class=\"l-section wpb_row us_custom_d392eac1 height_medium\"><div class=\"l-section-overlay\" style=\"background:rgba(255,255,255,0.6)\"><\/div><div class=\"l-section-h i-cf\"><div class=\"g-cols vc_row via_flex valign_top type_default stacking_default\"><div class=\"vc_col-sm-12 wpb_column vc_column_container us_animate_fade\"><div class=\"vc_column-inner us_custom_39428959\"><div class=\"wpb_wrapper\"><div class=\"w-grid us_grid items_valign_center type_grid layout_1270 cols_5 preload_style_spinner\" id=\"us_grid_1\" style=\"--columns:5;\" data-filterable=\"true\"><style>@media (max-width:1380px){#us_grid_1{--columns:3!important}}@media (max-width:1024px){#us_grid_1{--columns:2!important}}@media (max-width:600px){#us_grid_1{--columns:2!important}}.layout_1270 .w-grid-item-h{}.layout_1270 .usg_post_image_1{transition-duration:0.3s;opacity:0.66}.layout_1270 .w-grid-item-h:focus-within .usg_post_image_1,.layout_1270 .w-grid-item-h:hover .usg_post_image_1{opacity:1}.layout_1270 .usg_post_image_1{padding:2rem!important}<\/style><div class=\"w-grid-list\">\t<article class=\"w-grid-item size_1x1 post-2971 attachment type-attachment status-inherit hentry\" data-id=\"2971\">\r\n\t\t<div class=\"w-grid-item-h\">\r\n\t\t\t\t\t\t<div class=\"w-post-elm post_image usg_post_image_1 stretched\"><img loading=\"lazy\" decoding=\"async\" width=\"260\" height=\"260\" src=\"https:\/\/www.turmaden.com\/wp-content\/uploads\/2017\/03\/agroturismo-ecologico-menorca-turmaden-reserva-biosfera.png\" class=\"attachment-medium size-medium\" alt=\"\" srcset=\"https:\/\/www.turmaden.com\/wp-content\/uploads\/2017\/03\/agroturismo-ecologico-menorca-turmaden-reserva-biosfera.png 260w, https:\/\/www.turmaden.com\/wp-content\/uploads\/2017\/03\/agroturismo-ecologico-menorca-turmaden-reserva-biosfera-150x150.png 150w, https:\/\/www.turmaden.com\/wp-content\/uploads\/2017\/03\/agroturismo-ecologico-menorca-turmaden-reserva-biosfera-240x240.png 240w\" sizes=\"auto, (max-width: 260px) 100vw, 260px\" \/><\/div>\t\t<\/div>\r\n\t\t\t<\/article>\r\n\t<article class=\"w-grid-item size_1x1 post-2968 attachment type-attachment status-inherit hentry\" data-id=\"2968\">\r\n\t\t<div class=\"w-grid-item-h\">\r\n\t\t\t\t\t\t<div class=\"w-post-elm post_image usg_post_image_1 stretched\"><img loading=\"lazy\" decoding=\"async\" width=\"260\" height=\"260\" src=\"https:\/\/www.turmaden.com\/wp-content\/uploads\/2017\/03\/agroturismo-ecologico-menorca-turmaden-ceres.png\" class=\"attachment-medium size-medium\" alt=\"\" srcset=\"https:\/\/www.turmaden.com\/wp-content\/uploads\/2017\/03\/agroturismo-ecologico-menorca-turmaden-ceres.png 260w, https:\/\/www.turmaden.com\/wp-content\/uploads\/2017\/03\/agroturismo-ecologico-menorca-turmaden-ceres-150x150.png 150w, https:\/\/www.turmaden.com\/wp-content\/uploads\/2017\/03\/agroturismo-ecologico-menorca-turmaden-ceres-240x240.png 240w\" sizes=\"auto, (max-width: 260px) 100vw, 260px\" \/><\/div>\t\t<\/div>\r\n\t\t\t<\/article>\r\n\t<article class=\"w-grid-item size_1x1 post-2965 attachment type-attachment status-inherit hentry\" data-id=\"2965\">\r\n\t\t<div class=\"w-grid-item-h\">\r\n\t\t\t\t\t\t<div class=\"w-post-elm post_image usg_post_image_1 stretched\"><img loading=\"lazy\" decoding=\"async\" width=\"260\" height=\"260\" src=\"https:\/\/www.turmaden.com\/wp-content\/uploads\/2017\/03\/agroturismo-ecologico-menorca-turmaden-gob.png\" class=\"attachment-medium size-medium\" alt=\"\" srcset=\"https:\/\/www.turmaden.com\/wp-content\/uploads\/2017\/03\/agroturismo-ecologico-menorca-turmaden-gob.png 260w, https:\/\/www.turmaden.com\/wp-content\/uploads\/2017\/03\/agroturismo-ecologico-menorca-turmaden-gob-150x150.png 150w, https:\/\/www.turmaden.com\/wp-content\/uploads\/2017\/03\/agroturismo-ecologico-menorca-turmaden-gob-240x240.png 240w\" sizes=\"auto, (max-width: 260px) 100vw, 260px\" \/><\/div>\t\t<\/div>\r\n\t\t\t<\/article>\r\n\t<article class=\"w-grid-item size_1x1 post-2962 attachment type-attachment status-inherit hentry\" data-id=\"2962\">\r\n\t\t<div class=\"w-grid-item-h\">\r\n\t\t\t\t\t\t<div class=\"w-post-elm post_image usg_post_image_1 stretched\"><img loading=\"lazy\" decoding=\"async\" width=\"260\" height=\"260\" src=\"https:\/\/www.turmaden.com\/wp-content\/uploads\/2017\/03\/agroturismo-ecologico-menorca-turmaden-cbpae.png\" class=\"attachment-medium size-medium\" alt=\"\" srcset=\"https:\/\/www.turmaden.com\/wp-content\/uploads\/2017\/03\/agroturismo-ecologico-menorca-turmaden-cbpae.png 260w, https:\/\/www.turmaden.com\/wp-content\/uploads\/2017\/03\/agroturismo-ecologico-menorca-turmaden-cbpae-150x150.png 150w, https:\/\/www.turmaden.com\/wp-content\/uploads\/2017\/03\/agroturismo-ecologico-menorca-turmaden-cbpae-240x240.png 240w\" sizes=\"auto, (max-width: 260px) 100vw, 260px\" \/><\/div>\t\t<\/div>\r\n\t\t\t<\/article>\r\n\t<article class=\"w-grid-item size_1x1 post-2959 attachment type-attachment status-inherit hentry\" data-id=\"2959\">\r\n\t\t<div class=\"w-grid-item-h\">\r\n\t\t\t\t\t\t<div class=\"w-post-elm post_image usg_post_image_1 stretched\"><img loading=\"lazy\" decoding=\"async\" width=\"260\" height=\"260\" src=\"https:\/\/www.turmaden.com\/wp-content\/uploads\/2017\/03\/agroturismo-ecologico-menorca-turmaden-europa.png\" class=\"attachment-medium size-medium\" alt=\"\" srcset=\"https:\/\/www.turmaden.com\/wp-content\/uploads\/2017\/03\/agroturismo-ecologico-menorca-turmaden-europa.png 260w, https:\/\/www.turmaden.com\/wp-content\/uploads\/2017\/03\/agroturismo-ecologico-menorca-turmaden-europa-150x150.png 150w, https:\/\/www.turmaden.com\/wp-content\/uploads\/2017\/03\/agroturismo-ecologico-menorca-turmaden-europa-240x240.png 240w\" sizes=\"auto, (max-width: 260px) 100vw, 260px\" \/><\/div>\t\t<\/div>\r\n\t\t\t<\/article>\r\n<\/div>\t<div class=\"w-grid-preloader\">\r\n\t\t<div class=\"g-preloader type_1\">\r\n\t\t\t<div><\/div>\r\n\t\t<\/div>\r\n\t<\/div>\r\n\t\t<div class=\"w-grid-json hidden\" onclick='return {&quot;action&quot;:&quot;us_ajax_grid&quot;,&quot;infinite_scroll&quot;:0,&quot;max_num_pages&quot;:1,&quot;pagination&quot;:&quot;none&quot;,&quot;template_vars&quot;:{&quot;columns&quot;:&quot;5&quot;,&quot;exclude_items&quot;:&quot;none&quot;,&quot;img_size&quot;:&quot;medium&quot;,&quot;ignore_items_size&quot;:0,&quot;items_layout&quot;:&quot;1270&quot;,&quot;items_offset&quot;:&quot;1&quot;,&quot;load_animation&quot;:&quot;none&quot;,&quot;overriding_link&quot;:&quot;{\\&quot;url\\&quot;:\\&quot;\\&quot;}&quot;,&quot;post_id&quot;:0,&quot;query_args&quot;:{&quot;post_type&quot;:[&quot;attachment&quot;],&quot;post__in&quot;:[&quot;580&quot;,&quot;579&quot;,&quot;578&quot;,&quot;577&quot;,&quot;576&quot;],&quot;post_status&quot;:&quot;inherit&quot;,&quot;post_mime_type&quot;:&quot;image&quot;,&quot;posts_per_page&quot;:999},&quot;orderby_query_args&quot;:{&quot;orderby&quot;:{&quot;date&quot;:&quot;DESC&quot;}},&quot;type&quot;:&quot;grid&quot;,&quot;us_grid_post_type&quot;:&quot;attachment&quot;,&quot;us_grid_ajax_index&quot;:1,&quot;us_grid_filter_query_string&quot;:null,&quot;us_grid_index&quot;:1,&quot;page_args&quot;:[],&quot;lang&quot;:&quot;ca&quot;}}'><\/div>\r\n\t<\/div><\/div><\/div><\/div><\/div><\/div><\/section>\n","protected":false},"excerpt":{"rendered":"","protected":false},"author":5,"featured_media":0,"parent":0,"menu_order":0,"comment_status":"closed","ping_status":"closed","template":"","meta":{"footnotes":""},"class_list":["post-2610","page","type-page","status-publish","hentry"],"yoast_head":"<!-- This site is optimized with the Yoast SEO plugin v27.5 - https:\/\/yoast.com\/product\/yoast-seo-wordpress\/ -->\n<title>Comprom\u00eds amb el medi ambient - Agroturisme ecol\u00f2gic a Menorca<\/title>\n<meta name=\"description\" content=\"Turmad\u00e8n des Capit\u00e0 t\u00e9 un comprom\u00eds amb el medi ambient i el desenvolupament de criteris de sostenibilitat, cultura i tradicions locals.\" \/>\n<meta name=\"robots\" content=\"index, follow, max-snippet:-1, max-image-preview:large, max-video-preview:-1\" \/>\n<link rel=\"canonical\" href=\"https:\/\/www.turmaden.com\/ca\/turmaden-des-capita-agroturisme-ecologic-menorca-compromis-medi-ambient\/\" \/>\n<meta name=\"twitter:label1\" content=\"Est. reading time\" \/>\n\t<meta name=\"twitter:data1\" content=\"4 minutes\" \/>\n<script type=\"application\/ld+json\" class=\"yoast-schema-graph\">{\"@context\":\"https:\\\/\\\/schema.org\",\"@graph\":[{\"@type\":\"WebPage\",\"@id\":\"https:\\\/\\\/www.turmaden.com\\\/ca\\\/turmaden-des-capita-agroturisme-ecologic-menorca-compromis-medi-ambient\\\/\",\"url\":\"https:\\\/\\\/www.turmaden.com\\\/ca\\\/turmaden-des-capita-agroturisme-ecologic-menorca-compromis-medi-ambient\\\/\",\"name\":\"Comprom\u00eds amb el medi ambient - Agroturisme ecol\u00f2gic a Menorca\",\"isPartOf\":{\"@id\":\"https:\\\/\\\/www.turmaden.com\\\/#website\"},\"datePublished\":\"2020-03-18T09:40:26+00:00\",\"dateModified\":\"2020-04-28T10:22:34+00:00\",\"description\":\"Turmad\u00e8n des Capit\u00e0 t\u00e9 un comprom\u00eds amb el medi ambient i el desenvolupament de criteris de sostenibilitat, cultura i tradicions locals.\",\"breadcrumb\":{\"@id\":\"https:\\\/\\\/www.turmaden.com\\\/ca\\\/turmaden-des-capita-agroturisme-ecologic-menorca-compromis-medi-ambient\\\/#breadcrumb\"},\"inLanguage\":\"ca-ES\",\"potentialAction\":[{\"@type\":\"ReadAction\",\"target\":[\"https:\\\/\\\/www.turmaden.com\\\/ca\\\/turmaden-des-capita-agroturisme-ecologic-menorca-compromis-medi-ambient\\\/\"]}]},{\"@type\":\"BreadcrumbList\",\"@id\":\"https:\\\/\\\/www.turmaden.com\\\/ca\\\/turmaden-des-capita-agroturisme-ecologic-menorca-compromis-medi-ambient\\\/#breadcrumb\",\"itemListElement\":[{\"@type\":\"ListItem\",\"position\":1,\"name\":\"Portada\",\"item\":\"https:\\\/\\\/www.turmaden.com\\\/ca\\\/\"},{\"@type\":\"ListItem\",\"position\":2,\"name\":\"Comprom\u00eds\"}]},{\"@type\":\"WebSite\",\"@id\":\"https:\\\/\\\/www.turmaden.com\\\/#website\",\"url\":\"https:\\\/\\\/www.turmaden.com\\\/\",\"name\":\"Turmad\u00e8n des Capit\u00e0 - Agroturismo Menorca\",\"description\":\"Ecoagroturismo Menorca\",\"publisher\":{\"@id\":\"https:\\\/\\\/www.turmaden.com\\\/#organization\"},\"potentialAction\":[{\"@type\":\"SearchAction\",\"target\":{\"@type\":\"EntryPoint\",\"urlTemplate\":\"https:\\\/\\\/www.turmaden.com\\\/?s={search_term_string}\"},\"query-input\":{\"@type\":\"PropertyValueSpecification\",\"valueRequired\":true,\"valueName\":\"search_term_string\"}}],\"inLanguage\":\"ca-ES\"},{\"@type\":\"Organization\",\"@id\":\"https:\\\/\\\/www.turmaden.com\\\/#organization\",\"name\":\"Turmad\u00e8n des Capit\u00e0 - Agroturismo Menorca\",\"url\":\"https:\\\/\\\/www.turmaden.com\\\/\",\"logo\":{\"@type\":\"ImageObject\",\"inLanguage\":\"ca-ES\",\"@id\":\"https:\\\/\\\/www.turmaden.com\\\/#\\\/schema\\\/logo\\\/image\\\/\",\"url\":\"https:\\\/\\\/www.turmaden.com\\\/wp-content\\\/uploads\\\/2020\\\/02\\\/agroturismo-ecologico-menorca-turmaden-1.png\",\"contentUrl\":\"https:\\\/\\\/www.turmaden.com\\\/wp-content\\\/uploads\\\/2020\\\/02\\\/agroturismo-ecologico-menorca-turmaden-1.png\",\"width\":935,\"height\":283,\"caption\":\"Turmad\u00e8n des Capit\u00e0 - Agroturismo Menorca\"},\"image\":{\"@id\":\"https:\\\/\\\/www.turmaden.com\\\/#\\\/schema\\\/logo\\\/image\\\/\"},\"sameAs\":[\"https:\\\/\\\/www.instagram.com\\\/turmaden\\\/\"]}]}<\/script>\n<!-- \/ Yoast SEO plugin. -->","yoast_head_json":{"title":"Comprom\u00eds amb el medi ambient - Agroturisme ecol\u00f2gic a Menorca","description":"Turmad\u00e8n des Capit\u00e0 t\u00e9 un comprom\u00eds amb el medi ambient i el desenvolupament de criteris de sostenibilitat, cultura i tradicions locals.","robots":{"index":"index","follow":"follow","max-snippet":"max-snippet:-1","max-image-preview":"max-image-preview:large","max-video-preview":"max-video-preview:-1"},"canonical":"https:\/\/www.turmaden.com\/ca\/turmaden-des-capita-agroturisme-ecologic-menorca-compromis-medi-ambient\/","twitter_misc":{"Est. reading time":"4 minutes"},"schema":{"@context":"https:\/\/schema.org","@graph":[{"@type":"WebPage","@id":"https:\/\/www.turmaden.com\/ca\/turmaden-des-capita-agroturisme-ecologic-menorca-compromis-medi-ambient\/","url":"https:\/\/www.turmaden.com\/ca\/turmaden-des-capita-agroturisme-ecologic-menorca-compromis-medi-ambient\/","name":"Comprom\u00eds amb el medi ambient - Agroturisme ecol\u00f2gic a Menorca","isPartOf":{"@id":"https:\/\/www.turmaden.com\/#website"},"datePublished":"2020-03-18T09:40:26+00:00","dateModified":"2020-04-28T10:22:34+00:00","description":"Turmad\u00e8n des Capit\u00e0 t\u00e9 un comprom\u00eds amb el medi ambient i el desenvolupament de criteris de sostenibilitat, cultura i tradicions locals.","breadcrumb":{"@id":"https:\/\/www.turmaden.com\/ca\/turmaden-des-capita-agroturisme-ecologic-menorca-compromis-medi-ambient\/#breadcrumb"},"inLanguage":"ca-ES","potentialAction":[{"@type":"ReadAction","target":["https:\/\/www.turmaden.com\/ca\/turmaden-des-capita-agroturisme-ecologic-menorca-compromis-medi-ambient\/"]}]},{"@type":"BreadcrumbList","@id":"https:\/\/www.turmaden.com\/ca\/turmaden-des-capita-agroturisme-ecologic-menorca-compromis-medi-ambient\/#breadcrumb","itemListElement":[{"@type":"ListItem","position":1,"name":"Portada","item":"https:\/\/www.turmaden.com\/ca\/"},{"@type":"ListItem","position":2,"name":"Comprom\u00eds"}]},{"@type":"WebSite","@id":"https:\/\/www.turmaden.com\/#website","url":"https:\/\/www.turmaden.com\/","name":"Turmad\u00e8n des Capit\u00e0 - Agroturismo Menorca","description":"Ecoagroturismo Menorca","publisher":{"@id":"https:\/\/www.turmaden.com\/#organization"},"potentialAction":[{"@type":"SearchAction","target":{"@type":"EntryPoint","urlTemplate":"https:\/\/www.turmaden.com\/?s={search_term_string}"},"query-input":{"@type":"PropertyValueSpecification","valueRequired":true,"valueName":"search_term_string"}}],"inLanguage":"ca-ES"},{"@type":"Organization","@id":"https:\/\/www.turmaden.com\/#organization","name":"Turmad\u00e8n des Capit\u00e0 - Agroturismo Menorca","url":"https:\/\/www.turmaden.com\/","logo":{"@type":"ImageObject","inLanguage":"ca-ES","@id":"https:\/\/www.turmaden.com\/#\/schema\/logo\/image\/","url":"https:\/\/www.turmaden.com\/wp-content\/uploads\/2020\/02\/agroturismo-ecologico-menorca-turmaden-1.png","contentUrl":"https:\/\/www.turmaden.com\/wp-content\/uploads\/2020\/02\/agroturismo-ecologico-menorca-turmaden-1.png","width":935,"height":283,"caption":"Turmad\u00e8n des Capit\u00e0 - Agroturismo Menorca"},"image":{"@id":"https:\/\/www.turmaden.com\/#\/schema\/logo\/image\/"},"sameAs":["https:\/\/www.instagram.com\/turmaden\/"]}]}},"_links":{"self":[{"href":"https:\/\/www.turmaden.com\/ca\/wp-json\/wp\/v2\/pages\/2610","targetHints":{"allow":["GET"]}}],"collection":[{"href":"https:\/\/www.turmaden.com\/ca\/wp-json\/wp\/v2\/pages"}],"about":[{"href":"https:\/\/www.turmaden.com\/ca\/wp-json\/wp\/v2\/types\/page"}],"author":[{"embeddable":true,"href":"https:\/\/www.turmaden.com\/ca\/wp-json\/wp\/v2\/users\/5"}],"replies":[{"embeddable":true,"href":"https:\/\/www.turmaden.com\/ca\/wp-json\/wp\/v2\/comments?post=2610"}],"version-history":[{"count":7,"href":"https:\/\/www.turmaden.com\/ca\/wp-json\/wp\/v2\/pages\/2610\/revisions"}],"predecessor-version":[{"id":3571,"href":"https:\/\/www.turmaden.com\/ca\/wp-json\/wp\/v2\/pages\/2610\/revisions\/3571"}],"wp:attachment":[{"href":"https:\/\/www.turmaden.com\/ca\/wp-json\/wp\/v2\/media?parent=2610"}],"curies":[{"name":"wp","href":"https:\/\/api.w.org\/{rel}","templated":true}]}}