{"id":8,"date":"2017-01-30T14:07:47","date_gmt":"2017-01-30T14:07:47","guid":{"rendered":"http:\/\/www.turmaden.com\/?page_id=8"},"modified":"2022-03-10T18:50:08","modified_gmt":"2022-03-10T18:50:08","slug":"agroturisme","status":"publish","type":"page","link":"https:\/\/www.turmaden.com\/ca\/","title":{"rendered":"Turmad\u00e8n des Capit\u00e0 &#8211; Agroturisme Menorca"},"content":{"rendered":"<section class=\"l-section wpb_row height_auto width_full\"><div class=\"l-section-h i-cf\"><div class=\"g-cols vc_row via_flex valign_middle type_default stacking_default\"><div class=\"vc_col-sm-12 wpb_column vc_column_container\"><div class=\"vc_column-inner\"><div class=\"wpb_wrapper\">\n\t\t\t<!-- START HomeCA REVOLUTION SLIDER 6.7.40 --><p class=\"rs-p-wp-fix\"><\/p>\n\t\t\t<rs-module-wrap id=\"rev_slider_33_1_wrapper\" data-source=\"gallery\" style=\"visibility:hidden;background:transparent;padding:0;margin:0px auto;margin-top:0;margin-bottom:0;\">\n\t\t\t\t<rs-module id=\"rev_slider_33_1\" style=\"\" data-version=\"6.7.40\">\n\t\t\t\t\t<rs-slides style=\"overflow: hidden; position: absolute;\">\n\t\t\t\t\t\t<rs-slide style=\"position: absolute;\" data-key=\"rs-81\" data-title=\"Slide\" data-thumb=\"\/\/www.turmaden.com\/wp-content\/uploads\/2020\/02\/agroturismo-menorca-turmaden-vista-aerea-1-100x50.jpg\" data-duration=\"6000\" data-anim=\"ms:600;\" data-in=\"o:0;\" data-out=\"a:false;\">\n\t\t\t\t\t\t\t<img decoding=\"async\" src=\"\/\/www.turmaden.com\/wp-content\/plugins\/revslider\/sr6\/assets\/assets\/dummy.png\" alt=\"Agroturismo-Menorca-Turmaden-Vista-A\u00e9rea\" title=\"Agroturismo-Menorca-Turmaden-Vista-A\u00e9rea.JPG\" width=\"1920\" height=\"903\" class=\"rev-slidebg tp-rs-img rs-lazyload\" data-lazyload=\"\/\/www.turmaden.com\/wp-content\/uploads\/2020\/02\/agroturismo-menorca-turmaden-vista-aerea-1.jpg\" data-parallax=\"off\" data-no-retina>\n<!--\n\t\t\t\t\t\t\t--><rs-layer\n\t\t\t\t\t\t\t\tid=\"slider-33-slide-81-layer-8\" \n\t\t\t\t\t\t\t\tdata-type=\"text\"\n\t\t\t\t\t\t\t\tdata-tsh=\"c:#000000;h:3px;v:3px;b:15px;\"\n\t\t\t\t\t\t\t\tdata-rsp_ch=\"on\"\n\t\t\t\t\t\t\t\tdata-xy=\"x:c;y:m;\"\n\t\t\t\t\t\t\t\tdata-text=\"s:70,40,40,40;l:80;fw:200;a:center;\"\n\t\t\t\t\t\t\t\tdata-frame_0=\"tp:600;\"\n\t\t\t\t\t\t\t\tdata-frame_1=\"tp:600;st:850;sp:600;sR:850;\"\n\t\t\t\t\t\t\t\tdata-frame_999=\"o:0;tp:600;e:power2.in;st:5080;sp:420;sR:3470;\"\n\t\t\t\t\t\t\t\tstyle=\"z-index:5;background-color:rgba(12,12,12,0);font-family:'Montserrat';\"\n\t\t\t\t\t\t\t>MENORCA EN ESTAT PUR \n\t\t\t\t\t\t\t<\/rs-layer><!--\n-->\t\t\t\t\t<\/rs-slide>\n\t\t\t\t\t\t<rs-slide style=\"position: absolute;\" data-key=\"rs-82\" data-title=\"Slide2\" data-thumb=\"\/\/www.turmaden.com\/wp-content\/uploads\/2020\/02\/agroturismo-menorca-turmaden-natura-100x50.jpg\" data-duration=\"6000\" data-anim=\"ms:600;\" data-in=\"o:0;\" data-out=\"a:false;\">\n\t\t\t\t\t\t\t<img decoding=\"async\" src=\"\/\/www.turmaden.com\/wp-content\/plugins\/revslider\/sr6\/assets\/assets\/dummy.png\" alt=\"Agroturismo-Menorca-Turmaden-Entorno\" title=\"Agroturismo-Menorca-Turmaden-Entorno.JPG\" width=\"1920\" height=\"903\" class=\"rev-slidebg tp-rs-img rs-lazyload\" data-lazyload=\"\/\/www.turmaden.com\/wp-content\/uploads\/2020\/02\/agroturismo-menorca-turmaden-natura.jpg\" data-parallax=\"off\" data-no-retina>\n<!--\n\t\t\t\t\t\t\t--><rs-layer\n\t\t\t\t\t\t\t\tid=\"slider-33-slide-82-layer-8\" \n\t\t\t\t\t\t\t\tdata-type=\"text\"\n\t\t\t\t\t\t\t\tdata-tsh=\"c:#000000;h:3px;v:3px;b:15px;\"\n\t\t\t\t\t\t\t\tdata-rsp_ch=\"on\"\n\t\t\t\t\t\t\t\tdata-xy=\"x:c;y:m;\"\n\t\t\t\t\t\t\t\tdata-text=\"s:70,50,50,50;l:80;fw:200;a:center;\"\n\t\t\t\t\t\t\t\tdata-frame_0=\"tp:600;\"\n\t\t\t\t\t\t\t\tdata-frame_1=\"tp:600;st:850;sp:600;sR:850;\"\n\t\t\t\t\t\t\t\tdata-frame_999=\"o:0;tp:600;e:power2.in;st:5080;sp:420;sR:3470;\"\n\t\t\t\t\t\t\t\tstyle=\"z-index:7;background-color:rgba(12,12,12,0);font-family:'Montserrat';\"\n\t\t\t\t\t\t\t>SENTIR EL CAR\u00c0CTER \n\t\t\t\t\t\t\t<\/rs-layer><!--\n-->\t\t\t\t\t<\/rs-slide>\n\t\t\t\t\t\t<rs-slide style=\"position: absolute;\" data-key=\"rs-83\" data-title=\"Slide3\" data-thumb=\"\/\/www.turmaden.com\/wp-content\/uploads\/2020\/04\/agroturismo-menorca-piscina-100x50.jpg\" data-duration=\"6000\" data-anim=\"ms:600;r:0;\" data-in=\"o:0;\" data-out=\"a:false;\">\n\t\t\t\t\t\t\t<img decoding=\"async\" src=\"\/\/www.turmaden.com\/wp-content\/plugins\/revslider\/sr6\/assets\/assets\/dummy.png\" alt=\"\" title=\"agroturismo-menorca-piscina.JPG\" width=\"1920\" height=\"903\" class=\"rev-slidebg tp-rs-img rs-lazyload\" data-lazyload=\"\/\/www.turmaden.com\/wp-content\/uploads\/2020\/04\/agroturismo-menorca-piscina.jpg\" data-parallax=\"off\" data-no-retina>\n<!--\n\t\t\t\t\t\t\t--><rs-layer\n\t\t\t\t\t\t\t\tid=\"slider-33-slide-83-layer-8\" \n\t\t\t\t\t\t\t\tdata-type=\"text\"\n\t\t\t\t\t\t\t\tdata-tsh=\"c:#000000;h:3px;v:3px;b:15px;\"\n\t\t\t\t\t\t\t\tdata-rsp_ch=\"on\"\n\t\t\t\t\t\t\t\tdata-xy=\"x:c;y:m;\"\n\t\t\t\t\t\t\t\tdata-text=\"s:70,40,40,40;l:80;fw:200;a:center;\"\n\t\t\t\t\t\t\t\tdata-frame_0=\"tp:600;\"\n\t\t\t\t\t\t\t\tdata-frame_1=\"tp:600;st:850;sp:600;sR:850;\"\n\t\t\t\t\t\t\t\tdata-frame_999=\"o:0;tp:600;e:power2.in;st:5080;sp:420;sR:3470;\"\n\t\t\t\t\t\t\t\tstyle=\"z-index:7;background-color:rgba(12,12,12,0);font-family:'Montserrat';\"\n\t\t\t\t\t\t\t>RELAXAR-SE I DEIXAR-SE PORTAR \n\t\t\t\t\t\t\t<\/rs-layer><!--\n-->\t\t\t\t\t<\/rs-slide>\n\t\t\t\t\t<\/rs-slides>\n\t\t\t\t<\/rs-module>\n\t\t\t\t<script>\n\t\t\t\t\tsetREVStartSize({c: 'rev_slider_33_1',rl:[1240,1024,1024,1024],el:[660,405,405,405],gw:[1400,720,720,720],gh:[660,405,405,405],type:'standard',justify:'',layout:'fullwidth',mh:\"0\"});if (window.RS_MODULES!==undefined && window.RS_MODULES.modules!==undefined && window.RS_MODULES.modules[\"revslider331\"]!==undefined) {window.RS_MODULES.modules[\"revslider331\"].once = false;window.revapi33 = undefined;if (window.RS_MODULES.checkMinimal!==undefined) window.RS_MODULES.checkMinimal()}\n\t\t\t\t<\/script>\n\t\t\t<\/rs-module-wrap>\n\t\t\t<!-- END REVOLUTION SLIDER -->\n<\/div><\/div><\/div><\/div><\/div><\/section><!-- Row Backgrounds --><div class=\"upb_color\" data-bg-override=\"0\" data-bg-color=\"#efefed\" data-fadeout=\"\" data-fadeout-percentage=\"30\" data-parallax-content=\"\" data-parallax-content-sense=\"30\" data-row-effect-mobile-disable=\"true\" data-img-parallax-mobile-disable=\"true\" data-rtl=\"false\"  data-custom-vc-row=\"\"  data-vc=\"8.7.2\"  data-is_old_vc=\"\"  data-theme-support=\"\"   data-overlay=\"false\" data-overlay-color=\"\" data-overlay-pattern=\"\" data-overlay-pattern-opacity=\"\" data-overlay-pattern-size=\"\"    ><\/div><section class=\"l-section wpb_row height_small\"><div class=\"l-section-h i-cf\"><div class=\"g-cols vc_row via_flex valign_top type_default stacking_default\"><div class=\"vc_col-sm-12 wpb_column vc_column_container\"><div class=\"vc_column-inner\"><div class=\"wpb_wrapper\"><div class=\"wpb_widgetised_column wpb_content_element\"><div class=\"wpb_wrapper\"><div id=\"custom_html-3\" class=\"widget_text widget widget_custom_html\"><div class=\"textwidget custom-html-widget\"><div class=\"wpb_wrapper\">\r\n\t\r\n\r\n<div class=\"w-form layout_hor us_form_1\">\r\n<form class=\"w-form-h\" action=\"https:\/\/turmaden.guestpro.com\/ca\/engine\/\" method=\"get\">\r\n<input type=\"hidden\" id=\"start\" name=\"start\" value=\"\" \/>\r\n<input type=\"hidden\" id=\"end\" name=\"end\" value=\"\" \/>\r\n\t\r\n<input type=\"hidden\" id=\"occupancy\" name=\"occupancy\" value=\"2\" \/>\r\n\r\n\t\t\t\t<div class=\"w-form-row for_text with_icon cols_3  has_label\">\r\n\t\t\t\t\t<div class=\"w-form-row-label\">\r\n\t\t\t<span>ENTRADA<\/span>\r\n\t\t<\/div>\r\n\t\t<div class=\"w-form-row-field\">\r\n\t\t<i class=\"far fa-calendar\"><\/i><input type=\"text\" id=\"dt1\" name=\"dt1\" aria-label=\"Check-in\" value=\"\" placeholder=\"\" \/>\r\n\t\t\t<\/div>\r\n\r\n<\/div>\r\n\t\t<div class=\"w-form-row for_text with_icon cols_3  has_label\">\r\n\t\t\t<div class=\"w-form-row-label\">\r\n\t\t\t<span>SORTIDA<\/span>\r\n\t\t<\/div>\r\n\t\t<div class=\"w-form-row-field\">\r\n\t\t<i class=\"far fa-calendar\"><\/i>\t\t<input type=\"text\" id=\"dt2\" name=\"dt2\" aria-label=\"Check-out\" value=\"\" placeholder=\"\"\/>\r\n\t\t\t<\/div>\r\n\t\t\r\n<\/div>\r\n\t\t<div class=\"w-form-row for_text with_icon cols_3  has_label\">\r\n\t\t\t<div class=\"w-form-row-label\">\r\n\t\t\t<span>PROMO<\/span>\r\n\t\t<\/div>\r\n\t\t<div class=\"w-form-row-field\">\r\n\t\t<i class=\"far fa-star\"><\/i>\t\t<input type=\"text\" id=\"promo\" name=\"promo\" aria-label=\"C\u00f3digo\" value=\"\" placeholder=\"Codi\"\/>\r\n\t\t\t<\/div>\r\n<\/div>\r\n\t\r\n\t\t<div class=\"botoreservar w-form-row for_submit align_left\">\r\n\t<div class=\"w-form-row-field\">\r\n\t\t\t\t<button class=\"w-btn  us-btn-style_1\"  style=\"font-size:1rem;\" type=\"submit\" aria-label=\"Reservar\">\r\n\t\t\t<span class=\"g-preloader type_1\"><\/span>\r\n\t\t\t\t\t\t<span class=\"w-btn-label\">RESERVAR<\/span>\r\n\t\t\t\t\t<\/button>\r\n\t<\/div>\r\n<\/div>\r\n\r\n<script type=\"text\/javascript\"> jQuery(document).ready(function($) {\r\n    \r\n        $(\"#dt1\").datepicker({         \r\ndateFormat: \"dd-mm-yy\",\r\n   allowInputToggle: true,\r\n\t    altFormat:'yy-mm-dd',\r\n            altField:'#start',\r\n            minDate: 0,\r\n            onSelect: function (date) {\r\n                var date2 = $('#dt1').datepicker('getDate');\r\n                date2.setDate(date2.getDate() + 1);\r\n                $('#dt2').datepicker('setDate', date2);\r\n                \/\/sets minDate to dt1 date + 2\r\n                $('#dt2').datepicker('option', 'minDate', date2);\r\n            }\r\n        });\r\n\r\n\t$(\"#dt1\").datepicker(\"setDate\", \"+0\").attr('readonly', true);\r\n\r\n\r\n        $('#dt2').datepicker({\r\n            dateFormat: \"dd-mm-yy\",\r\n   allowInputToggle: true,\r\n\t   altFormat:'yy-mm-dd',\r\n           altField:'#end',\r\n            onClose: function () {\r\n                var dt1 = $('#dt1').datepicker('getDate');\r\n                console.log(dt1);\r\n                var dt2 = $('#dt2').datepicker('getDate');\r\n                if (dt2 <= dt1) {\r\n                    var minDate = $('#dt2').datepicker('option', 'minDate');\r\n                    $('#dt2').datepicker('setDate', minDate);\r\n                }\r\n            }\r\n        });\r\n\r\n\r\n\t$(\"#dt2\").datepicker(\"setDate\", \"+1\").attr('readonly', true);\r\n\r\n    });\r\n\r\n<\/script>\r\n\r\n\r\n\r\n\r\n\r\n\r\n<\/form>\r\n<\/div>\r\n\r\n<\/div><\/div><\/div><\/div><\/div><\/div><\/div><\/div><\/div><\/div><\/section><!-- Row Backgrounds --><div class=\"upb_color\" data-bg-override=\"0\" data-bg-color=\"#efefed\" data-fadeout=\"\" data-fadeout-percentage=\"30\" data-parallax-content=\"\" data-parallax-content-sense=\"30\" data-row-effect-mobile-disable=\"true\" data-img-parallax-mobile-disable=\"true\" data-rtl=\"false\"  data-custom-vc-row=\"\"  data-vc=\"8.7.2\"  data-is_old_vc=\"\"  data-theme-support=\"\"   data-overlay=\"false\" data-overlay-color=\"\" data-overlay-pattern=\"\" data-overlay-pattern-opacity=\"\" data-overlay-pattern-size=\"\"    ><\/div><section class=\"l-section wpb_row us_custom_35a61a6d height_medium\"><div class=\"l-section-overlay\" style=\"background:rgba(255,255,255,0.6)\"><\/div><div class=\"l-section-h i-cf\"><div class=\"g-cols vc_row via_flex valign_top type_default stacking_default\"><div class=\"vc_col-sm-12 wpb_column vc_column_container us_animate_fade\"><div class=\"vc_column-inner\"><div class=\"wpb_wrapper\"><div class=\"wpb_text_column\"><div class=\"wpb_wrapper\"><div id=\"titol-portada\" style=\"text-align: center;\">\n<h1>TURMAD\u00c8N DES CAPIT\u00c0<br \/>\n<span id=\"subtitol-home\" style=\"color: #000; font-size: 20px;\">Agroturisme ecol\u00f2gic a Menorca<\/span><\/h1>\n<\/div>\n<\/div><\/div><div class=\"wpb_text_column\"><div class=\"wpb_wrapper\"><p style=\"text-align: center;\">Turmad\u00e8n des Capit\u00e0 \u00e9s un petit <strong>agroturisme ecol\u00f2gic a Menorca<\/strong>. Situat en el cor de l&#8217;illa, entre els pobles d&#8217;Alaior i Es Mercadal, Turmad\u00e8n \u00e9s el refugi perfecte per als amants de la natura, on es barreja el confort, estil i car\u00e0cter amb la passi\u00f3 i el comprom\u00eds amb el <strong>medi ambient<\/strong>.<\/p>\n<p style=\"text-align: center;\"><strong>Turmad\u00e8n<\/strong> \u00e9s un nom \u00e0rab que significa Muntanya de la Mina, en refer\u00e8ncia a una mina abandonada i atribu\u00efda als romans. Cap a principis de segle XIV ja apareix documentaci\u00f3 concreta sobre la finca o alqueria de Turmad\u00e8n, part del patrimoni familiar des de fa moltes generacions.<\/p>\n<p style=\"text-align: center;\">Des de l&#8217;any 2003 hem estat recuperant l&#8217;activitat agr\u00e0ria, que havia estat abandonada el 1996. Hem apostat per la producci\u00f3 ecol\u00f2gica perqu\u00e8 \u00e9s important tenir cura tant de <strong>la salut<\/strong> com <strong>la terra<\/strong>. Actualment produ\u00efm carn ecol\u00f2gica i mel per a la seva venda, i altres productes per abastir l&#8217;agroturisme. Fer un \u00fas responsable de l&#8217;aigua i l&#8217;energia han estat dos pilars en el nostre projecte. L&#8217;aigua \u00e9s depurada de manera ecol\u00f2gica i l&#8217;energia per a la calefacci\u00f3 i aigua calenta sanit\u00e0ria es produeix a la mateixa finca.<\/p>\n<\/div><\/div><\/div><\/div><\/div><\/div><\/div><\/section><section class=\"l-section wpb_row height_medium with_img\"><div class=\"l-section-img\" role=\"img\" aria-label=\"Agroturismo-Menorca-Karl-Blossfeldt\" data-img-width=\"755\" data-img-height=\"1181\" style=\"background-image: url(https:\/\/www.turmaden.com\/wp-content\/uploads\/2020\/02\/agroturismo-menorca-turmaden-karl-blossfeldt-6.jpg);background-position: bottom left;background-repeat: no-repeat;background-size: contain;\"><\/div><div class=\"l-section-overlay\" style=\"background:rgba(255,255,255,0.8)\"><\/div><div class=\"l-section-h i-cf\"><div class=\"g-cols vc_row via_flex valign_top type_default stacking_default\"><div class=\"vc_col-sm-4 wpb_column vc_column_container\"><div class=\"vc_column-inner\"><div class=\"wpb_wrapper\"><div class=\"w-image align_none us_animate_fade\"><a title=\"Habitacions de l&#039;Agroturisme\" href=\"https:\/\/www.turmaden.com\/ca\/habitacions-turmaden-des-capita\/\" aria-label=\"Habitaciones del agroturismo\" class=\"w-image-h\"><img decoding=\"async\" width=\"600\" height=\"600\" src=\"https:\/\/www.turmaden.com\/wp-content\/uploads\/2017\/03\/agroturismo-ecologico-menorca-turmaden-hotel-encanto-4-600x600.jpg\" class=\"attachment-us_600_600_crop size-us_600_600_crop\" alt=\"\" loading=\"lazy\" srcset=\"https:\/\/www.turmaden.com\/wp-content\/uploads\/2017\/03\/agroturismo-ecologico-menorca-turmaden-hotel-encanto-4-600x600.jpg 600w, https:\/\/www.turmaden.com\/wp-content\/uploads\/2017\/03\/agroturismo-ecologico-menorca-turmaden-hotel-encanto-4-150x150.jpg 150w, https:\/\/www.turmaden.com\/wp-content\/uploads\/2017\/03\/agroturismo-ecologico-menorca-turmaden-hotel-encanto-4-350x350.jpg 350w\" sizes=\"auto, (max-width: 600px) 100vw, 600px\" \/><\/a><\/div><div class=\"w-separator size_medium\"><\/div><div class=\"wpb_text_column\"><div class=\"wpb_wrapper\"><h3>Habitacions de l&#8217;Agroturisme<\/h3>\n<\/div><\/div><div class=\"wpb_text_column us_custom_e11ab399\"><div class=\"wpb_wrapper\"><p>En el nostre petit agroturisme disposem d&#8217;una magn\u00edfica suite i cinc habitacions dobles restaurades i decorades amb delicadesa i mim. Hem combinat criteris de bioconstrucci\u00f3 amb l&#8217;\u00fas de materials tradicionals conservant aix\u00ed el car\u00e0cter propi de Menorca.<\/p>\n<\/div><\/div><div class=\"w-btn-wrapper align_none\"><a class=\"w-btn us-btn-style_1 us_custom_1d849380 has_text_color icon_atleft\" title=\"Habitacions de l&#039;Agroturisme\" href=\"https:\/\/www.turmaden.com\/ca\/habitacions-turmaden-des-capita\/\"><i class=\"fas fa-angle-right\"><\/i><span class=\"w-btn-label\">Habitacions de l&#8217;agroturisme<\/span><\/a><\/div><\/div><\/div><\/div><div class=\"vc_col-sm-4 wpb_column vc_column_container\"><div class=\"vc_column-inner\"><div class=\"wpb_wrapper\"><div class=\"w-image align_none us_animate_fade\" style=\"animation-delay:0.2s\"><a title=\"Agroturisme ecol\u00f2gic\" href=\"https:\/\/www.turmaden.com\/ca\/turmaden-des-capita-agroturisme-ecologic-menorca-compromis-medi-ambient\/\" aria-label=\"agroturismo-menorca-vacas\" class=\"w-image-h\"><img decoding=\"async\" width=\"600\" height=\"600\" src=\"https:\/\/www.turmaden.com\/wp-content\/uploads\/2020\/04\/agroturismo-menorca-vacas-600x600.jpg\" class=\"attachment-us_600_600_crop size-us_600_600_crop\" alt=\"\" loading=\"lazy\" srcset=\"https:\/\/www.turmaden.com\/wp-content\/uploads\/2020\/04\/agroturismo-menorca-vacas-600x600.jpg 600w, https:\/\/www.turmaden.com\/wp-content\/uploads\/2020\/04\/agroturismo-menorca-vacas-300x300.jpg 300w, https:\/\/www.turmaden.com\/wp-content\/uploads\/2020\/04\/agroturismo-menorca-vacas-150x150.jpg 150w, https:\/\/www.turmaden.com\/wp-content\/uploads\/2020\/04\/agroturismo-menorca-vacas-350x350.jpg 350w, https:\/\/www.turmaden.com\/wp-content\/uploads\/2020\/04\/agroturismo-menorca-vacas-768x768.jpg 768w, https:\/\/www.turmaden.com\/wp-content\/uploads\/2020\/04\/agroturismo-menorca-vacas-240x240.jpg 240w, https:\/\/www.turmaden.com\/wp-content\/uploads\/2020\/04\/agroturismo-menorca-vacas.jpg 1000w\" sizes=\"auto, (max-width: 600px) 100vw, 600px\" \/><\/a><\/div><div class=\"w-separator size_medium\"><\/div><div class=\"wpb_text_column\"><div class=\"wpb_wrapper\"><h3>Un petit hotel eco<\/h3>\n<\/div><\/div><div class=\"wpb_text_column\"><div class=\"wpb_wrapper\"><p>L&#8217;any 2003 v\u00e0rem iniciar la recuperaci\u00f3 de Turmad\u00e8n des Capit\u00e0, part del nostre patrimoni familiar. Optem per un nou projecte agrari basat en l&#8217;agricultura ecol\u00f2gica, combinat amb un petit hotel rural amb l&#8217;objectiu de desenvolupar una activitat compromesa amb el medi ambient i la nostra identitat.<\/p>\n<\/div><\/div><div class=\"w-btn-wrapper align_none\"><a class=\"w-btn us-btn-style_1 us_custom_1d849380 has_text_color icon_atleft\" title=\"Agroturisme ecol\u00f2gic\" href=\"https:\/\/www.turmaden.com\/ca\/turmaden-des-capita-agroturisme-ecologic-menorca-compromis-medi-ambient\/\"><i class=\"fas fa-angle-right\"><\/i><span class=\"w-btn-label\">Un petit hotel eco<\/span><\/a><\/div><\/div><\/div><\/div><div class=\"vc_col-sm-4 wpb_column vc_column_container\"><div class=\"vc_column-inner\"><div class=\"wpb_wrapper\"><div class=\"w-image align_none us_animate_fade\" style=\"animation-delay:0.4s\"><a title=\"Hotel amb encant\" href=\"https:\/\/www.turmaden.com\/ca\/hotel-rural-amb-encant-turmaden-agroturisme-ecologic-menorca\/\" aria-label=\"hotel-con-encanto\" class=\"w-image-h\"><img decoding=\"async\" width=\"600\" height=\"600\" src=\"https:\/\/www.turmaden.com\/wp-content\/uploads\/2020\/05\/hotel-con-encanto-600x600.jpg\" class=\"attachment-us_600_600_crop size-us_600_600_crop\" alt=\"\" loading=\"lazy\" srcset=\"https:\/\/www.turmaden.com\/wp-content\/uploads\/2020\/05\/hotel-con-encanto-600x600.jpg 600w, https:\/\/www.turmaden.com\/wp-content\/uploads\/2020\/05\/hotel-con-encanto-150x150.jpg 150w, https:\/\/www.turmaden.com\/wp-content\/uploads\/2020\/05\/hotel-con-encanto-350x350.jpg 350w\" sizes=\"auto, (max-width: 600px) 100vw, 600px\" \/><\/a><\/div><div class=\"w-separator size_medium\"><\/div><div class=\"wpb_text_column\"><div class=\"wpb_wrapper\"><h3>Som un hotel amb encant<\/h3>\n<\/div><\/div><div class=\"wpb_text_column\"><div class=\"wpb_wrapper\"><p>Rafel i els meus fills Blai i Ada vivim a la granja tot l&#8217;any. Amb l&#8217;ajuda del nostre equip, volem que durant la vostra estada us sentiu com a casa i gaudiu de la nostra meravellosa illa. Ens agrada la natura i viure en harmonia amb l&#8217;entorn, i aqu\u00ed \u00e9s on realitzam el nostre somni, compartint-lo amb vosaltres.<\/p>\n<\/div><\/div><div class=\"w-btn-wrapper align_none\"><a class=\"w-btn us-btn-style_1 us_custom_1d849380 has_text_color icon_atleft\" title=\"Hotel amb encant\" href=\"https:\/\/www.turmaden.com\/ca\/hotel-rural-amb-encant-turmaden-agroturisme-ecologic-menorca\/\"><i class=\"fas fa-angle-right\"><\/i><span class=\"w-btn-label\">Som un hotel amb encant<\/span><\/a><\/div><\/div><\/div><\/div><\/div><\/div><\/section>\n","protected":false},"excerpt":{"rendered":"MENORCA EN ESTAT PUR SENTIR EL CAR\u00c0CTER RELAXAR-SE I DEIXAR-SE PORTAR ENTRADA SORTIDA PROMO RESERVAR TURMAD\u00c8N DES CAPIT\u00c0 Agroturisme ecol\u00f2gic a Menorca Turmad\u00e8n des Capit\u00e0 \u00e9s un petit agroturisme ecol\u00f2gic a Menorca. Situat en el cor de l&#8217;illa, entre els pobles d&#8217;Alaior i Es Mercadal, Turmad\u00e8n \u00e9s el refugi perfecte per als amants de la...","protected":false},"author":5,"featured_media":0,"parent":0,"menu_order":0,"comment_status":"closed","ping_status":"closed","template":"","meta":{"footnotes":""},"class_list":["post-8","page","type-page","status-publish","hentry"],"yoast_head":"<!-- This site is optimized with the Yoast SEO plugin v27.5 - https:\/\/yoast.com\/product\/yoast-seo-wordpress\/ -->\n<title>Agroturisme Ecol\u00f2gic a Menorca - Turmad\u00e8n des Capit\u00e0 - P\u00e0gina oficial<\/title>\n<meta name=\"description\" content=\"Agroturisme ecol\u00f2gic a Menorca, entre Alaior i Es Mercadal, on es mescla el confort, estil i car\u00e0cter amb el comprom\u00eds amb el medi ambient.\" \/>\n<meta name=\"robots\" content=\"index, follow, max-snippet:-1, max-image-preview:large, max-video-preview:-1\" \/>\n<link rel=\"canonical\" href=\"https:\/\/www.turmaden.com\/ca\/\" \/>\n<meta name=\"twitter:label1\" content=\"Est. reading time\" \/>\n\t<meta name=\"twitter:data1\" content=\"4 minutes\" \/>\n<script type=\"application\/ld+json\" class=\"yoast-schema-graph\">{\"@context\":\"https:\\\/\\\/schema.org\",\"@graph\":[{\"@type\":\"WebPage\",\"@id\":\"https:\\\/\\\/www.turmaden.com\\\/ca\\\/\",\"url\":\"https:\\\/\\\/www.turmaden.com\\\/ca\\\/\",\"name\":\"Agroturisme Ecol\u00f2gic a Menorca - Turmad\u00e8n des Capit\u00e0 - P\u00e0gina oficial\",\"isPartOf\":{\"@id\":\"https:\\\/\\\/www.turmaden.com\\\/#website\"},\"datePublished\":\"2017-01-30T14:07:47+00:00\",\"dateModified\":\"2022-03-10T18:50:08+00:00\",\"description\":\"Agroturisme ecol\u00f2gic a Menorca, entre Alaior i Es Mercadal, on es mescla el confort, estil i car\u00e0cter amb el comprom\u00eds amb el medi ambient.\",\"breadcrumb\":{\"@id\":\"https:\\\/\\\/www.turmaden.com\\\/ca\\\/#breadcrumb\"},\"inLanguage\":\"ca-ES\",\"potentialAction\":[{\"@type\":\"ReadAction\",\"target\":[\"https:\\\/\\\/www.turmaden.com\\\/ca\\\/\"]}]},{\"@type\":\"BreadcrumbList\",\"@id\":\"https:\\\/\\\/www.turmaden.com\\\/ca\\\/#breadcrumb\",\"itemListElement\":[{\"@type\":\"ListItem\",\"position\":1,\"name\":\"Portada\",\"item\":\"https:\\\/\\\/www.turmaden.com\\\/ca\\\/\"},{\"@type\":\"ListItem\",\"position\":2,\"name\":\"Turmad\u00e8n des Capit\u00e0 &#8211; Agroturisme Menorca\"}]},{\"@type\":\"WebSite\",\"@id\":\"https:\\\/\\\/www.turmaden.com\\\/#website\",\"url\":\"https:\\\/\\\/www.turmaden.com\\\/\",\"name\":\"Turmad\u00e8n des Capit\u00e0 - Agroturismo Menorca\",\"description\":\"Ecoagroturismo Menorca\",\"publisher\":{\"@id\":\"https:\\\/\\\/www.turmaden.com\\\/#organization\"},\"potentialAction\":[{\"@type\":\"SearchAction\",\"target\":{\"@type\":\"EntryPoint\",\"urlTemplate\":\"https:\\\/\\\/www.turmaden.com\\\/?s={search_term_string}\"},\"query-input\":{\"@type\":\"PropertyValueSpecification\",\"valueRequired\":true,\"valueName\":\"search_term_string\"}}],\"inLanguage\":\"ca-ES\"},{\"@type\":\"Organization\",\"@id\":\"https:\\\/\\\/www.turmaden.com\\\/#organization\",\"name\":\"Turmad\u00e8n des Capit\u00e0 - Agroturismo Menorca\",\"url\":\"https:\\\/\\\/www.turmaden.com\\\/\",\"logo\":{\"@type\":\"ImageObject\",\"inLanguage\":\"ca-ES\",\"@id\":\"https:\\\/\\\/www.turmaden.com\\\/#\\\/schema\\\/logo\\\/image\\\/\",\"url\":\"https:\\\/\\\/www.turmaden.com\\\/wp-content\\\/uploads\\\/2020\\\/02\\\/agroturismo-ecologico-menorca-turmaden-1.png\",\"contentUrl\":\"https:\\\/\\\/www.turmaden.com\\\/wp-content\\\/uploads\\\/2020\\\/02\\\/agroturismo-ecologico-menorca-turmaden-1.png\",\"width\":935,\"height\":283,\"caption\":\"Turmad\u00e8n des Capit\u00e0 - Agroturismo Menorca\"},\"image\":{\"@id\":\"https:\\\/\\\/www.turmaden.com\\\/#\\\/schema\\\/logo\\\/image\\\/\"},\"sameAs\":[\"https:\\\/\\\/www.instagram.com\\\/turmaden\\\/\"]}]}<\/script>\n<!-- \/ Yoast SEO plugin. -->","yoast_head_json":{"title":"Agroturisme Ecol\u00f2gic a Menorca - Turmad\u00e8n des Capit\u00e0 - P\u00e0gina oficial","description":"Agroturisme ecol\u00f2gic a Menorca, entre Alaior i Es Mercadal, on es mescla el confort, estil i car\u00e0cter amb el comprom\u00eds amb el medi ambient.","robots":{"index":"index","follow":"follow","max-snippet":"max-snippet:-1","max-image-preview":"max-image-preview:large","max-video-preview":"max-video-preview:-1"},"canonical":"https:\/\/www.turmaden.com\/ca\/","twitter_misc":{"Est. reading time":"4 minutes"},"schema":{"@context":"https:\/\/schema.org","@graph":[{"@type":"WebPage","@id":"https:\/\/www.turmaden.com\/ca\/","url":"https:\/\/www.turmaden.com\/ca\/","name":"Agroturisme Ecol\u00f2gic a Menorca - Turmad\u00e8n des Capit\u00e0 - P\u00e0gina oficial","isPartOf":{"@id":"https:\/\/www.turmaden.com\/#website"},"datePublished":"2017-01-30T14:07:47+00:00","dateModified":"2022-03-10T18:50:08+00:00","description":"Agroturisme ecol\u00f2gic a Menorca, entre Alaior i Es Mercadal, on es mescla el confort, estil i car\u00e0cter amb el comprom\u00eds amb el medi ambient.","breadcrumb":{"@id":"https:\/\/www.turmaden.com\/ca\/#breadcrumb"},"inLanguage":"ca-ES","potentialAction":[{"@type":"ReadAction","target":["https:\/\/www.turmaden.com\/ca\/"]}]},{"@type":"BreadcrumbList","@id":"https:\/\/www.turmaden.com\/ca\/#breadcrumb","itemListElement":[{"@type":"ListItem","position":1,"name":"Portada","item":"https:\/\/www.turmaden.com\/ca\/"},{"@type":"ListItem","position":2,"name":"Turmad\u00e8n des Capit\u00e0 &#8211; Agroturisme Menorca"}]},{"@type":"WebSite","@id":"https:\/\/www.turmaden.com\/#website","url":"https:\/\/www.turmaden.com\/","name":"Turmad\u00e8n des Capit\u00e0 - Agroturismo Menorca","description":"Ecoagroturismo Menorca","publisher":{"@id":"https:\/\/www.turmaden.com\/#organization"},"potentialAction":[{"@type":"SearchAction","target":{"@type":"EntryPoint","urlTemplate":"https:\/\/www.turmaden.com\/?s={search_term_string}"},"query-input":{"@type":"PropertyValueSpecification","valueRequired":true,"valueName":"search_term_string"}}],"inLanguage":"ca-ES"},{"@type":"Organization","@id":"https:\/\/www.turmaden.com\/#organization","name":"Turmad\u00e8n des Capit\u00e0 - Agroturismo Menorca","url":"https:\/\/www.turmaden.com\/","logo":{"@type":"ImageObject","inLanguage":"ca-ES","@id":"https:\/\/www.turmaden.com\/#\/schema\/logo\/image\/","url":"https:\/\/www.turmaden.com\/wp-content\/uploads\/2020\/02\/agroturismo-ecologico-menorca-turmaden-1.png","contentUrl":"https:\/\/www.turmaden.com\/wp-content\/uploads\/2020\/02\/agroturismo-ecologico-menorca-turmaden-1.png","width":935,"height":283,"caption":"Turmad\u00e8n des Capit\u00e0 - Agroturismo Menorca"},"image":{"@id":"https:\/\/www.turmaden.com\/#\/schema\/logo\/image\/"},"sameAs":["https:\/\/www.instagram.com\/turmaden\/"]}]}},"_links":{"self":[{"href":"https:\/\/www.turmaden.com\/ca\/wp-json\/wp\/v2\/pages\/8","targetHints":{"allow":["GET"]}}],"collection":[{"href":"https:\/\/www.turmaden.com\/ca\/wp-json\/wp\/v2\/pages"}],"about":[{"href":"https:\/\/www.turmaden.com\/ca\/wp-json\/wp\/v2\/types\/page"}],"author":[{"embeddable":true,"href":"https:\/\/www.turmaden.com\/ca\/wp-json\/wp\/v2\/users\/5"}],"replies":[{"embeddable":true,"href":"https:\/\/www.turmaden.com\/ca\/wp-json\/wp\/v2\/comments?post=8"}],"version-history":[{"count":133,"href":"https:\/\/www.turmaden.com\/ca\/wp-json\/wp\/v2\/pages\/8\/revisions"}],"predecessor-version":[{"id":3889,"href":"https:\/\/www.turmaden.com\/ca\/wp-json\/wp\/v2\/pages\/8\/revisions\/3889"}],"wp:attachment":[{"href":"https:\/\/www.turmaden.com\/ca\/wp-json\/wp\/v2\/media?parent=8"}],"curies":[{"name":"wp","href":"https:\/\/api.w.org\/{rel}","templated":true}]}}