{"id":3698,"date":"2020-04-30T08:04:40","date_gmt":"2020-04-30T08:04:40","guid":{"rendered":"https:\/\/www.turmaden.com\/dienstleistungen\/"},"modified":"2022-08-18T14:20:28","modified_gmt":"2022-08-18T14:20:28","slug":"dienstleistungen-oekologischen-bauernhauses-turmaden","status":"publish","type":"page","link":"https:\/\/www.turmaden.com\/de\/dienstleistungen-oekologischen-bauernhauses-turmaden\/","title":{"rendered":"Dienstleistungen"},"content":{"rendered":"<section class=\"l-section wpb_row height_auto width_full\"><div class=\"l-section-h i-cf\"><div class=\"g-cols vc_row via_flex valign_top type_default stacking_default\"><div class=\"vc_col-sm-12 wpb_column vc_column_container\"><div class=\"vc_column-inner\"><div class=\"wpb_wrapper\">\n\t\t\t<!-- START ServeisDE REVOLUTION SLIDER 6.7.40 --><p class=\"rs-p-wp-fix\"><\/p>\n\t\t\t<rs-module-wrap id=\"rev_slider_48_1_wrapper\" data-source=\"gallery\" style=\"visibility:hidden;background:transparent;padding:0;margin:0px auto;margin-top:0;margin-bottom:0;\">\n\t\t\t\t<rs-module id=\"rev_slider_48_1\" style=\"\" data-version=\"6.7.40\">\n\t\t\t\t\t<rs-slides style=\"overflow: hidden; position: absolute;\">\n\t\t\t\t\t\t<rs-slide style=\"position: absolute;\" data-key=\"rs-98\" data-title=\"Slide\" data-duration=\"6000\" data-anim=\"ms:600;r:0;\" data-in=\"o:0;\" data-out=\"a:false;\">\n\t\t\t\t\t\t\t<img decoding=\"async\" src=\"\/\/www.turmaden.com\/wp-content\/plugins\/revslider\/sr6\/assets\/assets\/dummy.png\" alt=\"\" title=\"agroturismo-menorca-servicios.JPG\" width=\"1920\" height=\"903\" class=\"rev-slidebg tp-rs-img rs-lazyload\" data-lazyload=\"\/\/www.turmaden.com\/wp-content\/uploads\/2020\/04\/agroturismo-menorca-servicios.jpg\" data-parallax=\"off\" data-no-retina>\n<!--\n\t\t\t\t\t\t\t--><h1\n\t\t\t\t\t\t\t\tid=\"slider-48-slide-98-layer-8\" \n\t\t\t\t\t\t\t\tclass=\"rs-layer\"\n\t\t\t\t\t\t\t\tdata-type=\"text\"\n\t\t\t\t\t\t\t\tdata-tsh=\"c:#000000;h:3px;v:3px;b:15px;\"\n\t\t\t\t\t\t\t\tdata-rsp_ch=\"on\"\n\t\t\t\t\t\t\t\tdata-xy=\"x:c;y:m;\"\n\t\t\t\t\t\t\t\tdata-text=\"s:60,40,40,40;l:80;fw:200;a:center;\"\n\t\t\t\t\t\t\t\tdata-frame_0=\"tp:600;\"\n\t\t\t\t\t\t\t\tdata-frame_1=\"tp:600;st:850;sp:760;sR:850;\"\n\t\t\t\t\t\t\t\tdata-frame_999=\"st:w;sp:420;sR:4390;auto:true;\"\n\t\t\t\t\t\t\t\tstyle=\"z-index:5;font-family:'Montserrat';\"\n\t\t\t\t\t\t\t>FREUDE IM ORIGINAL \n\t\t\t\t\t\t\t<\/h1><!--\n\n\t\t\t\t\t\t\t--><rs-layer\n\t\t\t\t\t\t\t\tid=\"slider-48-slide-98-layer-10\" \n\t\t\t\t\t\t\t\tdata-type=\"image\"\n\t\t\t\t\t\t\t\tdata-rsp_ch=\"on\"\n\t\t\t\t\t\t\t\tdata-xy=\"x:c;yo:75px,67px,67px,67px;\"\n\t\t\t\t\t\t\t\tdata-text=\"l:22;a:inherit;\"\n\t\t\t\t\t\t\t\tdata-dim=\"w:[&#039;112px&#039;,&#039;112px&#039;,&#039;112px&#039;,&#039;112px&#039;];h:[&#039;112px&#039;,&#039;112px&#039;,&#039;112px&#039;,&#039;112px&#039;];\"\n\t\t\t\t\t\t\t\tdata-frame_0=\"tp:600;\"\n\t\t\t\t\t\t\t\tdata-frame_1=\"tp:600;st:830;sp:790;sR:830;\"\n\t\t\t\t\t\t\t\tdata-frame_999=\"o:0;tp:600;st:w;sR:4380;\"\n\t\t\t\t\t\t\t\tstyle=\"z-index:6;\"\n\t\t\t\t\t\t\t><img decoding=\"async\" src=\"\/\/www.turmaden.com\/wp-content\/plugins\/revslider\/sr6\/assets\/assets\/dummy.png\" alt=\"Agroturismo-Menorca-Turmaden-Servicios\" class=\"tp-rs-img rs-lazyload\" width=\"709\" height=\"709\" data-lazyload=\"\/\/www.turmaden.com\/wp-content\/uploads\/2020\/02\/agroturismo-menorca-turmaden-icono-servicios.png\" data-no-retina> \n\t\t\t\t\t\t\t<\/rs-layer><!--\n-->\t\t\t\t\t<\/rs-slide>\n\t\t\t\t\t<\/rs-slides>\n\t\t\t\t<\/rs-module>\n\t\t\t\t<script>\n\t\t\t\t\tsetREVStartSize({c: 'rev_slider_48_1',rl:[1240,1024,1024,1024],el:[500,405,405,405],gw:[1400,720,720,720],gh:[500,405,405,405],type:'hero',justify:'',layout:'fullwidth',mh:\"0\"});if (window.RS_MODULES!==undefined && window.RS_MODULES.modules!==undefined && window.RS_MODULES.modules[\"revslider481\"]!==undefined) {window.RS_MODULES.modules[\"revslider481\"].once = false;window.revapi48 = undefined;if (window.RS_MODULES.checkMinimal!==undefined) window.RS_MODULES.checkMinimal()}\n\t\t\t\t<\/script>\n\t\t\t<\/rs-module-wrap>\n\t\t\t<!-- END REVOLUTION SLIDER -->\n<\/div><\/div><\/div><\/div><\/div><\/section><section class=\"l-section wpb_row height_small\"><div class=\"l-section-overlay\" style=\"background:#efefed\"><\/div><div class=\"l-section-h i-cf\"><div class=\"g-cols vc_row via_flex valign_top type_default stacking_default\"><div class=\"vc_col-sm-12 wpb_column vc_column_container\"><div class=\"vc_column-inner\"><div class=\"wpb_wrapper\"><div class=\"wpb_widgetised_column wpb_content_element\"><div class=\"wpb_wrapper\"><div id=\"custom_html-5\" class=\"widget_text widget widget_custom_html\"><div class=\"textwidget custom-html-widget\"><div class=\"wpb_wrapper\">\r\n\t\r\n\r\n<div class=\"w-form layout_hor us_form_1\">\r\n<form class=\"w-form-h\" action=\"https:\/\/turmaden.guestpro.com\/de\/engine\/\" method=\"get\">\r\n<input type=\"hidden\" id=\"start\" name=\"start\" value=\"\" \/>\r\n<input type=\"hidden\" id=\"end\" name=\"end\" value=\"\" \/>\r\n\t\r\n<input type=\"hidden\" id=\"occupancy\" name=\"occupancy\" value=\"2\" \/>\r\n\r\n\t\t\t\t<div class=\"w-form-row for_text with_icon cols_3  has_label\">\r\n\t\t\t\t\t<div class=\"w-form-row-label\">\r\n\t\t\t<span>ANREISE<\/span>\r\n\t\t<\/div>\r\n\t\t<div class=\"w-form-row-field\">\r\n\t\t<i class=\"far fa-calendar\"><\/i><input type=\"text\" id=\"dt1\" name=\"dt1\" aria-label=\"Check-in\" value=\"\" placeholder=\"\" \/>\r\n\t\t\t<\/div>\r\n\r\n<\/div>\r\n\t\t<div class=\"w-form-row for_text with_icon cols_3  has_label\">\r\n\t\t\t<div class=\"w-form-row-label\">\r\n\t\t\t<span>ABREISE<\/span>\r\n\t\t<\/div>\r\n\t\t<div class=\"w-form-row-field\">\r\n\t\t<i class=\"far fa-calendar\"><\/i>\t\t<input type=\"text\" id=\"dt2\" name=\"dt2\" aria-label=\"Check-out\" value=\"\" placeholder=\"\"\/>\r\n\t\t\t<\/div>\r\n\t\t\r\n<\/div>\r\n\t\t<div class=\"w-form-row for_text with_icon cols_3  has_label\">\r\n\t\t\t<div class=\"w-form-row-label\">\r\n\t\t\t<span>PROMO<\/span>\r\n\t\t<\/div>\r\n\t\t<div class=\"w-form-row-field\">\r\n\t\t<i class=\"far fa-star\"><\/i>\t\t<input type=\"text\" id=\"promo\" name=\"promo\" aria-label=\"C\u00f3digo\" value=\"\" placeholder=\"Aktionscode\"\/>\r\n\t\t\t<\/div>\r\n<\/div>\r\n\t\r\n\t\t<div class=\"botoreservar w-form-row for_submit align_left\">\r\n\t<div class=\"w-form-row-field\">\r\n\t\t\t\t<button class=\"w-btn  us-btn-style_1\"  style=\"font-size:1rem;\" type=\"submit\" aria-label=\"Reservar\">\r\n\t\t\t<span class=\"g-preloader type_1\"><\/span>\r\n\t\t\t\t\t\t<span class=\"w-btn-label\">JETZT BUCHEN<\/span>\r\n\t\t\t\t\t<\/button>\r\n\t<\/div>\r\n<\/div>\r\n\r\n\r\n\r\n<script type=\"text\/javascript\"> jQuery(document).ready(function($) {\r\n    \r\n        $(\"#dt1\").datepicker({         \r\ndateFormat: \"dd-mm-yy\",\r\nignoreReadonly: true,\r\n   allowInputToggle: true,\r\n\t    altFormat:'yy-mm-dd',\r\n            altField:'#start',\r\n            minDate: 0,\r\n            onSelect: function (date) {\r\n                var date2 = $('#dt1').datepicker('getDate');\r\n                date2.setDate(date2.getDate() + 1);\r\n                $('#dt2').datepicker('setDate', date2);\r\n                \/\/sets minDate to dt1 date + 2\r\n                $('#dt2').datepicker('option', 'minDate', date2);\r\n            }\r\n        });\r\n\r\n\t$(\"#dt1\").datepicker(\"setDate\", \"+0\");\r\n\r\n\r\n        $('#dt2').datepicker({\r\n            dateFormat: \"dd-mm-yy\",\r\nignoreReadonly: true,\r\n   allowInputToggle: true,\r\n\t   altFormat:'yy-mm-dd',\r\n           altField:'#end',\r\n            onClose: function () {\r\n                var dt1 = $('#dt1').datepicker('getDate');\r\n                console.log(dt1);\r\n                var dt2 = $('#dt2').datepicker('getDate');\r\n                if (dt2 <= dt1) {\r\n                    var minDate = $('#dt2').datepicker('option', 'minDate');\r\n                    $('#dt2').datepicker('setDate', minDate);\r\n                }\r\n            }\r\n        });\r\n\r\n\r\n\t$(\"#dt2\").datepicker(\"setDate\", \"+1\");\r\n\r\n    });\r\n\r\n<\/script>\r\n\r\n\r\n\r\n\r\n<\/form>\r\n<\/div>\r\n\r\n<\/div><\/div><\/div><\/div><\/div><\/div><\/div><\/div><\/div><\/div><\/section><section class=\"l-section wpb_row us_custom_d392eac1 height_medium\"><div class=\"l-section-h i-cf\"><div class=\"g-cols vc_row via_flex valign_top type_default stacking_default\"><div class=\"vc_col-sm-12 wpb_column vc_column_container us_animate_fade\"><div class=\"vc_column-inner\"><div class=\"wpb_wrapper\"><div class=\"wpb_text_column\"><div class=\"wpb_wrapper\"><h3 style=\"text-align: center;\">KOSTENLOSE AGROTURISMUS-DIENSTLEISTUNGEN<\/h3>\n<\/div><\/div><div class=\"g-cols wpb_row via_flex valign_top type_default stacking_default\" style=\"--additional-gap:5px;\"><div class=\"vc_col-sm-3 wpb_column vc_column_container has_bg_color us_animate_fade\"><div class=\"vc_column-inner us_custom_a37df6b7\"><div class=\"wpb_wrapper\"><div class=\"w-iconbox iconpos_top style_default color_primary align_center icontype_img\"><div class=\"w-iconbox-icon\" style=\"font-size:2rem;\"><img loading=\"lazy\" decoding=\"async\" width=\"48\" height=\"48\" src=\"https:\/\/www.turmaden.com\/wp-content\/uploads\/2017\/01\/agroturismo-ecologico-menorca-turmaden-66.png\" class=\"attachment-full size-full\" alt=\"Agroturismo Ecol\u00f3gico Menorca\" \/><\/div><div class=\"w-iconbox-meta\"><h4 class=\"w-iconbox-title\">WIFI Internet<\/h4><div class=\"w-iconbox-text\"><p>Verbindung in jeder Ecke. Erh\u00e4ltlich im gesamten Hotel.<\/p>\n<\/div><\/div><\/div><\/div><\/div><\/div><div class=\"vc_col-sm-3 wpb_column vc_column_container has_bg_color us_animate_fade\" style=\"animation-delay:0.2s\"><div class=\"vc_column-inner us_custom_a37df6b7\"><div class=\"wpb_wrapper\"><div class=\"w-iconbox iconpos_top style_default color_primary align_center icontype_img\"><div class=\"w-iconbox-icon\" style=\"font-size:2rem;\"><img loading=\"lazy\" decoding=\"async\" width=\"96\" height=\"96\" src=\"https:\/\/www.turmaden.com\/wp-content\/uploads\/2017\/01\/agroturismo-ecologico-menorca-turmaden-65.png\" class=\"attachment-full size-full\" alt=\"Agroturismo Ecol\u00f3gico Menorca\" \/><\/div><div class=\"w-iconbox-meta\"><h4 class=\"w-iconbox-title\">Mittagessen<\/h4><div class=\"w-iconbox-text\"><p>Ein komplettes und abwechslungsreiches Fr\u00fchst\u00fcck mit biologischen, frischen und gesunden Produkten.<\/p>\n<\/div><\/div><\/div><\/div><\/div><\/div><div class=\"vc_col-sm-3 wpb_column vc_column_container has_bg_color us_animate_fade\" style=\"animation-delay:0.4s\"><div class=\"vc_column-inner us_custom_a37df6b7\"><div class=\"wpb_wrapper\"><div class=\"w-iconbox iconpos_top style_default color_primary align_center icontype_img\"><div class=\"w-iconbox-icon\" style=\"font-size:2rem;\"><img loading=\"lazy\" decoding=\"async\" width=\"96\" height=\"96\" src=\"https:\/\/www.turmaden.com\/wp-content\/uploads\/2017\/02\/agroturismo-ecologico-menorca-turmaden-57.png\" class=\"attachment-full size-full\" alt=\"Agroturismo Ecol\u00f3gico Menorca\" \/><\/div><div class=\"w-iconbox-meta\"><h4 class=\"w-iconbox-title\">Freundliche Ecke f\u00fcr Kaffee, Tee und Kr\u00e4utertees<\/h4><div class=\"w-iconbox-text\"><p>Im Speisesaal k\u00f6nnen Sie zu jeder Tageszeit Kaffee, Tee oder Kr\u00e4utertees genie\u00dfen.<\/p>\n<\/div><\/div><\/div><\/div><\/div><\/div><div class=\"vc_col-sm-3 wpb_column vc_column_container has_bg_color us_animate_fade\" style=\"animation-delay:0.6s\"><div class=\"vc_column-inner us_custom_a37df6b7\"><div class=\"wpb_wrapper\"><div class=\"w-iconbox iconpos_top style_default color_primary align_center icontype_img\"><div class=\"w-iconbox-icon\" style=\"font-size:2rem;\"><img loading=\"lazy\" decoding=\"async\" width=\"96\" height=\"96\" src=\"https:\/\/www.turmaden.com\/wp-content\/uploads\/2017\/02\/agroturismo-ecologico-menorca-turmaden-55.png\" class=\"attachment-full size-full\" alt=\"Agroturismo Ecol\u00f3gico Menorca\" \/><\/div><div class=\"w-iconbox-meta\"><h4 class=\"w-iconbox-title\">Zubeh\u00f6r<\/h4><div class=\"w-iconbox-text\"><p>Ausleihe von Handt\u00fcchern und Sonnenschirmen, um den Pool und den Strand zu genie\u00dfen.<\/p>\n<\/div><\/div><\/div><\/div><\/div><\/div><\/div><div class=\"g-cols wpb_row via_flex valign_top type_default stacking_default\" style=\"--additional-gap:5px;\"><div class=\"vc_col-sm-3 wpb_column vc_column_container has_bg_color us_animate_fade\" style=\"animation-delay:0.8s\"><div class=\"vc_column-inner us_custom_a37df6b7\"><div class=\"wpb_wrapper\"><div class=\"w-iconbox iconpos_top style_default color_primary align_center icontype_img\"><div class=\"w-iconbox-icon\" style=\"font-size:2rem;\"><img loading=\"lazy\" decoding=\"async\" width=\"96\" height=\"96\" src=\"https:\/\/www.turmaden.com\/wp-content\/uploads\/2017\/02\/agroturismo-ecologico-menorca-turmaden-62.png\" class=\"attachment-full size-full\" alt=\"Agroturismo Ecol\u00f3gico Menorca\" \/><\/div><div class=\"w-iconbox-meta\"><h4 class=\"w-iconbox-title\">K\u00fchlschrank f\u00fcr Kunden<\/h4><div class=\"w-iconbox-text\"><p>Wenn Sie Ihre eigenen Getr\u00e4nke oder Lebensmittel mitbringen, steht Ihnen ein K\u00fchlschrank zur Verf\u00fcgung.<\/p>\n<\/div><\/div><\/div><\/div><\/div><\/div><div class=\"vc_col-sm-3 wpb_column vc_column_container has_bg_color us_animate_fade\" style=\"animation-delay:1s\"><div class=\"vc_column-inner us_custom_a37df6b7\"><div class=\"wpb_wrapper\"><div class=\"w-iconbox iconpos_top style_default color_primary align_center icontype_img\"><div class=\"w-iconbox-icon\" style=\"font-size:2rem;\"><img loading=\"lazy\" decoding=\"async\" width=\"96\" height=\"96\" src=\"https:\/\/www.turmaden.com\/wp-content\/uploads\/2017\/02\/agroturismo-ecologico-menorca-turmaden-54.png\" class=\"attachment-full size-full\" alt=\"Agroturismo Ecol\u00f3gico Menorca\" \/><\/div><div class=\"w-iconbox-meta\"><h4 class=\"w-iconbox-title\">Parken<\/h4><div class=\"w-iconbox-text\"><p>Kostenlose Parkpl\u00e4tze und Fahrradbereich.<\/p>\n<\/div><\/div><\/div><\/div><\/div><\/div><div class=\"vc_col-sm-3 wpb_column vc_column_container has_bg_color us_animate_fade\" style=\"animation-delay:1.2s\"><div class=\"vc_column-inner us_custom_a37df6b7\"><div class=\"wpb_wrapper\"><div class=\"w-iconbox iconpos_top style_default color_primary align_center\"><div class=\"w-iconbox-icon\" style=\"font-size:2rem;\"><i class=\"fas fa-clock\"><\/i><\/div><div class=\"w-iconbox-meta\"><h4 class=\"w-iconbox-title\">Stunden<\/h4><div class=\"w-iconbox-text\"><p>M\u00f6glichkeit f\u00fcr Ank\u00fcnfte und Abfl\u00fcge vor und nach Stunden.<\/p>\n<\/div><\/div><\/div><\/div><\/div><\/div><div class=\"vc_col-sm-3 wpb_column vc_column_container has_bg_color us_animate_fade\" style=\"animation-delay:1.4s\"><div class=\"vc_column-inner us_custom_a37df6b7\"><div class=\"wpb_wrapper\"><div class=\"w-iconbox iconpos_top style_default color_primary align_center\"><div class=\"w-iconbox-icon\" style=\"font-size:2rem;\"><i class=\"fas fa-suitcase\"><\/i><\/div><div class=\"w-iconbox-meta\"><h4 class=\"w-iconbox-title\">Gep\u00e4ck<\/h4><div class=\"w-iconbox-text\"><p>Wir haben Gep\u00e4ck f\u00fcr Ihre Koffer.<\/p>\n<\/div><\/div><\/div><\/div><\/div><\/div><\/div><\/div><\/div><\/div><\/div><\/div><\/section><!-- Row Backgrounds --><div class=\"upb_color\" data-bg-override=\"0\" data-bg-color=\"\" data-fadeout=\"\" data-fadeout-percentage=\"30\" data-parallax-content=\"\" data-parallax-content-sense=\"30\" data-row-effect-mobile-disable=\"true\" data-img-parallax-mobile-disable=\"true\" data-rtl=\"false\"  data-custom-vc-row=\"\"  data-vc=\"8.7.2\"  data-is_old_vc=\"\"  data-theme-support=\"\"   data-overlay=\"false\" data-overlay-color=\"\" data-overlay-pattern=\"\" data-overlay-pattern-opacity=\"\" data-overlay-pattern-size=\"\"    ><\/div><section class=\"l-section wpb_row us_custom_d392eac1 height_medium with_img\"><div class=\"l-section-img\" role=\"img\" aria-label=\"Agroturismo-Menorca-Turmaden-Karl-Blossfeldt\" data-img-width=\"1139\" data-img-height=\"1181\" style=\"background-image: url(https:\/\/www.turmaden.com\/wp-content\/uploads\/2020\/02\/agroturismo-menorca-turmaden-karl-blossfeldt.jpg);background-position: bottom right;background-repeat: no-repeat;background-size: contain;\"><\/div><div class=\"l-section-overlay\" style=\"background:rgba(255,255,255,0.8)\"><\/div><div class=\"l-section-h i-cf\"><div class=\"g-cols vc_row via_flex valign_top type_default stacking_default\"><div class=\"vc_col-sm-12 wpb_column vc_column_container us_animate_fade\"><div class=\"vc_column-inner\"><div class=\"wpb_wrapper\"><div class=\"wpb_text_column\"><div class=\"wpb_wrapper\"><h3 style=\"text-align: center;\">Zus\u00e4tzliche Dienstleistungen<\/h3>\n<\/div><\/div><div class=\"g-cols wpb_row via_flex valign_top type_default stacking_default\" style=\"--additional-gap:5px;\"><div class=\"vc_col-sm-4 wpb_column vc_column_container has_bg_color us_animate_fade\"><div class=\"vc_column-inner us_custom_a37df6b7\"><div class=\"wpb_wrapper\"><div class=\"w-iconbox iconpos_top style_default color_primary align_center icontype_img\"><div class=\"w-iconbox-icon\" style=\"font-size:2rem;\"><img loading=\"lazy\" decoding=\"async\" width=\"96\" height=\"96\" src=\"https:\/\/www.turmaden.com\/wp-content\/uploads\/2017\/02\/agroturismo-ecologico-menorca-turmaden-59.png\" class=\"attachment-full size-full\" alt=\"Agroturismo Ecol\u00f3gico Menorca\" \/><\/div><div class=\"w-iconbox-meta\"><h4 class=\"w-iconbox-title\">Picknick<\/h4><div class=\"w-iconbox-text\"><p>Wenn Sie einen Ausflug planen, k\u00f6nnen wir Ihnen einen sehr kompletten Picknickkorb zum Mitnehmen vorbereiten.<\/p>\n<\/div><\/div><\/div><\/div><\/div><\/div><div class=\"vc_col-sm-4 wpb_column vc_column_container has_bg_color us_animate_fade\" style=\"animation-delay:0.2s\"><div class=\"vc_column-inner us_custom_a37df6b7\"><div class=\"wpb_wrapper\"><div class=\"w-iconbox iconpos_top style_default color_primary align_center\"><div class=\"w-iconbox-icon\" style=\"font-size:2rem;\"><i class=\"fas fa-wine-glass\"><\/i><\/div><div class=\"w-iconbox-meta\"><h4 class=\"w-iconbox-title\">K\u00fchlschrank<\/h4><div class=\"w-iconbox-text\"><p>In unserem Speisesaal steht Ihnen rund um die Uhr ein Selbstbedienungsk\u00fchlschrank mit Getr\u00e4nken zur Verf\u00fcgung.<\/p>\n<\/div><\/div><\/div><\/div><\/div><\/div><div class=\"vc_col-sm-4 wpb_column vc_column_container has_bg_color us_animate_fade\" style=\"animation-delay:0.4s\"><div class=\"vc_column-inner us_custom_a37df6b7\"><div class=\"wpb_wrapper\"><div class=\"w-iconbox iconpos_top style_default color_primary align_center\"><div class=\"w-iconbox-icon\" style=\"font-size:2rem;\"><i class=\"fas fa-tshirt\"><\/i><\/div><div class=\"w-iconbox-meta\"><h4 class=\"w-iconbox-title\">Kleidung<\/h4><div class=\"w-iconbox-text\"><p>Deine saubere Kleidung ist fertig. Wir haben einen W\u00e4scheservice.<\/p>\n<\/div><\/div><\/div><\/div><\/div><\/div><\/div><div class=\"g-cols wpb_row via_flex valign_top type_default stacking_default\" style=\"--additional-gap:5px;\"><div class=\"vc_col-sm-6 wpb_column vc_column_container has_bg_color us_animate_fade\" style=\"animation-delay:1.2s\"><div class=\"vc_column-inner us_custom_a37df6b7\"><div class=\"wpb_wrapper\"><div class=\"w-iconbox iconpos_top style_default color_primary align_center\"><div class=\"w-iconbox-icon\" style=\"font-size:2rem;\"><i class=\"fas fa-map-marked-alt\"><\/i><\/div><div class=\"w-iconbox-meta\"><h4 class=\"w-iconbox-title\">Aktivit\u00e4ten und wohin<\/h4><div class=\"w-iconbox-text\"><p>Wenn Sie Outdoor-Aktivit\u00e4ten unternehmen m\u00f6chten, beraten wir Sie zu unseren geheimsten Ecken, den besten Restaurants und den interessantesten Aktivit\u00e4ten auf der Insel Menorca.<\/p>\n<\/div><\/div><\/div><\/div><\/div><\/div><div class=\"vc_col-sm-6 wpb_column vc_column_container has_bg_color\"><div class=\"vc_column-inner us_custom_b22e825b\"><div class=\"wpb_wrapper\"><div class=\"w-iconbox iconpos_top style_default color_primary align_center icontype_img\"><div class=\"w-iconbox-icon\" style=\"font-size:2rem;\"><img loading=\"lazy\" decoding=\"async\" width=\"96\" height=\"96\" src=\"https:\/\/www.turmaden.com\/wp-content\/uploads\/2017\/02\/agroturismo-ecologico-menorca-turmaden-51.png\" class=\"attachment-full size-full\" alt=\"Agroturismo Ecol\u00f3gico Menorca\" \/><\/div><div class=\"w-iconbox-meta\"><h4 class=\"w-iconbox-title\">Massage<\/h4><div class=\"w-iconbox-text\"><p>Wenn Sie eine Massage w\u00fcnschen, bieten wir Ihnen diesen Service auf Anfrage.<\/p>\n<\/div><\/div><\/div><\/div><\/div><\/div><\/div><\/div><\/div><\/div><\/div><\/div><\/section><!-- Row Backgrounds --><div class=\"upb_color\" data-bg-override=\"0\" data-bg-color=\"\" data-fadeout=\"\" data-fadeout-percentage=\"30\" data-parallax-content=\"\" data-parallax-content-sense=\"30\" data-row-effect-mobile-disable=\"true\" data-img-parallax-mobile-disable=\"true\" data-rtl=\"false\"  data-custom-vc-row=\"\"  data-vc=\"8.7.2\"  data-is_old_vc=\"\"  data-theme-support=\"\"   data-overlay=\"false\" data-overlay-color=\"\" data-overlay-pattern=\"\" data-overlay-pattern-opacity=\"\" data-overlay-pattern-size=\"\"    ><\/div>\n","protected":false},"excerpt":{"rendered":"FREUDE IM ORIGINAL ANREISE ABREISE PROMO JETZT BUCHEN KOSTENLOSE AGROTURISMUS-DIENSTLEISTUNGEN WIFI InternetVerbindung in jeder Ecke. Erh\u00e4ltlich im gesamten Hotel. MittagessenEin komplettes und abwechslungsreiches Fr\u00fchst\u00fcck mit biologischen, frischen und gesunden Produkten. Freundliche Ecke f\u00fcr Kaffee, Tee und Kr\u00e4uterteesIm Speisesaal k\u00f6nnen Sie zu jeder Tageszeit Kaffee, Tee oder Kr\u00e4utertees genie\u00dfen. Zubeh\u00f6rAusleihe von Handt\u00fcchern und Sonnenschirmen, um den...","protected":false},"author":5,"featured_media":0,"parent":0,"menu_order":0,"comment_status":"closed","ping_status":"closed","template":"","meta":{"footnotes":""},"class_list":["post-3698","page","type-page","status-publish","hentry"],"yoast_head":"<!-- This site is optimized with the Yoast SEO plugin v27.4 - https:\/\/yoast.com\/product\/yoast-seo-wordpress\/ -->\n<title>Turmad\u00e9n des Capit\u00e0 Agrotourismus-Dienstleistungen<\/title>\n<meta name=\"description\" content=\"Agrotourismus-Dienstleistungen: komplettes Mittagessen mit Bio-Produkten, einfache Zeitpl\u00e4ne f\u00fcr An- und Abreise, Kaffee oder Tee 24 Stunden am Tag ...\" \/>\n<meta name=\"robots\" content=\"index, follow, max-snippet:-1, max-image-preview:large, max-video-preview:-1\" \/>\n<link rel=\"canonical\" href=\"https:\/\/www.turmaden.com\/de\/dienstleistungen-oekologischen-bauernhauses-turmaden\/\" \/>\n<meta name=\"twitter:label1\" content=\"Gesch\u00e4tzte Lesezeit\" \/>\n\t<meta name=\"twitter:data1\" content=\"4\u00a0Minuten\" \/>\n<script type=\"application\/ld+json\" class=\"yoast-schema-graph\">{\"@context\":\"https:\\\/\\\/schema.org\",\"@graph\":[{\"@type\":\"WebPage\",\"@id\":\"https:\\\/\\\/www.turmaden.com\\\/de\\\/dienstleistungen-oekologischen-bauernhauses-turmaden\\\/\",\"url\":\"https:\\\/\\\/www.turmaden.com\\\/de\\\/dienstleistungen-oekologischen-bauernhauses-turmaden\\\/\",\"name\":\"Turmad\u00e9n des Capit\u00e0 Agrotourismus-Dienstleistungen\",\"isPartOf\":{\"@id\":\"https:\\\/\\\/www.turmaden.com\\\/#website\"},\"datePublished\":\"2020-04-30T08:04:40+00:00\",\"dateModified\":\"2022-08-18T14:20:28+00:00\",\"description\":\"Agrotourismus-Dienstleistungen: komplettes Mittagessen mit Bio-Produkten, einfache Zeitpl\u00e4ne f\u00fcr An- und Abreise, Kaffee oder Tee 24 Stunden am Tag ...\",\"breadcrumb\":{\"@id\":\"https:\\\/\\\/www.turmaden.com\\\/de\\\/dienstleistungen-oekologischen-bauernhauses-turmaden\\\/#breadcrumb\"},\"inLanguage\":\"de\",\"potentialAction\":[{\"@type\":\"ReadAction\",\"target\":[\"https:\\\/\\\/www.turmaden.com\\\/de\\\/dienstleistungen-oekologischen-bauernhauses-turmaden\\\/\"]}]},{\"@type\":\"BreadcrumbList\",\"@id\":\"https:\\\/\\\/www.turmaden.com\\\/de\\\/dienstleistungen-oekologischen-bauernhauses-turmaden\\\/#breadcrumb\",\"itemListElement\":[{\"@type\":\"ListItem\",\"position\":1,\"name\":\"Portada\",\"item\":\"https:\\\/\\\/www.turmaden.com\\\/de\\\/\"},{\"@type\":\"ListItem\",\"position\":2,\"name\":\"Dienstleistungen\"}]},{\"@type\":\"WebSite\",\"@id\":\"https:\\\/\\\/www.turmaden.com\\\/#website\",\"url\":\"https:\\\/\\\/www.turmaden.com\\\/\",\"name\":\"Turmad\u00e8n des Capit\u00e0 - Agroturismo Menorca\",\"description\":\"Compromiso con el medio ambiente\",\"publisher\":{\"@id\":\"https:\\\/\\\/www.turmaden.com\\\/#organization\"},\"potentialAction\":[{\"@type\":\"SearchAction\",\"target\":{\"@type\":\"EntryPoint\",\"urlTemplate\":\"https:\\\/\\\/www.turmaden.com\\\/?s={search_term_string}\"},\"query-input\":{\"@type\":\"PropertyValueSpecification\",\"valueRequired\":true,\"valueName\":\"search_term_string\"}}],\"inLanguage\":\"de\"},{\"@type\":\"Organization\",\"@id\":\"https:\\\/\\\/www.turmaden.com\\\/#organization\",\"name\":\"Turmad\u00e8n des Capit\u00e0 - Agroturismo Menorca\",\"url\":\"https:\\\/\\\/www.turmaden.com\\\/\",\"logo\":{\"@type\":\"ImageObject\",\"inLanguage\":\"de\",\"@id\":\"https:\\\/\\\/www.turmaden.com\\\/#\\\/schema\\\/logo\\\/image\\\/\",\"url\":\"https:\\\/\\\/www.turmaden.com\\\/wp-content\\\/uploads\\\/2020\\\/02\\\/agroturismo-ecologico-menorca-turmaden-1.png\",\"contentUrl\":\"https:\\\/\\\/www.turmaden.com\\\/wp-content\\\/uploads\\\/2020\\\/02\\\/agroturismo-ecologico-menorca-turmaden-1.png\",\"width\":935,\"height\":283,\"caption\":\"Turmad\u00e8n des Capit\u00e0 - Agroturismo Menorca\"},\"image\":{\"@id\":\"https:\\\/\\\/www.turmaden.com\\\/#\\\/schema\\\/logo\\\/image\\\/\"},\"sameAs\":[\"https:\\\/\\\/www.instagram.com\\\/turmaden\\\/\"]}]}<\/script>\n<!-- \/ Yoast SEO plugin. -->","yoast_head_json":{"title":"Turmad\u00e9n des Capit\u00e0 Agrotourismus-Dienstleistungen","description":"Agrotourismus-Dienstleistungen: komplettes Mittagessen mit Bio-Produkten, einfache Zeitpl\u00e4ne f\u00fcr An- und Abreise, Kaffee oder Tee 24 Stunden am Tag ...","robots":{"index":"index","follow":"follow","max-snippet":"max-snippet:-1","max-image-preview":"max-image-preview:large","max-video-preview":"max-video-preview:-1"},"canonical":"https:\/\/www.turmaden.com\/de\/dienstleistungen-oekologischen-bauernhauses-turmaden\/","twitter_misc":{"Gesch\u00e4tzte Lesezeit":"4\u00a0Minuten"},"schema":{"@context":"https:\/\/schema.org","@graph":[{"@type":"WebPage","@id":"https:\/\/www.turmaden.com\/de\/dienstleistungen-oekologischen-bauernhauses-turmaden\/","url":"https:\/\/www.turmaden.com\/de\/dienstleistungen-oekologischen-bauernhauses-turmaden\/","name":"Turmad\u00e9n des Capit\u00e0 Agrotourismus-Dienstleistungen","isPartOf":{"@id":"https:\/\/www.turmaden.com\/#website"},"datePublished":"2020-04-30T08:04:40+00:00","dateModified":"2022-08-18T14:20:28+00:00","description":"Agrotourismus-Dienstleistungen: komplettes Mittagessen mit Bio-Produkten, einfache Zeitpl\u00e4ne f\u00fcr An- und Abreise, Kaffee oder Tee 24 Stunden am Tag ...","breadcrumb":{"@id":"https:\/\/www.turmaden.com\/de\/dienstleistungen-oekologischen-bauernhauses-turmaden\/#breadcrumb"},"inLanguage":"de","potentialAction":[{"@type":"ReadAction","target":["https:\/\/www.turmaden.com\/de\/dienstleistungen-oekologischen-bauernhauses-turmaden\/"]}]},{"@type":"BreadcrumbList","@id":"https:\/\/www.turmaden.com\/de\/dienstleistungen-oekologischen-bauernhauses-turmaden\/#breadcrumb","itemListElement":[{"@type":"ListItem","position":1,"name":"Portada","item":"https:\/\/www.turmaden.com\/de\/"},{"@type":"ListItem","position":2,"name":"Dienstleistungen"}]},{"@type":"WebSite","@id":"https:\/\/www.turmaden.com\/#website","url":"https:\/\/www.turmaden.com\/","name":"Turmad\u00e8n des Capit\u00e0 - Agroturismo Menorca","description":"Compromiso con el medio ambiente","publisher":{"@id":"https:\/\/www.turmaden.com\/#organization"},"potentialAction":[{"@type":"SearchAction","target":{"@type":"EntryPoint","urlTemplate":"https:\/\/www.turmaden.com\/?s={search_term_string}"},"query-input":{"@type":"PropertyValueSpecification","valueRequired":true,"valueName":"search_term_string"}}],"inLanguage":"de"},{"@type":"Organization","@id":"https:\/\/www.turmaden.com\/#organization","name":"Turmad\u00e8n des Capit\u00e0 - Agroturismo Menorca","url":"https:\/\/www.turmaden.com\/","logo":{"@type":"ImageObject","inLanguage":"de","@id":"https:\/\/www.turmaden.com\/#\/schema\/logo\/image\/","url":"https:\/\/www.turmaden.com\/wp-content\/uploads\/2020\/02\/agroturismo-ecologico-menorca-turmaden-1.png","contentUrl":"https:\/\/www.turmaden.com\/wp-content\/uploads\/2020\/02\/agroturismo-ecologico-menorca-turmaden-1.png","width":935,"height":283,"caption":"Turmad\u00e8n des Capit\u00e0 - Agroturismo Menorca"},"image":{"@id":"https:\/\/www.turmaden.com\/#\/schema\/logo\/image\/"},"sameAs":["https:\/\/www.instagram.com\/turmaden\/"]}]}},"_links":{"self":[{"href":"https:\/\/www.turmaden.com\/de\/wp-json\/wp\/v2\/pages\/3698","targetHints":{"allow":["GET"]}}],"collection":[{"href":"https:\/\/www.turmaden.com\/de\/wp-json\/wp\/v2\/pages"}],"about":[{"href":"https:\/\/www.turmaden.com\/de\/wp-json\/wp\/v2\/types\/page"}],"author":[{"embeddable":true,"href":"https:\/\/www.turmaden.com\/de\/wp-json\/wp\/v2\/users\/5"}],"replies":[{"embeddable":true,"href":"https:\/\/www.turmaden.com\/de\/wp-json\/wp\/v2\/comments?post=3698"}],"version-history":[{"count":5,"href":"https:\/\/www.turmaden.com\/de\/wp-json\/wp\/v2\/pages\/3698\/revisions"}],"predecessor-version":[{"id":4043,"href":"https:\/\/www.turmaden.com\/de\/wp-json\/wp\/v2\/pages\/3698\/revisions\/4043"}],"wp:attachment":[{"href":"https:\/\/www.turmaden.com\/de\/wp-json\/wp\/v2\/media?parent=3698"}],"curies":[{"name":"wp","href":"https:\/\/api.w.org\/{rel}","templated":true}]}}