{"id":3707,"date":"2020-04-30T08:23:46","date_gmt":"2020-04-30T08:23:46","guid":{"rendered":"https:\/\/www.turmaden.com\/okologisch\/"},"modified":"2020-04-30T08:49:52","modified_gmt":"2020-04-30T08:49:52","slug":"engagement-umwelt-oekologisches-bauernhaus-menorca","status":"publish","type":"page","link":"https:\/\/www.turmaden.com\/de\/engagement-umwelt-oekologisches-bauernhaus-menorca\/","title":{"rendered":"\u00d6kologisch"},"content":{"rendered":"<section class=\"l-section wpb_row height_auto width_full\"><div class=\"l-section-h i-cf\"><div class=\"g-cols vc_row via_flex valign_top type_default stacking_default\"><div class=\"vc_col-sm-12 wpb_column vc_column_container\"><div class=\"vc_column-inner\"><div class=\"wpb_wrapper\">\n\t\t\t<!-- START CompromisDE REVOLUTION SLIDER 6.7.40 --><p class=\"rs-p-wp-fix\"><\/p>\n\t\t\t<rs-module-wrap id=\"rev_slider_38_1_wrapper\" data-source=\"gallery\" style=\"visibility:hidden;background:transparent;padding:0;margin:0px auto;margin-top:0;margin-bottom:0;\">\n\t\t\t\t<rs-module id=\"rev_slider_38_1\" style=\"\" data-version=\"6.7.40\">\n\t\t\t\t\t<rs-slides style=\"overflow: hidden; position: absolute;\">\n\t\t\t\t\t\t<rs-slide style=\"position: absolute;\" data-key=\"rs-88\" data-title=\"Slide\" data-duration=\"6000\" data-anim=\"ms:600;r:0;\" data-in=\"o:0;\" data-out=\"a:false;\">\n\t\t\t\t\t\t\t<img decoding=\"async\" src=\"\/\/www.turmaden.com\/wp-content\/plugins\/revslider\/sr6\/assets\/assets\/dummy.png\" alt=\"\" title=\"agroturismo-menorca-naturaleza.JPG\" width=\"1407\" height=\"510\" class=\"rev-slidebg tp-rs-img rs-lazyload\" data-lazyload=\"\/\/www.turmaden.com\/wp-content\/uploads\/2020\/04\/agroturismo-menorca-naturaleza.jpg\" data-parallax=\"off\" data-no-retina>\n<!--\n\t\t\t\t\t\t\t--><h1\n\t\t\t\t\t\t\t\tid=\"slider-38-slide-88-layer-8\" \n\t\t\t\t\t\t\t\tclass=\"rs-layer\"\n\t\t\t\t\t\t\t\tdata-type=\"text\"\n\t\t\t\t\t\t\t\tdata-tsh=\"c:#000000;h:3px;v:3px;b:15px;\"\n\t\t\t\t\t\t\t\tdata-rsp_ch=\"on\"\n\t\t\t\t\t\t\t\tdata-xy=\"x:c;y:m;\"\n\t\t\t\t\t\t\t\tdata-text=\"s:60,40,40,40;l:80;fw:200;a:center;\"\n\t\t\t\t\t\t\t\tdata-frame_0=\"tp:600;\"\n\t\t\t\t\t\t\t\tdata-frame_1=\"tp:600;st:850;sp:760;sR:850;\"\n\t\t\t\t\t\t\t\tdata-frame_999=\"st:w;sp:420;sR:4390;auto:true;\"\n\t\t\t\t\t\t\t\tstyle=\"z-index:5;font-family:'Montserrat';\"\n\t\t\t\t\t\t\t>ERLEBEN SIE DIE NATUR \n\t\t\t\t\t\t\t<\/h1><!--\n\n\t\t\t\t\t\t\t--><rs-layer\n\t\t\t\t\t\t\t\tid=\"slider-38-slide-88-layer-10\" \n\t\t\t\t\t\t\t\tdata-type=\"image\"\n\t\t\t\t\t\t\t\tdata-rsp_ch=\"on\"\n\t\t\t\t\t\t\t\tdata-xy=\"x:c;yo:75px,67px,67px,67px;\"\n\t\t\t\t\t\t\t\tdata-text=\"l:22;a:inherit;\"\n\t\t\t\t\t\t\t\tdata-dim=\"w:[&#039;112px&#039;,&#039;112px&#039;,&#039;112px&#039;,&#039;112px&#039;];h:[&#039;112px&#039;,&#039;112px&#039;,&#039;112px&#039;,&#039;112px&#039;];\"\n\t\t\t\t\t\t\t\tdata-frame_0=\"tp:600;\"\n\t\t\t\t\t\t\t\tdata-frame_1=\"tp:600;st:830;sp:790;sR:830;\"\n\t\t\t\t\t\t\t\tdata-frame_999=\"o:0;tp:600;st:w;sR:4380;\"\n\t\t\t\t\t\t\t\tstyle=\"z-index:6;\"\n\t\t\t\t\t\t\t><img decoding=\"async\" src=\"\/\/www.turmaden.com\/wp-content\/plugins\/revslider\/sr6\/assets\/assets\/dummy.png\" alt=\"Agroturismo-Menorca-Turmaden-icono\" class=\"tp-rs-img rs-lazyload\" width=\"709\" height=\"709\" data-lazyload=\"\/\/www.turmaden.com\/wp-content\/uploads\/2020\/02\/agroturismo-menorca-turmaden-icono-ecologico.png\" data-no-retina> \n\t\t\t\t\t\t\t<\/rs-layer><!--\n-->\t\t\t\t\t<\/rs-slide>\n\t\t\t\t\t<\/rs-slides>\n\t\t\t\t<\/rs-module>\n\t\t\t\t<script>\n\t\t\t\t\tsetREVStartSize({c: 'rev_slider_38_1',rl:[1240,1024,1024,1024],el:[500,405,405,405],gw:[1400,720,720,720],gh:[500,405,405,405],type:'hero',justify:'',layout:'fullwidth',mh:\"0\"});if (window.RS_MODULES!==undefined && window.RS_MODULES.modules!==undefined && window.RS_MODULES.modules[\"revslider381\"]!==undefined) {window.RS_MODULES.modules[\"revslider381\"].once = false;window.revapi38 = undefined;if (window.RS_MODULES.checkMinimal!==undefined) window.RS_MODULES.checkMinimal()}\n\t\t\t\t<\/script>\n\t\t\t<\/rs-module-wrap>\n\t\t\t<!-- END REVOLUTION SLIDER -->\n<\/div><\/div><\/div><\/div><\/div><\/section><section class=\"l-section wpb_row height_small\"><div class=\"l-section-overlay\" style=\"background:#efefed\"><\/div><div class=\"l-section-h i-cf\"><div class=\"g-cols vc_row via_flex valign_top type_default stacking_default\"><div class=\"vc_col-sm-12 wpb_column vc_column_container\"><div class=\"vc_column-inner\"><div class=\"wpb_wrapper\"><div class=\"wpb_widgetised_column wpb_content_element\"><div class=\"wpb_wrapper\"><div id=\"custom_html-5\" class=\"widget_text widget widget_custom_html\"><div class=\"textwidget custom-html-widget\"><div class=\"wpb_wrapper\">\r\n\t\r\n\r\n<div class=\"w-form layout_hor us_form_1\">\r\n<form class=\"w-form-h\" action=\"https:\/\/turmaden.guestpro.com\/de\/engine\/\" method=\"get\">\r\n<input type=\"hidden\" id=\"start\" name=\"start\" value=\"\" \/>\r\n<input type=\"hidden\" id=\"end\" name=\"end\" value=\"\" \/>\r\n\t\r\n<input type=\"hidden\" id=\"occupancy\" name=\"occupancy\" value=\"2\" \/>\r\n\r\n\t\t\t\t<div class=\"w-form-row for_text with_icon cols_3  has_label\">\r\n\t\t\t\t\t<div class=\"w-form-row-label\">\r\n\t\t\t<span>ANREISE<\/span>\r\n\t\t<\/div>\r\n\t\t<div class=\"w-form-row-field\">\r\n\t\t<i class=\"far fa-calendar\"><\/i><input type=\"text\" id=\"dt1\" name=\"dt1\" aria-label=\"Check-in\" value=\"\" placeholder=\"\" \/>\r\n\t\t\t<\/div>\r\n\r\n<\/div>\r\n\t\t<div class=\"w-form-row for_text with_icon cols_3  has_label\">\r\n\t\t\t<div class=\"w-form-row-label\">\r\n\t\t\t<span>ABREISE<\/span>\r\n\t\t<\/div>\r\n\t\t<div class=\"w-form-row-field\">\r\n\t\t<i class=\"far fa-calendar\"><\/i>\t\t<input type=\"text\" id=\"dt2\" name=\"dt2\" aria-label=\"Check-out\" value=\"\" placeholder=\"\"\/>\r\n\t\t\t<\/div>\r\n\t\t\r\n<\/div>\r\n\t\t<div class=\"w-form-row for_text with_icon cols_3  has_label\">\r\n\t\t\t<div class=\"w-form-row-label\">\r\n\t\t\t<span>PROMO<\/span>\r\n\t\t<\/div>\r\n\t\t<div class=\"w-form-row-field\">\r\n\t\t<i class=\"far fa-star\"><\/i>\t\t<input type=\"text\" id=\"promo\" name=\"promo\" aria-label=\"C\u00f3digo\" value=\"\" placeholder=\"Aktionscode\"\/>\r\n\t\t\t<\/div>\r\n<\/div>\r\n\t\r\n\t\t<div class=\"botoreservar w-form-row for_submit align_left\">\r\n\t<div class=\"w-form-row-field\">\r\n\t\t\t\t<button class=\"w-btn  us-btn-style_1\"  style=\"font-size:1rem;\" type=\"submit\" aria-label=\"Reservar\">\r\n\t\t\t<span class=\"g-preloader type_1\"><\/span>\r\n\t\t\t\t\t\t<span class=\"w-btn-label\">JETZT BUCHEN<\/span>\r\n\t\t\t\t\t<\/button>\r\n\t<\/div>\r\n<\/div>\r\n\r\n\r\n\r\n<script type=\"text\/javascript\"> jQuery(document).ready(function($) {\r\n    \r\n        $(\"#dt1\").datepicker({         \r\ndateFormat: \"dd-mm-yy\",\r\nignoreReadonly: true,\r\n   allowInputToggle: true,\r\n\t    altFormat:'yy-mm-dd',\r\n            altField:'#start',\r\n            minDate: 0,\r\n            onSelect: function (date) {\r\n                var date2 = $('#dt1').datepicker('getDate');\r\n                date2.setDate(date2.getDate() + 1);\r\n                $('#dt2').datepicker('setDate', date2);\r\n                \/\/sets minDate to dt1 date + 2\r\n                $('#dt2').datepicker('option', 'minDate', date2);\r\n            }\r\n        });\r\n\r\n\t$(\"#dt1\").datepicker(\"setDate\", \"+0\");\r\n\r\n\r\n        $('#dt2').datepicker({\r\n            dateFormat: \"dd-mm-yy\",\r\nignoreReadonly: true,\r\n   allowInputToggle: true,\r\n\t   altFormat:'yy-mm-dd',\r\n           altField:'#end',\r\n            onClose: function () {\r\n                var dt1 = $('#dt1').datepicker('getDate');\r\n                console.log(dt1);\r\n                var dt2 = $('#dt2').datepicker('getDate');\r\n                if (dt2 <= dt1) {\r\n                    var minDate = $('#dt2').datepicker('option', 'minDate');\r\n                    $('#dt2').datepicker('setDate', minDate);\r\n                }\r\n            }\r\n        });\r\n\r\n\r\n\t$(\"#dt2\").datepicker(\"setDate\", \"+1\");\r\n\r\n    });\r\n\r\n<\/script>\r\n\r\n\r\n\r\n\r\n<\/form>\r\n<\/div>\r\n\r\n<\/div><\/div><\/div><\/div><\/div><\/div><\/div><\/div><\/div><\/div><\/section><section class=\"l-section wpb_row us_custom_26f64f16 height_medium\"><div class=\"l-section-overlay\" style=\"background:rgba(255,255,255,0.7)\"><\/div><div class=\"l-section-h i-cf\"><div class=\"g-cols vc_row via_flex valign_top type_default stacking_default\"><div class=\"vc_col-sm-6 wpb_column vc_column_container us_animate_aft\"><div class=\"vc_column-inner us_custom_d01541a0\"><div class=\"wpb_wrapper\"><\/div><\/div><\/div><div class=\"vc_col-sm-6 wpb_column vc_column_container us_animate_fade\"><div class=\"vc_column-inner\"><div class=\"wpb_wrapper\"><div class=\"wpb_text_column\"><div class=\"wpb_wrapper\"><h2>\u00d6KOTOURISMUS IN MENORCA<\/h2>\n<\/div><\/div><div class=\"wpb_text_column us_custom_f37aca33\"><div class=\"wpb_wrapper\"><p><a href=\"https:\/\/www.turmaden.com\/de\/turmaden-des-capita-agrotourismus-menorca\/\">Turmad\u00e8n des Capit\u00e0<\/a> ist von der Ecoagrotourism Foundation unter dem Qualit\u00e4tssiegel Ceres Ecotur zertifiziert, das ein innovatives europ\u00e4isches Bewertungssystem namens ECEAT verwendet. Dieses Siegel best\u00e4tigt die Erfahrungen eines verantwortungsvollen \u00d6kotourismus und die Entwicklung von Nachhaltigkeitskriterien, die das Engagement f\u00fcr Umwelt, Kultur und lokale Traditionen bewerten, die f\u00fcr touristische Ziele wie die Insel Menorca typisch sind.<\/p>\n<\/div><\/div><\/div><\/div><\/div><\/div><\/div><\/section><!-- Row Backgrounds --><div class=\"upb_bg_img\" data-ultimate-bg=\"url(https:\/\/www.turmaden.com\/wp-content\/uploads\/2017\/03\/agroturismo-ecologico-menorca-turmaden-hotel-boutique-karl-blossfeldt-9.jpg)\" data-image-id=\"id^600|url^http:\/\/www.turmaden.com\/wp-content\/uploads\/2017\/03\/ecoturisme.jpg|caption^null|alt^null|title^ecoturisme|description^null\" data-ultimate-bg-style=\"vcpb-default\" data-bg-img-repeat=\"no-repeat\" data-bg-img-size=\"cover\" data-bg-img-position=\"\" data-parallx_sense=\"30\" data-bg-override=\"0\" data-bg_img_attach=\"scroll\" data-upb-overlay-color=\"\" data-upb-bg-animation=\"\" data-fadeout=\"\" data-bg-animation=\"left-animation\" data-bg-animation-type=\"h\" data-animation-repeat=\"repeat\" data-fadeout-percentage=\"30\" data-parallax-content=\"\" data-parallax-content-sense=\"30\" data-row-effect-mobile-disable=\"true\" data-img-parallax-mobile-disable=\"true\" data-rtl=\"false\"  data-custom-vc-row=\"\"  data-vc=\"8.7.2\"  data-is_old_vc=\"\"  data-theme-support=\"\"   data-overlay=\"false\" data-overlay-color=\"\" data-overlay-pattern=\"\" data-overlay-pattern-opacity=\"\" data-overlay-pattern-size=\"\"    ><\/div><section class=\"l-section wpb_row us_custom_26f64f16 height_medium\"><div class=\"l-section-overlay\" style=\"background:rgba(239,239,237,0.8)\"><\/div><div class=\"l-section-h i-cf\"><div class=\"g-cols vc_row via_flex valign_top type_default stacking_default\"><div class=\"vc_col-sm-6 wpb_column vc_column_container us_animate_fade\"><div class=\"vc_column-inner us_custom_d01541a0\"><div class=\"wpb_wrapper\"><div class=\"wpb_text_column\"><div class=\"wpb_wrapper\"><h2>DAS WASSER<\/h2>\n<\/div><\/div><div class=\"wpb_text_column us_custom_f37aca33\"><div class=\"wpb_wrapper\"><p>Wir haben die alten Zisternen geborgen, die zur Sammlung und Speicherung von Regenwasser verwendet wurden. Dar\u00fcber hinaus haben wir ein Pflanzenreinigungssystem namens Gr\u00fcnfilter gebaut, das den Wasserkreislauf mit seiner Wiederverwendung schlie\u00dft. Auf diese Weise erm\u00f6glichen wir einen v\u00f6llig autarken und \u00f6kologischen Verbrauch dieser wichtigen Ressource.<\/p>\n<\/div><\/div><\/div><\/div><\/div><div class=\"vc_col-sm-6 wpb_column vc_column_container\"><div class=\"vc_column-inner\"><div class=\"wpb_wrapper\"><\/div><\/div><\/div><\/div><\/div><\/section><!-- Row Backgrounds --><div class=\"upb_bg_img\" data-ultimate-bg=\"url(https:\/\/www.turmaden.com\/wp-content\/uploads\/2017\/03\/agroturismo-ecologico-menorca-turmaden-hotel-boutique-karl-blossfeldt-6.jpg)\" data-image-id=\"id^603|url^http:\/\/www.turmaden.com\/wp-content\/uploads\/2017\/03\/aigua.jpg|caption^null|alt^null|title^aigua|description^null\" data-ultimate-bg-style=\"vcpb-default\" data-bg-img-repeat=\"no-repeat\" data-bg-img-size=\"cover\" data-bg-img-position=\"\" data-parallx_sense=\"30\" data-bg-override=\"0\" data-bg_img_attach=\"scroll\" data-upb-overlay-color=\"\" data-upb-bg-animation=\"\" data-fadeout=\"\" data-bg-animation=\"left-animation\" data-bg-animation-type=\"h\" data-animation-repeat=\"repeat\" data-fadeout-percentage=\"30\" data-parallax-content=\"\" data-parallax-content-sense=\"30\" data-row-effect-mobile-disable=\"true\" data-img-parallax-mobile-disable=\"true\" data-rtl=\"false\"  data-custom-vc-row=\"\"  data-vc=\"8.7.2\"  data-is_old_vc=\"\"  data-theme-support=\"\"   data-overlay=\"false\" data-overlay-color=\"\" data-overlay-pattern=\"\" data-overlay-pattern-opacity=\"\" data-overlay-pattern-size=\"\"    ><\/div><section class=\"l-section wpb_row us_custom_26f64f16 height_medium\"><div class=\"l-section-overlay\" style=\"background:rgba(255,255,255,0.7)\"><\/div><div class=\"l-section-h i-cf\"><div class=\"g-cols vc_row via_flex valign_top type_default stacking_default\"><div class=\"vc_col-sm-6 wpb_column vc_column_container us_animate_aft\"><div class=\"vc_column-inner us_custom_d01541a0\"><div class=\"wpb_wrapper\"><\/div><\/div><\/div><div class=\"vc_col-sm-6 wpb_column vc_column_container us_animate_fade\"><div class=\"vc_column-inner\"><div class=\"wpb_wrapper\"><div class=\"wpb_text_column\"><div class=\"wpb_wrapper\"><h2>DIE ENERGIE<\/h2>\n<\/div><\/div><div class=\"wpb_text_column us_custom_f37aca33\"><div class=\"wpb_wrapper\"><p>Das Engagement f\u00fcr die Umwelt ist uns sehr wichtig. Wir haben die Nutzung erneuerbarer Energien in die Installation von Solarthermieplatten und eines Biomassevergasungskessels integriert, die wir zum Heizen und Warmwasser verwenden. Die Biomasse wird nach den Kriterien eines von der Regierung der Balearen genehmigten Waldplans aus dem Betrieb selbst gewonnen. Andererseits wurde es priorisiert, zu jeder Jahreszeit ein gutes thermisches Verhalten des Agrotourismus \/ Hotels nach Biokonstruktionskriterien zu erreichen.<\/p>\n<\/div><\/div><\/div><\/div><\/div><\/div><\/div><\/section><!-- Row Backgrounds --><div class=\"upb_bg_img\" data-ultimate-bg=\"url(https:\/\/www.turmaden.com\/wp-content\/uploads\/2017\/03\/agroturismo-ecologico-menorca-turmaden-hotel-boutique-karl-blossfeldt-8.jpg)\" data-image-id=\"id^601|url^http:\/\/www.turmaden.com\/wp-content\/uploads\/2017\/03\/energia.jpg|caption^null|alt^null|title^energia|description^null\" data-ultimate-bg-style=\"vcpb-default\" data-bg-img-repeat=\"no-repeat\" data-bg-img-size=\"cover\" data-bg-img-position=\"\" data-parallx_sense=\"30\" data-bg-override=\"0\" data-bg_img_attach=\"scroll\" data-upb-overlay-color=\"\" data-upb-bg-animation=\"\" data-fadeout=\"\" data-bg-animation=\"left-animation\" data-bg-animation-type=\"h\" data-animation-repeat=\"repeat\" data-fadeout-percentage=\"30\" data-parallax-content=\"\" data-parallax-content-sense=\"30\" data-row-effect-mobile-disable=\"true\" data-img-parallax-mobile-disable=\"true\" data-rtl=\"false\"  data-custom-vc-row=\"\"  data-vc=\"8.7.2\"  data-is_old_vc=\"\"  data-theme-support=\"\"   data-overlay=\"false\" data-overlay-color=\"\" data-overlay-pattern=\"\" data-overlay-pattern-opacity=\"\" data-overlay-pattern-size=\"\"    ><\/div><section class=\"l-section wpb_row us_custom_26f64f16 height_medium\"><div class=\"l-section-overlay\" style=\"background:rgba(239,239,237,0.8)\"><\/div><div class=\"l-section-h i-cf\"><div class=\"g-cols vc_row via_flex valign_top type_default stacking_default\"><div class=\"vc_col-sm-6 wpb_column vc_column_container us_animate_fade\"><div class=\"vc_column-inner us_custom_d01541a0\"><div class=\"wpb_wrapper\"><div class=\"wpb_text_column\"><div class=\"wpb_wrapper\"><h2>Sorgerecht f\u00fcr das Gebiet<\/h2>\n<\/div><\/div><div class=\"wpb_text_column us_custom_f37aca33\"><div class=\"wpb_wrapper\"><p>Turmad\u00e8n des Capit\u00e0 beteiligt sich zusammen mit lokalen Verwaltungen und K\u00f6rperschaften an einem Landverwaltungsprojekt, um die Wirtschaftlichkeit des Agrotourismus mit der Erhaltung der nat\u00fcrlichen Werte Menorcas in Einklang zu bringen. Hauptziel ist es, die Auswirkungen der sozialen, \u00f6kologischen und wirtschaftlichen Nachhaltigkeit landwirtschaftlicher Aktivit\u00e4ten zu untersuchen. Dieses ehrgeizige Projekt f\u00fchrt zu wertvoller sozialer Anerkennung und tr\u00e4gt zur F\u00f6rderung von Produkten mit Mehrwert bei.<\/p>\n<\/div><\/div><\/div><\/div><\/div><div class=\"vc_col-sm-6 wpb_column vc_column_container\"><div class=\"vc_column-inner\"><div class=\"wpb_wrapper\"><\/div><\/div><\/div><\/div><\/div><\/section><!-- Row Backgrounds --><div class=\"upb_bg_img\" data-ultimate-bg=\"url(https:\/\/www.turmaden.com\/wp-content\/uploads\/2017\/03\/agroturismo-ecologico-menorca-turmaden-hotel-boutique-karl-blossfeldt-7.jpg)\" data-image-id=\"id^602|url^http:\/\/www.turmaden.com\/wp-content\/uploads\/2017\/03\/territori.jpg|caption^null|alt^null|title^territori|description^null\" data-ultimate-bg-style=\"vcpb-default\" data-bg-img-repeat=\"no-repeat\" data-bg-img-size=\"cover\" data-bg-img-position=\"\" data-parallx_sense=\"30\" data-bg-override=\"0\" data-bg_img_attach=\"scroll\" data-upb-overlay-color=\"\" data-upb-bg-animation=\"\" data-fadeout=\"\" data-bg-animation=\"left-animation\" data-bg-animation-type=\"h\" data-animation-repeat=\"repeat\" data-fadeout-percentage=\"30\" data-parallax-content=\"\" data-parallax-content-sense=\"30\" data-row-effect-mobile-disable=\"true\" data-img-parallax-mobile-disable=\"true\" data-rtl=\"false\"  data-custom-vc-row=\"\"  data-vc=\"8.7.2\"  data-is_old_vc=\"\"  data-theme-support=\"\"   data-overlay=\"false\" data-overlay-color=\"\" data-overlay-pattern=\"\" data-overlay-pattern-opacity=\"\" data-overlay-pattern-size=\"\"    ><\/div><section class=\"l-section wpb_row us_custom_d392eac1 height_medium\"><div class=\"l-section-overlay\" style=\"background:rgba(255,255,255,0.6)\"><\/div><div class=\"l-section-h i-cf\"><div class=\"g-cols vc_row via_flex valign_top type_default stacking_default\"><div class=\"vc_col-sm-12 wpb_column vc_column_container us_animate_fade\"><div class=\"vc_column-inner us_custom_39428959\"><div class=\"wpb_wrapper\"><div class=\"w-grid us_grid items_valign_center type_grid layout_1270 cols_5 preload_style_spinner\" id=\"us_grid_1\" style=\"--columns:5;\" data-filterable=\"true\"><style>@media (max-width:1380px){#us_grid_1{--columns:3!important}}@media (max-width:1024px){#us_grid_1{--columns:2!important}}@media (max-width:600px){#us_grid_1{--columns:2!important}}.layout_1270 .w-grid-item-h{}.layout_1270 .usg_post_image_1{transition-duration:0.3s;opacity:0.66}.layout_1270 .w-grid-item-h:focus-within .usg_post_image_1,.layout_1270 .w-grid-item-h:hover .usg_post_image_1{opacity:1}.layout_1270 .usg_post_image_1{padding:2rem!important}<\/style><div class=\"w-grid-list\">\t<article class=\"w-grid-item size_1x1 post-2973 attachment type-attachment status-inherit hentry\" data-id=\"2973\">\r\n\t\t<div class=\"w-grid-item-h\">\r\n\t\t\t\t\t\t<div class=\"w-post-elm post_image usg_post_image_1 stretched\"><img loading=\"lazy\" decoding=\"async\" width=\"260\" height=\"260\" src=\"https:\/\/www.turmaden.com\/wp-content\/uploads\/2017\/03\/agroturismo-ecologico-menorca-turmaden-reserva-biosfera.png\" class=\"attachment-medium size-medium\" alt=\"\" srcset=\"https:\/\/www.turmaden.com\/wp-content\/uploads\/2017\/03\/agroturismo-ecologico-menorca-turmaden-reserva-biosfera.png 260w, https:\/\/www.turmaden.com\/wp-content\/uploads\/2017\/03\/agroturismo-ecologico-menorca-turmaden-reserva-biosfera-150x150.png 150w, https:\/\/www.turmaden.com\/wp-content\/uploads\/2017\/03\/agroturismo-ecologico-menorca-turmaden-reserva-biosfera-240x240.png 240w\" sizes=\"auto, (max-width: 260px) 100vw, 260px\" \/><\/div>\t\t<\/div>\r\n\t\t\t<\/article>\r\n\t<article class=\"w-grid-item size_1x1 post-2970 attachment type-attachment status-inherit hentry\" data-id=\"2970\">\r\n\t\t<div class=\"w-grid-item-h\">\r\n\t\t\t\t\t\t<div class=\"w-post-elm post_image usg_post_image_1 stretched\"><img loading=\"lazy\" decoding=\"async\" width=\"260\" height=\"260\" src=\"https:\/\/www.turmaden.com\/wp-content\/uploads\/2017\/03\/agroturismo-ecologico-menorca-turmaden-ceres.png\" class=\"attachment-medium size-medium\" alt=\"\" srcset=\"https:\/\/www.turmaden.com\/wp-content\/uploads\/2017\/03\/agroturismo-ecologico-menorca-turmaden-ceres.png 260w, https:\/\/www.turmaden.com\/wp-content\/uploads\/2017\/03\/agroturismo-ecologico-menorca-turmaden-ceres-150x150.png 150w, https:\/\/www.turmaden.com\/wp-content\/uploads\/2017\/03\/agroturismo-ecologico-menorca-turmaden-ceres-240x240.png 240w\" sizes=\"auto, (max-width: 260px) 100vw, 260px\" \/><\/div>\t\t<\/div>\r\n\t\t\t<\/article>\r\n\t<article class=\"w-grid-item size_1x1 post-2967 attachment type-attachment status-inherit hentry\" data-id=\"2967\">\r\n\t\t<div class=\"w-grid-item-h\">\r\n\t\t\t\t\t\t<div class=\"w-post-elm post_image usg_post_image_1 stretched\"><img loading=\"lazy\" decoding=\"async\" width=\"260\" height=\"260\" src=\"https:\/\/www.turmaden.com\/wp-content\/uploads\/2017\/03\/agroturismo-ecologico-menorca-turmaden-gob.png\" class=\"attachment-medium size-medium\" alt=\"\" srcset=\"https:\/\/www.turmaden.com\/wp-content\/uploads\/2017\/03\/agroturismo-ecologico-menorca-turmaden-gob.png 260w, https:\/\/www.turmaden.com\/wp-content\/uploads\/2017\/03\/agroturismo-ecologico-menorca-turmaden-gob-150x150.png 150w, https:\/\/www.turmaden.com\/wp-content\/uploads\/2017\/03\/agroturismo-ecologico-menorca-turmaden-gob-240x240.png 240w\" sizes=\"auto, (max-width: 260px) 100vw, 260px\" \/><\/div>\t\t<\/div>\r\n\t\t\t<\/article>\r\n\t<article class=\"w-grid-item size_1x1 post-2964 attachment type-attachment status-inherit hentry\" data-id=\"2964\">\r\n\t\t<div class=\"w-grid-item-h\">\r\n\t\t\t\t\t\t<div class=\"w-post-elm post_image usg_post_image_1 stretched\"><img loading=\"lazy\" decoding=\"async\" width=\"260\" height=\"260\" src=\"https:\/\/www.turmaden.com\/wp-content\/uploads\/2017\/03\/agroturismo-ecologico-menorca-turmaden-cbpae.png\" class=\"attachment-medium size-medium\" alt=\"\" srcset=\"https:\/\/www.turmaden.com\/wp-content\/uploads\/2017\/03\/agroturismo-ecologico-menorca-turmaden-cbpae.png 260w, https:\/\/www.turmaden.com\/wp-content\/uploads\/2017\/03\/agroturismo-ecologico-menorca-turmaden-cbpae-150x150.png 150w, https:\/\/www.turmaden.com\/wp-content\/uploads\/2017\/03\/agroturismo-ecologico-menorca-turmaden-cbpae-240x240.png 240w\" sizes=\"auto, (max-width: 260px) 100vw, 260px\" \/><\/div>\t\t<\/div>\r\n\t\t\t<\/article>\r\n\t<article class=\"w-grid-item size_1x1 post-2961 attachment type-attachment status-inherit hentry\" data-id=\"2961\">\r\n\t\t<div class=\"w-grid-item-h\">\r\n\t\t\t\t\t\t<div class=\"w-post-elm post_image usg_post_image_1 stretched\"><img loading=\"lazy\" decoding=\"async\" width=\"260\" height=\"260\" src=\"https:\/\/www.turmaden.com\/wp-content\/uploads\/2017\/03\/agroturismo-ecologico-menorca-turmaden-europa.png\" class=\"attachment-medium size-medium\" alt=\"\" srcset=\"https:\/\/www.turmaden.com\/wp-content\/uploads\/2017\/03\/agroturismo-ecologico-menorca-turmaden-europa.png 260w, https:\/\/www.turmaden.com\/wp-content\/uploads\/2017\/03\/agroturismo-ecologico-menorca-turmaden-europa-150x150.png 150w, https:\/\/www.turmaden.com\/wp-content\/uploads\/2017\/03\/agroturismo-ecologico-menorca-turmaden-europa-240x240.png 240w\" sizes=\"auto, (max-width: 260px) 100vw, 260px\" \/><\/div>\t\t<\/div>\r\n\t\t\t<\/article>\r\n<\/div>\t<div class=\"w-grid-preloader\">\r\n\t\t<div class=\"g-preloader type_1\">\r\n\t\t\t<div><\/div>\r\n\t\t<\/div>\r\n\t<\/div>\r\n\t\t<div class=\"w-grid-json hidden\" onclick='return {&quot;action&quot;:&quot;us_ajax_grid&quot;,&quot;infinite_scroll&quot;:0,&quot;max_num_pages&quot;:1,&quot;pagination&quot;:&quot;none&quot;,&quot;template_vars&quot;:{&quot;columns&quot;:&quot;5&quot;,&quot;exclude_items&quot;:&quot;none&quot;,&quot;img_size&quot;:&quot;medium&quot;,&quot;ignore_items_size&quot;:0,&quot;items_layout&quot;:&quot;1270&quot;,&quot;items_offset&quot;:&quot;1&quot;,&quot;load_animation&quot;:&quot;none&quot;,&quot;overriding_link&quot;:&quot;{\\&quot;url\\&quot;:\\&quot;\\&quot;}&quot;,&quot;post_id&quot;:0,&quot;query_args&quot;:{&quot;post_type&quot;:[&quot;attachment&quot;],&quot;post__in&quot;:[&quot;577&quot;,&quot;578&quot;,&quot;579&quot;,&quot;576&quot;,&quot;580&quot;],&quot;post_status&quot;:&quot;inherit&quot;,&quot;post_mime_type&quot;:&quot;image&quot;,&quot;posts_per_page&quot;:999},&quot;orderby_query_args&quot;:{&quot;orderby&quot;:{&quot;date&quot;:&quot;DESC&quot;}},&quot;type&quot;:&quot;grid&quot;,&quot;us_grid_post_type&quot;:&quot;attachment&quot;,&quot;us_grid_ajax_index&quot;:1,&quot;us_grid_filter_query_string&quot;:null,&quot;us_grid_index&quot;:1,&quot;page_args&quot;:[],&quot;lang&quot;:&quot;de&quot;}}'><\/div>\r\n\t<\/div><\/div><\/div><\/div><\/div><\/div><\/section>\n","protected":false},"excerpt":{"rendered":"","protected":false},"author":5,"featured_media":0,"parent":0,"menu_order":0,"comment_status":"closed","ping_status":"closed","template":"","meta":{"footnotes":""},"class_list":["post-3707","page","type-page","status-publish","hentry"],"yoast_head":"<!-- This site is optimized with the Yoast SEO plugin v27.5 - https:\/\/yoast.com\/product\/yoast-seo-wordpress\/ -->\n<title>Engagement f\u00fcr die Umwelt - \u00d6kologisches Bauernhaus auf Menorca<\/title>\n<meta name=\"description\" content=\"Turmad\u00e8n des Capit\u00e0 ist ein \u00f6kologisches Bauernhaus auf Menorca, das sich f\u00fcr Umwelt, Nachhaltigkeit, Kultur und lokale Traditionen einsetzt.\" \/>\n<meta name=\"robots\" content=\"index, follow, max-snippet:-1, max-image-preview:large, max-video-preview:-1\" \/>\n<link rel=\"canonical\" href=\"https:\/\/www.turmaden.com\/de\/engagement-umwelt-oekologisches-bauernhaus-menorca\/\" \/>\n<meta name=\"twitter:label1\" content=\"Gesch\u00e4tzte Lesezeit\" \/>\n\t<meta name=\"twitter:data1\" content=\"4\u00a0Minuten\" \/>\n<script type=\"application\/ld+json\" class=\"yoast-schema-graph\">{\"@context\":\"https:\\\/\\\/schema.org\",\"@graph\":[{\"@type\":\"WebPage\",\"@id\":\"https:\\\/\\\/www.turmaden.com\\\/de\\\/engagement-umwelt-oekologisches-bauernhaus-menorca\\\/\",\"url\":\"https:\\\/\\\/www.turmaden.com\\\/de\\\/engagement-umwelt-oekologisches-bauernhaus-menorca\\\/\",\"name\":\"Engagement f\u00fcr die Umwelt - \u00d6kologisches Bauernhaus auf Menorca\",\"isPartOf\":{\"@id\":\"https:\\\/\\\/www.turmaden.com\\\/#website\"},\"datePublished\":\"2020-04-30T08:23:46+00:00\",\"dateModified\":\"2020-04-30T08:49:52+00:00\",\"description\":\"Turmad\u00e8n des Capit\u00e0 ist ein \u00f6kologisches Bauernhaus auf Menorca, das sich f\u00fcr Umwelt, Nachhaltigkeit, Kultur und lokale Traditionen einsetzt.\",\"breadcrumb\":{\"@id\":\"https:\\\/\\\/www.turmaden.com\\\/de\\\/engagement-umwelt-oekologisches-bauernhaus-menorca\\\/#breadcrumb\"},\"inLanguage\":\"de\",\"potentialAction\":[{\"@type\":\"ReadAction\",\"target\":[\"https:\\\/\\\/www.turmaden.com\\\/de\\\/engagement-umwelt-oekologisches-bauernhaus-menorca\\\/\"]}]},{\"@type\":\"BreadcrumbList\",\"@id\":\"https:\\\/\\\/www.turmaden.com\\\/de\\\/engagement-umwelt-oekologisches-bauernhaus-menorca\\\/#breadcrumb\",\"itemListElement\":[{\"@type\":\"ListItem\",\"position\":1,\"name\":\"Portada\",\"item\":\"https:\\\/\\\/www.turmaden.com\\\/de\\\/\"},{\"@type\":\"ListItem\",\"position\":2,\"name\":\"\u00d6kologisch\"}]},{\"@type\":\"WebSite\",\"@id\":\"https:\\\/\\\/www.turmaden.com\\\/#website\",\"url\":\"https:\\\/\\\/www.turmaden.com\\\/\",\"name\":\"Turmad\u00e8n des Capit\u00e0 - Agroturismo Menorca\",\"description\":\"Compromiso con el medio ambiente\",\"publisher\":{\"@id\":\"https:\\\/\\\/www.turmaden.com\\\/#organization\"},\"potentialAction\":[{\"@type\":\"SearchAction\",\"target\":{\"@type\":\"EntryPoint\",\"urlTemplate\":\"https:\\\/\\\/www.turmaden.com\\\/?s={search_term_string}\"},\"query-input\":{\"@type\":\"PropertyValueSpecification\",\"valueRequired\":true,\"valueName\":\"search_term_string\"}}],\"inLanguage\":\"de\"},{\"@type\":\"Organization\",\"@id\":\"https:\\\/\\\/www.turmaden.com\\\/#organization\",\"name\":\"Turmad\u00e8n des Capit\u00e0 - Agroturismo Menorca\",\"url\":\"https:\\\/\\\/www.turmaden.com\\\/\",\"logo\":{\"@type\":\"ImageObject\",\"inLanguage\":\"de\",\"@id\":\"https:\\\/\\\/www.turmaden.com\\\/#\\\/schema\\\/logo\\\/image\\\/\",\"url\":\"https:\\\/\\\/www.turmaden.com\\\/wp-content\\\/uploads\\\/2020\\\/02\\\/agroturismo-ecologico-menorca-turmaden-1.png\",\"contentUrl\":\"https:\\\/\\\/www.turmaden.com\\\/wp-content\\\/uploads\\\/2020\\\/02\\\/agroturismo-ecologico-menorca-turmaden-1.png\",\"width\":935,\"height\":283,\"caption\":\"Turmad\u00e8n des Capit\u00e0 - Agroturismo Menorca\"},\"image\":{\"@id\":\"https:\\\/\\\/www.turmaden.com\\\/#\\\/schema\\\/logo\\\/image\\\/\"},\"sameAs\":[\"https:\\\/\\\/www.instagram.com\\\/turmaden\\\/\"]}]}<\/script>\n<!-- \/ Yoast SEO plugin. -->","yoast_head_json":{"title":"Engagement f\u00fcr die Umwelt - \u00d6kologisches Bauernhaus auf Menorca","description":"Turmad\u00e8n des Capit\u00e0 ist ein \u00f6kologisches Bauernhaus auf Menorca, das sich f\u00fcr Umwelt, Nachhaltigkeit, Kultur und lokale Traditionen einsetzt.","robots":{"index":"index","follow":"follow","max-snippet":"max-snippet:-1","max-image-preview":"max-image-preview:large","max-video-preview":"max-video-preview:-1"},"canonical":"https:\/\/www.turmaden.com\/de\/engagement-umwelt-oekologisches-bauernhaus-menorca\/","twitter_misc":{"Gesch\u00e4tzte Lesezeit":"4\u00a0Minuten"},"schema":{"@context":"https:\/\/schema.org","@graph":[{"@type":"WebPage","@id":"https:\/\/www.turmaden.com\/de\/engagement-umwelt-oekologisches-bauernhaus-menorca\/","url":"https:\/\/www.turmaden.com\/de\/engagement-umwelt-oekologisches-bauernhaus-menorca\/","name":"Engagement f\u00fcr die Umwelt - \u00d6kologisches Bauernhaus auf Menorca","isPartOf":{"@id":"https:\/\/www.turmaden.com\/#website"},"datePublished":"2020-04-30T08:23:46+00:00","dateModified":"2020-04-30T08:49:52+00:00","description":"Turmad\u00e8n des Capit\u00e0 ist ein \u00f6kologisches Bauernhaus auf Menorca, das sich f\u00fcr Umwelt, Nachhaltigkeit, Kultur und lokale Traditionen einsetzt.","breadcrumb":{"@id":"https:\/\/www.turmaden.com\/de\/engagement-umwelt-oekologisches-bauernhaus-menorca\/#breadcrumb"},"inLanguage":"de","potentialAction":[{"@type":"ReadAction","target":["https:\/\/www.turmaden.com\/de\/engagement-umwelt-oekologisches-bauernhaus-menorca\/"]}]},{"@type":"BreadcrumbList","@id":"https:\/\/www.turmaden.com\/de\/engagement-umwelt-oekologisches-bauernhaus-menorca\/#breadcrumb","itemListElement":[{"@type":"ListItem","position":1,"name":"Portada","item":"https:\/\/www.turmaden.com\/de\/"},{"@type":"ListItem","position":2,"name":"\u00d6kologisch"}]},{"@type":"WebSite","@id":"https:\/\/www.turmaden.com\/#website","url":"https:\/\/www.turmaden.com\/","name":"Turmad\u00e8n des Capit\u00e0 - Agroturismo Menorca","description":"Compromiso con el medio ambiente","publisher":{"@id":"https:\/\/www.turmaden.com\/#organization"},"potentialAction":[{"@type":"SearchAction","target":{"@type":"EntryPoint","urlTemplate":"https:\/\/www.turmaden.com\/?s={search_term_string}"},"query-input":{"@type":"PropertyValueSpecification","valueRequired":true,"valueName":"search_term_string"}}],"inLanguage":"de"},{"@type":"Organization","@id":"https:\/\/www.turmaden.com\/#organization","name":"Turmad\u00e8n des Capit\u00e0 - Agroturismo Menorca","url":"https:\/\/www.turmaden.com\/","logo":{"@type":"ImageObject","inLanguage":"de","@id":"https:\/\/www.turmaden.com\/#\/schema\/logo\/image\/","url":"https:\/\/www.turmaden.com\/wp-content\/uploads\/2020\/02\/agroturismo-ecologico-menorca-turmaden-1.png","contentUrl":"https:\/\/www.turmaden.com\/wp-content\/uploads\/2020\/02\/agroturismo-ecologico-menorca-turmaden-1.png","width":935,"height":283,"caption":"Turmad\u00e8n des Capit\u00e0 - Agroturismo Menorca"},"image":{"@id":"https:\/\/www.turmaden.com\/#\/schema\/logo\/image\/"},"sameAs":["https:\/\/www.instagram.com\/turmaden\/"]}]}},"_links":{"self":[{"href":"https:\/\/www.turmaden.com\/de\/wp-json\/wp\/v2\/pages\/3707","targetHints":{"allow":["GET"]}}],"collection":[{"href":"https:\/\/www.turmaden.com\/de\/wp-json\/wp\/v2\/pages"}],"about":[{"href":"https:\/\/www.turmaden.com\/de\/wp-json\/wp\/v2\/types\/page"}],"author":[{"embeddable":true,"href":"https:\/\/www.turmaden.com\/de\/wp-json\/wp\/v2\/users\/5"}],"replies":[{"embeddable":true,"href":"https:\/\/www.turmaden.com\/de\/wp-json\/wp\/v2\/comments?post=3707"}],"version-history":[{"count":5,"href":"https:\/\/www.turmaden.com\/de\/wp-json\/wp\/v2\/pages\/3707\/revisions"}],"predecessor-version":[{"id":3720,"href":"https:\/\/www.turmaden.com\/de\/wp-json\/wp\/v2\/pages\/3707\/revisions\/3720"}],"wp:attachment":[{"href":"https:\/\/www.turmaden.com\/de\/wp-json\/wp\/v2\/media?parent=3707"}],"curies":[{"name":"wp","href":"https:\/\/api.w.org\/{rel}","templated":true}]}}