{"id":3709,"date":"2020-04-30T08:27:19","date_gmt":"2020-04-30T08:27:19","guid":{"rendered":"https:\/\/www.turmaden.com\/die-zimmer\/"},"modified":"2022-03-14T16:55:11","modified_gmt":"2022-03-14T16:55:11","slug":"zimmer-bauernhauses-turmaden-des-capita-auf-menorca","status":"publish","type":"page","link":"https:\/\/www.turmaden.com\/de\/zimmer-bauernhauses-turmaden-des-capita-auf-menorca\/","title":{"rendered":"Die Zimmer"},"content":{"rendered":"<section class=\"l-section wpb_row height_auto width_full\"><div class=\"l-section-h i-cf\"><div class=\"g-cols vc_row via_flex valign_top type_default stacking_default\"><div class=\"vc_col-sm-12 wpb_column vc_column_container\"><div class=\"vc_column-inner\"><div class=\"wpb_wrapper\">[rev_slider_vc alias=&#8220;habitacions-de&#8220;]<\/div><\/div><\/div><\/div><\/div><\/section><section class=\"l-section wpb_row height_small\"><div class=\"l-section-h i-cf\"><div class=\"g-cols vc_row via_flex valign_top type_default stacking_default\"><div class=\"vc_col-sm-12 wpb_column vc_column_container\"><div class=\"vc_column-inner\"><div class=\"wpb_wrapper\"><div class=\"wpb_widgetised_column wpb_content_element\"><div class=\"wpb_wrapper\"><div id=\"custom_html-5\" class=\"widget_text widget widget_custom_html\"><div class=\"textwidget custom-html-widget\"><div class=\"wpb_wrapper\">\r\n\t\r\n\r\n<div class=\"w-form layout_hor us_form_1\">\r\n<form class=\"w-form-h\" action=\"https:\/\/turmaden.guestpro.com\/de\/engine\/\" method=\"get\">\r\n<input type=\"hidden\" id=\"start\" name=\"start\" value=\"\" \/>\r\n<input type=\"hidden\" id=\"end\" name=\"end\" value=\"\" \/>\r\n\t\r\n<input type=\"hidden\" id=\"occupancy\" name=\"occupancy\" value=\"2\" \/>\r\n\r\n\t\t\t\t<div class=\"w-form-row for_text with_icon cols_3  has_label\">\r\n\t\t\t\t\t<div class=\"w-form-row-label\">\r\n\t\t\t<span>ANREISE<\/span>\r\n\t\t<\/div>\r\n\t\t<div class=\"w-form-row-field\">\r\n\t\t<i class=\"far fa-calendar\"><\/i><input type=\"text\" id=\"dt1\" name=\"dt1\" aria-label=\"Check-in\" value=\"\" placeholder=\"\" \/>\r\n\t\t\t<\/div>\r\n\r\n<\/div>\r\n\t\t<div class=\"w-form-row for_text with_icon cols_3  has_label\">\r\n\t\t\t<div class=\"w-form-row-label\">\r\n\t\t\t<span>ABREISE<\/span>\r\n\t\t<\/div>\r\n\t\t<div class=\"w-form-row-field\">\r\n\t\t<i class=\"far fa-calendar\"><\/i>\t\t<input type=\"text\" id=\"dt2\" name=\"dt2\" aria-label=\"Check-out\" value=\"\" placeholder=\"\"\/>\r\n\t\t\t<\/div>\r\n\t\t\r\n<\/div>\r\n\t\t<div class=\"w-form-row for_text with_icon cols_3  has_label\">\r\n\t\t\t<div class=\"w-form-row-label\">\r\n\t\t\t<span>PROMO<\/span>\r\n\t\t<\/div>\r\n\t\t<div class=\"w-form-row-field\">\r\n\t\t<i class=\"far fa-star\"><\/i>\t\t<input type=\"text\" id=\"promo\" name=\"promo\" aria-label=\"C\u00f3digo\" value=\"\" placeholder=\"Aktionscode\"\/>\r\n\t\t\t<\/div>\r\n<\/div>\r\n\t\r\n\t\t<div class=\"botoreservar w-form-row for_submit align_left\">\r\n\t<div class=\"w-form-row-field\">\r\n\t\t\t\t<button class=\"w-btn  us-btn-style_1\"  style=\"font-size:1rem;\" type=\"submit\" aria-label=\"Reservar\">\r\n\t\t\t<span class=\"g-preloader type_1\"><\/span>\r\n\t\t\t\t\t\t<span class=\"w-btn-label\">JETZT BUCHEN<\/span>\r\n\t\t\t\t\t<\/button>\r\n\t<\/div>\r\n<\/div>\r\n\r\n\r\n\r\n<script type=\"text\/javascript\"> jQuery(document).ready(function($) {\r\n    \r\n        $(\"#dt1\").datepicker({         \r\ndateFormat: \"dd-mm-yy\",\r\nignoreReadonly: true,\r\n   allowInputToggle: true,\r\n\t    altFormat:'yy-mm-dd',\r\n            altField:'#start',\r\n            minDate: 0,\r\n            onSelect: function (date) {\r\n                var date2 = $('#dt1').datepicker('getDate');\r\n                date2.setDate(date2.getDate() + 1);\r\n                $('#dt2').datepicker('setDate', date2);\r\n                \/\/sets minDate to dt1 date + 2\r\n                $('#dt2').datepicker('option', 'minDate', date2);\r\n            }\r\n        });\r\n\r\n\t$(\"#dt1\").datepicker(\"setDate\", \"+0\");\r\n\r\n\r\n        $('#dt2').datepicker({\r\n            dateFormat: \"dd-mm-yy\",\r\nignoreReadonly: true,\r\n   allowInputToggle: true,\r\n\t   altFormat:'yy-mm-dd',\r\n           altField:'#end',\r\n            onClose: function () {\r\n                var dt1 = $('#dt1').datepicker('getDate');\r\n                console.log(dt1);\r\n                var dt2 = $('#dt2').datepicker('getDate');\r\n                if (dt2 <= dt1) {\r\n                    var minDate = $('#dt2').datepicker('option', 'minDate');\r\n                    $('#dt2').datepicker('setDate', minDate);\r\n                }\r\n            }\r\n        });\r\n\r\n\r\n\t$(\"#dt2\").datepicker(\"setDate\", \"+1\");\r\n\r\n    });\r\n\r\n<\/script>\r\n\r\n\r\n\r\n\r\n<\/form>\r\n<\/div>\r\n\r\n<\/div><\/div><\/div><\/div><\/div><\/div><\/div><\/div><\/div><\/div><\/section><!-- Row Backgrounds --><div class=\"upb_color\" data-bg-override=\"0\" data-bg-color=\"#efefed\" data-fadeout=\"\" data-fadeout-percentage=\"30\" data-parallax-content=\"\" data-parallax-content-sense=\"30\" data-row-effect-mobile-disable=\"true\" data-img-parallax-mobile-disable=\"true\" data-rtl=\"false\"  data-custom-vc-row=\"\"  data-vc=\"8.7.2\"  data-is_old_vc=\"\"  data-theme-support=\"\"   data-overlay=\"false\" data-overlay-color=\"\" data-overlay-pattern=\"\" data-overlay-pattern-opacity=\"\" data-overlay-pattern-size=\"\"    ><\/div><section class=\"l-section wpb_row us_custom_8a398476 height_medium\"><div class=\"l-section-overlay\" style=\"background:rgba(255,255,255,0.6)\"><\/div><div class=\"l-section-h i-cf\"><div class=\"g-cols vc_row via_flex valign_top type_default stacking_default\"><div class=\"vc_col-sm-12 wpb_column vc_column_container us_animate_fade\"><div class=\"vc_column-inner us_custom_cc7132a6\"><div class=\"wpb_wrapper\"><div class=\"w-image us_custom_539f15ee align_center us_animate_fade\"><div class=\"w-image-h\"><img decoding=\"async\" width=\"150\" height=\"150\" src=\"https:\/\/www.turmaden.com\/wp-content\/uploads\/2020\/02\/agroturismo-menorca-turmaden-karl-blossfeldt-7-150x150.png\" class=\"attachment-thumbnail size-thumbnail\" alt=\"\" loading=\"lazy\" srcset=\"https:\/\/www.turmaden.com\/wp-content\/uploads\/2020\/02\/agroturismo-menorca-turmaden-karl-blossfeldt-7-150x150.png 150w, https:\/\/www.turmaden.com\/wp-content\/uploads\/2020\/02\/agroturismo-menorca-turmaden-karl-blossfeldt-7-350x350.png 350w\" sizes=\"auto, (max-width: 150px) 100vw, 150px\" \/><\/div><\/div><div class=\"wpb_text_column us_custom_9e158892\"><div class=\"wpb_wrapper\"><h4 style=\"text-align: center;\">Die Zimmer des Turmad\u00e8n des Capit\u00e0 sind einfach und originell eingerichtet. Das Bauernhaus verf\u00fcgt \u00fcber eine Suite und f\u00fcnf Doppelzimmer, alle mit einer Au\u00dfenterrasse. Alle R\u00e4ume sind gut isoliert, um zu jeder Jahreszeit optimalen Komfort zu erzielen, insbesondere im Sommer und Winter. Wir haben <a href=\"https:\/\/www.turmaden.com\/de\/engagement-umwelt-oekologisches-bauernhaus-menorca\/\">Biomasse-Zentralheizung<\/a> auf dem gleichen Bauernhof und Ventilatoren in jedem Raum.<\/h4>\n<\/div><\/div><\/div><\/div><\/div><\/div><\/div><\/section><section class=\"l-section wpb_row us_custom_8a398476 height_medium\"><div class=\"l-section-overlay\" style=\"background:#efefed\"><\/div><div class=\"l-section-h i-cf\"><div class=\"g-cols vc_row via_flex valign_top type_default stacking_default\"><div class=\"vc_col-sm-6 wpb_column vc_column_container us_animate_fade\"><div class=\"vc_column-inner\"><div class=\"wpb_wrapper\"><div class=\"wpb_text_column\"><div class=\"wpb_wrapper\"><h2>UNSERE SUITE<\/h2>\n<\/div><\/div><\/div><\/div><\/div><div class=\"vc_col-sm-6 wpb_column vc_column_container us_animate_fade\"><div class=\"vc_column-inner\"><div class=\"wpb_wrapper\"><div class=\"wpb_text_column\"><div class=\"wpb_wrapper\"><p>Ger\u00e4umiges Loftzimmer mit originellem Grundriss und herrlicher Aussicht. Es ist ein 55 m\u00b2 gro\u00dfes Zimmer, sehr komfortabel und ger\u00e4umig f\u00fcr Paare, die einen besonderen Aufenthalt w\u00fcnschen, und ideal f\u00fcr Familien, da es zwei Zustellbetten im Wohnzimmer haben kann. Es verf\u00fcgt \u00fcber eine spektakul\u00e4re Balkonterrasse mit Blick auf den Berg El Toro und die l\u00e4ndliche Landschaft Menorcas.<\/p>\n<\/div><\/div><\/div><\/div><\/div><\/div><\/div><\/section><section class=\"l-section wpb_row us_custom_0372f29e height_medium\"><div class=\"l-section-overlay\" style=\"background:#efefed\"><\/div><div class=\"l-section-h i-cf\"><div class=\"g-cols vc_row via_flex valign_top type_default stacking_default\"><div class=\"vc_col-sm-12 wpb_column vc_column_container us_animate_fade\"><div class=\"vc_column-inner us_custom_39428959\"><div class=\"wpb_wrapper\"><div id=\"ult-carousel-112319203369eefdbc14309\" class=\"ult-carousel-wrapper  vc_custom_1582112957947  ult_horizontal\" data-gutter=\"4\" data-rtl=\"false\" ><div class=\"ult-carousel-336836954769eefdbc1428f \" ><div class=\"ult-item-wrap\" data-animation=\"animated no-animation\"><div class=\"w-image align_none\"><div class=\"w-image-h\"><img decoding=\"async\" width=\"847\" height=\"1200\" src=\"https:\/\/www.turmaden.com\/wp-content\/uploads\/2017\/03\/agroturismo-ecologico-menorca-turmaden-habitaciones-con-encanto-9.jpg\" class=\"attachment-full size-full\" alt=\"\" loading=\"lazy\" srcset=\"https:\/\/www.turmaden.com\/wp-content\/uploads\/2017\/03\/agroturismo-ecologico-menorca-turmaden-habitaciones-con-encanto-9.jpg 847w, https:\/\/www.turmaden.com\/wp-content\/uploads\/2017\/03\/agroturismo-ecologico-menorca-turmaden-habitaciones-con-encanto-9-212x300.jpg 212w, https:\/\/www.turmaden.com\/wp-content\/uploads\/2017\/03\/agroturismo-ecologico-menorca-turmaden-habitaciones-con-encanto-9-723x1024.jpg 723w, https:\/\/www.turmaden.com\/wp-content\/uploads\/2017\/03\/agroturismo-ecologico-menorca-turmaden-habitaciones-con-encanto-9-600x850.jpg 600w, https:\/\/www.turmaden.com\/wp-content\/uploads\/2017\/03\/agroturismo-ecologico-menorca-turmaden-habitaciones-con-encanto-9-768x1088.jpg 768w, https:\/\/www.turmaden.com\/wp-content\/uploads\/2017\/03\/agroturismo-ecologico-menorca-turmaden-habitaciones-con-encanto-9-169x240.jpg 169w\" sizes=\"auto, (max-width: 847px) 100vw, 847px\" \/><\/div><\/div><\/div><div class=\"ult-item-wrap\" data-animation=\"animated no-animation\"><div class=\"w-image align_none\"><div class=\"w-image-h\"><img decoding=\"async\" width=\"847\" height=\"1200\" src=\"https:\/\/www.turmaden.com\/wp-content\/uploads\/2022\/03\/agroturismo-ecologico-menorca-turmaden-habitaciones-con-encanto-2022-1.jpg\" class=\"attachment-full size-full\" alt=\"\" loading=\"lazy\" srcset=\"https:\/\/www.turmaden.com\/wp-content\/uploads\/2022\/03\/agroturismo-ecologico-menorca-turmaden-habitaciones-con-encanto-2022-1.jpg 847w, https:\/\/www.turmaden.com\/wp-content\/uploads\/2022\/03\/agroturismo-ecologico-menorca-turmaden-habitaciones-con-encanto-2022-1-212x300.jpg 212w, https:\/\/www.turmaden.com\/wp-content\/uploads\/2022\/03\/agroturismo-ecologico-menorca-turmaden-habitaciones-con-encanto-2022-1-723x1024.jpg 723w, https:\/\/www.turmaden.com\/wp-content\/uploads\/2022\/03\/agroturismo-ecologico-menorca-turmaden-habitaciones-con-encanto-2022-1-600x850.jpg 600w, https:\/\/www.turmaden.com\/wp-content\/uploads\/2022\/03\/agroturismo-ecologico-menorca-turmaden-habitaciones-con-encanto-2022-1-768x1088.jpg 768w, https:\/\/www.turmaden.com\/wp-content\/uploads\/2022\/03\/agroturismo-ecologico-menorca-turmaden-habitaciones-con-encanto-2022-1-169x240.jpg 169w\" sizes=\"auto, (max-width: 847px) 100vw, 847px\" \/><\/div><\/div><\/div><div class=\"ult-item-wrap\" data-animation=\"animated no-animation\"><div class=\"w-image align_none\"><div class=\"w-image-h\"><img decoding=\"async\" width=\"847\" height=\"1200\" src=\"https:\/\/www.turmaden.com\/wp-content\/uploads\/2022\/03\/agroturismo-ecologico-menorca-turmaden-habitaciones-con-encanto-2022-4.jpg\" class=\"attachment-full size-full\" alt=\"\" loading=\"lazy\" srcset=\"https:\/\/www.turmaden.com\/wp-content\/uploads\/2022\/03\/agroturismo-ecologico-menorca-turmaden-habitaciones-con-encanto-2022-4.jpg 847w, https:\/\/www.turmaden.com\/wp-content\/uploads\/2022\/03\/agroturismo-ecologico-menorca-turmaden-habitaciones-con-encanto-2022-4-212x300.jpg 212w, https:\/\/www.turmaden.com\/wp-content\/uploads\/2022\/03\/agroturismo-ecologico-menorca-turmaden-habitaciones-con-encanto-2022-4-723x1024.jpg 723w, https:\/\/www.turmaden.com\/wp-content\/uploads\/2022\/03\/agroturismo-ecologico-menorca-turmaden-habitaciones-con-encanto-2022-4-600x850.jpg 600w, https:\/\/www.turmaden.com\/wp-content\/uploads\/2022\/03\/agroturismo-ecologico-menorca-turmaden-habitaciones-con-encanto-2022-4-768x1088.jpg 768w, https:\/\/www.turmaden.com\/wp-content\/uploads\/2022\/03\/agroturismo-ecologico-menorca-turmaden-habitaciones-con-encanto-2022-4-169x240.jpg 169w\" sizes=\"auto, (max-width: 847px) 100vw, 847px\" \/><\/div><\/div><\/div><div class=\"ult-item-wrap\" data-animation=\"animated no-animation\"><div class=\"w-image align_none\"><div class=\"w-image-h\"><img decoding=\"async\" width=\"847\" height=\"1200\" src=\"https:\/\/www.turmaden.com\/wp-content\/uploads\/2022\/03\/agroturismo-ecologico-menorca-turmaden-habitaciones-con-encanto-2022-3.jpg\" class=\"attachment-full size-full\" alt=\"\" loading=\"lazy\" srcset=\"https:\/\/www.turmaden.com\/wp-content\/uploads\/2022\/03\/agroturismo-ecologico-menorca-turmaden-habitaciones-con-encanto-2022-3.jpg 847w, https:\/\/www.turmaden.com\/wp-content\/uploads\/2022\/03\/agroturismo-ecologico-menorca-turmaden-habitaciones-con-encanto-2022-3-212x300.jpg 212w, https:\/\/www.turmaden.com\/wp-content\/uploads\/2022\/03\/agroturismo-ecologico-menorca-turmaden-habitaciones-con-encanto-2022-3-723x1024.jpg 723w, https:\/\/www.turmaden.com\/wp-content\/uploads\/2022\/03\/agroturismo-ecologico-menorca-turmaden-habitaciones-con-encanto-2022-3-600x850.jpg 600w, https:\/\/www.turmaden.com\/wp-content\/uploads\/2022\/03\/agroturismo-ecologico-menorca-turmaden-habitaciones-con-encanto-2022-3-768x1088.jpg 768w, https:\/\/www.turmaden.com\/wp-content\/uploads\/2022\/03\/agroturismo-ecologico-menorca-turmaden-habitaciones-con-encanto-2022-3-169x240.jpg 169w\" sizes=\"auto, (max-width: 847px) 100vw, 847px\" \/><\/div><\/div><\/div><div class=\"ult-item-wrap\" data-animation=\"animated no-animation\"><div class=\"w-image align_none\"><div class=\"w-image-h\"><img decoding=\"async\" width=\"847\" height=\"1200\" src=\"https:\/\/www.turmaden.com\/wp-content\/uploads\/2022\/03\/agroturismo-ecologico-menorca-turmaden-habitaciones-con-encanto-2022-2.jpg\" class=\"attachment-full size-full\" alt=\"\" loading=\"lazy\" srcset=\"https:\/\/www.turmaden.com\/wp-content\/uploads\/2022\/03\/agroturismo-ecologico-menorca-turmaden-habitaciones-con-encanto-2022-2.jpg 847w, https:\/\/www.turmaden.com\/wp-content\/uploads\/2022\/03\/agroturismo-ecologico-menorca-turmaden-habitaciones-con-encanto-2022-2-212x300.jpg 212w, https:\/\/www.turmaden.com\/wp-content\/uploads\/2022\/03\/agroturismo-ecologico-menorca-turmaden-habitaciones-con-encanto-2022-2-723x1024.jpg 723w, https:\/\/www.turmaden.com\/wp-content\/uploads\/2022\/03\/agroturismo-ecologico-menorca-turmaden-habitaciones-con-encanto-2022-2-600x850.jpg 600w, https:\/\/www.turmaden.com\/wp-content\/uploads\/2022\/03\/agroturismo-ecologico-menorca-turmaden-habitaciones-con-encanto-2022-2-768x1088.jpg 768w, https:\/\/www.turmaden.com\/wp-content\/uploads\/2022\/03\/agroturismo-ecologico-menorca-turmaden-habitaciones-con-encanto-2022-2-169x240.jpg 169w\" sizes=\"auto, (max-width: 847px) 100vw, 847px\" \/><\/div><\/div><\/div><div class=\"ult-item-wrap\" data-animation=\"animated no-animation\"><div class=\"w-image align_none\"><div class=\"w-image-h\"><img decoding=\"async\" width=\"847\" height=\"1200\" src=\"https:\/\/www.turmaden.com\/wp-content\/uploads\/2022\/03\/agroturismo-ecologico-menorca-turmaden-habitaciones-con-encanto-2022-5.jpg\" class=\"attachment-full size-full\" alt=\"\" loading=\"lazy\" srcset=\"https:\/\/www.turmaden.com\/wp-content\/uploads\/2022\/03\/agroturismo-ecologico-menorca-turmaden-habitaciones-con-encanto-2022-5.jpg 847w, https:\/\/www.turmaden.com\/wp-content\/uploads\/2022\/03\/agroturismo-ecologico-menorca-turmaden-habitaciones-con-encanto-2022-5-212x300.jpg 212w, https:\/\/www.turmaden.com\/wp-content\/uploads\/2022\/03\/agroturismo-ecologico-menorca-turmaden-habitaciones-con-encanto-2022-5-723x1024.jpg 723w, https:\/\/www.turmaden.com\/wp-content\/uploads\/2022\/03\/agroturismo-ecologico-menorca-turmaden-habitaciones-con-encanto-2022-5-600x850.jpg 600w, https:\/\/www.turmaden.com\/wp-content\/uploads\/2022\/03\/agroturismo-ecologico-menorca-turmaden-habitaciones-con-encanto-2022-5-768x1088.jpg 768w, https:\/\/www.turmaden.com\/wp-content\/uploads\/2022\/03\/agroturismo-ecologico-menorca-turmaden-habitaciones-con-encanto-2022-5-169x240.jpg 169w\" sizes=\"auto, (max-width: 847px) 100vw, 847px\" \/><\/div><\/div><\/div><div class=\"ult-item-wrap\" data-animation=\"animated no-animation\"><div class=\"w-image align_none\"><div class=\"w-image-h\"><img decoding=\"async\" width=\"847\" height=\"1200\" src=\"https:\/\/www.turmaden.com\/wp-content\/uploads\/2022\/03\/agroturismo-ecologico-menorca-turmaden-habitaciones-con-encanto-2022-6.jpg\" class=\"attachment-full size-full\" alt=\"\" loading=\"lazy\" srcset=\"https:\/\/www.turmaden.com\/wp-content\/uploads\/2022\/03\/agroturismo-ecologico-menorca-turmaden-habitaciones-con-encanto-2022-6.jpg 847w, https:\/\/www.turmaden.com\/wp-content\/uploads\/2022\/03\/agroturismo-ecologico-menorca-turmaden-habitaciones-con-encanto-2022-6-212x300.jpg 212w, https:\/\/www.turmaden.com\/wp-content\/uploads\/2022\/03\/agroturismo-ecologico-menorca-turmaden-habitaciones-con-encanto-2022-6-723x1024.jpg 723w, https:\/\/www.turmaden.com\/wp-content\/uploads\/2022\/03\/agroturismo-ecologico-menorca-turmaden-habitaciones-con-encanto-2022-6-600x850.jpg 600w, https:\/\/www.turmaden.com\/wp-content\/uploads\/2022\/03\/agroturismo-ecologico-menorca-turmaden-habitaciones-con-encanto-2022-6-768x1088.jpg 768w, https:\/\/www.turmaden.com\/wp-content\/uploads\/2022\/03\/agroturismo-ecologico-menorca-turmaden-habitaciones-con-encanto-2022-6-169x240.jpg 169w\" sizes=\"auto, (max-width: 847px) 100vw, 847px\" \/><\/div><\/div><\/div><div class=\"ult-item-wrap\" data-animation=\"animated no-animation\"><div class=\"w-image align_none\"><div class=\"w-image-h\"><img decoding=\"async\" width=\"847\" height=\"1200\" src=\"https:\/\/www.turmaden.com\/wp-content\/uploads\/2022\/03\/agroturismo-ecologico-menorca-turmaden-habitaciones-con-encanto-2022-7.jpg\" class=\"attachment-full size-full\" alt=\"\" loading=\"lazy\" srcset=\"https:\/\/www.turmaden.com\/wp-content\/uploads\/2022\/03\/agroturismo-ecologico-menorca-turmaden-habitaciones-con-encanto-2022-7.jpg 847w, https:\/\/www.turmaden.com\/wp-content\/uploads\/2022\/03\/agroturismo-ecologico-menorca-turmaden-habitaciones-con-encanto-2022-7-212x300.jpg 212w, https:\/\/www.turmaden.com\/wp-content\/uploads\/2022\/03\/agroturismo-ecologico-menorca-turmaden-habitaciones-con-encanto-2022-7-723x1024.jpg 723w, https:\/\/www.turmaden.com\/wp-content\/uploads\/2022\/03\/agroturismo-ecologico-menorca-turmaden-habitaciones-con-encanto-2022-7-600x850.jpg 600w, https:\/\/www.turmaden.com\/wp-content\/uploads\/2022\/03\/agroturismo-ecologico-menorca-turmaden-habitaciones-con-encanto-2022-7-768x1088.jpg 768w, https:\/\/www.turmaden.com\/wp-content\/uploads\/2022\/03\/agroturismo-ecologico-menorca-turmaden-habitaciones-con-encanto-2022-7-169x240.jpg 169w\" sizes=\"auto, (max-width: 847px) 100vw, 847px\" \/><\/div><\/div><\/div><div class=\"ult-item-wrap\" data-animation=\"animated no-animation\"><div class=\"w-image align_none\"><div class=\"w-image-h\"><img decoding=\"async\" width=\"847\" height=\"1200\" src=\"https:\/\/www.turmaden.com\/wp-content\/uploads\/2022\/03\/agroturismo-ecologico-menorca-turmaden-habitaciones-con-encanto-2022-8.jpg\" class=\"attachment-full size-full\" alt=\"\" loading=\"lazy\" srcset=\"https:\/\/www.turmaden.com\/wp-content\/uploads\/2022\/03\/agroturismo-ecologico-menorca-turmaden-habitaciones-con-encanto-2022-8.jpg 847w, https:\/\/www.turmaden.com\/wp-content\/uploads\/2022\/03\/agroturismo-ecologico-menorca-turmaden-habitaciones-con-encanto-2022-8-212x300.jpg 212w, https:\/\/www.turmaden.com\/wp-content\/uploads\/2022\/03\/agroturismo-ecologico-menorca-turmaden-habitaciones-con-encanto-2022-8-723x1024.jpg 723w, https:\/\/www.turmaden.com\/wp-content\/uploads\/2022\/03\/agroturismo-ecologico-menorca-turmaden-habitaciones-con-encanto-2022-8-600x850.jpg 600w, https:\/\/www.turmaden.com\/wp-content\/uploads\/2022\/03\/agroturismo-ecologico-menorca-turmaden-habitaciones-con-encanto-2022-8-768x1088.jpg 768w, https:\/\/www.turmaden.com\/wp-content\/uploads\/2022\/03\/agroturismo-ecologico-menorca-turmaden-habitaciones-con-encanto-2022-8-169x240.jpg 169w\" sizes=\"auto, (max-width: 847px) 100vw, 847px\" \/><\/div><\/div><\/div><div class=\"ult-item-wrap\" data-animation=\"animated no-animation\"><div class=\"w-image align_none\"><div class=\"w-image-h\"><img decoding=\"async\" width=\"847\" height=\"1200\" src=\"https:\/\/www.turmaden.com\/wp-content\/uploads\/2022\/03\/agroturismo-ecologico-menorca-turmaden-habitaciones-con-encanto-2022-10.jpg\" class=\"attachment-full size-full\" alt=\"\" loading=\"lazy\" srcset=\"https:\/\/www.turmaden.com\/wp-content\/uploads\/2022\/03\/agroturismo-ecologico-menorca-turmaden-habitaciones-con-encanto-2022-10.jpg 847w, https:\/\/www.turmaden.com\/wp-content\/uploads\/2022\/03\/agroturismo-ecologico-menorca-turmaden-habitaciones-con-encanto-2022-10-212x300.jpg 212w, https:\/\/www.turmaden.com\/wp-content\/uploads\/2022\/03\/agroturismo-ecologico-menorca-turmaden-habitaciones-con-encanto-2022-10-723x1024.jpg 723w, https:\/\/www.turmaden.com\/wp-content\/uploads\/2022\/03\/agroturismo-ecologico-menorca-turmaden-habitaciones-con-encanto-2022-10-600x850.jpg 600w, https:\/\/www.turmaden.com\/wp-content\/uploads\/2022\/03\/agroturismo-ecologico-menorca-turmaden-habitaciones-con-encanto-2022-10-768x1088.jpg 768w, https:\/\/www.turmaden.com\/wp-content\/uploads\/2022\/03\/agroturismo-ecologico-menorca-turmaden-habitaciones-con-encanto-2022-10-169x240.jpg 169w\" sizes=\"auto, (max-width: 847px) 100vw, 847px\" \/><\/div><\/div><\/div><\/div><\/div>\t\t\t<script type=\"text\/javascript\">\n\t\t\t\tjQuery(document).ready(function ($) {\n\t\t\t\t\tif( typeof jQuery('.ult-carousel-336836954769eefdbc1428f').slick == \"function\"){\n\t\t\t\t\t\t$('.ult-carousel-336836954769eefdbc1428f').slick({dots: true,autoplay: true,autoplaySpeed: \"5000\",infinite: true,arrows: true,nextArrow: '<button type=\"button\" role=\"button\" aria-label=\"Next\" style=\"color:#ffffff; font-size:40px;background:;\" class=\"slick-next square-bg\"><i class=\"ultsl-arrow-right6\"><\/i><\/button>',prevArrow: '<button type=\"button\" role=\"button\" aria-label=\"Previous\" style=\"color:#ffffff; font-size:40px;background:;\" class=\"slick-prev square-bg\"><i class=\"ultsl-arrow-left6\"><\/i><\/button>',slidesToScroll:1,slidesToShow:3,swipe: false,draggable: false,touchMove: true,pauseOnHover: true,pauseOnFocus: false,responsive: [\n\t\t\t\t\t\t\t{\n\t\t\t\t\t\t\t  breakpoint: 1026,\n\t\t\t\t\t\t\t  settings: {\n\t\t\t\t\t\t\t\tslidesToShow: 3,\n\t\t\t\t\t\t\t\tslidesToScroll: 1,  \n\t\t\t\t\t\t\t  }\n\t\t\t\t\t\t\t},\n\t\t\t\t\t\t\t{\n\t\t\t\t\t\t\t  breakpoint: 1025,\n\t\t\t\t\t\t\t  settings: {\n\t\t\t\t\t\t\t\tslidesToShow: 2,\n\t\t\t\t\t\t\t\tslidesToScroll: 1\n\t\t\t\t\t\t\t  }\n\t\t\t\t\t\t\t},\n\t\t\t\t\t\t\t{\n\t\t\t\t\t\t\t  breakpoint: 760,\n\t\t\t\t\t\t\t  settings: {\n\t\t\t\t\t\t\t\tslidesToShow: 1,\n\t\t\t\t\t\t\t\tslidesToScroll: 1\n\t\t\t\t\t\t\t  }\n\t\t\t\t\t\t\t}\n\t\t\t\t\t\t],pauseOnDotsHover: true,customPaging: function(slider, i) {\n                   return '<i type=\"button\" style= \"color:#939393;\" class=\"ultsl-stop\" data-role=\"none\"><\/i>';\n                },});\n\t\t\t\t\t}\n\t\t\t\t});\n\t\t\t<\/script>\n\t\t\t<\/div><\/div><\/div><\/div><\/div><\/section><section class=\"l-section wpb_row us_custom_61da2f68 height_medium\"><div class=\"l-section-overlay\" style=\"background:rgba(255,255,255,0.6)\"><\/div><div class=\"l-section-h i-cf\"><div class=\"g-cols vc_row via_flex valign_top type_default stacking_default\"><div class=\"vc_col-sm-6 wpb_column vc_column_container us_animate_fade\"><div class=\"vc_column-inner us_custom_cc7132a6\"><div class=\"wpb_wrapper\"><div class=\"wpb_text_column\"><div class=\"wpb_wrapper\"><h2>DOPPELZIMMER<\/h2>\n<\/div><\/div><\/div><\/div><\/div><div class=\"vc_col-sm-6 wpb_column vc_column_container us_animate_fade\"><div class=\"vc_column-inner\"><div class=\"wpb_wrapper\"><div class=\"wpb_text_column\"><div class=\"wpb_wrapper\"><p>Die Zimmerad\u00e8n des Capit\u00e0 Zimmer haben viel Pers\u00f6nlichkeit. Sie sind alle unterschiedlich und haben ihre eigene architektonische und dekorative Originalit\u00e4t, die wir mit gro\u00dfer Sorgfalt hergestellt haben. Sie befinden sich im Erdgeschoss und teilen sich die Wohnzimmer und Gemeinschaftsr\u00e4ume. Alle von ihnen sind gem\u00fctlich, ger\u00e4umig und gut ausgestattet. Sie verf\u00fcgen \u00fcber eine Au\u00dfenterrasse mit Chill-out-M\u00f6beln und Blick auf die G\u00e4rten oder den Pool. Es ist m\u00f6glich, ein Zustellbett f\u00fcr Minderj\u00e4hrige zu haben.<\/p>\n<\/div><\/div><\/div><\/div><\/div><\/div><\/div><\/section><section class=\"l-section wpb_row us_custom_d470259a height_medium\"><div class=\"l-section-h i-cf\"><div class=\"g-cols vc_row via_flex valign_top type_default stacking_default\"><div class=\"vc_col-sm-12 wpb_column vc_column_container has_bg_color us_animate_fade\"><div class=\"vc_column-inner us_custom_b9ffc1b6\"><div class=\"wpb_wrapper\"><div id=\"ult-carousel-30055169069eefdbc26a2d\" class=\"ult-carousel-wrapper  vc_custom_1582113518719  ult_horizontal\" data-gutter=\"4\" data-rtl=\"false\" ><div class=\"ult-carousel-11941649269eefdbc269e5 \" ><div class=\"ult-item-wrap\" data-animation=\"animated no-animation\"><div class=\"w-image align_none\"><div class=\"w-image-h\"><img decoding=\"async\" width=\"847\" height=\"1200\" src=\"https:\/\/www.turmaden.com\/wp-content\/uploads\/2022\/03\/agroturismo-ecologico-menorca-turmaden-habitaciones-con-encanto-6.jpg\" class=\"attachment-full size-full\" alt=\"\" loading=\"lazy\" srcset=\"https:\/\/www.turmaden.com\/wp-content\/uploads\/2022\/03\/agroturismo-ecologico-menorca-turmaden-habitaciones-con-encanto-6.jpg 847w, https:\/\/www.turmaden.com\/wp-content\/uploads\/2022\/03\/agroturismo-ecologico-menorca-turmaden-habitaciones-con-encanto-6-212x300.jpg 212w, https:\/\/www.turmaden.com\/wp-content\/uploads\/2022\/03\/agroturismo-ecologico-menorca-turmaden-habitaciones-con-encanto-6-723x1024.jpg 723w, https:\/\/www.turmaden.com\/wp-content\/uploads\/2022\/03\/agroturismo-ecologico-menorca-turmaden-habitaciones-con-encanto-6-600x850.jpg 600w, https:\/\/www.turmaden.com\/wp-content\/uploads\/2022\/03\/agroturismo-ecologico-menorca-turmaden-habitaciones-con-encanto-6-768x1088.jpg 768w, https:\/\/www.turmaden.com\/wp-content\/uploads\/2022\/03\/agroturismo-ecologico-menorca-turmaden-habitaciones-con-encanto-6-169x240.jpg 169w\" sizes=\"auto, (max-width: 847px) 100vw, 847px\" \/><\/div><\/div><\/div><div class=\"ult-item-wrap\" data-animation=\"animated no-animation\"><div class=\"w-image align_none\"><div class=\"w-image-h\"><img decoding=\"async\" width=\"847\" height=\"1200\" src=\"https:\/\/www.turmaden.com\/wp-content\/uploads\/2022\/03\/agroturismo-ecologico-menorca-turmaden-habitaciones-con-encanto-2022-1-1.jpg\" class=\"attachment-full size-full\" alt=\"\" loading=\"lazy\" srcset=\"https:\/\/www.turmaden.com\/wp-content\/uploads\/2022\/03\/agroturismo-ecologico-menorca-turmaden-habitaciones-con-encanto-2022-1-1.jpg 847w, https:\/\/www.turmaden.com\/wp-content\/uploads\/2022\/03\/agroturismo-ecologico-menorca-turmaden-habitaciones-con-encanto-2022-1-1-212x300.jpg 212w, https:\/\/www.turmaden.com\/wp-content\/uploads\/2022\/03\/agroturismo-ecologico-menorca-turmaden-habitaciones-con-encanto-2022-1-1-723x1024.jpg 723w, https:\/\/www.turmaden.com\/wp-content\/uploads\/2022\/03\/agroturismo-ecologico-menorca-turmaden-habitaciones-con-encanto-2022-1-1-600x850.jpg 600w, https:\/\/www.turmaden.com\/wp-content\/uploads\/2022\/03\/agroturismo-ecologico-menorca-turmaden-habitaciones-con-encanto-2022-1-1-768x1088.jpg 768w, https:\/\/www.turmaden.com\/wp-content\/uploads\/2022\/03\/agroturismo-ecologico-menorca-turmaden-habitaciones-con-encanto-2022-1-1-169x240.jpg 169w\" sizes=\"auto, (max-width: 847px) 100vw, 847px\" \/><\/div><\/div><\/div><div class=\"ult-item-wrap\" data-animation=\"animated no-animation\"><div class=\"w-image align_none\"><div class=\"w-image-h\"><img decoding=\"async\" width=\"847\" height=\"1200\" src=\"https:\/\/www.turmaden.com\/wp-content\/uploads\/2022\/03\/agroturismo-ecologico-menorca-turmaden-habitaciones-con-encanto-2022-2-1.jpg\" class=\"attachment-full size-full\" alt=\"\" loading=\"lazy\" srcset=\"https:\/\/www.turmaden.com\/wp-content\/uploads\/2022\/03\/agroturismo-ecologico-menorca-turmaden-habitaciones-con-encanto-2022-2-1.jpg 847w, https:\/\/www.turmaden.com\/wp-content\/uploads\/2022\/03\/agroturismo-ecologico-menorca-turmaden-habitaciones-con-encanto-2022-2-1-212x300.jpg 212w, https:\/\/www.turmaden.com\/wp-content\/uploads\/2022\/03\/agroturismo-ecologico-menorca-turmaden-habitaciones-con-encanto-2022-2-1-723x1024.jpg 723w, https:\/\/www.turmaden.com\/wp-content\/uploads\/2022\/03\/agroturismo-ecologico-menorca-turmaden-habitaciones-con-encanto-2022-2-1-600x850.jpg 600w, https:\/\/www.turmaden.com\/wp-content\/uploads\/2022\/03\/agroturismo-ecologico-menorca-turmaden-habitaciones-con-encanto-2022-2-1-768x1088.jpg 768w, https:\/\/www.turmaden.com\/wp-content\/uploads\/2022\/03\/agroturismo-ecologico-menorca-turmaden-habitaciones-con-encanto-2022-2-1-169x240.jpg 169w\" sizes=\"auto, (max-width: 847px) 100vw, 847px\" \/><\/div><\/div><\/div><div class=\"ult-item-wrap\" data-animation=\"animated no-animation\"><div class=\"w-image align_none\"><div class=\"w-image-h\"><img decoding=\"async\" width=\"847\" height=\"1200\" src=\"https:\/\/www.turmaden.com\/wp-content\/uploads\/2022\/03\/agroturismo-ecologico-menorca-turmaden-habitaciones-con-encanto-2022-3-1.jpg\" class=\"attachment-full size-full\" alt=\"\" loading=\"lazy\" srcset=\"https:\/\/www.turmaden.com\/wp-content\/uploads\/2022\/03\/agroturismo-ecologico-menorca-turmaden-habitaciones-con-encanto-2022-3-1.jpg 847w, https:\/\/www.turmaden.com\/wp-content\/uploads\/2022\/03\/agroturismo-ecologico-menorca-turmaden-habitaciones-con-encanto-2022-3-1-212x300.jpg 212w, https:\/\/www.turmaden.com\/wp-content\/uploads\/2022\/03\/agroturismo-ecologico-menorca-turmaden-habitaciones-con-encanto-2022-3-1-723x1024.jpg 723w, https:\/\/www.turmaden.com\/wp-content\/uploads\/2022\/03\/agroturismo-ecologico-menorca-turmaden-habitaciones-con-encanto-2022-3-1-600x850.jpg 600w, https:\/\/www.turmaden.com\/wp-content\/uploads\/2022\/03\/agroturismo-ecologico-menorca-turmaden-habitaciones-con-encanto-2022-3-1-768x1088.jpg 768w, https:\/\/www.turmaden.com\/wp-content\/uploads\/2022\/03\/agroturismo-ecologico-menorca-turmaden-habitaciones-con-encanto-2022-3-1-169x240.jpg 169w\" sizes=\"auto, (max-width: 847px) 100vw, 847px\" \/><\/div><\/div><\/div><div class=\"ult-item-wrap\" data-animation=\"animated no-animation\"><div class=\"w-image align_none\"><div class=\"w-image-h\"><img decoding=\"async\" width=\"847\" height=\"1200\" src=\"https:\/\/www.turmaden.com\/wp-content\/uploads\/2022\/03\/agroturismo-ecologico-menorca-turmaden-habitaciones-con-encanto-2022-4-1.jpg\" class=\"attachment-full size-full\" alt=\"\" loading=\"lazy\" srcset=\"https:\/\/www.turmaden.com\/wp-content\/uploads\/2022\/03\/agroturismo-ecologico-menorca-turmaden-habitaciones-con-encanto-2022-4-1.jpg 847w, https:\/\/www.turmaden.com\/wp-content\/uploads\/2022\/03\/agroturismo-ecologico-menorca-turmaden-habitaciones-con-encanto-2022-4-1-212x300.jpg 212w, https:\/\/www.turmaden.com\/wp-content\/uploads\/2022\/03\/agroturismo-ecologico-menorca-turmaden-habitaciones-con-encanto-2022-4-1-723x1024.jpg 723w, https:\/\/www.turmaden.com\/wp-content\/uploads\/2022\/03\/agroturismo-ecologico-menorca-turmaden-habitaciones-con-encanto-2022-4-1-600x850.jpg 600w, https:\/\/www.turmaden.com\/wp-content\/uploads\/2022\/03\/agroturismo-ecologico-menorca-turmaden-habitaciones-con-encanto-2022-4-1-768x1088.jpg 768w, https:\/\/www.turmaden.com\/wp-content\/uploads\/2022\/03\/agroturismo-ecologico-menorca-turmaden-habitaciones-con-encanto-2022-4-1-169x240.jpg 169w\" sizes=\"auto, (max-width: 847px) 100vw, 847px\" \/><\/div><\/div><\/div><div class=\"ult-item-wrap\" data-animation=\"animated no-animation\"><div class=\"w-image align_none\"><div class=\"w-image-h\"><img decoding=\"async\" width=\"847\" height=\"1200\" src=\"https:\/\/www.turmaden.com\/wp-content\/uploads\/2022\/03\/agroturismo-ecologico-menorca-turmaden-habitaciones-con-encanto-2022-5-1.jpg\" class=\"attachment-full size-full\" alt=\"\" loading=\"lazy\" srcset=\"https:\/\/www.turmaden.com\/wp-content\/uploads\/2022\/03\/agroturismo-ecologico-menorca-turmaden-habitaciones-con-encanto-2022-5-1.jpg 847w, https:\/\/www.turmaden.com\/wp-content\/uploads\/2022\/03\/agroturismo-ecologico-menorca-turmaden-habitaciones-con-encanto-2022-5-1-212x300.jpg 212w, https:\/\/www.turmaden.com\/wp-content\/uploads\/2022\/03\/agroturismo-ecologico-menorca-turmaden-habitaciones-con-encanto-2022-5-1-723x1024.jpg 723w, https:\/\/www.turmaden.com\/wp-content\/uploads\/2022\/03\/agroturismo-ecologico-menorca-turmaden-habitaciones-con-encanto-2022-5-1-600x850.jpg 600w, https:\/\/www.turmaden.com\/wp-content\/uploads\/2022\/03\/agroturismo-ecologico-menorca-turmaden-habitaciones-con-encanto-2022-5-1-768x1088.jpg 768w, https:\/\/www.turmaden.com\/wp-content\/uploads\/2022\/03\/agroturismo-ecologico-menorca-turmaden-habitaciones-con-encanto-2022-5-1-169x240.jpg 169w\" sizes=\"auto, (max-width: 847px) 100vw, 847px\" \/><\/div><\/div><\/div><div class=\"ult-item-wrap\" data-animation=\"animated no-animation\"><div class=\"w-image align_none\"><div class=\"w-image-h\"><img decoding=\"async\" width=\"847\" height=\"1200\" src=\"https:\/\/www.turmaden.com\/wp-content\/uploads\/2022\/03\/agroturismo-ecologico-menorca-turmaden-habitaciones-con-encanto-2022-7-1.jpg\" class=\"attachment-full size-full\" alt=\"\" loading=\"lazy\" srcset=\"https:\/\/www.turmaden.com\/wp-content\/uploads\/2022\/03\/agroturismo-ecologico-menorca-turmaden-habitaciones-con-encanto-2022-7-1.jpg 847w, https:\/\/www.turmaden.com\/wp-content\/uploads\/2022\/03\/agroturismo-ecologico-menorca-turmaden-habitaciones-con-encanto-2022-7-1-212x300.jpg 212w, https:\/\/www.turmaden.com\/wp-content\/uploads\/2022\/03\/agroturismo-ecologico-menorca-turmaden-habitaciones-con-encanto-2022-7-1-723x1024.jpg 723w, https:\/\/www.turmaden.com\/wp-content\/uploads\/2022\/03\/agroturismo-ecologico-menorca-turmaden-habitaciones-con-encanto-2022-7-1-600x850.jpg 600w, https:\/\/www.turmaden.com\/wp-content\/uploads\/2022\/03\/agroturismo-ecologico-menorca-turmaden-habitaciones-con-encanto-2022-7-1-768x1088.jpg 768w, https:\/\/www.turmaden.com\/wp-content\/uploads\/2022\/03\/agroturismo-ecologico-menorca-turmaden-habitaciones-con-encanto-2022-7-1-169x240.jpg 169w\" sizes=\"auto, (max-width: 847px) 100vw, 847px\" \/><\/div><\/div><\/div><div class=\"ult-item-wrap\" data-animation=\"animated no-animation\"><div class=\"w-image align_none\"><div class=\"w-image-h\"><img decoding=\"async\" width=\"847\" height=\"1200\" src=\"https:\/\/www.turmaden.com\/wp-content\/uploads\/2022\/03\/agroturismo-ecologico-menorca-turmaden-habitaciones-con-encanto-2022-8-1.jpg\" class=\"attachment-full size-full\" alt=\"\" loading=\"lazy\" srcset=\"https:\/\/www.turmaden.com\/wp-content\/uploads\/2022\/03\/agroturismo-ecologico-menorca-turmaden-habitaciones-con-encanto-2022-8-1.jpg 847w, https:\/\/www.turmaden.com\/wp-content\/uploads\/2022\/03\/agroturismo-ecologico-menorca-turmaden-habitaciones-con-encanto-2022-8-1-212x300.jpg 212w, https:\/\/www.turmaden.com\/wp-content\/uploads\/2022\/03\/agroturismo-ecologico-menorca-turmaden-habitaciones-con-encanto-2022-8-1-723x1024.jpg 723w, https:\/\/www.turmaden.com\/wp-content\/uploads\/2022\/03\/agroturismo-ecologico-menorca-turmaden-habitaciones-con-encanto-2022-8-1-600x850.jpg 600w, https:\/\/www.turmaden.com\/wp-content\/uploads\/2022\/03\/agroturismo-ecologico-menorca-turmaden-habitaciones-con-encanto-2022-8-1-768x1088.jpg 768w, https:\/\/www.turmaden.com\/wp-content\/uploads\/2022\/03\/agroturismo-ecologico-menorca-turmaden-habitaciones-con-encanto-2022-8-1-169x240.jpg 169w\" sizes=\"auto, (max-width: 847px) 100vw, 847px\" \/><\/div><\/div><\/div><div class=\"ult-item-wrap\" data-animation=\"animated no-animation\"><div class=\"w-image align_none\"><div class=\"w-image-h\"><img decoding=\"async\" width=\"847\" height=\"1200\" src=\"https:\/\/www.turmaden.com\/wp-content\/uploads\/2022\/03\/agroturismo-ecologico-menorca-turmaden-habitaciones-con-encanto-2022-9.jpg\" class=\"attachment-full size-full\" alt=\"\" loading=\"lazy\" srcset=\"https:\/\/www.turmaden.com\/wp-content\/uploads\/2022\/03\/agroturismo-ecologico-menorca-turmaden-habitaciones-con-encanto-2022-9.jpg 847w, https:\/\/www.turmaden.com\/wp-content\/uploads\/2022\/03\/agroturismo-ecologico-menorca-turmaden-habitaciones-con-encanto-2022-9-212x300.jpg 212w, https:\/\/www.turmaden.com\/wp-content\/uploads\/2022\/03\/agroturismo-ecologico-menorca-turmaden-habitaciones-con-encanto-2022-9-723x1024.jpg 723w, https:\/\/www.turmaden.com\/wp-content\/uploads\/2022\/03\/agroturismo-ecologico-menorca-turmaden-habitaciones-con-encanto-2022-9-600x850.jpg 600w, https:\/\/www.turmaden.com\/wp-content\/uploads\/2022\/03\/agroturismo-ecologico-menorca-turmaden-habitaciones-con-encanto-2022-9-768x1088.jpg 768w, https:\/\/www.turmaden.com\/wp-content\/uploads\/2022\/03\/agroturismo-ecologico-menorca-turmaden-habitaciones-con-encanto-2022-9-169x240.jpg 169w\" sizes=\"auto, (max-width: 847px) 100vw, 847px\" \/><\/div><\/div><\/div><div class=\"ult-item-wrap\" data-animation=\"animated no-animation\"><div class=\"w-image align_none\"><div class=\"w-image-h\"><img decoding=\"async\" width=\"847\" height=\"1200\" src=\"https:\/\/www.turmaden.com\/wp-content\/uploads\/2022\/03\/agroturismo-ecologico-menorca-turmaden-habitaciones-con-encanto-2022-10-1.jpg\" class=\"attachment-full size-full\" alt=\"\" loading=\"lazy\" srcset=\"https:\/\/www.turmaden.com\/wp-content\/uploads\/2022\/03\/agroturismo-ecologico-menorca-turmaden-habitaciones-con-encanto-2022-10-1.jpg 847w, https:\/\/www.turmaden.com\/wp-content\/uploads\/2022\/03\/agroturismo-ecologico-menorca-turmaden-habitaciones-con-encanto-2022-10-1-212x300.jpg 212w, https:\/\/www.turmaden.com\/wp-content\/uploads\/2022\/03\/agroturismo-ecologico-menorca-turmaden-habitaciones-con-encanto-2022-10-1-723x1024.jpg 723w, https:\/\/www.turmaden.com\/wp-content\/uploads\/2022\/03\/agroturismo-ecologico-menorca-turmaden-habitaciones-con-encanto-2022-10-1-600x850.jpg 600w, https:\/\/www.turmaden.com\/wp-content\/uploads\/2022\/03\/agroturismo-ecologico-menorca-turmaden-habitaciones-con-encanto-2022-10-1-768x1088.jpg 768w, https:\/\/www.turmaden.com\/wp-content\/uploads\/2022\/03\/agroturismo-ecologico-menorca-turmaden-habitaciones-con-encanto-2022-10-1-169x240.jpg 169w\" sizes=\"auto, (max-width: 847px) 100vw, 847px\" \/><\/div><\/div><\/div><div class=\"ult-item-wrap\" data-animation=\"animated no-animation\"><div class=\"w-image align_none\"><div class=\"w-image-h\"><img decoding=\"async\" width=\"847\" height=\"1200\" src=\"https:\/\/www.turmaden.com\/wp-content\/uploads\/2022\/03\/agroturismo-ecologico-menorca-turmaden-habitaciones-con-encanto-2022-11.jpg\" class=\"attachment-full size-full\" alt=\"\" loading=\"lazy\" srcset=\"https:\/\/www.turmaden.com\/wp-content\/uploads\/2022\/03\/agroturismo-ecologico-menorca-turmaden-habitaciones-con-encanto-2022-11.jpg 847w, https:\/\/www.turmaden.com\/wp-content\/uploads\/2022\/03\/agroturismo-ecologico-menorca-turmaden-habitaciones-con-encanto-2022-11-212x300.jpg 212w, https:\/\/www.turmaden.com\/wp-content\/uploads\/2022\/03\/agroturismo-ecologico-menorca-turmaden-habitaciones-con-encanto-2022-11-723x1024.jpg 723w, https:\/\/www.turmaden.com\/wp-content\/uploads\/2022\/03\/agroturismo-ecologico-menorca-turmaden-habitaciones-con-encanto-2022-11-600x850.jpg 600w, https:\/\/www.turmaden.com\/wp-content\/uploads\/2022\/03\/agroturismo-ecologico-menorca-turmaden-habitaciones-con-encanto-2022-11-768x1088.jpg 768w, https:\/\/www.turmaden.com\/wp-content\/uploads\/2022\/03\/agroturismo-ecologico-menorca-turmaden-habitaciones-con-encanto-2022-11-169x240.jpg 169w\" sizes=\"auto, (max-width: 847px) 100vw, 847px\" \/><\/div><\/div><\/div><div class=\"ult-item-wrap\" data-animation=\"animated no-animation\"><div class=\"w-image align_none\"><div class=\"w-image-h\"><img decoding=\"async\" width=\"847\" height=\"1200\" src=\"https:\/\/www.turmaden.com\/wp-content\/uploads\/2022\/03\/agroturismo-ecologico-menorca-turmaden-habitaciones-con-encanto-2022-12.jpg\" class=\"attachment-full size-full\" alt=\"\" loading=\"lazy\" srcset=\"https:\/\/www.turmaden.com\/wp-content\/uploads\/2022\/03\/agroturismo-ecologico-menorca-turmaden-habitaciones-con-encanto-2022-12.jpg 847w, https:\/\/www.turmaden.com\/wp-content\/uploads\/2022\/03\/agroturismo-ecologico-menorca-turmaden-habitaciones-con-encanto-2022-12-212x300.jpg 212w, https:\/\/www.turmaden.com\/wp-content\/uploads\/2022\/03\/agroturismo-ecologico-menorca-turmaden-habitaciones-con-encanto-2022-12-723x1024.jpg 723w, https:\/\/www.turmaden.com\/wp-content\/uploads\/2022\/03\/agroturismo-ecologico-menorca-turmaden-habitaciones-con-encanto-2022-12-600x850.jpg 600w, https:\/\/www.turmaden.com\/wp-content\/uploads\/2022\/03\/agroturismo-ecologico-menorca-turmaden-habitaciones-con-encanto-2022-12-768x1088.jpg 768w, https:\/\/www.turmaden.com\/wp-content\/uploads\/2022\/03\/agroturismo-ecologico-menorca-turmaden-habitaciones-con-encanto-2022-12-169x240.jpg 169w\" sizes=\"auto, (max-width: 847px) 100vw, 847px\" \/><\/div><\/div><\/div><div class=\"ult-item-wrap\" data-animation=\"animated no-animation\"><div class=\"w-image align_none\"><div class=\"w-image-h\"><img decoding=\"async\" width=\"847\" height=\"1200\" src=\"https:\/\/www.turmaden.com\/wp-content\/uploads\/2022\/03\/agroturismo-ecologico-menorca-turmaden-habitaciones-con-encanto-2022-13.jpg\" class=\"attachment-full size-full\" alt=\"\" loading=\"lazy\" srcset=\"https:\/\/www.turmaden.com\/wp-content\/uploads\/2022\/03\/agroturismo-ecologico-menorca-turmaden-habitaciones-con-encanto-2022-13.jpg 847w, https:\/\/www.turmaden.com\/wp-content\/uploads\/2022\/03\/agroturismo-ecologico-menorca-turmaden-habitaciones-con-encanto-2022-13-212x300.jpg 212w, https:\/\/www.turmaden.com\/wp-content\/uploads\/2022\/03\/agroturismo-ecologico-menorca-turmaden-habitaciones-con-encanto-2022-13-723x1024.jpg 723w, https:\/\/www.turmaden.com\/wp-content\/uploads\/2022\/03\/agroturismo-ecologico-menorca-turmaden-habitaciones-con-encanto-2022-13-600x850.jpg 600w, https:\/\/www.turmaden.com\/wp-content\/uploads\/2022\/03\/agroturismo-ecologico-menorca-turmaden-habitaciones-con-encanto-2022-13-768x1088.jpg 768w, https:\/\/www.turmaden.com\/wp-content\/uploads\/2022\/03\/agroturismo-ecologico-menorca-turmaden-habitaciones-con-encanto-2022-13-169x240.jpg 169w\" sizes=\"auto, (max-width: 847px) 100vw, 847px\" \/><\/div><\/div><\/div><div class=\"ult-item-wrap\" data-animation=\"animated no-animation\"><div class=\"w-image align_none\"><div class=\"w-image-h\"><img decoding=\"async\" width=\"847\" height=\"1200\" src=\"https:\/\/www.turmaden.com\/wp-content\/uploads\/2022\/03\/agroturismo-ecologico-menorca-turmaden-habitaciones-con-encanto-21.jpg\" class=\"attachment-full size-full\" alt=\"\" loading=\"lazy\" srcset=\"https:\/\/www.turmaden.com\/wp-content\/uploads\/2022\/03\/agroturismo-ecologico-menorca-turmaden-habitaciones-con-encanto-21.jpg 847w, https:\/\/www.turmaden.com\/wp-content\/uploads\/2022\/03\/agroturismo-ecologico-menorca-turmaden-habitaciones-con-encanto-21-212x300.jpg 212w, https:\/\/www.turmaden.com\/wp-content\/uploads\/2022\/03\/agroturismo-ecologico-menorca-turmaden-habitaciones-con-encanto-21-723x1024.jpg 723w, https:\/\/www.turmaden.com\/wp-content\/uploads\/2022\/03\/agroturismo-ecologico-menorca-turmaden-habitaciones-con-encanto-21-600x850.jpg 600w, https:\/\/www.turmaden.com\/wp-content\/uploads\/2022\/03\/agroturismo-ecologico-menorca-turmaden-habitaciones-con-encanto-21-768x1088.jpg 768w, https:\/\/www.turmaden.com\/wp-content\/uploads\/2022\/03\/agroturismo-ecologico-menorca-turmaden-habitaciones-con-encanto-21-169x240.jpg 169w\" sizes=\"auto, (max-width: 847px) 100vw, 847px\" \/><\/div><\/div><\/div><div class=\"ult-item-wrap\" data-animation=\"animated no-animation\"><div class=\"w-image align_none\"><div class=\"w-image-h\"><img decoding=\"async\" width=\"847\" height=\"1200\" src=\"https:\/\/www.turmaden.com\/wp-content\/uploads\/2022\/03\/agroturismo-ecologico-menorca-turmaden-habitaciones-con-encanto-2022-22.jpg\" class=\"attachment-full size-full\" alt=\"\" loading=\"lazy\" srcset=\"https:\/\/www.turmaden.com\/wp-content\/uploads\/2022\/03\/agroturismo-ecologico-menorca-turmaden-habitaciones-con-encanto-2022-22.jpg 847w, https:\/\/www.turmaden.com\/wp-content\/uploads\/2022\/03\/agroturismo-ecologico-menorca-turmaden-habitaciones-con-encanto-2022-22-212x300.jpg 212w, https:\/\/www.turmaden.com\/wp-content\/uploads\/2022\/03\/agroturismo-ecologico-menorca-turmaden-habitaciones-con-encanto-2022-22-723x1024.jpg 723w, https:\/\/www.turmaden.com\/wp-content\/uploads\/2022\/03\/agroturismo-ecologico-menorca-turmaden-habitaciones-con-encanto-2022-22-600x850.jpg 600w, https:\/\/www.turmaden.com\/wp-content\/uploads\/2022\/03\/agroturismo-ecologico-menorca-turmaden-habitaciones-con-encanto-2022-22-768x1088.jpg 768w, https:\/\/www.turmaden.com\/wp-content\/uploads\/2022\/03\/agroturismo-ecologico-menorca-turmaden-habitaciones-con-encanto-2022-22-169x240.jpg 169w\" sizes=\"auto, (max-width: 847px) 100vw, 847px\" \/><\/div><\/div><\/div><div class=\"ult-item-wrap\" data-animation=\"animated no-animation\"><div class=\"w-image align_none\"><div class=\"w-image-h\"><img decoding=\"async\" width=\"847\" height=\"1200\" src=\"https:\/\/www.turmaden.com\/wp-content\/uploads\/2022\/03\/agroturismo-ecologico-menorca-turmaden-habitaciones-con-encanto-23.jpg\" class=\"attachment-full size-full\" alt=\"\" loading=\"lazy\" srcset=\"https:\/\/www.turmaden.com\/wp-content\/uploads\/2022\/03\/agroturismo-ecologico-menorca-turmaden-habitaciones-con-encanto-23.jpg 847w, https:\/\/www.turmaden.com\/wp-content\/uploads\/2022\/03\/agroturismo-ecologico-menorca-turmaden-habitaciones-con-encanto-23-212x300.jpg 212w, https:\/\/www.turmaden.com\/wp-content\/uploads\/2022\/03\/agroturismo-ecologico-menorca-turmaden-habitaciones-con-encanto-23-723x1024.jpg 723w, https:\/\/www.turmaden.com\/wp-content\/uploads\/2022\/03\/agroturismo-ecologico-menorca-turmaden-habitaciones-con-encanto-23-600x850.jpg 600w, https:\/\/www.turmaden.com\/wp-content\/uploads\/2022\/03\/agroturismo-ecologico-menorca-turmaden-habitaciones-con-encanto-23-768x1088.jpg 768w, https:\/\/www.turmaden.com\/wp-content\/uploads\/2022\/03\/agroturismo-ecologico-menorca-turmaden-habitaciones-con-encanto-23-169x240.jpg 169w\" sizes=\"auto, (max-width: 847px) 100vw, 847px\" \/><\/div><\/div><\/div><\/div><\/div>\t\t\t<script type=\"text\/javascript\">\n\t\t\t\tjQuery(document).ready(function ($) {\n\t\t\t\t\tif( typeof jQuery('.ult-carousel-11941649269eefdbc269e5').slick == \"function\"){\n\t\t\t\t\t\t$('.ult-carousel-11941649269eefdbc269e5').slick({dots: true,autoplay: true,autoplaySpeed: \"5000\",infinite: true,arrows: true,nextArrow: '<button type=\"button\" role=\"button\" aria-label=\"Next\" style=\"color:#ffffff; font-size:40px;background:;\" class=\"slick-next square-bg\"><i class=\"ultsl-arrow-right6\"><\/i><\/button>',prevArrow: '<button type=\"button\" role=\"button\" aria-label=\"Previous\" style=\"color:#ffffff; font-size:40px;background:;\" class=\"slick-prev square-bg\"><i class=\"ultsl-arrow-left6\"><\/i><\/button>',slidesToScroll:1,slidesToShow:3,swipe: false,draggable: false,touchMove: true,pauseOnHover: true,pauseOnFocus: false,responsive: [\n\t\t\t\t\t\t\t{\n\t\t\t\t\t\t\t  breakpoint: 1026,\n\t\t\t\t\t\t\t  settings: {\n\t\t\t\t\t\t\t\tslidesToShow: 3,\n\t\t\t\t\t\t\t\tslidesToScroll: 1,  \n\t\t\t\t\t\t\t  }\n\t\t\t\t\t\t\t},\n\t\t\t\t\t\t\t{\n\t\t\t\t\t\t\t  breakpoint: 1025,\n\t\t\t\t\t\t\t  settings: {\n\t\t\t\t\t\t\t\tslidesToShow: 2,\n\t\t\t\t\t\t\t\tslidesToScroll: 1\n\t\t\t\t\t\t\t  }\n\t\t\t\t\t\t\t},\n\t\t\t\t\t\t\t{\n\t\t\t\t\t\t\t  breakpoint: 760,\n\t\t\t\t\t\t\t  settings: {\n\t\t\t\t\t\t\t\tslidesToShow: 1,\n\t\t\t\t\t\t\t\tslidesToScroll: 1\n\t\t\t\t\t\t\t  }\n\t\t\t\t\t\t\t}\n\t\t\t\t\t\t],pauseOnDotsHover: true,customPaging: function(slider, i) {\n                   return '<i type=\"button\" style= \"color:#333333;\" class=\"ultsl-stop\" data-role=\"none\"><\/i>';\n                },});\n\t\t\t\t\t}\n\t\t\t\t});\n\t\t\t<\/script>\n\t\t\t<\/div><\/div><\/div><\/div><\/div><\/section><!-- Row Backgrounds --><div class=\"upb_color\" data-bg-override=\"0\" data-bg-color=\"#ffffff\" data-fadeout=\"\" data-fadeout-percentage=\"30\" data-parallax-content=\"\" data-parallax-content-sense=\"30\" data-row-effect-mobile-disable=\"true\" data-img-parallax-mobile-disable=\"true\" data-rtl=\"false\"  data-custom-vc-row=\"\"  data-vc=\"8.7.2\"  data-is_old_vc=\"\"  data-theme-support=\"\"   data-overlay=\"false\" data-overlay-color=\"\" data-overlay-pattern=\"\" data-overlay-pattern-opacity=\"\" data-overlay-pattern-size=\"\"    ><\/div><section class=\"l-section wpb_row height_medium with_img\"><div class=\"l-section-img\" role=\"img\" aria-label=\"Agroturismo-Menorca-Karl-Blossfeldt\" data-img-width=\"1139\" data-img-height=\"1181\" style=\"background-image: url(https:\/\/www.turmaden.com\/wp-content\/uploads\/2020\/02\/agroturismo-menorca-turmaden-karl-blossfeldt-4.jpg);background-position: bottom right;background-repeat: no-repeat;background-size: contain;\"><\/div><div class=\"l-section-overlay\" style=\"background:rgba(255,255,255,0.70)\"><\/div><div class=\"l-section-h i-cf\"><div class=\"g-cols vc_row via_flex valign_top type_default stacking_default\"><div class=\"vc_col-sm-4 wpb_column vc_column_container us_animate_fade\"><div class=\"vc_column-inner us_custom_d01541a0\"><div class=\"wpb_wrapper\"><div class=\"wpb_text_column us_custom_f37aca33\"><div class=\"wpb_wrapper\"><p><strong>Eigenschaften der Bauernzimmer\u2026<\/strong><\/p>\n<p>&#8211; Kingsize-Bett (180 x 200 cm) oder zwei Einzelbetten in allen Zimmern, au\u00dfer im Saxifraga-Zimmer (ein 160 x 200 cm gro\u00dfes Bett)<br \/>\n&#8211; Au\u00dfenterrasse mit Sesseln und Lounge-Tisch<br \/>\n&#8211; Internetzugang in allen R\u00e4umen<br \/>\n&#8211; Badezimmer mit Dusche<br \/>\n&#8211; Handt\u00fccher, Bademantel und Hausschuhe<br \/>\n&#8211; Bettw\u00e4schewechsel alle 4 N\u00e4chte<br \/>\n&#8211; T\u00e4glicher Zimmerservice, au\u00dfer sonntags<br \/>\n&#8211; F\u00f6n und Kopfschmuckspiegel<br \/>\n&#8211; Deckenventilatoren mit Fernbedienung<br \/>\n&#8211; Biomasseheizung<\/p>\n<\/div><\/div><\/div><\/div><\/div><div class=\"vc_col-sm-4 wpb_column vc_column_container us_animate_fade\"><div class=\"vc_column-inner\"><div class=\"wpb_wrapper\"><div class=\"wpb_text_column us_custom_f37aca33\"><div class=\"wpb_wrapper\"><p><strong>Auch in der Suite &#8230;<\/strong><\/p>\n<p>&#8211; Privatzimmer<br \/>\n&#8211; Private Terrasse mit herrlichem Blick auf den Berg El Toro<br \/>\n&#8211; Flachbildfernseher<br \/>\n&#8211; Internetverbindung<br \/>\n&#8211; Minibar K\u00fchlschrank mit Getr\u00e4nken, Kaffee und kostenlosem Tee<\/p>\n<\/div><\/div><\/div><\/div><\/div><div class=\"vc_col-sm-4 wpb_column vc_column_container\"><div class=\"vc_column-inner\"><div class=\"wpb_wrapper\"><\/div><\/div><\/div><\/div><\/div><\/section>\n","protected":false},"excerpt":{"rendered":"[rev_slider_vc alias=\"habitacions-de\"] ANREISE ABREISE PROMO JETZT BUCHEN Die Zimmer des Turmad\u00e8n des Capit\u00e0 sind einfach und originell eingerichtet. Das Bauernhaus verf\u00fcgt \u00fcber eine Suite und f\u00fcnf Doppelzimmer, alle mit einer Au\u00dfenterrasse. Alle R\u00e4ume sind gut isoliert, um zu jeder Jahreszeit optimalen Komfort zu erzielen, insbesondere im Sommer und Winter. Wir haben Biomasse-Zentralheizung auf dem gleichen...","protected":false},"author":5,"featured_media":0,"parent":0,"menu_order":0,"comment_status":"closed","ping_status":"closed","template":"","meta":{"footnotes":""},"class_list":["post-3709","page","type-page","status-publish","hentry"],"yoast_head":"<!-- This site is optimized with the Yoast SEO plugin v27.4 - https:\/\/yoast.com\/product\/yoast-seo-wordpress\/ -->\n<title>Zimmer des Bauernhauses Turmad\u00e8n des Capit\u00e0 auf Menorca<\/title>\n<meta name=\"description\" content=\"F\u00fcnf der Turmad\u00e8n des Capit\u00e0-Zimmer sind Doppelzimmer und eine Suite, alle traditionell renoviert. Gem\u00fctlich, mit Au\u00dfenterrasse und Aussicht.\" \/>\n<meta name=\"robots\" content=\"index, follow, max-snippet:-1, max-image-preview:large, max-video-preview:-1\" \/>\n<link rel=\"canonical\" href=\"https:\/\/www.turmaden.com\/de\/zimmer-bauernhauses-turmaden-des-capita-auf-menorca\/\" \/>\n<meta name=\"twitter:label1\" content=\"Gesch\u00e4tzte Lesezeit\" \/>\n\t<meta name=\"twitter:data1\" content=\"6\u00a0Minuten\" \/>\n<script type=\"application\/ld+json\" class=\"yoast-schema-graph\">{\"@context\":\"https:\\\/\\\/schema.org\",\"@graph\":[{\"@type\":\"WebPage\",\"@id\":\"https:\\\/\\\/www.turmaden.com\\\/de\\\/zimmer-bauernhauses-turmaden-des-capita-auf-menorca\\\/\",\"url\":\"https:\\\/\\\/www.turmaden.com\\\/de\\\/zimmer-bauernhauses-turmaden-des-capita-auf-menorca\\\/\",\"name\":\"Zimmer des Bauernhauses Turmad\u00e8n des Capit\u00e0 auf Menorca\",\"isPartOf\":{\"@id\":\"https:\\\/\\\/www.turmaden.com\\\/#website\"},\"datePublished\":\"2020-04-30T08:27:19+00:00\",\"dateModified\":\"2022-03-14T16:55:11+00:00\",\"description\":\"F\u00fcnf der Turmad\u00e8n des Capit\u00e0-Zimmer sind Doppelzimmer und eine Suite, alle traditionell renoviert. Gem\u00fctlich, mit Au\u00dfenterrasse und Aussicht.\",\"breadcrumb\":{\"@id\":\"https:\\\/\\\/www.turmaden.com\\\/de\\\/zimmer-bauernhauses-turmaden-des-capita-auf-menorca\\\/#breadcrumb\"},\"inLanguage\":\"de\",\"potentialAction\":[{\"@type\":\"ReadAction\",\"target\":[\"https:\\\/\\\/www.turmaden.com\\\/de\\\/zimmer-bauernhauses-turmaden-des-capita-auf-menorca\\\/\"]}]},{\"@type\":\"BreadcrumbList\",\"@id\":\"https:\\\/\\\/www.turmaden.com\\\/de\\\/zimmer-bauernhauses-turmaden-des-capita-auf-menorca\\\/#breadcrumb\",\"itemListElement\":[{\"@type\":\"ListItem\",\"position\":1,\"name\":\"Portada\",\"item\":\"https:\\\/\\\/www.turmaden.com\\\/de\\\/\"},{\"@type\":\"ListItem\",\"position\":2,\"name\":\"Die Zimmer\"}]},{\"@type\":\"WebSite\",\"@id\":\"https:\\\/\\\/www.turmaden.com\\\/#website\",\"url\":\"https:\\\/\\\/www.turmaden.com\\\/\",\"name\":\"Turmad\u00e8n des Capit\u00e0 - Agroturismo Menorca\",\"description\":\"Compromiso con el medio ambiente\",\"publisher\":{\"@id\":\"https:\\\/\\\/www.turmaden.com\\\/#organization\"},\"potentialAction\":[{\"@type\":\"SearchAction\",\"target\":{\"@type\":\"EntryPoint\",\"urlTemplate\":\"https:\\\/\\\/www.turmaden.com\\\/?s={search_term_string}\"},\"query-input\":{\"@type\":\"PropertyValueSpecification\",\"valueRequired\":true,\"valueName\":\"search_term_string\"}}],\"inLanguage\":\"de\"},{\"@type\":\"Organization\",\"@id\":\"https:\\\/\\\/www.turmaden.com\\\/#organization\",\"name\":\"Turmad\u00e8n des Capit\u00e0 - Agroturismo Menorca\",\"url\":\"https:\\\/\\\/www.turmaden.com\\\/\",\"logo\":{\"@type\":\"ImageObject\",\"inLanguage\":\"de\",\"@id\":\"https:\\\/\\\/www.turmaden.com\\\/#\\\/schema\\\/logo\\\/image\\\/\",\"url\":\"https:\\\/\\\/www.turmaden.com\\\/wp-content\\\/uploads\\\/2020\\\/02\\\/agroturismo-ecologico-menorca-turmaden-1.png\",\"contentUrl\":\"https:\\\/\\\/www.turmaden.com\\\/wp-content\\\/uploads\\\/2020\\\/02\\\/agroturismo-ecologico-menorca-turmaden-1.png\",\"width\":935,\"height\":283,\"caption\":\"Turmad\u00e8n des Capit\u00e0 - Agroturismo Menorca\"},\"image\":{\"@id\":\"https:\\\/\\\/www.turmaden.com\\\/#\\\/schema\\\/logo\\\/image\\\/\"},\"sameAs\":[\"https:\\\/\\\/www.instagram.com\\\/turmaden\\\/\"]}]}<\/script>\n<!-- \/ Yoast SEO plugin. -->","yoast_head_json":{"title":"Zimmer des Bauernhauses Turmad\u00e8n des Capit\u00e0 auf Menorca","description":"F\u00fcnf der Turmad\u00e8n des Capit\u00e0-Zimmer sind Doppelzimmer und eine Suite, alle traditionell renoviert. Gem\u00fctlich, mit Au\u00dfenterrasse und Aussicht.","robots":{"index":"index","follow":"follow","max-snippet":"max-snippet:-1","max-image-preview":"max-image-preview:large","max-video-preview":"max-video-preview:-1"},"canonical":"https:\/\/www.turmaden.com\/de\/zimmer-bauernhauses-turmaden-des-capita-auf-menorca\/","twitter_misc":{"Gesch\u00e4tzte Lesezeit":"6\u00a0Minuten"},"schema":{"@context":"https:\/\/schema.org","@graph":[{"@type":"WebPage","@id":"https:\/\/www.turmaden.com\/de\/zimmer-bauernhauses-turmaden-des-capita-auf-menorca\/","url":"https:\/\/www.turmaden.com\/de\/zimmer-bauernhauses-turmaden-des-capita-auf-menorca\/","name":"Zimmer des Bauernhauses Turmad\u00e8n des Capit\u00e0 auf Menorca","isPartOf":{"@id":"https:\/\/www.turmaden.com\/#website"},"datePublished":"2020-04-30T08:27:19+00:00","dateModified":"2022-03-14T16:55:11+00:00","description":"F\u00fcnf der Turmad\u00e8n des Capit\u00e0-Zimmer sind Doppelzimmer und eine Suite, alle traditionell renoviert. Gem\u00fctlich, mit Au\u00dfenterrasse und Aussicht.","breadcrumb":{"@id":"https:\/\/www.turmaden.com\/de\/zimmer-bauernhauses-turmaden-des-capita-auf-menorca\/#breadcrumb"},"inLanguage":"de","potentialAction":[{"@type":"ReadAction","target":["https:\/\/www.turmaden.com\/de\/zimmer-bauernhauses-turmaden-des-capita-auf-menorca\/"]}]},{"@type":"BreadcrumbList","@id":"https:\/\/www.turmaden.com\/de\/zimmer-bauernhauses-turmaden-des-capita-auf-menorca\/#breadcrumb","itemListElement":[{"@type":"ListItem","position":1,"name":"Portada","item":"https:\/\/www.turmaden.com\/de\/"},{"@type":"ListItem","position":2,"name":"Die Zimmer"}]},{"@type":"WebSite","@id":"https:\/\/www.turmaden.com\/#website","url":"https:\/\/www.turmaden.com\/","name":"Turmad\u00e8n des Capit\u00e0 - Agroturismo Menorca","description":"Compromiso con el medio ambiente","publisher":{"@id":"https:\/\/www.turmaden.com\/#organization"},"potentialAction":[{"@type":"SearchAction","target":{"@type":"EntryPoint","urlTemplate":"https:\/\/www.turmaden.com\/?s={search_term_string}"},"query-input":{"@type":"PropertyValueSpecification","valueRequired":true,"valueName":"search_term_string"}}],"inLanguage":"de"},{"@type":"Organization","@id":"https:\/\/www.turmaden.com\/#organization","name":"Turmad\u00e8n des Capit\u00e0 - Agroturismo Menorca","url":"https:\/\/www.turmaden.com\/","logo":{"@type":"ImageObject","inLanguage":"de","@id":"https:\/\/www.turmaden.com\/#\/schema\/logo\/image\/","url":"https:\/\/www.turmaden.com\/wp-content\/uploads\/2020\/02\/agroturismo-ecologico-menorca-turmaden-1.png","contentUrl":"https:\/\/www.turmaden.com\/wp-content\/uploads\/2020\/02\/agroturismo-ecologico-menorca-turmaden-1.png","width":935,"height":283,"caption":"Turmad\u00e8n des Capit\u00e0 - Agroturismo Menorca"},"image":{"@id":"https:\/\/www.turmaden.com\/#\/schema\/logo\/image\/"},"sameAs":["https:\/\/www.instagram.com\/turmaden\/"]}]}},"_links":{"self":[{"href":"https:\/\/www.turmaden.com\/de\/wp-json\/wp\/v2\/pages\/3709","targetHints":{"allow":["GET"]}}],"collection":[{"href":"https:\/\/www.turmaden.com\/de\/wp-json\/wp\/v2\/pages"}],"about":[{"href":"https:\/\/www.turmaden.com\/de\/wp-json\/wp\/v2\/types\/page"}],"author":[{"embeddable":true,"href":"https:\/\/www.turmaden.com\/de\/wp-json\/wp\/v2\/users\/5"}],"replies":[{"embeddable":true,"href":"https:\/\/www.turmaden.com\/de\/wp-json\/wp\/v2\/comments?post=3709"}],"version-history":[{"count":5,"href":"https:\/\/www.turmaden.com\/de\/wp-json\/wp\/v2\/pages\/3709\/revisions"}],"predecessor-version":[{"id":4030,"href":"https:\/\/www.turmaden.com\/de\/wp-json\/wp\/v2\/pages\/3709\/revisions\/4030"}],"wp:attachment":[{"href":"https:\/\/www.turmaden.com\/de\/wp-json\/wp\/v2\/media?parent=3709"}],"curies":[{"name":"wp","href":"https:\/\/api.w.org\/{rel}","templated":true}]}}