{"id":3711,"date":"2020-04-30T08:32:19","date_gmt":"2020-04-30T08:32:19","guid":{"rendered":"https:\/\/www.turmaden.com\/turmaden-des-capita-agrotourismus-menorca\/"},"modified":"2022-03-10T18:53:06","modified_gmt":"2022-03-10T18:53:06","slug":"turmaden-des-capita-agrotourismus-menorca","status":"publish","type":"page","link":"https:\/\/www.turmaden.com\/de\/","title":{"rendered":"Turmad\u00e8n des Capit\u00e0 &#8211; Agrotourismus Menorca"},"content":{"rendered":"<section class=\"l-section wpb_row height_auto width_full\"><div class=\"l-section-h i-cf\"><div class=\"g-cols vc_row via_flex valign_middle type_default stacking_default\"><div class=\"vc_col-sm-12 wpb_column vc_column_container\"><div class=\"vc_column-inner\"><div class=\"wpb_wrapper\">\n\t\t\t<!-- START HomeDE REVOLUTION SLIDER 6.7.40 --><p class=\"rs-p-wp-fix\"><\/p>\n\t\t\t<rs-module-wrap id=\"rev_slider_51_1_wrapper\" data-source=\"gallery\" style=\"visibility:hidden;background:transparent;padding:0;margin:0px auto;margin-top:0;margin-bottom:0;\">\n\t\t\t\t<rs-module id=\"rev_slider_51_1\" style=\"\" data-version=\"6.7.40\">\n\t\t\t\t\t<rs-slides style=\"overflow: hidden; position: absolute;\">\n\t\t\t\t\t\t<rs-slide style=\"position: absolute;\" data-key=\"rs-105\" data-title=\"Slide\" data-thumb=\"\/\/www.turmaden.com\/wp-content\/uploads\/2020\/02\/agroturismo-menorca-turmaden-vista-aerea-1-100x50.jpg\" data-duration=\"6000\" data-anim=\"ms:600;\" data-in=\"o:0;\" data-out=\"a:false;\">\n\t\t\t\t\t\t\t<img decoding=\"async\" src=\"\/\/www.turmaden.com\/wp-content\/plugins\/revslider\/sr6\/assets\/assets\/dummy.png\" alt=\"Agroturismo-Menorca-Turmaden-Vista-A\u00e9rea\" title=\"Agroturismo-Menorca-Turmaden-Vista-A\u00e9rea.JPG\" width=\"1920\" height=\"903\" class=\"rev-slidebg tp-rs-img rs-lazyload\" data-lazyload=\"\/\/www.turmaden.com\/wp-content\/uploads\/2020\/02\/agroturismo-menorca-turmaden-vista-aerea-1.jpg\" data-parallax=\"off\" data-no-retina>\n<!--\n\t\t\t\t\t\t\t--><rs-layer\n\t\t\t\t\t\t\t\tid=\"slider-51-slide-105-layer-8\" \n\t\t\t\t\t\t\t\tdata-type=\"text\"\n\t\t\t\t\t\t\t\tdata-tsh=\"c:#000000;h:3px;v:3px;b:15px;\"\n\t\t\t\t\t\t\t\tdata-rsp_ch=\"on\"\n\t\t\t\t\t\t\t\tdata-xy=\"x:c;y:m;\"\n\t\t\t\t\t\t\t\tdata-text=\"s:70,40,40,40;l:80;fw:200;a:center;\"\n\t\t\t\t\t\t\t\tdata-frame_0=\"tp:600;\"\n\t\t\t\t\t\t\t\tdata-frame_1=\"tp:600;st:850;sp:600;sR:850;\"\n\t\t\t\t\t\t\t\tdata-frame_999=\"o:0;tp:600;e:power2.in;st:5080;sp:420;sR:3470;\"\n\t\t\t\t\t\t\t\tstyle=\"z-index:5;background-color:rgba(12,12,12,0);font-family:'Montserrat';\"\n\t\t\t\t\t\t\t>MENORCA IM REINEN STAAT \n\t\t\t\t\t\t\t<\/rs-layer><!--\n-->\t\t\t\t\t<\/rs-slide>\n\t\t\t\t\t\t<rs-slide style=\"position: absolute;\" data-key=\"rs-106\" data-title=\"Slide2\" data-thumb=\"\/\/www.turmaden.com\/wp-content\/uploads\/2020\/02\/agroturismo-menorca-turmaden-natura-100x50.jpg\" data-duration=\"6000\" data-anim=\"ms:600;\" data-in=\"o:0;\" data-out=\"a:false;\">\n\t\t\t\t\t\t\t<img decoding=\"async\" src=\"\/\/www.turmaden.com\/wp-content\/plugins\/revslider\/sr6\/assets\/assets\/dummy.png\" alt=\"Agroturismo-Menorca-Turmaden-Entorno\" title=\"Agroturismo-Menorca-Turmaden-Entorno.JPG\" width=\"1920\" height=\"903\" class=\"rev-slidebg tp-rs-img rs-lazyload\" data-lazyload=\"\/\/www.turmaden.com\/wp-content\/uploads\/2020\/02\/agroturismo-menorca-turmaden-natura.jpg\" data-parallax=\"off\" data-no-retina>\n<!--\n\t\t\t\t\t\t\t--><rs-layer\n\t\t\t\t\t\t\t\tid=\"slider-51-slide-106-layer-8\" \n\t\t\t\t\t\t\t\tdata-type=\"text\"\n\t\t\t\t\t\t\t\tdata-tsh=\"c:#000000;h:3px;v:3px;b:15px;\"\n\t\t\t\t\t\t\t\tdata-rsp_ch=\"on\"\n\t\t\t\t\t\t\t\tdata-xy=\"x:c;y:m;\"\n\t\t\t\t\t\t\t\tdata-text=\"s:70,50,50,50;l:80;fw:200;a:center;\"\n\t\t\t\t\t\t\t\tdata-frame_0=\"tp:600;\"\n\t\t\t\t\t\t\t\tdata-frame_1=\"tp:600;st:850;sp:600;sR:850;\"\n\t\t\t\t\t\t\t\tdata-frame_999=\"o:0;tp:600;e:power2.in;st:5080;sp:420;sR:3470;\"\n\t\t\t\t\t\t\t\tstyle=\"z-index:7;background-color:rgba(12,12,12,0);font-family:'Montserrat';\"\n\t\t\t\t\t\t\t>F\u00dcHLE DIE ESSENZ \n\t\t\t\t\t\t\t<\/rs-layer><!--\n-->\t\t\t\t\t<\/rs-slide>\n\t\t\t\t\t\t<rs-slide style=\"position: absolute;\" data-key=\"rs-107\" data-title=\"Slide3\" data-thumb=\"\/\/www.turmaden.com\/wp-content\/uploads\/2020\/04\/agroturismo-menorca-piscina-100x50.jpg\" data-duration=\"6000\" data-anim=\"ms:600;r:0;\" data-in=\"o:0;\" data-out=\"a:false;\">\n\t\t\t\t\t\t\t<img decoding=\"async\" src=\"\/\/www.turmaden.com\/wp-content\/plugins\/revslider\/sr6\/assets\/assets\/dummy.png\" alt=\"\" title=\"agroturismo-menorca-piscina.JPG\" width=\"1920\" height=\"903\" class=\"rev-slidebg tp-rs-img rs-lazyload\" data-lazyload=\"\/\/www.turmaden.com\/wp-content\/uploads\/2020\/04\/agroturismo-menorca-piscina.jpg\" data-parallax=\"off\" data-no-retina>\n<!--\n\t\t\t\t\t\t\t--><rs-layer\n\t\t\t\t\t\t\t\tid=\"slider-51-slide-107-layer-8\" \n\t\t\t\t\t\t\t\tdata-type=\"text\"\n\t\t\t\t\t\t\t\tdata-tsh=\"c:#000000;h:3px;v:3px;b:15px;\"\n\t\t\t\t\t\t\t\tdata-rsp_ch=\"on\"\n\t\t\t\t\t\t\t\tdata-xy=\"x:c;y:m;\"\n\t\t\t\t\t\t\t\tdata-text=\"s:70,40,40,40;l:80;fw:200;a:center;\"\n\t\t\t\t\t\t\t\tdata-frame_0=\"tp:600;\"\n\t\t\t\t\t\t\t\tdata-frame_1=\"tp:600;st:850;sp:600;sR:850;\"\n\t\t\t\t\t\t\t\tdata-frame_999=\"o:0;tp:600;e:power2.in;st:5080;sp:420;sR:3470;\"\n\t\t\t\t\t\t\t\tstyle=\"z-index:7;background-color:rgba(12,12,12,0);font-family:'Montserrat';\"\n\t\t\t\t\t\t\t>ENTSPANNEN UND LASSEN \n\t\t\t\t\t\t\t<\/rs-layer><!--\n-->\t\t\t\t\t<\/rs-slide>\n\t\t\t\t\t<\/rs-slides>\n\t\t\t\t<\/rs-module>\n\t\t\t\t<script>\n\t\t\t\t\tsetREVStartSize({c: 'rev_slider_51_1',rl:[1240,1024,1024,1024],el:[660,405,405,405],gw:[1400,720,720,720],gh:[660,405,405,405],type:'standard',justify:'',layout:'fullwidth',mh:\"0\"});if (window.RS_MODULES!==undefined && window.RS_MODULES.modules!==undefined && window.RS_MODULES.modules[\"revslider511\"]!==undefined) {window.RS_MODULES.modules[\"revslider511\"].once = false;window.revapi51 = undefined;if (window.RS_MODULES.checkMinimal!==undefined) window.RS_MODULES.checkMinimal()}\n\t\t\t\t<\/script>\n\t\t\t<\/rs-module-wrap>\n\t\t\t<!-- END REVOLUTION SLIDER -->\n<\/div><\/div><\/div><\/div><\/div><\/section><!-- Row Backgrounds --><div class=\"upb_color\" data-bg-override=\"0\" data-bg-color=\"#efefed\" data-fadeout=\"\" data-fadeout-percentage=\"30\" data-parallax-content=\"\" data-parallax-content-sense=\"30\" data-row-effect-mobile-disable=\"true\" data-img-parallax-mobile-disable=\"true\" data-rtl=\"false\"  data-custom-vc-row=\"\"  data-vc=\"8.7.2\"  data-is_old_vc=\"\"  data-theme-support=\"\"   data-overlay=\"false\" data-overlay-color=\"\" data-overlay-pattern=\"\" data-overlay-pattern-opacity=\"\" data-overlay-pattern-size=\"\"    ><\/div><section class=\"l-section wpb_row height_small\"><div class=\"l-section-h i-cf\"><div class=\"g-cols vc_row via_flex valign_top type_default stacking_default\"><div class=\"vc_col-sm-12 wpb_column vc_column_container\"><div class=\"vc_column-inner\"><div class=\"wpb_wrapper\"><div class=\"wpb_widgetised_column wpb_content_element\"><div class=\"wpb_wrapper\"><div id=\"custom_html-5\" class=\"widget_text widget widget_custom_html\"><div class=\"textwidget custom-html-widget\"><div class=\"wpb_wrapper\">\r\n\t\r\n\r\n<div class=\"w-form layout_hor us_form_1\">\r\n<form class=\"w-form-h\" action=\"https:\/\/turmaden.guestpro.com\/de\/engine\/\" method=\"get\">\r\n<input type=\"hidden\" id=\"start\" name=\"start\" value=\"\" \/>\r\n<input type=\"hidden\" id=\"end\" name=\"end\" value=\"\" \/>\r\n\t\r\n<input type=\"hidden\" id=\"occupancy\" name=\"occupancy\" value=\"2\" \/>\r\n\r\n\t\t\t\t<div class=\"w-form-row for_text with_icon cols_3  has_label\">\r\n\t\t\t\t\t<div class=\"w-form-row-label\">\r\n\t\t\t<span>ANREISE<\/span>\r\n\t\t<\/div>\r\n\t\t<div class=\"w-form-row-field\">\r\n\t\t<i class=\"far fa-calendar\"><\/i><input type=\"text\" id=\"dt1\" name=\"dt1\" aria-label=\"Check-in\" value=\"\" placeholder=\"\" \/>\r\n\t\t\t<\/div>\r\n\r\n<\/div>\r\n\t\t<div class=\"w-form-row for_text with_icon cols_3  has_label\">\r\n\t\t\t<div class=\"w-form-row-label\">\r\n\t\t\t<span>ABREISE<\/span>\r\n\t\t<\/div>\r\n\t\t<div class=\"w-form-row-field\">\r\n\t\t<i class=\"far fa-calendar\"><\/i>\t\t<input type=\"text\" id=\"dt2\" name=\"dt2\" aria-label=\"Check-out\" value=\"\" placeholder=\"\"\/>\r\n\t\t\t<\/div>\r\n\t\t\r\n<\/div>\r\n\t\t<div class=\"w-form-row for_text with_icon cols_3  has_label\">\r\n\t\t\t<div class=\"w-form-row-label\">\r\n\t\t\t<span>PROMO<\/span>\r\n\t\t<\/div>\r\n\t\t<div class=\"w-form-row-field\">\r\n\t\t<i class=\"far fa-star\"><\/i>\t\t<input type=\"text\" id=\"promo\" name=\"promo\" aria-label=\"C\u00f3digo\" value=\"\" placeholder=\"Aktionscode\"\/>\r\n\t\t\t<\/div>\r\n<\/div>\r\n\t\r\n\t\t<div class=\"botoreservar w-form-row for_submit align_left\">\r\n\t<div class=\"w-form-row-field\">\r\n\t\t\t\t<button class=\"w-btn  us-btn-style_1\"  style=\"font-size:1rem;\" type=\"submit\" aria-label=\"Reservar\">\r\n\t\t\t<span class=\"g-preloader type_1\"><\/span>\r\n\t\t\t\t\t\t<span class=\"w-btn-label\">JETZT BUCHEN<\/span>\r\n\t\t\t\t\t<\/button>\r\n\t<\/div>\r\n<\/div>\r\n\r\n\r\n\r\n<script type=\"text\/javascript\"> jQuery(document).ready(function($) {\r\n    \r\n        $(\"#dt1\").datepicker({         \r\ndateFormat: \"dd-mm-yy\",\r\nignoreReadonly: true,\r\n   allowInputToggle: true,\r\n\t    altFormat:'yy-mm-dd',\r\n            altField:'#start',\r\n            minDate: 0,\r\n            onSelect: function (date) {\r\n                var date2 = $('#dt1').datepicker('getDate');\r\n                date2.setDate(date2.getDate() + 1);\r\n                $('#dt2').datepicker('setDate', date2);\r\n                \/\/sets minDate to dt1 date + 2\r\n                $('#dt2').datepicker('option', 'minDate', date2);\r\n            }\r\n        });\r\n\r\n\t$(\"#dt1\").datepicker(\"setDate\", \"+0\");\r\n\r\n\r\n        $('#dt2').datepicker({\r\n            dateFormat: \"dd-mm-yy\",\r\nignoreReadonly: true,\r\n   allowInputToggle: true,\r\n\t   altFormat:'yy-mm-dd',\r\n           altField:'#end',\r\n            onClose: function () {\r\n                var dt1 = $('#dt1').datepicker('getDate');\r\n                console.log(dt1);\r\n                var dt2 = $('#dt2').datepicker('getDate');\r\n                if (dt2 <= dt1) {\r\n                    var minDate = $('#dt2').datepicker('option', 'minDate');\r\n                    $('#dt2').datepicker('setDate', minDate);\r\n                }\r\n            }\r\n        });\r\n\r\n\r\n\t$(\"#dt2\").datepicker(\"setDate\", \"+1\");\r\n\r\n    });\r\n\r\n<\/script>\r\n\r\n\r\n\r\n\r\n<\/form>\r\n<\/div>\r\n\r\n<\/div><\/div><\/div><\/div><\/div><\/div><\/div><\/div><\/div><\/div><\/section><!-- Row Backgrounds --><div class=\"upb_color\" data-bg-override=\"0\" data-bg-color=\"#efefed\" data-fadeout=\"\" data-fadeout-percentage=\"30\" data-parallax-content=\"\" data-parallax-content-sense=\"30\" data-row-effect-mobile-disable=\"true\" data-img-parallax-mobile-disable=\"true\" data-rtl=\"false\"  data-custom-vc-row=\"\"  data-vc=\"8.7.2\"  data-is_old_vc=\"\"  data-theme-support=\"\"   data-overlay=\"false\" data-overlay-color=\"\" data-overlay-pattern=\"\" data-overlay-pattern-opacity=\"\" data-overlay-pattern-size=\"\"    ><\/div><section class=\"l-section wpb_row us_custom_35a61a6d height_medium\"><div class=\"l-section-overlay\" style=\"background:rgba(255,255,255,0.6)\"><\/div><div class=\"l-section-h i-cf\"><div class=\"g-cols vc_row via_flex valign_top type_default stacking_default\"><div class=\"vc_col-sm-12 wpb_column vc_column_container us_animate_fade\"><div class=\"vc_column-inner\"><div class=\"wpb_wrapper\"><div class=\"wpb_text_column\"><div class=\"wpb_wrapper\"><div id=\"titol-portada\" style=\"text-align: center;\">\n<h2>TURMAD\u00c8N DES CAPIT\u00c0<br \/>\n<span id=\"subtitol-home\" style=\"color: #000; font-size: 20px;\">\u00d6kologischer Agrotourismus auf Menorca<\/span><\/h2>\n<\/div>\n<\/div><\/div><div class=\"wpb_text_column\"><div class=\"wpb_wrapper\"><p style=\"text-align: center;\">Turmad\u00e8n des Capit\u00e0 ist ein <strong>kleines \u00f6kologisches Agrotourismus auf Menorca<\/strong>. Das Hotel liegt im Herzen der Insel zwischen den St\u00e4dten Alaior und Es Mercadal und ist der perfekte Zufluchtsort f\u00fcr Naturliebhaber, wo Komfort, Stil und Charakter mit Leidenschaft und Engagement f\u00fcr die Umwelt vermischt werden.<\/p>\n<p style=\"text-align: center;\"><strong>Turmad\u00e8n<\/strong> ist ein arabischer Name, der Berg der Mine bedeutet und sich auf eine verlassene Mine bezieht, die den R\u00f6mern zugeschrieben wird. Zu Beginn des 14. Jahrhunderts erschien eine konkrete Dokumentation des Bauernhofs oder Bauernhauses Turmad\u00e8n, das seit vielen Generationen Teil des Familienerbes ist.<\/p>\n<p style=\"text-align: center;\">Seit 2003 erholen wir uns von der landwirtschaftlichen T\u00e4tigkeit, die 1996 eingestellt wurde. Wir haben uns f\u00fcr die \u00f6kologische Produktion entschieden, weil es wichtig ist, sowohl f\u00fcr die Gesundheit als auch f\u00fcr <strong>das Land zu sorgen<\/strong>. Derzeit produzieren wir Bio-Fleisch und Honig zum Verkauf sowie andere Produkte f\u00fcr die Versorgung des Bauernhauses. Der verantwortungsvolle Umgang mit Wasser und Energie waren zwei S\u00e4ulen unseres Projekts. Das Wasser wird auf \u00f6kologische Weise gereinigt und die Energie zum Heizen sowie das Warmwasser werden auch auf dem Hof \u200b\u200bselbst erzeugt.<\/p>\n<\/div><\/div><\/div><\/div><\/div><\/div><\/div><\/section><section class=\"l-section wpb_row height_medium with_img\"><div class=\"l-section-img\" role=\"img\" aria-label=\"Agroturismo-Menorca-Karl-Blossfeldt\" data-img-width=\"755\" data-img-height=\"1181\" style=\"background-image: url(https:\/\/www.turmaden.com\/wp-content\/uploads\/2020\/02\/agroturismo-menorca-turmaden-karl-blossfeldt-6.jpg);background-position: bottom left;background-repeat: no-repeat;background-size: contain;\"><\/div><div class=\"l-section-overlay\" style=\"background:rgba(255,255,255,0.8)\"><\/div><div class=\"l-section-h i-cf\"><div class=\"g-cols vc_row via_flex valign_top type_default stacking_default\"><div class=\"vc_col-sm-4 wpb_column vc_column_container\"><div class=\"vc_column-inner\"><div class=\"wpb_wrapper\"><div class=\"w-image align_none us_animate_fade\"><a title=\"Bauernzimmer\" href=\"https:\/\/www.turmaden.com\/de\/zimmer-bauernhauses-turmaden-des-capita-auf-menorca\/\" aria-label=\"Habitaciones del agroturismo\" class=\"w-image-h\"><img decoding=\"async\" width=\"600\" height=\"600\" src=\"https:\/\/www.turmaden.com\/wp-content\/uploads\/2017\/03\/agroturismo-ecologico-menorca-turmaden-hotel-encanto-4-600x600.jpg\" class=\"attachment-us_600_600_crop size-us_600_600_crop\" alt=\"\" loading=\"lazy\" srcset=\"https:\/\/www.turmaden.com\/wp-content\/uploads\/2017\/03\/agroturismo-ecologico-menorca-turmaden-hotel-encanto-4-600x600.jpg 600w, https:\/\/www.turmaden.com\/wp-content\/uploads\/2017\/03\/agroturismo-ecologico-menorca-turmaden-hotel-encanto-4-150x150.jpg 150w, https:\/\/www.turmaden.com\/wp-content\/uploads\/2017\/03\/agroturismo-ecologico-menorca-turmaden-hotel-encanto-4-350x350.jpg 350w\" sizes=\"auto, (max-width: 600px) 100vw, 600px\" \/><\/a><\/div><div class=\"w-separator size_medium\"><\/div><div class=\"wpb_text_column\"><div class=\"wpb_wrapper\"><h3>Bauernzimmer<\/h3>\n<\/div><\/div><div class=\"wpb_text_column us_custom_e11ab399\"><div class=\"wpb_wrapper\"><p>In unserem kleinen Bauernhaus haben wir eine pr\u00e4chtige Suite und f\u00fcnf Doppelzimmer, die mit Delikatesse und Sorgfalt restauriert und dekoriert wurden. Wir haben Biokonstruktionskriterien mit der Verwendung traditioneller Materialien kombiniert und so den Charakter Menorcas bewahrt.<\/p>\n<\/div><\/div><div class=\"w-btn-wrapper align_none\"><a class=\"w-btn us-btn-style_1 us_custom_1d849380 has_text_color icon_atleft\" title=\"Bauernzimmer\" href=\"https:\/\/www.turmaden.com\/de\/zimmer-bauernhauses-turmaden-des-capita-auf-menorca\/\"><i class=\"fas fa-angle-right\"><\/i><span class=\"w-btn-label\">Bauernzimmer<\/span><\/a><\/div><\/div><\/div><\/div><div class=\"vc_col-sm-4 wpb_column vc_column_container\"><div class=\"vc_column-inner\"><div class=\"wpb_wrapper\"><div class=\"w-image align_none us_animate_fade\" style=\"animation-delay:0.2s\"><a title=\"\u00d6kologischer Agrotourismus\" href=\"https:\/\/www.turmaden.com\/de\/engagement-umwelt-oekologisches-bauernhaus-menorca\/\" aria-label=\"agroturismo-menorca-vacas\" class=\"w-image-h\"><img decoding=\"async\" width=\"600\" height=\"600\" src=\"https:\/\/www.turmaden.com\/wp-content\/uploads\/2020\/04\/agroturismo-menorca-vacas-600x600.jpg\" class=\"attachment-us_600_600_crop size-us_600_600_crop\" alt=\"\" loading=\"lazy\" srcset=\"https:\/\/www.turmaden.com\/wp-content\/uploads\/2020\/04\/agroturismo-menorca-vacas-600x600.jpg 600w, https:\/\/www.turmaden.com\/wp-content\/uploads\/2020\/04\/agroturismo-menorca-vacas-300x300.jpg 300w, https:\/\/www.turmaden.com\/wp-content\/uploads\/2020\/04\/agroturismo-menorca-vacas-150x150.jpg 150w, https:\/\/www.turmaden.com\/wp-content\/uploads\/2020\/04\/agroturismo-menorca-vacas-350x350.jpg 350w, https:\/\/www.turmaden.com\/wp-content\/uploads\/2020\/04\/agroturismo-menorca-vacas-768x768.jpg 768w, https:\/\/www.turmaden.com\/wp-content\/uploads\/2020\/04\/agroturismo-menorca-vacas-240x240.jpg 240w, https:\/\/www.turmaden.com\/wp-content\/uploads\/2020\/04\/agroturismo-menorca-vacas.jpg 1000w\" sizes=\"auto, (max-width: 600px) 100vw, 600px\" \/><\/a><\/div><div class=\"w-separator size_medium\"><\/div><div class=\"wpb_text_column\"><div class=\"wpb_wrapper\"><h3>Ein kleines \u00d6ko-Hotel<\/h3>\n<\/div><\/div><div class=\"wpb_text_column\"><div class=\"wpb_wrapper\"><p>Im Jahr 2003 haben wir mit der Wiederherstellung von Turmad\u00e8n des Capit\u00e0 begonnen, einem Teil unseres Familienerbes. Wir haben uns f\u00fcr ein neues Agrarprojekt entschieden, das auf \u00f6kologischem Landbau basiert, kombiniert mit einem kleinen l\u00e4ndlichen Hotel, um eine Aktivit\u00e4t zu entwickeln, die sich f\u00fcr die Umwelt und unsere kulturelle Identit\u00e4t einsetzt.<\/p>\n<\/div><\/div><div class=\"w-btn-wrapper align_none\"><a class=\"w-btn us-btn-style_1 us_custom_1d849380 has_text_color icon_atleft\" title=\"\u00d6kologischer Agrotourismus\" href=\"https:\/\/www.turmaden.com\/de\/engagement-umwelt-oekologisches-bauernhaus-menorca\/\"><i class=\"fas fa-angle-right\"><\/i><span class=\"w-btn-label\">Ein kleines \u00d6ko-Hotel<\/span><\/a><\/div><\/div><\/div><\/div><div class=\"vc_col-sm-4 wpb_column vc_column_container\"><div class=\"vc_column-inner\"><div class=\"wpb_wrapper\"><div class=\"w-image align_none us_animate_fade\" style=\"animation-delay:0.4s\"><a title=\"Charmantes Hotel\" href=\"https:\/\/www.turmaden.com\/de\/laendliches-hotel-charme-turmaden-oekologisches-agrotourismus-menorca\/\" aria-label=\"hotel-con-encanto\" class=\"w-image-h\"><img decoding=\"async\" width=\"600\" height=\"600\" src=\"https:\/\/www.turmaden.com\/wp-content\/uploads\/2020\/05\/hotel-con-encanto-600x600.jpg\" class=\"attachment-us_600_600_crop size-us_600_600_crop\" alt=\"\" loading=\"lazy\" srcset=\"https:\/\/www.turmaden.com\/wp-content\/uploads\/2020\/05\/hotel-con-encanto-600x600.jpg 600w, https:\/\/www.turmaden.com\/wp-content\/uploads\/2020\/05\/hotel-con-encanto-150x150.jpg 150w, https:\/\/www.turmaden.com\/wp-content\/uploads\/2020\/05\/hotel-con-encanto-350x350.jpg 350w\" sizes=\"auto, (max-width: 600px) 100vw, 600px\" \/><\/a><\/div><div class=\"w-separator size_medium\"><\/div><div class=\"wpb_text_column\"><div class=\"wpb_wrapper\"><h3>Wir sind ein charmantes Hotel<\/h3>\n<\/div><\/div><div class=\"wpb_text_column\"><div class=\"wpb_wrapper\"><p>Rafel und meine Kinder Blai und Ada leben das ganze Jahr \u00fcber auf dem Bauernhof. Mit Hilfe unseres Teams m\u00f6chten wir, dass Sie sich w\u00e4hrend Ihres Aufenthalts wie zu Hause f\u00fchlen und unsere wundersch\u00f6ne Insel genie\u00dfen. Wir m\u00f6gen die Natur und leben im Einklang mit der Umwelt. Hier verwirklichen wir unseren Traum und teilen ihn mit Ihnen.<\/p>\n<\/div><\/div><div class=\"w-btn-wrapper align_none\"><a class=\"w-btn us-btn-style_1 us_custom_1d849380 has_text_color icon_atleft\" title=\"Charmantes Hotel\" href=\"https:\/\/www.turmaden.com\/de\/laendliches-hotel-charme-turmaden-oekologisches-agrotourismus-menorca\/\"><i class=\"fas fa-angle-right\"><\/i><span class=\"w-btn-label\">Wir sind ein charmantes Hotel<\/span><\/a><\/div><\/div><\/div><\/div><\/div><\/div><\/section>\n","protected":false},"excerpt":{"rendered":"MENORCA IM REINEN STAAT F\u00dcHLE DIE ESSENZ ENTSPANNEN UND LASSEN ANREISE ABREISE PROMO JETZT BUCHEN TURMAD\u00c8N DES CAPIT\u00c0 \u00d6kologischer Agrotourismus auf Menorca Turmad\u00e8n des Capit\u00e0 ist ein kleines \u00f6kologisches Agrotourismus auf Menorca. Das Hotel liegt im Herzen der Insel zwischen den St\u00e4dten Alaior und Es Mercadal und ist der perfekte Zufluchtsort f\u00fcr Naturliebhaber, wo Komfort,...","protected":false},"author":5,"featured_media":0,"parent":0,"menu_order":0,"comment_status":"closed","ping_status":"closed","template":"","meta":{"footnotes":""},"class_list":["post-3711","page","type-page","status-publish","hentry"],"yoast_head":"<!-- This site is optimized with the Yoast SEO plugin v27.5 - https:\/\/yoast.com\/product\/yoast-seo-wordpress\/ -->\n<title>\u00d6kologisches Agrotourismus auf Menorca - Turmad\u00e8n des Capit\u00e0<\/title>\n<meta name=\"description\" content=\"\u00d6kologisches Agrotourismus auf Menorca zwischen Alaior und Es Mercadal, wo Komfort, Stil und Charakter mit Engagement f\u00fcr die Umwelt vermischt werden.\" \/>\n<meta name=\"robots\" content=\"index, follow, max-snippet:-1, max-image-preview:large, max-video-preview:-1\" \/>\n<link rel=\"canonical\" href=\"https:\/\/www.turmaden.com\/de\/\" \/>\n<meta name=\"twitter:label1\" content=\"Gesch\u00e4tzte Lesezeit\" \/>\n\t<meta name=\"twitter:data1\" content=\"4\u00a0Minuten\" \/>\n<script type=\"application\/ld+json\" class=\"yoast-schema-graph\">{\"@context\":\"https:\\\/\\\/schema.org\",\"@graph\":[{\"@type\":\"WebPage\",\"@id\":\"https:\\\/\\\/www.turmaden.com\\\/de\\\/\",\"url\":\"https:\\\/\\\/www.turmaden.com\\\/de\\\/\",\"name\":\"\u00d6kologisches Agrotourismus auf Menorca - Turmad\u00e8n des Capit\u00e0\",\"isPartOf\":{\"@id\":\"https:\\\/\\\/www.turmaden.com\\\/#website\"},\"datePublished\":\"2020-04-30T08:32:19+00:00\",\"dateModified\":\"2022-03-10T18:53:06+00:00\",\"description\":\"\u00d6kologisches Agrotourismus auf Menorca zwischen Alaior und Es Mercadal, wo Komfort, Stil und Charakter mit Engagement f\u00fcr die Umwelt vermischt werden.\",\"breadcrumb\":{\"@id\":\"https:\\\/\\\/www.turmaden.com\\\/de\\\/#breadcrumb\"},\"inLanguage\":\"de\",\"potentialAction\":[{\"@type\":\"ReadAction\",\"target\":[\"https:\\\/\\\/www.turmaden.com\\\/de\\\/\"]}]},{\"@type\":\"BreadcrumbList\",\"@id\":\"https:\\\/\\\/www.turmaden.com\\\/de\\\/#breadcrumb\",\"itemListElement\":[{\"@type\":\"ListItem\",\"position\":1,\"name\":\"Portada\",\"item\":\"https:\\\/\\\/www.turmaden.com\\\/de\\\/\"},{\"@type\":\"ListItem\",\"position\":2,\"name\":\"Turmad\u00e8n des Capit\u00e0 &#8211; Agrotourismus Menorca\"}]},{\"@type\":\"WebSite\",\"@id\":\"https:\\\/\\\/www.turmaden.com\\\/#website\",\"url\":\"https:\\\/\\\/www.turmaden.com\\\/\",\"name\":\"Turmad\u00e8n des Capit\u00e0 - Agroturismo Menorca\",\"description\":\"Compromiso con el medio ambiente\",\"publisher\":{\"@id\":\"https:\\\/\\\/www.turmaden.com\\\/#organization\"},\"potentialAction\":[{\"@type\":\"SearchAction\",\"target\":{\"@type\":\"EntryPoint\",\"urlTemplate\":\"https:\\\/\\\/www.turmaden.com\\\/?s={search_term_string}\"},\"query-input\":{\"@type\":\"PropertyValueSpecification\",\"valueRequired\":true,\"valueName\":\"search_term_string\"}}],\"inLanguage\":\"de\"},{\"@type\":\"Organization\",\"@id\":\"https:\\\/\\\/www.turmaden.com\\\/#organization\",\"name\":\"Turmad\u00e8n des Capit\u00e0 - Agroturismo Menorca\",\"url\":\"https:\\\/\\\/www.turmaden.com\\\/\",\"logo\":{\"@type\":\"ImageObject\",\"inLanguage\":\"de\",\"@id\":\"https:\\\/\\\/www.turmaden.com\\\/#\\\/schema\\\/logo\\\/image\\\/\",\"url\":\"https:\\\/\\\/www.turmaden.com\\\/wp-content\\\/uploads\\\/2020\\\/02\\\/agroturismo-ecologico-menorca-turmaden-1.png\",\"contentUrl\":\"https:\\\/\\\/www.turmaden.com\\\/wp-content\\\/uploads\\\/2020\\\/02\\\/agroturismo-ecologico-menorca-turmaden-1.png\",\"width\":935,\"height\":283,\"caption\":\"Turmad\u00e8n des Capit\u00e0 - Agroturismo Menorca\"},\"image\":{\"@id\":\"https:\\\/\\\/www.turmaden.com\\\/#\\\/schema\\\/logo\\\/image\\\/\"},\"sameAs\":[\"https:\\\/\\\/www.instagram.com\\\/turmaden\\\/\"]}]}<\/script>\n<!-- \/ Yoast SEO plugin. -->","yoast_head_json":{"title":"\u00d6kologisches Agrotourismus auf Menorca - Turmad\u00e8n des Capit\u00e0","description":"\u00d6kologisches Agrotourismus auf Menorca zwischen Alaior und Es Mercadal, wo Komfort, Stil und Charakter mit Engagement f\u00fcr die Umwelt vermischt werden.","robots":{"index":"index","follow":"follow","max-snippet":"max-snippet:-1","max-image-preview":"max-image-preview:large","max-video-preview":"max-video-preview:-1"},"canonical":"https:\/\/www.turmaden.com\/de\/","twitter_misc":{"Gesch\u00e4tzte Lesezeit":"4\u00a0Minuten"},"schema":{"@context":"https:\/\/schema.org","@graph":[{"@type":"WebPage","@id":"https:\/\/www.turmaden.com\/de\/","url":"https:\/\/www.turmaden.com\/de\/","name":"\u00d6kologisches Agrotourismus auf Menorca - Turmad\u00e8n des Capit\u00e0","isPartOf":{"@id":"https:\/\/www.turmaden.com\/#website"},"datePublished":"2020-04-30T08:32:19+00:00","dateModified":"2022-03-10T18:53:06+00:00","description":"\u00d6kologisches Agrotourismus auf Menorca zwischen Alaior und Es Mercadal, wo Komfort, Stil und Charakter mit Engagement f\u00fcr die Umwelt vermischt werden.","breadcrumb":{"@id":"https:\/\/www.turmaden.com\/de\/#breadcrumb"},"inLanguage":"de","potentialAction":[{"@type":"ReadAction","target":["https:\/\/www.turmaden.com\/de\/"]}]},{"@type":"BreadcrumbList","@id":"https:\/\/www.turmaden.com\/de\/#breadcrumb","itemListElement":[{"@type":"ListItem","position":1,"name":"Portada","item":"https:\/\/www.turmaden.com\/de\/"},{"@type":"ListItem","position":2,"name":"Turmad\u00e8n des Capit\u00e0 &#8211; Agrotourismus Menorca"}]},{"@type":"WebSite","@id":"https:\/\/www.turmaden.com\/#website","url":"https:\/\/www.turmaden.com\/","name":"Turmad\u00e8n des Capit\u00e0 - Agroturismo Menorca","description":"Compromiso con el medio ambiente","publisher":{"@id":"https:\/\/www.turmaden.com\/#organization"},"potentialAction":[{"@type":"SearchAction","target":{"@type":"EntryPoint","urlTemplate":"https:\/\/www.turmaden.com\/?s={search_term_string}"},"query-input":{"@type":"PropertyValueSpecification","valueRequired":true,"valueName":"search_term_string"}}],"inLanguage":"de"},{"@type":"Organization","@id":"https:\/\/www.turmaden.com\/#organization","name":"Turmad\u00e8n des Capit\u00e0 - Agroturismo Menorca","url":"https:\/\/www.turmaden.com\/","logo":{"@type":"ImageObject","inLanguage":"de","@id":"https:\/\/www.turmaden.com\/#\/schema\/logo\/image\/","url":"https:\/\/www.turmaden.com\/wp-content\/uploads\/2020\/02\/agroturismo-ecologico-menorca-turmaden-1.png","contentUrl":"https:\/\/www.turmaden.com\/wp-content\/uploads\/2020\/02\/agroturismo-ecologico-menorca-turmaden-1.png","width":935,"height":283,"caption":"Turmad\u00e8n des Capit\u00e0 - Agroturismo Menorca"},"image":{"@id":"https:\/\/www.turmaden.com\/#\/schema\/logo\/image\/"},"sameAs":["https:\/\/www.instagram.com\/turmaden\/"]}]}},"_links":{"self":[{"href":"https:\/\/www.turmaden.com\/de\/wp-json\/wp\/v2\/pages\/3711","targetHints":{"allow":["GET"]}}],"collection":[{"href":"https:\/\/www.turmaden.com\/de\/wp-json\/wp\/v2\/pages"}],"about":[{"href":"https:\/\/www.turmaden.com\/de\/wp-json\/wp\/v2\/types\/page"}],"author":[{"embeddable":true,"href":"https:\/\/www.turmaden.com\/de\/wp-json\/wp\/v2\/users\/5"}],"replies":[{"embeddable":true,"href":"https:\/\/www.turmaden.com\/de\/wp-json\/wp\/v2\/comments?post=3711"}],"version-history":[{"count":9,"href":"https:\/\/www.turmaden.com\/de\/wp-json\/wp\/v2\/pages\/3711\/revisions"}],"predecessor-version":[{"id":3891,"href":"https:\/\/www.turmaden.com\/de\/wp-json\/wp\/v2\/pages\/3711\/revisions\/3891"}],"wp:attachment":[{"href":"https:\/\/www.turmaden.com\/de\/wp-json\/wp\/v2\/media?parent=3711"}],"curies":[{"name":"wp","href":"https:\/\/api.w.org\/{rel}","templated":true}]}}